{"id":1094550,"date":"2026-04-02T17:30:08","date_gmt":"2026-04-02T15:30:08","guid":{"rendered":"https:\/\/www.claret.cat\/llibre\/curso-de-filosofia-9788433949370\/"},"modified":"2026-04-07T11:56:39","modified_gmt":"2026-04-07T09:56:39","slug":"curso-de-filosofia-9788433949370","status":"publish","type":"product","link":"https:\/\/www.claret.cat\/es\/libro\/curso-de-filosofia-9788433949370\/","title":{"rendered":"CURSO DE FILOSOF\u00cdA"},"content":{"rendered":"<p>Una estimulante y sagaz reflexi\u00f3n sobre el sentido del pensar filos\u00f3fico. En 2001 una productora de televisi\u00f3n argentina le propuso a Dardo Scavino escribir el gui\u00f3n de los catorce cap\u00edtulos de una serie que tratase de responder a la pregunta \u00ab\u00bfQu\u00e9 es la filosof\u00eda?\u00bb. El autor propuso matizarla y cambiarla por \u00ab\u00bfQu\u00e9 hace la filosof\u00eda?\u00bb. Lleg\u00f3 la crisis econ\u00f3mica y el proyecto se abandon\u00f3. Quedaron un centenar de p\u00e1ginas de esbozos, guardadas en un caj\u00f3n. Olvidadas, hasta que, pasados los a\u00f1os, Scavino decidi\u00f3 echarles un vistazo.Este es el origen de este libro, que traslada aquella idea al papel. Partiendo de la imagen de Querefonte, el amigo de S\u00f3crates, recorriendo el camino entre Delfos y Atenas, los catorce cap\u00edtulos explican que filosofar no consiste en elaborar grandes teor\u00edas acerca de lo divino y lo humano. El quehacer fundamental de la filosof\u00eda consiste m\u00e1s bien en la escucha de los otros para extraer de sus discursos las reglas que los gobiernan.As\u00ed, de la may\u00e9utica socr\u00e1tica a la arqueolog\u00eda de Foucault, el autor recorre el pensamiento de Vico, Kant, Wollstonecraft, Hegel, Nietzsche, Heidegger o Wittgenstein para explorar la relaci\u00f3n de la filosof\u00eda con el lenguaje. De diferentes maneras, todos estos pensadores entendieron que esas normas t\u00e1citas constituyen el aut\u00e9ntico poder de cualquier sociedad humana. Su \u00abpsicagog\u00eda\u00bb, como la llama Plat\u00f3n.Evocando escenas de la literatura y el cine, historias de fil\u00f3sofos y an\u00e9cdotas personales, este Curso de filosof\u00eda se propone demostrar por qu\u00e9 la disciplina no es una ciencia de objetos, sino de sujetos sometidos a gram\u00e1ticas que rigen nuestras maneras de vivir y pensar. El resultado es una estimulante y sagaz reflexi\u00f3n sobre el sentido del pensar filos\u00f3fico \u2013que no es ni predicaci\u00f3n ni militancia\u2013 y por qu\u00e9 este sigue siendo necesario en el presente.<\/p>\n","protected":false},"excerpt":{"rendered":"<p>DARDO SCAVINO<\/p>\n","protected":false},"featured_media":1094972,"template":"","meta":{"_acf_changed":false,"om_disable_all_campaigns":false,"rs_blank_template":"","rs_page_bg_color":"","slide_template_v7":"","inline_featured_image":false,"_monsterinsights_skip_tracking":false},"product_brand":[],"product_cat":[165,438],"product_tag":[],"class_list":["post-1094550","product","type-product","status-publish","has-post-thumbnail","product_cat-historia-i-corrents-filosofia-2_humanitats","product_cat-historia-y-corrientes-filosofia-2_humanidades","first","instock","taxable","shipping-taxable","purchasable","product-type-simple"],"acf":{"autor":"DARDO SCAVINO","codart":"843394937","libros-coleccion":"","ediciones":"1","encuadernacion":"R\u00fastica","fecha_de_publicacion":"01\/04\/2026","novedad":"1","paginas":"228","subtitulo":"DE S\u00d3CRATES A FOUCAULT","orden":"0","portada":"0","idioma":"spa","booktrailer":"","resenas":"","editorial":[{"ID":147428,"post_author":"3","post_date":"2022-10-14 11:50:30","post_date_gmt":"2022-10-14 09:50:30","post_content":"","post_title":"ANAGRAMA","post_excerpt":"","post_status":"publish","comment_status":"closed","ping_status":"closed","post_password":"","post_name":"anagrama","to_ping":"","pinged":"","post_modified":"2022-10-14 11:50:30","post_modified_gmt":"2022-10-14 09:50:30","post_content_filtered":"","post_parent":0,"guid":"http:\/\/dev.claret.cat\/editorial\/anagrama\/","menu_order":0,"post_type":"editorial","post_mime_type":"","comment_count":"0","filter":"raw"}]},"aioseo_notices":[],"aioseo_head":"\n\t\t<!-- All in One SEO Pro 5.0.1.1 - aioseo.com -->\n\t<meta name=\"description\" content=\"CURSO DE FILOSOF\u00cdA de DARDO SCAVINO disponible a\/en Llibreria Claret.\" \/>\n\t<meta name=\"robots\" content=\"max-image-preview:large\" \/>\n\t<meta name=\"google-site-verification\" content=\"xVtlFxJ-TfkIu-D-lt7XeLobefg5EIQiXTuqcSf8Rf0\" \/>\n\t<link rel=\"canonical\" href=\"https:\/\/www.claret.cat\/es\/libro\/curso-de-filosofia-9788433949370\/\" \/>\n\t<meta name=\"generator\" content=\"All in One SEO Pro (AIOSEO) 5.0.1.1\" \/>\n\t\t<meta property=\"og:locale\" content=\"es_ES\" \/>\n\t\t<meta property=\"og:site_name\" content=\"Llibreria Claret - Llibreria religiosa a Barcelona\" \/>\n\t\t<meta property=\"og:type\" content=\"article\" \/>\n\t\t<meta property=\"og:title\" content=\"CURSO DE FILOSOF\u00cdA - DARDO SCAVINO 9788433949370 | Llibreria Claret\" \/>\n\t\t<meta property=\"og:description\" content=\"CURSO DE FILOSOF\u00cdA de DARDO SCAVINO disponible a\/en Llibreria Claret.\" \/>\n\t\t<meta property=\"og:url\" content=\"https:\/\/www.claret.cat\/es\/libro\/curso-de-filosofia-9788433949370\/\" \/>\n\t\t<meta property=\"og:image\" content=\"https:\/\/dev.claret.cat\/wp-content\/uploads\/logo-claret.svg\" \/>\n\t\t<meta property=\"og:image:secure_url\" content=\"https:\/\/dev.claret.cat\/wp-content\/uploads\/logo-claret.svg\" \/>\n\t\t<meta property=\"article:published_time\" content=\"2026-04-02T15:30:08+00:00\" \/>\n\t\t<meta property=\"article:modified_time\" content=\"2026-04-07T09:56:39+00:00\" \/>\n\t\t<meta property=\"article:publisher\" content=\"https:\/\/www.facebook.com\/LlibreriaClaret\" \/>\n\t\t<meta name=\"twitter:card\" content=\"summary_large_image\" \/>\n\t\t<meta name=\"twitter:site\" content=\"@LlibreriaClaret\" \/>\n\t\t<meta name=\"twitter:title\" content=\"CURSO DE FILOSOF\u00cdA - DARDO SCAVINO 9788433949370 | Llibreria Claret\" \/>\n\t\t<meta name=\"twitter:description\" content=\"CURSO DE FILOSOF\u00cdA de DARDO SCAVINO disponible a\/en Llibreria Claret.\" \/>\n\t\t<meta name=\"twitter:image\" content=\"http:\/\/dev.claret.cat\/wp-content\/uploads\/logo-claret.svg\" \/>\n\t\t<script type=\"application\/ld+json\" class=\"aioseo-schema\">\n\t\t\t{\"@context\":\"https:\\\/\\\/schema.org\",\"@graph\":[{\"@type\":\"BreadcrumbList\",\"@id\":\"https:\\\/\\\/www.claret.cat\\\/es\\\/libro\\\/curso-de-filosofia-9788433949370\\\/#breadcrumblist\",\"itemListElement\":[{\"@type\":\"ListItem\",\"@id\":\"https:\\\/\\\/www.claret.cat\\\/es\\\/#listItem\",\"position\":1,\"name\":\"Home\",\"item\":\"https:\\\/\\\/www.claret.cat\\\/es\\\/\",\"nextItem\":{\"@type\":\"ListItem\",\"@id\":\"https:\\\/\\\/www.claret.cat\\\/?page_id=16#listItem\",\"name\":\"Botiga\"}},{\"@type\":\"ListItem\",\"@id\":\"https:\\\/\\\/www.claret.cat\\\/?page_id=16#listItem\",\"position\":2,\"name\":\"Botiga\",\"item\":\"https:\\\/\\\/www.claret.cat\\\/?page_id=16\",\"nextItem\":{\"@type\":\"ListItem\",\"@id\":\"https:\\\/\\\/www.claret.cat\\\/categoria-producto\\\/cat\\\/#listItem\",\"name\":\"CAT\"},\"previousItem\":{\"@type\":\"ListItem\",\"@id\":\"https:\\\/\\\/www.claret.cat\\\/es\\\/#listItem\",\"name\":\"Home\"}},{\"@type\":\"ListItem\",\"@id\":\"https:\\\/\\\/www.claret.cat\\\/categoria-producto\\\/cat\\\/#listItem\",\"position\":3,\"name\":\"CAT\",\"item\":\"https:\\\/\\\/www.claret.cat\\\/categoria-producto\\\/cat\\\/\",\"nextItem\":{\"@type\":\"ListItem\",\"@id\":\"https:\\\/\\\/www.claret.cat\\\/categoria-producto\\\/cat\\\/2_humanitats\\\/#listItem\",\"name\":\"Humanitats\"},\"previousItem\":{\"@type\":\"ListItem\",\"@id\":\"https:\\\/\\\/www.claret.cat\\\/?page_id=16#listItem\",\"name\":\"Botiga\"}},{\"@type\":\"ListItem\",\"@id\":\"https:\\\/\\\/www.claret.cat\\\/categoria-producto\\\/cat\\\/2_humanitats\\\/#listItem\",\"position\":4,\"name\":\"Humanitats\",\"item\":\"https:\\\/\\\/www.claret.cat\\\/categoria-producto\\\/cat\\\/2_humanitats\\\/\",\"nextItem\":{\"@type\":\"ListItem\",\"@id\":\"https:\\\/\\\/www.claret.cat\\\/categoria-producto\\\/cat\\\/2_humanitats\\\/filosofia\\\/#listItem\",\"name\":\"Filosofia\"},\"previousItem\":{\"@type\":\"ListItem\",\"@id\":\"https:\\\/\\\/www.claret.cat\\\/categoria-producto\\\/cat\\\/#listItem\",\"name\":\"CAT\"}},{\"@type\":\"ListItem\",\"@id\":\"https:\\\/\\\/www.claret.cat\\\/categoria-producto\\\/cat\\\/2_humanitats\\\/filosofia\\\/#listItem\",\"position\":5,\"name\":\"Filosofia\",\"item\":\"https:\\\/\\\/www.claret.cat\\\/categoria-producto\\\/cat\\\/2_humanitats\\\/filosofia\\\/\",\"nextItem\":{\"@type\":\"ListItem\",\"@id\":\"https:\\\/\\\/www.claret.cat\\\/categoria-producto\\\/cat\\\/2_humanitats\\\/filosofia\\\/historia-i-corrents-filosofia-2_humanitats\\\/#listItem\",\"name\":\"Hist\\u00f2ria i Corrents\"},\"previousItem\":{\"@type\":\"ListItem\",\"@id\":\"https:\\\/\\\/www.claret.cat\\\/categoria-producto\\\/cat\\\/2_humanitats\\\/#listItem\",\"name\":\"Humanitats\"}},{\"@type\":\"ListItem\",\"@id\":\"https:\\\/\\\/www.claret.cat\\\/categoria-producto\\\/cat\\\/2_humanitats\\\/filosofia\\\/historia-i-corrents-filosofia-2_humanitats\\\/#listItem\",\"position\":6,\"name\":\"Hist\\u00f2ria i Corrents\",\"item\":\"https:\\\/\\\/www.claret.cat\\\/categoria-producto\\\/cat\\\/2_humanitats\\\/filosofia\\\/historia-i-corrents-filosofia-2_humanitats\\\/\",\"nextItem\":{\"@type\":\"ListItem\",\"@id\":\"https:\\\/\\\/www.claret.cat\\\/es\\\/libro\\\/curso-de-filosofia-9788433949370\\\/#listItem\",\"name\":\"CURSO DE FILOSOF\\u00cdA\"},\"previousItem\":{\"@type\":\"ListItem\",\"@id\":\"https:\\\/\\\/www.claret.cat\\\/categoria-producto\\\/cat\\\/2_humanitats\\\/filosofia\\\/#listItem\",\"name\":\"Filosofia\"}},{\"@type\":\"ListItem\",\"@id\":\"https:\\\/\\\/www.claret.cat\\\/es\\\/libro\\\/curso-de-filosofia-9788433949370\\\/#listItem\",\"position\":7,\"name\":\"CURSO DE FILOSOF\\u00cdA\",\"previousItem\":{\"@type\":\"ListItem\",\"@id\":\"https:\\\/\\\/www.claret.cat\\\/categoria-producto\\\/cat\\\/2_humanitats\\\/filosofia\\\/historia-i-corrents-filosofia-2_humanitats\\\/#listItem\",\"name\":\"Hist\\u00f2ria i Corrents\"}}]},{\"@type\":\"ItemPage\",\"@id\":\"https:\\\/\\\/www.claret.cat\\\/es\\\/libro\\\/curso-de-filosofia-9788433949370\\\/#itempage\",\"url\":\"https:\\\/\\\/www.claret.cat\\\/es\\\/libro\\\/curso-de-filosofia-9788433949370\\\/\",\"name\":\"CURSO DE FILOSOF\\u00cdA - DARDO SCAVINO 9788433949370 | Llibreria Claret\",\"description\":\"CURSO DE FILOSOF\\u00cdA de DARDO SCAVINO disponible a\\\/en Llibreria Claret.\",\"inLanguage\":\"es-ES\",\"isPartOf\":{\"@id\":\"https:\\\/\\\/www.claret.cat\\\/es\\\/#website\"},\"breadcrumb\":{\"@id\":\"https:\\\/\\\/www.claret.cat\\\/es\\\/libro\\\/curso-de-filosofia-9788433949370\\\/#breadcrumblist\"},\"image\":{\"@type\":\"ImageObject\",\"url\":\"https:\\\/\\\/www.claret.cat\\\/wp-content\\\/uploads\\\/.\\\/9788433949370-2.jpg\",\"@id\":\"https:\\\/\\\/www.claret.cat\\\/es\\\/libro\\\/curso-de-filosofia-9788433949370\\\/#mainImage\",\"width\":250,\"height\":393,\"caption\":\"9788433949370.jpg\"},\"primaryImageOfPage\":{\"@id\":\"https:\\\/\\\/www.claret.cat\\\/es\\\/libro\\\/curso-de-filosofia-9788433949370\\\/#mainImage\"},\"datePublished\":\"2026-04-02T17:30:08+02:00\",\"dateModified\":\"2026-04-07T11:56:39+02:00\"},{\"@type\":\"Organization\",\"@id\":\"https:\\\/\\\/www.claret.cat\\\/es\\\/#organization\",\"name\":\"Llibreria Claret\",\"description\":\"Llibreria religiosa a Barcelona\",\"url\":\"https:\\\/\\\/www.claret.cat\\\/es\\\/\",\"email\":\"comunicacio@claret.cat\",\"telephone\":\"+34933010887\",\"logo\":{\"@type\":\"ImageObject\",\"url\":\"https:\\\/\\\/www.claret.cat\\\/wp-content\\\/uploads\\\/.\\\/logo-claret-es.png\",\"@id\":\"https:\\\/\\\/www.claret.cat\\\/es\\\/libro\\\/curso-de-filosofia-9788433949370\\\/#organizationLogo\",\"width\":195,\"height\":79},\"image\":{\"@id\":\"https:\\\/\\\/www.claret.cat\\\/es\\\/libro\\\/curso-de-filosofia-9788433949370\\\/#organizationLogo\"},\"sameAs\":[\"https:\\\/\\\/www.facebook.com\\\/LlibreriaClaret\",\"https:\\\/\\\/twitter.com\\\/LlibreriaClaret\",\"https:\\\/\\\/www.instagram.com\\\/llibreriaclaret\\\/\",\"https:\\\/\\\/www.tiktok.com\\\/@llibreriaclaret\",\"https:\\\/\\\/www.youtube.com\\\/@llibreriaclaret\",\"https:\\\/\\\/ca.wikipedia.org\\\/wiki\\\/Editorial_Claret\"]},{\"@type\":\"WebPage\",\"@id\":\"https:\\\/\\\/www.claret.cat\\\/es\\\/libro\\\/curso-de-filosofia-9788433949370\\\/#webpage\",\"url\":\"https:\\\/\\\/www.claret.cat\\\/es\\\/libro\\\/curso-de-filosofia-9788433949370\\\/\",\"name\":\"CURSO DE FILOSOF\\u00cdA - DARDO SCAVINO 9788433949370 | Llibreria Claret\",\"description\":\"CURSO DE FILOSOF\\u00cdA de DARDO SCAVINO disponible a\\\/en Llibreria Claret.\",\"inLanguage\":\"es-ES\",\"isPartOf\":{\"@id\":\"https:\\\/\\\/www.claret.cat\\\/es\\\/#website\"},\"breadcrumb\":{\"@id\":\"https:\\\/\\\/www.claret.cat\\\/es\\\/libro\\\/curso-de-filosofia-9788433949370\\\/#breadcrumblist\"},\"image\":{\"@type\":\"ImageObject\",\"url\":\"https:\\\/\\\/www.claret.cat\\\/wp-content\\\/uploads\\\/.\\\/9788433949370-2.jpg\",\"@id\":\"https:\\\/\\\/www.claret.cat\\\/es\\\/libro\\\/curso-de-filosofia-9788433949370\\\/#mainImage\",\"width\":250,\"height\":393,\"caption\":\"9788433949370.jpg\"},\"primaryImageOfPage\":{\"@id\":\"https:\\\/\\\/www.claret.cat\\\/es\\\/libro\\\/curso-de-filosofia-9788433949370\\\/#mainImage\"},\"datePublished\":\"2026-04-02T17:30:08+02:00\",\"dateModified\":\"2026-04-07T11:56:39+02:00\"},{\"@type\":\"WebSite\",\"@id\":\"https:\\\/\\\/www.claret.cat\\\/es\\\/#website\",\"url\":\"https:\\\/\\\/www.claret.cat\\\/es\\\/\",\"name\":\"Llibreria Claret Barcelona\",\"alternateName\":\"Llibreria Claret\",\"description\":\"Llibreria religiosa a Barcelona\",\"inLanguage\":\"es-ES\",\"publisher\":{\"@id\":\"https:\\\/\\\/www.claret.cat\\\/es\\\/#organization\"}}]}\n\t\t<\/script>\n\t\t<!-- All in One SEO Pro -->\r\n\t\t<title>CURSO DE FILOSOF\u00cdA - DARDO SCAVINO 9788433949370 | Llibreria Claret<\/title>\n\n","aioseo_head_json":{"title":"CURSO DE FILOSOF\u00cdA - DARDO SCAVINO 9788433949370 | Llibreria Claret","description":"CURSO DE FILOSOF\u00cdA de DARDO SCAVINO disponible a\/en Llibreria Claret.","canonical_url":"https:\/\/www.claret.cat\/es\/libro\/curso-de-filosofia-9788433949370\/","robots":"max-image-preview:large","keywords":"","webmasterTools":{"google-site-verification":"xVtlFxJ-TfkIu-D-lt7XeLobefg5EIQiXTuqcSf8Rf0","miscellaneous":""},"schema":{"@context":"https:\/\/schema.org","@graph":[{"@type":"BreadcrumbList","@id":"https:\/\/www.claret.cat\/es\/libro\/curso-de-filosofia-9788433949370\/#breadcrumblist","itemListElement":[{"@type":"ListItem","@id":"https:\/\/www.claret.cat\/es\/#listItem","position":1,"name":"Home","item":"https:\/\/www.claret.cat\/es\/","nextItem":{"@type":"ListItem","@id":"https:\/\/www.claret.cat\/?page_id=16#listItem","name":"Botiga"}},{"@type":"ListItem","@id":"https:\/\/www.claret.cat\/?page_id=16#listItem","position":2,"name":"Botiga","item":"https:\/\/www.claret.cat\/?page_id=16","nextItem":{"@type":"ListItem","@id":"https:\/\/www.claret.cat\/categoria-producto\/cat\/#listItem","name":"CAT"},"previousItem":{"@type":"ListItem","@id":"https:\/\/www.claret.cat\/es\/#listItem","name":"Home"}},{"@type":"ListItem","@id":"https:\/\/www.claret.cat\/categoria-producto\/cat\/#listItem","position":3,"name":"CAT","item":"https:\/\/www.claret.cat\/categoria-producto\/cat\/","nextItem":{"@type":"ListItem","@id":"https:\/\/www.claret.cat\/categoria-producto\/cat\/2_humanitats\/#listItem","name":"Humanitats"},"previousItem":{"@type":"ListItem","@id":"https:\/\/www.claret.cat\/?page_id=16#listItem","name":"Botiga"}},{"@type":"ListItem","@id":"https:\/\/www.claret.cat\/categoria-producto\/cat\/2_humanitats\/#listItem","position":4,"name":"Humanitats","item":"https:\/\/www.claret.cat\/categoria-producto\/cat\/2_humanitats\/","nextItem":{"@type":"ListItem","@id":"https:\/\/www.claret.cat\/categoria-producto\/cat\/2_humanitats\/filosofia\/#listItem","name":"Filosofia"},"previousItem":{"@type":"ListItem","@id":"https:\/\/www.claret.cat\/categoria-producto\/cat\/#listItem","name":"CAT"}},{"@type":"ListItem","@id":"https:\/\/www.claret.cat\/categoria-producto\/cat\/2_humanitats\/filosofia\/#listItem","position":5,"name":"Filosofia","item":"https:\/\/www.claret.cat\/categoria-producto\/cat\/2_humanitats\/filosofia\/","nextItem":{"@type":"ListItem","@id":"https:\/\/www.claret.cat\/categoria-producto\/cat\/2_humanitats\/filosofia\/historia-i-corrents-filosofia-2_humanitats\/#listItem","name":"Hist\u00f2ria i Corrents"},"previousItem":{"@type":"ListItem","@id":"https:\/\/www.claret.cat\/categoria-producto\/cat\/2_humanitats\/#listItem","name":"Humanitats"}},{"@type":"ListItem","@id":"https:\/\/www.claret.cat\/categoria-producto\/cat\/2_humanitats\/filosofia\/historia-i-corrents-filosofia-2_humanitats\/#listItem","position":6,"name":"Hist\u00f2ria i Corrents","item":"https:\/\/www.claret.cat\/categoria-producto\/cat\/2_humanitats\/filosofia\/historia-i-corrents-filosofia-2_humanitats\/","nextItem":{"@type":"ListItem","@id":"https:\/\/www.claret.cat\/es\/libro\/curso-de-filosofia-9788433949370\/#listItem","name":"CURSO DE FILOSOF\u00cdA"},"previousItem":{"@type":"ListItem","@id":"https:\/\/www.claret.cat\/categoria-producto\/cat\/2_humanitats\/filosofia\/#listItem","name":"Filosofia"}},{"@type":"ListItem","@id":"https:\/\/www.claret.cat\/es\/libro\/curso-de-filosofia-9788433949370\/#listItem","position":7,"name":"CURSO DE FILOSOF\u00cdA","previousItem":{"@type":"ListItem","@id":"https:\/\/www.claret.cat\/categoria-producto\/cat\/2_humanitats\/filosofia\/historia-i-corrents-filosofia-2_humanitats\/#listItem","name":"Hist\u00f2ria i Corrents"}}]},{"@type":"ItemPage","@id":"https:\/\/www.claret.cat\/es\/libro\/curso-de-filosofia-9788433949370\/#itempage","url":"https:\/\/www.claret.cat\/es\/libro\/curso-de-filosofia-9788433949370\/","name":"CURSO DE FILOSOF\u00cdA - DARDO SCAVINO 9788433949370 | Llibreria Claret","description":"CURSO DE FILOSOF\u00cdA de DARDO SCAVINO disponible a\/en Llibreria Claret.","inLanguage":"es-ES","isPartOf":{"@id":"https:\/\/www.claret.cat\/es\/#website"},"breadcrumb":{"@id":"https:\/\/www.claret.cat\/es\/libro\/curso-de-filosofia-9788433949370\/#breadcrumblist"},"image":{"@type":"ImageObject","url":"https:\/\/www.claret.cat\/wp-content\/uploads\/.\/9788433949370-2.jpg","@id":"https:\/\/www.claret.cat\/es\/libro\/curso-de-filosofia-9788433949370\/#mainImage","width":250,"height":393,"caption":"9788433949370.jpg"},"primaryImageOfPage":{"@id":"https:\/\/www.claret.cat\/es\/libro\/curso-de-filosofia-9788433949370\/#mainImage"},"datePublished":"2026-04-02T17:30:08+02:00","dateModified":"2026-04-07T11:56:39+02:00"},{"@type":"Organization","@id":"https:\/\/www.claret.cat\/es\/#organization","name":"Llibreria Claret","description":"Llibreria religiosa a Barcelona","url":"https:\/\/www.claret.cat\/es\/","email":"comunicacio@claret.cat","telephone":"+34933010887","logo":{"@type":"ImageObject","url":"https:\/\/www.claret.cat\/wp-content\/uploads\/.\/logo-claret-es.png","@id":"https:\/\/www.claret.cat\/es\/libro\/curso-de-filosofia-9788433949370\/#organizationLogo","width":195,"height":79},"image":{"@id":"https:\/\/www.claret.cat\/es\/libro\/curso-de-filosofia-9788433949370\/#organizationLogo"},"sameAs":["https:\/\/www.facebook.com\/LlibreriaClaret","https:\/\/twitter.com\/LlibreriaClaret","https:\/\/www.instagram.com\/llibreriaclaret\/","https:\/\/www.tiktok.com\/@llibreriaclaret","https:\/\/www.youtube.com\/@llibreriaclaret","https:\/\/ca.wikipedia.org\/wiki\/Editorial_Claret"]},{"@type":"WebPage","@id":"https:\/\/www.claret.cat\/es\/libro\/curso-de-filosofia-9788433949370\/#webpage","url":"https:\/\/www.claret.cat\/es\/libro\/curso-de-filosofia-9788433949370\/","name":"CURSO DE FILOSOF\u00cdA - DARDO SCAVINO 9788433949370 | Llibreria Claret","description":"CURSO DE FILOSOF\u00cdA de DARDO SCAVINO disponible a\/en Llibreria Claret.","inLanguage":"es-ES","isPartOf":{"@id":"https:\/\/www.claret.cat\/es\/#website"},"breadcrumb":{"@id":"https:\/\/www.claret.cat\/es\/libro\/curso-de-filosofia-9788433949370\/#breadcrumblist"},"image":{"@type":"ImageObject","url":"https:\/\/www.claret.cat\/wp-content\/uploads\/.\/9788433949370-2.jpg","@id":"https:\/\/www.claret.cat\/es\/libro\/curso-de-filosofia-9788433949370\/#mainImage","width":250,"height":393,"caption":"9788433949370.jpg"},"primaryImageOfPage":{"@id":"https:\/\/www.claret.cat\/es\/libro\/curso-de-filosofia-9788433949370\/#mainImage"},"datePublished":"2026-04-02T17:30:08+02:00","dateModified":"2026-04-07T11:56:39+02:00"},{"@type":"WebSite","@id":"https:\/\/www.claret.cat\/es\/#website","url":"https:\/\/www.claret.cat\/es\/","name":"Llibreria Claret Barcelona","alternateName":"Llibreria Claret","description":"Llibreria religiosa a Barcelona","inLanguage":"es-ES","publisher":{"@id":"https:\/\/www.claret.cat\/es\/#organization"}}]},"og:locale":"es_ES","og:site_name":"Llibreria Claret - Llibreria religiosa a Barcelona","og:type":"article","og:title":"CURSO DE FILOSOF\u00cdA - DARDO SCAVINO 9788433949370 | Llibreria Claret","og:description":"CURSO DE FILOSOF\u00cdA de DARDO SCAVINO disponible a\/en Llibreria Claret.","og:url":"https:\/\/www.claret.cat\/es\/libro\/curso-de-filosofia-9788433949370\/","og:image":"https:\/\/dev.claret.cat\/wp-content\/uploads\/logo-claret.svg","og:image:secure_url":"https:\/\/dev.claret.cat\/wp-content\/uploads\/logo-claret.svg","article:published_time":"2026-04-02T15:30:08+00:00","article:modified_time":"2026-04-07T09:56:39+00:00","article:publisher":"https:\/\/www.facebook.com\/LlibreriaClaret","twitter:card":"summary_large_image","twitter:site":"@LlibreriaClaret","twitter:title":"CURSO DE FILOSOF\u00cdA - DARDO SCAVINO 9788433949370 | Llibreria Claret","twitter:description":"CURSO DE FILOSOF\u00cdA de DARDO SCAVINO disponible a\/en Llibreria Claret.","twitter:image":"http:\/\/dev.claret.cat\/wp-content\/uploads\/logo-claret.svg"},"aioseo_meta_data":{"post_id":"1094550","title":null,"description":null,"keywords":null,"keyphrases":null,"primary_term":null,"canonical_url":null,"og_title":null,"og_description":null,"og_object_type":"default","og_image_type":"default","og_image_url":null,"og_image_width":null,"og_image_height":null,"og_image_custom_url":null,"og_image_custom_fields":null,"og_video":null,"og_custom_url":null,"og_article_section":null,"og_article_tags":null,"twitter_use_og":false,"twitter_card":"default","twitter_image_type":"default","twitter_image_url":null,"twitter_image_custom_url":null,"twitter_image_custom_fields":null,"twitter_title":null,"twitter_description":null,"schema":{"blockGraphs":[],"customGraphs":[],"default":{"data":{"Article":[],"Course":[],"Dataset":[],"FAQPage":[],"Movie":[],"Person":[],"Product":[],"ProductReview":[],"Car":[],"Recipe":[],"Service":[],"SoftwareApplication":[],"WebPage":[]},"graphName":"","isEnabled":true},"graphs":[]},"schema_type":"default","schema_type_options":null,"pillar_content":false,"robots_default":true,"robots_noindex":false,"robots_noarchive":false,"robots_nosnippet":false,"robots_nofollow":false,"robots_noimageindex":false,"robots_noodp":false,"robots_notranslate":false,"robots_max_snippet":null,"robots_max_videopreview":null,"robots_max_imagepreview":"large","priority":null,"frequency":null,"local_seo":null,"seo_analyzer_scan_date":"2026-04-07 09:56:44","breadcrumb_settings":null,"limit_modified_date":false,"open_ai":null,"ai":null,"created":"2026-04-02 15:30:10","updated":"2026-04-08 04:55:40","focus_keyword":null,"additional_keywords":null,"truseo_locale":null},"aioseo_breadcrumb":"<div class=\"aioseo-breadcrumbs\"><span class=\"aioseo-breadcrumb\">\n\t<a href=\"https:\/\/www.claret.cat\/es\/\" title=\"Home\">Home<\/a>\n<\/span><span class=\"aioseo-breadcrumb-separator\">&raquo;<\/span><span class=\"aioseo-breadcrumb\">\n\t<a href=\"https:\/\/www.claret.cat\/?page_id=16\" title=\"Botiga\">Botiga<\/a>\n<\/span><span class=\"aioseo-breadcrumb-separator\">&raquo;<\/span><span class=\"aioseo-breadcrumb\">\n\t<a href=\"https:\/\/www.claret.cat\/categoria-producto\/cat\/\" title=\"CAT\">CAT<\/a>\n<\/span><span class=\"aioseo-breadcrumb-separator\">&raquo;<\/span><span class=\"aioseo-breadcrumb\">\n\t<a href=\"https:\/\/www.claret.cat\/categoria-producto\/cat\/2_humanitats\/\" title=\"Humanitats\">Humanitats<\/a>\n<\/span><span class=\"aioseo-breadcrumb-separator\">&raquo;<\/span><span class=\"aioseo-breadcrumb\">\n\t<a href=\"https:\/\/www.claret.cat\/categoria-producto\/cat\/2_humanitats\/filosofia\/\" title=\"Filosofia\">Filosofia<\/a>\n<\/span><span class=\"aioseo-breadcrumb-separator\">&raquo;<\/span><span class=\"aioseo-breadcrumb\">\n\t<a href=\"https:\/\/www.claret.cat\/categoria-producto\/cat\/2_humanitats\/filosofia\/historia-i-corrents-filosofia-2_humanitats\/\" title=\"Hist\u00f2ria i Corrents\">Hist\u00f2ria i Corrents<\/a>\n<\/span><span class=\"aioseo-breadcrumb-separator\">&raquo;<\/span><span class=\"aioseo-breadcrumb\">\n\tCURSO DE FILOSOF\u00cdA\n<\/span><\/div>","aioseo_breadcrumb_json":[{"label":"Home","link":"https:\/\/www.claret.cat\/es\/"},{"label":"Botiga","link":"https:\/\/www.claret.cat\/?page_id=16"},{"label":"CAT","link":"https:\/\/www.claret.cat\/categoria-producto\/cat\/"},{"label":"Humanitats","link":"https:\/\/www.claret.cat\/categoria-producto\/cat\/2_humanitats\/"},{"label":"Filosofia","link":"https:\/\/www.claret.cat\/categoria-producto\/cat\/2_humanitats\/filosofia\/"},{"label":"Hist\u00f2ria i Corrents","link":"https:\/\/www.claret.cat\/categoria-producto\/cat\/2_humanitats\/filosofia\/historia-i-corrents-filosofia-2_humanitats\/"},{"label":"CURSO DE FILOSOF\u00cdA","link":"https:\/\/www.claret.cat\/es\/libro\/curso-de-filosofia-9788433949370\/"}],"_links":{"self":[{"href":"https:\/\/www.claret.cat\/es\/wp-json\/wp\/v2\/product\/1094550","targetHints":{"allow":["GET"]}}],"collection":[{"href":"https:\/\/www.claret.cat\/es\/wp-json\/wp\/v2\/product"}],"about":[{"href":"https:\/\/www.claret.cat\/es\/wp-json\/wp\/v2\/types\/product"}],"wp:featuredmedia":[{"embeddable":true,"href":"https:\/\/www.claret.cat\/es\/wp-json\/wp\/v2\/media\/1094972"}],"wp:attachment":[{"href":"https:\/\/www.claret.cat\/es\/wp-json\/wp\/v2\/media?parent=1094550"}],"wp:term":[{"taxonomy":"product_brand","embeddable":true,"href":"https:\/\/www.claret.cat\/es\/wp-json\/wp\/v2\/product_brand?post=1094550"},{"taxonomy":"product_cat","embeddable":true,"href":"https:\/\/www.claret.cat\/es\/wp-json\/wp\/v2\/product_cat?post=1094550"},{"taxonomy":"product_tag","embeddable":true,"href":"https:\/\/www.claret.cat\/es\/wp-json\/wp\/v2\/product_tag?post=1094550"}],"curies":[{"name":"wp","href":"https:\/\/api.w.org\/{rel}","templated":true}]}}