{"id":1094756,"date":"2026-04-07T10:00:14","date_gmt":"2026-04-07T08:00:14","guid":{"rendered":"https:\/\/www.claret.cat\/llibre\/civilizacion-o-barbarie-9788466678643\/"},"modified":"2026-04-07T12:00:37","modified_gmt":"2026-04-07T10:00:37","slug":"civilizacion-o-barbarie-9788466678643","status":"publish","type":"product","link":"https:\/\/www.claret.cat\/es\/libro\/civilizacion-o-barbarie-9788466678643\/","title":{"rendered":"CIVILIZACI\u00d3N O BARBARIE"},"content":{"rendered":"<p>UN ENSAYO PARA RECUPERAR LA IMAGINACI\u00d3N POL\u00cdTICA Y DEFENDER LA CIVILIZACI\u00d3N EN TIEMPOS DE COLAPSO \u00abEste libro no es un manual de supervivencia individual. Para eso ya existen miles de gur\u00fas vendi\u00e9ndote cursos para hacerte millonario si eres pobre o refugios nucleares en Nueva Zelanda si eres rico. Este libro trata sobre la \u00fanica salida real: la colectiva\u00bb. En un momento marcado por la erosi\u00f3n de nuestra atenci\u00f3n, la dictadura del algoritmo y el avance de una inteligencia artificial que redefine el trabajo y el poder, el polit\u00f3logo Al\u00e1n Barroso nos propone mirar de frente aquello que algunos prefieren no ver. Civilizaci\u00f3n o barbarie recorre los grandes desaf\u00edos de nuestro siglo: la desinformaci\u00f3n que alimenta los extremismos, un capitalismo que convierte el tiempo en mercanc\u00eda, la crisis clim\u00e1tica que ya desborda los mapas y la secesi\u00f3n silenciosa de las \u00e9lites que pueden permitirse vivir al margen de las reglas. Barroso no se limita a se\u00f1alar los s\u00edntomas; tambi\u00e9n desmonta los relatos que presentan el deterioro como algo inevitable y muestra c\u00f3mo, en ese ambiente de desorientaci\u00f3n, ganan terreno quienes buscan debilitar lo que nos mantiene unidos. La barbarie, advierte Barroso, se abre paso cuando dejamos de pensar colectivamente. Este libro es una invitaci\u00f3n a recuperar la imaginaci\u00f3n pol\u00edtica y a defender las instituciones que hacen posible la vida en com\u00fan. Porque renunciar a pensar el futuro tambi\u00e9n es una forma de perderlo. \u00abLa barbarie est\u00e1 ganando. No la barbarie de las hordas salvajes y el caos que imaginaban nuestros antepasados. La nuestra es m\u00e1s sofisticada: viste traje de marca, cotiza en bolsa y tiene cuenta en Islas Caim\u00e1n\u00bb.<\/p>\n","protected":false},"excerpt":{"rendered":"<p>AL\u00c1N BARROSO<\/p>\n","protected":false},"featured_media":1094974,"template":"","meta":{"_acf_changed":false,"om_disable_all_campaigns":false,"rs_blank_template":"","rs_page_bg_color":"","slide_template_v7":"","inline_featured_image":false,"_monsterinsights_skip_tracking":false,"_monsterinsights_sitenote_active":false,"_monsterinsights_sitenote_note":"","_monsterinsights_sitenote_category":0},"product_brand":[],"product_cat":[434,159,162,436],"product_tag":[],"class_list":{"0":"post-1094756","1":"product","2":"type-product","3":"status-publish","4":"has-post-thumbnail","6":"product_cat-autores-sociologia-2_humanidades","7":"product_cat-autors","8":"product_cat-economica-i-politica","9":"product_cat-economica-y-politica","11":"first","12":"instock","13":"taxable","14":"shipping-taxable","15":"purchasable","16":"product-type-simple"},"acf":{"autor":"AL\u00c1N BARROSO","codart":"846667864","libros-coleccion":"","ediciones":"1","encuadernacion":"R\u00fastica","fecha_de_publicacion":"01\/04\/2026","novedad":"1","paginas":"222","subtitulo":"LA BATALLA POR EL FUTURO DE LA HUMANIDAD","orden":"0","portada":"0","idioma":"spa","booktrailer":"","resenas":"","editorial":[{"ID":6200,"post_author":"3","post_date":"2022-07-28 17:47:00","post_date_gmt":"2022-07-28 15:47:00","post_content":"","post_title":"EDICIONES B","post_excerpt":"","post_status":"publish","comment_status":"closed","ping_status":"closed","post_password":"","post_name":"ediciones-b","to_ping":"","pinged":"","post_modified":"2022-07-28 17:47:00","post_modified_gmt":"2022-07-28 15:47:00","post_content_filtered":"","post_parent":0,"guid":"http:\/\/dev.claret.cat\/editorial\/ediciones-b\/","menu_order":0,"post_type":"editorial","post_mime_type":"","comment_count":"0","filter":"raw"}]},"aioseo_notices":[],"_links":{"self":[{"href":"https:\/\/www.claret.cat\/es\/wp-json\/wp\/v2\/product\/1094756","targetHints":{"allow":["GET"]}}],"collection":[{"href":"https:\/\/www.claret.cat\/es\/wp-json\/wp\/v2\/product"}],"about":[{"href":"https:\/\/www.claret.cat\/es\/wp-json\/wp\/v2\/types\/product"}],"wp:featuredmedia":[{"embeddable":true,"href":"https:\/\/www.claret.cat\/es\/wp-json\/wp\/v2\/media\/1094974"}],"wp:attachment":[{"href":"https:\/\/www.claret.cat\/es\/wp-json\/wp\/v2\/media?parent=1094756"}],"wp:term":[{"taxonomy":"product_brand","embeddable":true,"href":"https:\/\/www.claret.cat\/es\/wp-json\/wp\/v2\/product_brand?post=1094756"},{"taxonomy":"product_cat","embeddable":true,"href":"https:\/\/www.claret.cat\/es\/wp-json\/wp\/v2\/product_cat?post=1094756"},{"taxonomy":"product_tag","embeddable":true,"href":"https:\/\/www.claret.cat\/es\/wp-json\/wp\/v2\/product_tag?post=1094756"}],"curies":[{"name":"wp","href":"https:\/\/api.w.org\/{rel}","templated":true}]}}