{"id":1094846,"date":"2026-04-07T10:31:13","date_gmt":"2026-04-07T08:31:13","guid":{"rendered":"https:\/\/www.claret.cat\/llibre\/mascarell-con-elle-inspector-mascarell-16-9788401037764\/"},"modified":"2026-04-23T18:11:07","modified_gmt":"2026-04-23T16:11:07","slug":"mascarell-con-elle-inspector-mascarell-16-9788401037764","status":"publish","type":"product","link":"https:\/\/www.claret.cat\/es\/libro\/mascarell-con-elle-inspector-mascarell-16-9788401037764\/","title":{"rendered":"MASCARELL, CON ELLE (INSPECTOR MASCARELL 16)"},"content":{"rendered":"<p>Esta es la novela que faltaba en la serie del exinspector Mascarell. Situada entre las dos primeras, Cuatro d\u00edas de enero y Siete d\u00edas de julio, nos ofrece el retrato final de una \u00e9poca y refleja el valor de su protagonista como h\u00e9roe inesperado de su tiempo. 1964. Se celebran en Espa\u00f1a los 25 A\u00f1os de Paz, lema con el que el franquismo quiso celebrar el final de la Guerra Civil un cuarto de siglo despu\u00e9s. Un visitante inesperado llega entonces a casa de Miquel Mascarell. Retirado y con ochenta a\u00f1os, fue su compa\u00f1ero de prisi\u00f3n en el Valle de los Ca\u00eddos. El visitante le pregunta por el asesinato que tuvo lugar a fines de 1944 en el Valle y que investig\u00f3 Miquel. Esta pregunta devuelve al anciano exinspector a los d\u00edas de su cautiverio, cuando le escrib\u00eda cartas a su difunta esposa y era uno m\u00e1s de los presos de la megal\u00f3mana obra franquista. \u00bfResolvi\u00f3 aquel crimen? \u00bfQui\u00e9n lo hizo y por qu\u00e9? A trav\u00e9s de los testimonios de su investigaci\u00f3n nos asomamos a las p\u00e1ginas m\u00e1s oscuras de la guerra, como la batalla de Bilbao, la cruenta matanza de Badajoz o la triste Desbandada de M\u00e1laga. La novela se convierte as\u00ed en un relato estremecedor que tambi\u00e9n ejerce de memoria hist\u00f3rica, como sucede en todas las novelas protagonizadas por el personaje m\u00e1s humano de la literatura policiaca espa\u00f1ola.La cr\u00edtica ha dicho: \u00abNo solo es un acierto dentro de la novela policial espa\u00f1ola, sino tambi\u00e9n una recreaci\u00f3n formidable de unos a\u00f1os de los que hay muy poca narrativa, y mucho menos cr\u00edtica social\u00bb.<br \/>Irene Dalmases, EFE<\/p>\n","protected":false},"excerpt":{"rendered":"<p>JORDI SIERRA I FABRA<\/p>\n","protected":false},"featured_media":1094847,"template":"","meta":{"_acf_changed":false,"om_disable_all_campaigns":false,"rs_blank_template":"","rs_page_bg_color":"","slide_template_v7":"","inline_featured_image":false,"_monsterinsights_skip_tracking":false,"_monsterinsights_sitenote_active":false,"_monsterinsights_sitenote_note":"","_monsterinsights_sitenote_category":0},"product_brand":[],"product_cat":[127,357],"product_tag":[],"class_list":{"0":"post-1094846","1":"product","2":"type-product","3":"status-publish","4":"has-post-thumbnail","6":"product_cat-novella-contemporania","7":"product_cat-novela-contemporanea","9":"first","10":"instock","11":"taxable","12":"shipping-taxable","13":"purchasable","14":"product-type-simple"},"acf":{"autor":"JORDI SIERRA I FABRA","codart":"840103776","libros-coleccion":"","ediciones":"1","encuadernacion":"R\u00fastica","fecha_de_publicacion":"01\/04\/2026","novedad":"1","paginas":"0","subtitulo":"INSPECTOR MASCARELL 16","orden":"0","portada":"0","idioma":"cat","booktrailer":"","resenas":"","editorial":[{"ID":6332,"post_author":"3","post_date":"2022-07-28 17:49:55","post_date_gmt":"2022-07-28 15:49:55","post_content":"","post_title":"PLAZA JANES, S.A.","post_excerpt":"","post_status":"publish","comment_status":"closed","ping_status":"closed","post_password":"","post_name":"plaza-janes-s-a","to_ping":"","pinged":"","post_modified":"2022-07-28 17:49:55","post_modified_gmt":"2022-07-28 15:49:55","post_content_filtered":"","post_parent":0,"guid":"http:\/\/dev.claret.cat\/editorial\/plaza-janes-s-a\/","menu_order":0,"post_type":"editorial","post_mime_type":"","comment_count":"0","filter":"raw"}]},"aioseo_notices":[],"_links":{"self":[{"href":"https:\/\/www.claret.cat\/es\/wp-json\/wp\/v2\/product\/1094846","targetHints":{"allow":["GET"]}}],"collection":[{"href":"https:\/\/www.claret.cat\/es\/wp-json\/wp\/v2\/product"}],"about":[{"href":"https:\/\/www.claret.cat\/es\/wp-json\/wp\/v2\/types\/product"}],"wp:featuredmedia":[{"embeddable":true,"href":"https:\/\/www.claret.cat\/es\/wp-json\/wp\/v2\/media\/1094847"}],"wp:attachment":[{"href":"https:\/\/www.claret.cat\/es\/wp-json\/wp\/v2\/media?parent=1094846"}],"wp:term":[{"taxonomy":"product_brand","embeddable":true,"href":"https:\/\/www.claret.cat\/es\/wp-json\/wp\/v2\/product_brand?post=1094846"},{"taxonomy":"product_cat","embeddable":true,"href":"https:\/\/www.claret.cat\/es\/wp-json\/wp\/v2\/product_cat?post=1094846"},{"taxonomy":"product_tag","embeddable":true,"href":"https:\/\/www.claret.cat\/es\/wp-json\/wp\/v2\/product_tag?post=1094846"}],"curies":[{"name":"wp","href":"https:\/\/api.w.org\/{rel}","templated":true}]}}