{"id":1095126,"date":"2026-04-07T16:20:41","date_gmt":"2026-04-07T14:20:41","guid":{"rendered":"https:\/\/www.claret.cat\/llibre\/rosalia-por-ahi-por-barcelona-9788418604669\/"},"modified":"2026-04-07T18:00:18","modified_gmt":"2026-04-07T16:00:18","slug":"rosalia-por-ahi-por-barcelona-9788418604669","status":"publish","type":"product","link":"https:\/\/www.claret.cat\/es\/libro\/rosalia-por-ahi-por-barcelona-9788418604669\/","title":{"rendered":"ROSAL\u00cdA, POR AH\u00cd POR BARCELONA&#8230;"},"content":{"rendered":"<p>Esta es la historia de una muchacha que supo convertir el atrevimiento en un motor de creaci\u00f3n. Sucedi\u00f3 durante sus a\u00f1os de formaci\u00f3n personal, musical y profesional en la capital catalana. Ella misma lo confiesa en una de las canciones de su disco Lux: \u201cEl descaro lo aprend\u00ed&#8230; por ah\u00ed por Barcelona\u201d. Un descaro que implica, sobre todo, haber antepuesto su intuici\u00f3n y sus criterios a la opini\u00f3n de los dem\u00e1s. Porque a Rosal\u00eda nunca le ha dado miedo exponerse a la cr\u00edtica, como atestiguan en este libro los profesores, compa\u00f1eros de estudios y colegas que coincidieron con ella en este proceso de construcci\u00f3n de un personaje que ha alcanzado ya fama planetaria.<br \/> Pero este es tambi\u00e9n un ensayo sobre c\u00f3mo la Barcelona mestiza del flamenco, de la salsa, de la rumba, del rock, del jazz, de la m\u00fasica laietana, del pop, de la experimentaci\u00f3n, de los garitos alternativos y de los grandes centros formativos circula a\u00fan por las venas de la autora de Berghain. De la escuela de danza de Sant Esteve Sesrovires al Festival S\u00f3nar, del min\u00fasculo Bar Past\u00eds al Palau Sant Jordi, la Barcelona de Rosal\u00eda comparece en estas p\u00e1ginas como un folio en blanco en el que se escribe una historia de \u00e9xito<\/p>\n","protected":false},"excerpt":{"rendered":"<p>MARICEL CHAVARR\u00cdA ESPUNY<\/p>\n","protected":false},"featured_media":1095399,"template":"","meta":{"_acf_changed":false,"om_disable_all_campaigns":false,"rs_blank_template":"","rs_page_bg_color":"","slide_template_v7":"","inline_featured_image":false,"_monsterinsights_skip_tracking":false,"_monsterinsights_sitenote_active":false,"_monsterinsights_sitenote_note":"","_monsterinsights_sitenote_category":0},"product_brand":[],"product_cat":[549,99],"product_tag":[],"class_list":{"0":"post-1095126","1":"product","2":"type-product","3":"status-publish","4":"has-post-thumbnail","6":"product_cat-biografias","7":"product_cat-biografies","9":"first","10":"instock","11":"taxable","12":"shipping-taxable","13":"purchasable","14":"product-type-simple"},"acf":{"autor":"MARICEL CHAVARR\u00cdA ESPUNY","codart":"841860466","libros-coleccion":"","ediciones":"1","encuadernacion":"R\u00fastica","fecha_de_publicacion":"01\/04\/2026","novedad":"1","paginas":"370","subtitulo":"POR AH\u00cd POR BARCELONA","orden":"0","portada":"0","idioma":"spa","booktrailer":"","resenas":"","editorial":[{"ID":148380,"post_author":"3","post_date":"2022-10-14 11:57:47","post_date_gmt":"2022-10-14 09:57:47","post_content":"","post_title":"LA VANGUARDIA","post_excerpt":"","post_status":"publish","comment_status":"closed","ping_status":"closed","post_password":"","post_name":"la-vanguardia","to_ping":"","pinged":"","post_modified":"2022-10-14 11:57:47","post_modified_gmt":"2022-10-14 09:57:47","post_content_filtered":"","post_parent":0,"guid":"http:\/\/dev.claret.cat\/editorial\/la-vanguardia\/","menu_order":0,"post_type":"editorial","post_mime_type":"","comment_count":"0","filter":"raw"}]},"aioseo_notices":[],"_links":{"self":[{"href":"https:\/\/www.claret.cat\/es\/wp-json\/wp\/v2\/product\/1095126","targetHints":{"allow":["GET"]}}],"collection":[{"href":"https:\/\/www.claret.cat\/es\/wp-json\/wp\/v2\/product"}],"about":[{"href":"https:\/\/www.claret.cat\/es\/wp-json\/wp\/v2\/types\/product"}],"wp:featuredmedia":[{"embeddable":true,"href":"https:\/\/www.claret.cat\/es\/wp-json\/wp\/v2\/media\/1095399"}],"wp:attachment":[{"href":"https:\/\/www.claret.cat\/es\/wp-json\/wp\/v2\/media?parent=1095126"}],"wp:term":[{"taxonomy":"product_brand","embeddable":true,"href":"https:\/\/www.claret.cat\/es\/wp-json\/wp\/v2\/product_brand?post=1095126"},{"taxonomy":"product_cat","embeddable":true,"href":"https:\/\/www.claret.cat\/es\/wp-json\/wp\/v2\/product_cat?post=1095126"},{"taxonomy":"product_tag","embeddable":true,"href":"https:\/\/www.claret.cat\/es\/wp-json\/wp\/v2\/product_tag?post=1095126"}],"curies":[{"name":"wp","href":"https:\/\/api.w.org\/{rel}","templated":true}]}}