{"id":1095155,"date":"2026-04-07T16:27:25","date_gmt":"2026-04-07T14:27:25","guid":{"rendered":"https:\/\/www.claret.cat\/llibre\/alzar-el-duelo-9788410645813\/"},"modified":"2026-04-23T15:35:06","modified_gmt":"2026-04-23T13:35:06","slug":"alzar-el-duelo-9788410645813","status":"publish","type":"product","link":"https:\/\/www.claret.cat\/es\/libro\/alzar-el-duelo-9788410645813\/","title":{"rendered":"ALZAR EL DUELO"},"content":{"rendered":"<p>\u00bfC\u00f3mo aprender a vivir tras la p\u00e9rdida de un ser querido?\u00bfC\u00f3mo afrontar el d\u00eda despu\u00e9s, las primeras Navidades o los aniversarios?\u00bfQu\u00e9 hacer con su ropa, su olor y sus recuerdos?\u00bfEs posible volver a ser feliz?Despu\u00e9s del best seller El humor de mi vida, Paz Padilla regresa para ayudarnos a superar el duelo y recordarnos que, incluso en los momentos m\u00e1s oscuros, la vida sigue mereciendo la pena. Desde su propia experiencia y con su particular fi losof\u00eda, la autora comparte las claves para recuperar la sonrisa y, poco a poco, aprender a vivir de nuevo.En estas p\u00e1ginas tambi\u00e9n refl exiona sobre las p\u00e9rdidas que todos afrontamos en alg\u00fan momento: una ruptura, un trabajo, una amistad\u2026 No se trata de olvidar, sino de aceptar la ausencia. Adem\u00e1s, por primera vez, Paz confiesa y comparte un dur\u00edsimo episodio de su adolescencia que cambi\u00f3 su vida para siempre.Un kit de emergencia emocional que acompa\u00f1a, consuela y ofrece luz en los momentos m\u00e1s dif\u00edciles del duelo.\u00abEl duelo por la p\u00e9rdida de un ser querido es, sin duda, uno de los momentos m\u00e1s duros que puede atravesar un ser humano. Afrontarlo exige una entereza profunda, y la que Paz ha mostrado a lo largo de los a\u00f1os es admirable\u00bb. Dr. Manuel Sans Segarra<\/p>\n","protected":false},"excerpt":{"rendered":"<p>PAZ PADILLA<\/p>\n","protected":false},"featured_media":1095212,"template":"","meta":{"_acf_changed":false,"om_disable_all_campaigns":false,"rs_blank_template":"","rs_page_bg_color":"","slide_template_v7":"","inline_featured_image":false,"_monsterinsights_skip_tracking":false,"_monsterinsights_sitenote_active":false,"_monsterinsights_sitenote_note":"","_monsterinsights_sitenote_category":0},"product_brand":[],"product_cat":[90,540],"product_tag":[],"class_list":{"0":"post-1095155","1":"product","2":"type-product","3":"status-publish","4":"has-post-thumbnail","6":"product_cat-altres","7":"product_cat-otros","9":"first","10":"instock","11":"taxable","12":"shipping-taxable","13":"purchasable","14":"product-type-simple"},"acf":{"autor":"PAZ PADILLA","codart":"841064581","libros-coleccion":"","ediciones":"1","encuadernacion":"Carton\u00e9","fecha_de_publicacion":"01\/04\/2026","novedad":"1","paginas":"286","subtitulo":"C\u00d3MO SEGUIR VIVIENDO PARA SUPERAR LA AUSENCIA Y RECUPERAR LA CALMA","orden":"0","portada":"0","idioma":"spa","booktrailer":"","resenas":"","editorial":[{"ID":148249,"post_author":"3","post_date":"2022-10-14 11:56:47","post_date_gmt":"2022-10-14 09:56:47","post_content":"","post_title":"HarperCollins","post_excerpt":"","post_status":"publish","comment_status":"closed","ping_status":"closed","post_password":"","post_name":"harpercollins","to_ping":"","pinged":"","post_modified":"2022-10-14 11:56:47","post_modified_gmt":"2022-10-14 09:56:47","post_content_filtered":"","post_parent":0,"guid":"http:\/\/dev.claret.cat\/editorial\/harpercollins\/","menu_order":0,"post_type":"editorial","post_mime_type":"","comment_count":"0","filter":"raw"}]},"aioseo_notices":[],"_links":{"self":[{"href":"https:\/\/www.claret.cat\/es\/wp-json\/wp\/v2\/product\/1095155","targetHints":{"allow":["GET"]}}],"collection":[{"href":"https:\/\/www.claret.cat\/es\/wp-json\/wp\/v2\/product"}],"about":[{"href":"https:\/\/www.claret.cat\/es\/wp-json\/wp\/v2\/types\/product"}],"wp:featuredmedia":[{"embeddable":true,"href":"https:\/\/www.claret.cat\/es\/wp-json\/wp\/v2\/media\/1095212"}],"wp:attachment":[{"href":"https:\/\/www.claret.cat\/es\/wp-json\/wp\/v2\/media?parent=1095155"}],"wp:term":[{"taxonomy":"product_brand","embeddable":true,"href":"https:\/\/www.claret.cat\/es\/wp-json\/wp\/v2\/product_brand?post=1095155"},{"taxonomy":"product_cat","embeddable":true,"href":"https:\/\/www.claret.cat\/es\/wp-json\/wp\/v2\/product_cat?post=1095155"},{"taxonomy":"product_tag","embeddable":true,"href":"https:\/\/www.claret.cat\/es\/wp-json\/wp\/v2\/product_tag?post=1095155"}],"curies":[{"name":"wp","href":"https:\/\/api.w.org\/{rel}","templated":true}]}}