{"id":1095209,"date":"2026-04-07T16:46:17","date_gmt":"2026-04-07T14:46:17","guid":{"rendered":"https:\/\/www.claret.cat\/llibre\/notas-sobre-bergson-y-descartes-9788413392677\/"},"modified":"2026-04-07T16:46:27","modified_gmt":"2026-04-07T14:46:27","slug":"notas-sobre-bergson-y-descartes-9788413392677","status":"publish","type":"product","link":"https:\/\/www.claret.cat\/es\/libro\/notas-sobre-bergson-y-descartes-9788413392677\/","title":{"rendered":"NOTAS SOBRE BERGSON Y DESCARTES"},"content":{"rendered":"<p>Este libro re\u00fane los dos \u00faltimos escritos de Charles P\u00e9guy antes de su muerte tr\u00e1gica en el frente de la Primera Guerra Mundial: Nota sobre Henri Bergson y la filosof\u00eda bergsoniana y Nota conjunta sobre Descartes y la filosof\u00eda cartesiana. En estas p\u00e1ginas, P\u00e9guy se acerca a Henri Bergson con una penetraci\u00f3n singular: \u00abHa conocido mi pensamiento m\u00e1s secreto tal como yo no lo he expresado, tal como hubiera podido expresarlo\u00bb, escribi\u00f3 el propio Bergson reconociendo la hondura de la lectura de su disc\u00edpulo.<br \/> P\u00e9guy penetra tambi\u00e9n en el alma de Ren\u00e9 Descartes, no tanto para juzgar sus aportes a la ciencia como para admirar su impulso creativo: \u00abSabemos que Descartes no descubri\u00f3 los cielos. [&#8230;] Los descubrimos antes que Descartes. Por s\u00ed mismos se descubrieron antes que Descartes. \u00a1Qu\u00e9 importa! S\u00f3lo me interesa su audacia. La audacia cartesiana por s\u00ed misma es genial. \u00bfHa habido alguna vez una audacia tan hermosa?\u00bb.<br \/> Esta nueva traducci\u00f3n \u2014la primera desde 1946\u2014 no solo ofrece comentarios sobre ambos fil\u00f3sofos, sino que establece un di\u00e1logo vivo con la tradici\u00f3n espiritual y cultural francesa. En el fondo, lo decisivo para P\u00e9guy es mostrar que la filosof\u00eda de Bergson constituye un aut\u00e9ntico ant\u00eddoto contra la esclerosis del \u00abmundo moderno\u00bb. Frente a los sistemas cerrados, Bergson representa para P\u00e9guy una filosof\u00eda capaz de reabrir el tiempo, destrabar el mundo y restituir su movilidad interior, de modo que la gracia pueda volver a operar en la historia.<\/p>\n","protected":false},"excerpt":{"rendered":"<p>CHARLES P\u00c9GUY<\/p>\n","protected":false},"featured_media":1095210,"template":"","meta":{"_acf_changed":false,"om_disable_all_campaigns":false,"rs_blank_template":"","rs_page_bg_color":"","slide_template_v7":"","inline_featured_image":false,"_monsterinsights_skip_tracking":false,"_monsterinsights_sitenote_active":false,"_monsterinsights_sitenote_note":"","_monsterinsights_sitenote_category":0},"product_brand":[],"product_cat":[373,166],"product_tag":[],"class_list":{"0":"post-1095209","1":"product","2":"type-product","3":"status-publish","4":"has-post-thumbnail","6":"product_cat-autores","7":"product_cat-autors-filosofia","9":"first","10":"instock","11":"taxable","12":"shipping-taxable","13":"purchasable","14":"product-type-simple"},"acf":{"autor":"CHARLES P\u00c9GUY","codart":"841339267","libros-coleccion":"","ediciones":"1","encuadernacion":"R\u00fastica","fecha_de_publicacion":"01\/04\/2026","novedad":"1","paginas":"310","subtitulo":"","orden":"0","portada":"0","idioma":"spa","booktrailer":"","resenas":"","editorial":[{"ID":6201,"post_author":"3","post_date":"2022-07-28 17:47:01","post_date_gmt":"2022-07-28 15:47:01","post_content":"","post_title":"Ediciones Encuentro","post_excerpt":"","post_status":"publish","comment_status":"closed","ping_status":"closed","post_password":"","post_name":"ediciones-encuentro","to_ping":"","pinged":"","post_modified":"2022-07-28 17:47:01","post_modified_gmt":"2022-07-28 15:47:01","post_content_filtered":"","post_parent":0,"guid":"http:\/\/dev.claret.cat\/editorial\/ediciones-encuentro\/","menu_order":0,"post_type":"editorial","post_mime_type":"","comment_count":"0","filter":"raw"}]},"aioseo_notices":[],"_links":{"self":[{"href":"https:\/\/www.claret.cat\/es\/wp-json\/wp\/v2\/product\/1095209","targetHints":{"allow":["GET"]}}],"collection":[{"href":"https:\/\/www.claret.cat\/es\/wp-json\/wp\/v2\/product"}],"about":[{"href":"https:\/\/www.claret.cat\/es\/wp-json\/wp\/v2\/types\/product"}],"wp:featuredmedia":[{"embeddable":true,"href":"https:\/\/www.claret.cat\/es\/wp-json\/wp\/v2\/media\/1095210"}],"wp:attachment":[{"href":"https:\/\/www.claret.cat\/es\/wp-json\/wp\/v2\/media?parent=1095209"}],"wp:term":[{"taxonomy":"product_brand","embeddable":true,"href":"https:\/\/www.claret.cat\/es\/wp-json\/wp\/v2\/product_brand?post=1095209"},{"taxonomy":"product_cat","embeddable":true,"href":"https:\/\/www.claret.cat\/es\/wp-json\/wp\/v2\/product_cat?post=1095209"},{"taxonomy":"product_tag","embeddable":true,"href":"https:\/\/www.claret.cat\/es\/wp-json\/wp\/v2\/product_tag?post=1095209"}],"curies":[{"name":"wp","href":"https:\/\/api.w.org\/{rel}","templated":true}]}}