{"id":1095310,"date":"2026-04-07T17:27:27","date_gmt":"2026-04-07T15:27:27","guid":{"rendered":"https:\/\/www.claret.cat\/llibre\/por-si-un-dia-volvemos-9788408318682\/"},"modified":"2026-04-23T13:12:02","modified_gmt":"2026-04-23T11:12:02","slug":"por-si-un-dia-volvemos-9788408318682","status":"publish","type":"product","link":"https:\/\/www.claret.cat\/es\/libro\/por-si-un-dia-volvemos-9788408318682\/","title":{"rendered":"POR SI UN D\u00cdA VOLVEMOS"},"content":{"rendered":"<p>Vuelve Mar\u00eda Due\u00f1as autora de la inolvidable El tiempo entre costuras con una novela que te cautivar\u00e1.Hui de un crimen involuntario.<br \/> Hui de los hombres que no me quisieron.<br \/> Hui de una guerra.<br \/> Esta es mi historia, entre Espa\u00f1a y Or\u00e1n, junto al Mediterr\u00e1neo.<br \/> Or\u00e1n. A\u00f1os 20, siglo xx.\u00a0En esta ciudad africana de origen \u00e1rabe, pulso espa\u00f1ol y administraci\u00f3n francesa\u00a0desembarca una joven\u00a0con el falso nombre de Cecilia Belmonte. En apariencia,\u00a0ha cruzado el Mediterr\u00e1neo para escapar de la miseria, como tantos compatriotas. Su raz\u00f3n, sin embargo, es m\u00e1s turbia.<br \/> La\u00a0urgencia por sobrevivir\u00a0la obliga a dejarse la piel en plantaciones y lavaderos, como empleada dom\u00e9stica y operaria de f\u00e1brica a destajo. Hasta que una madrugada, en la tabaquera Bastos, participa en un delito por el que paga con su sometimiento a un hombre despreciable.\u00a0Su entereza ser\u00e1 lo que la libere\u00a0y le aporte el coraje para rehacerse y emprender un\u00a0camino en ascenso, repleto de quiebros, logros y desaf\u00edos\u00a0a lo largo de tres d\u00e9cadas vibrantes.<br \/> Esta es la\u00a0historia de una mujer que vivi\u00f3 el auge colonial\u00a0y el tr\u00e1gico fin de la Argelia francesa. Y, en paralelo, sus p\u00e1ginas rescatan la memoria de los\u00a0desconocidos pieds-noirs espa\u00f1oles\u00a0que, arrastrados por la emigraci\u00f3n y el exilio, formaron parte de aquel mundo.<\/p>\n","protected":false},"excerpt":{"rendered":"<p>MAR\u00cdA DUE\u00d1AS<\/p>\n","protected":false},"featured_media":1095493,"template":"","meta":{"_acf_changed":false,"om_disable_all_campaigns":false,"rs_blank_template":"","rs_page_bg_color":"","slide_template_v7":"","inline_featured_image":false,"_monsterinsights_skip_tracking":false,"_monsterinsights_sitenote_active":false,"_monsterinsights_sitenote_note":"","_monsterinsights_sitenote_category":0},"product_brand":[],"product_cat":[127,357],"product_tag":[],"class_list":{"0":"post-1095310","1":"product","2":"type-product","3":"status-publish","4":"has-post-thumbnail","6":"product_cat-novella-contemporania","7":"product_cat-novela-contemporanea","9":"first","10":"instock","11":"taxable","12":"shipping-taxable","13":"purchasable","14":"product-type-simple"},"acf":{"autor":"MAR\u00cdA DUE\u00d1AS","codart":"840831868","libros-coleccion":"","ediciones":"1","encuadernacion":"R\u00fastica","fecha_de_publicacion":"01\/04\/2026","novedad":"1","paginas":"544","subtitulo":"","orden":"0","portada":"0","idioma":"spa","booktrailer":"","resenas":"","editorial":[{"ID":6233,"post_author":"3","post_date":"2022-07-28 17:47:48","post_date_gmt":"2022-07-28 15:47:48","post_content":"","post_title":"EDITORIAL PLANETA","post_excerpt":"","post_status":"publish","comment_status":"closed","ping_status":"closed","post_password":"","post_name":"editorial-planeta","to_ping":"","pinged":"","post_modified":"2022-07-28 17:47:48","post_modified_gmt":"2022-07-28 15:47:48","post_content_filtered":"","post_parent":0,"guid":"http:\/\/dev.claret.cat\/editorial\/editorial-planeta\/","menu_order":0,"post_type":"editorial","post_mime_type":"","comment_count":"0","filter":"raw"}]},"aioseo_notices":[],"_links":{"self":[{"href":"https:\/\/www.claret.cat\/es\/wp-json\/wp\/v2\/product\/1095310","targetHints":{"allow":["GET"]}}],"collection":[{"href":"https:\/\/www.claret.cat\/es\/wp-json\/wp\/v2\/product"}],"about":[{"href":"https:\/\/www.claret.cat\/es\/wp-json\/wp\/v2\/types\/product"}],"wp:featuredmedia":[{"embeddable":true,"href":"https:\/\/www.claret.cat\/es\/wp-json\/wp\/v2\/media\/1095493"}],"wp:attachment":[{"href":"https:\/\/www.claret.cat\/es\/wp-json\/wp\/v2\/media?parent=1095310"}],"wp:term":[{"taxonomy":"product_brand","embeddable":true,"href":"https:\/\/www.claret.cat\/es\/wp-json\/wp\/v2\/product_brand?post=1095310"},{"taxonomy":"product_cat","embeddable":true,"href":"https:\/\/www.claret.cat\/es\/wp-json\/wp\/v2\/product_cat?post=1095310"},{"taxonomy":"product_tag","embeddable":true,"href":"https:\/\/www.claret.cat\/es\/wp-json\/wp\/v2\/product_tag?post=1095310"}],"curies":[{"name":"wp","href":"https:\/\/api.w.org\/{rel}","templated":true}]}}