{"id":1095378,"date":"2026-04-07T17:41:54","date_gmt":"2026-04-07T15:41:54","guid":{"rendered":"https:\/\/www.claret.cat\/llibre\/en-busca-del-ultimo-continente-9788491998433\/"},"modified":"2026-04-07T18:30:29","modified_gmt":"2026-04-07T16:30:29","slug":"en-busca-del-ultimo-continente-9788491998433","status":"publish","type":"product","link":"https:\/\/www.claret.cat\/es\/libro\/en-busca-del-ultimo-continente-9788491998433\/","title":{"rendered":"EN BUSCA DEL \u00daLTIMO CONTINENTE"},"content":{"rendered":"<p>Una obra que evoca la emoci\u00f3n de la exploraci\u00f3n cient\u00edfica a trav\u00e9s de una prosa que huele a viento helado, madera y sal.<br \/> En 1913 un nav\u00edo zarp\u00f3 de Alaska para cartografiar y descubrir el \u00faltimo de los continentes. En aquel barco viajar\u00edan cient\u00edficos de todo tipo. Era la mayor expedici\u00f3n cient\u00edfica al \u00c1rtico que jam\u00e1s se hab\u00eda concebido. Esta ins\u00f3lita b\u00fasqueda del \u00faltimo continente terminar\u00e1 convertida en una verdadera odisea tan terrible como olvidada. El viaje del nav\u00edo Karluk representa la \u00faltima de las expediciones a la vieja usanza. Partieron, como en siglos anteriores, lejos de cualquier atisbo de civilizaci\u00f3n con la que poder comunicarse y de la que poder recibir ayuda.<br \/> En busca del \u00faltimo continente recupera esta historia olvidada con el pulso de una novela de aventuras y la precisi\u00f3n de un reportaje hist\u00f3rico. A trav\u00e9s de diarios, cartas y documentos originales, el autor reconstruye el retrato de un tiempo en que la ciencia y el hero\u00edsmo caminaban juntos, cuando a\u00fan quedaban territorios por descubrir y hombres dispuestos a perderlo todo por alcanzarlos.<\/p>\n","protected":false},"excerpt":{"rendered":"<p>JAVIER PEL\u00c1EZ<\/p>\n","protected":false},"featured_media":1095452,"template":"","meta":{"_acf_changed":false,"om_disable_all_campaigns":false,"rs_blank_template":"","rs_page_bg_color":"","slide_template_v7":"","inline_featured_image":false,"_monsterinsights_skip_tracking":false,"_monsterinsights_sitenote_active":false,"_monsterinsights_sitenote_note":"","_monsterinsights_sitenote_category":0},"product_brand":[],"product_cat":[157,370],"product_tag":[],"class_list":{"0":"post-1095378","1":"product","2":"type-product","3":"status-publish","4":"has-post-thumbnail","6":"product_cat-investigacio-i-corrents","7":"product_cat-investigacion-y-corrientes","9":"first","10":"instock","11":"taxable","12":"shipping-taxable","13":"purchasable","14":"product-type-simple"},"acf":{"autor":"JAVIER PEL\u00c1EZ","codart":"849199843","libros-coleccion":"","ediciones":"1","encuadernacion":"Carton\u00e9","fecha_de_publicacion":"01\/04\/2026","novedad":"1","paginas":"356","subtitulo":"EL DESASTRE DEL KARLUK EN EL \u00c1RTICO","orden":"0","portada":"0","idioma":"spa","booktrailer":"","resenas":"","editorial":[{"ID":6174,"post_author":"3","post_date":"2022-07-28 17:46:29","post_date_gmt":"2022-07-28 15:46:29","post_content":"","post_title":"CRITICA","post_excerpt":"","post_status":"publish","comment_status":"closed","ping_status":"closed","post_password":"","post_name":"critica","to_ping":"","pinged":"","post_modified":"2022-07-28 17:46:29","post_modified_gmt":"2022-07-28 15:46:29","post_content_filtered":"","post_parent":0,"guid":"http:\/\/dev.claret.cat\/editorial\/critica\/","menu_order":0,"post_type":"editorial","post_mime_type":"","comment_count":"0","filter":"raw"}]},"aioseo_notices":[],"_links":{"self":[{"href":"https:\/\/www.claret.cat\/es\/wp-json\/wp\/v2\/product\/1095378","targetHints":{"allow":["GET"]}}],"collection":[{"href":"https:\/\/www.claret.cat\/es\/wp-json\/wp\/v2\/product"}],"about":[{"href":"https:\/\/www.claret.cat\/es\/wp-json\/wp\/v2\/types\/product"}],"wp:featuredmedia":[{"embeddable":true,"href":"https:\/\/www.claret.cat\/es\/wp-json\/wp\/v2\/media\/1095452"}],"wp:attachment":[{"href":"https:\/\/www.claret.cat\/es\/wp-json\/wp\/v2\/media?parent=1095378"}],"wp:term":[{"taxonomy":"product_brand","embeddable":true,"href":"https:\/\/www.claret.cat\/es\/wp-json\/wp\/v2\/product_brand?post=1095378"},{"taxonomy":"product_cat","embeddable":true,"href":"https:\/\/www.claret.cat\/es\/wp-json\/wp\/v2\/product_cat?post=1095378"},{"taxonomy":"product_tag","embeddable":true,"href":"https:\/\/www.claret.cat\/es\/wp-json\/wp\/v2\/product_tag?post=1095378"}],"curies":[{"name":"wp","href":"https:\/\/api.w.org\/{rel}","templated":true}]}}