{"id":1095584,"date":"2026-04-08T11:45:33","date_gmt":"2026-04-08T09:45:33","guid":{"rendered":"https:\/\/www.claret.cat\/llibre\/distraccion-serie-mindfck-2-9791387810481\/"},"modified":"2026-04-08T11:45:54","modified_gmt":"2026-04-08T09:45:54","slug":"distraccion-serie-mindfck-2-9791387810481","status":"publish","type":"product","link":"https:\/\/www.claret.cat\/es\/libro\/distraccion-serie-mindfck-2-9791387810481\/","title":{"rendered":"DISTRACCI\u00d3N (SERIE MINDF*CK #2)"},"content":{"rendered":"<p>La segunda entrega de la saga m\u00e1s viral, m\u00e1s adictiva y m\u00e1s peligrosa jam\u00e1s vista. Millones de lectoras en todo el mundo no pueden dejar de hablar de ella. Descubre por qu\u00e9 Mindf*ck lo cambi\u00f3 todo.Siempre buscan romperme, pero soy demasiado fuerte. Intocable. O al menos lo era&#8230; hasta que apareci\u00f3 ella. Llevaba tanto tiempo centrado en un \u00fanico objetivo que me olvid\u00e9 de que ah\u00ed fuera exist\u00eda algo m\u00e1s. Hasta que lleg\u00f3 Lana.Es todo lo que nunca imagin\u00e9 que encontrar\u00eda, y me encanta no ser capaz de prever ninguno de sus movimientos o reacciones. En parte, por eso cada vez me enamoro m\u00e1s. Pero tambi\u00e9n s\u00e9 que se cierra en banda, que me oculta cosas que siente que no puede compartir. Ojal\u00e1 alg\u00fan d\u00eda conf\u00ede en m\u00ed lo suficiente como para cont\u00e1rmelas. No me doy cuenta de lo fuerte que es hasta que mi trabajo la pone en peligro, pero eso no me impide hacer todo lo posible por protegerla. Deber\u00eda alejarme para que est\u00e9 m\u00e1s segura, pero no puedo. As\u00ed que me veo obligado a buscar otras formas de mantenerla a salvo. Solo espero que sea suficiente.Aunque es valiente, sigue siendo fr\u00e1gil&#8230; \u00bfVerdad?<\/p>\n","protected":false},"excerpt":{"rendered":"<p>S.T. ABBY<\/p>\n","protected":false},"featured_media":1095585,"template":"","meta":{"_acf_changed":false,"om_disable_all_campaigns":false,"rs_blank_template":"","rs_page_bg_color":"","slide_template_v7":"","inline_featured_image":false,"_monsterinsights_skip_tracking":false,"_monsterinsights_sitenote_active":false,"_monsterinsights_sitenote_note":"","_monsterinsights_sitenote_category":0},"product_brand":[],"product_cat":[127,357],"product_tag":[],"class_list":{"0":"post-1095584","1":"product","2":"type-product","3":"status-publish","4":"has-post-thumbnail","6":"product_cat-novella-contemporania","7":"product_cat-novela-contemporanea","9":"first","10":"instock","11":"taxable","12":"shipping-taxable","13":"purchasable","14":"product-type-simple"},"acf":{"autor":"S.T. ABBY","codart":"138781048","libros-coleccion":"","ediciones":"1","encuadernacion":"R\u00fastica","fecha_de_publicacion":"01\/04\/2026","novedad":"1","paginas":"200","subtitulo":"VOL. 02 - SERIE MINDF*CK","orden":"0","portada":"0","idioma":"spa","booktrailer":"","resenas":"","editorial":[{"ID":147665,"post_author":"3","post_date":"2022-10-14 11:52:19","post_date_gmt":"2022-10-14 09:52:19","post_content":"","post_title":"Contraluz Editorial","post_excerpt":"","post_status":"publish","comment_status":"closed","ping_status":"closed","post_password":"","post_name":"contraluz-editorial","to_ping":"","pinged":"","post_modified":"2022-10-14 11:52:19","post_modified_gmt":"2022-10-14 09:52:19","post_content_filtered":"","post_parent":0,"guid":"http:\/\/dev.claret.cat\/editorial\/contraluz-editorial\/","menu_order":0,"post_type":"editorial","post_mime_type":"","comment_count":"0","filter":"raw"}]},"aioseo_notices":[],"_links":{"self":[{"href":"https:\/\/www.claret.cat\/es\/wp-json\/wp\/v2\/product\/1095584","targetHints":{"allow":["GET"]}}],"collection":[{"href":"https:\/\/www.claret.cat\/es\/wp-json\/wp\/v2\/product"}],"about":[{"href":"https:\/\/www.claret.cat\/es\/wp-json\/wp\/v2\/types\/product"}],"wp:featuredmedia":[{"embeddable":true,"href":"https:\/\/www.claret.cat\/es\/wp-json\/wp\/v2\/media\/1095585"}],"wp:attachment":[{"href":"https:\/\/www.claret.cat\/es\/wp-json\/wp\/v2\/media?parent=1095584"}],"wp:term":[{"taxonomy":"product_brand","embeddable":true,"href":"https:\/\/www.claret.cat\/es\/wp-json\/wp\/v2\/product_brand?post=1095584"},{"taxonomy":"product_cat","embeddable":true,"href":"https:\/\/www.claret.cat\/es\/wp-json\/wp\/v2\/product_cat?post=1095584"},{"taxonomy":"product_tag","embeddable":true,"href":"https:\/\/www.claret.cat\/es\/wp-json\/wp\/v2\/product_tag?post=1095584"}],"curies":[{"name":"wp","href":"https:\/\/api.w.org\/{rel}","templated":true}]}}