{"id":1095741,"date":"2026-04-08T17:00:03","date_gmt":"2026-04-08T15:00:03","guid":{"rendered":"https:\/\/www.claret.cat\/llibre\/lazarillo-de-tormes-9788483088166\/"},"modified":"2026-04-14T17:30:49","modified_gmt":"2026-04-14T15:30:49","slug":"lazarillo-de-tormes-9788483088166","status":"publish","type":"product","link":"https:\/\/www.claret.cat\/es\/libro\/lazarillo-de-tormes-9788483088166\/","title":{"rendered":"LAZARILLO DE TORMES"},"content":{"rendered":"<p>El Lazarillo de Tormes es la obra cumbre de la novela picaresca espa\u00f1ola. Escrito en forma de autobiograf\u00eda, su autor no lo firm\u00f3. Una decisi\u00f3n prudente, a juzgar por las cr\u00edticas que vierte en \u00e9l contra diversos estamentos sociales.<br \/> L\u00e1zaro, un ni\u00f1o pobre, se ve obligado a trabajar al servicio de diferentes amos. El fantasma del hambre y la desgracia le persigue, oblig\u00e1ndole a desarrollar su ingenio para sobrevivir. Las aventuras de L\u00e1zaro nos ofrecen una panor\u00e1mica inmejorable de la sociedad de la \u00e9poca y, con un sentido del humor dif\u00edcil de superar, ponen al descubierto la hipocres\u00eda escondida en la mayor\u00eda de los comportamientos humanos.<\/p>\n","protected":false},"excerpt":{"rendered":"<p>AN\u00d3NIMO<\/p>\n","protected":false},"featured_media":1095742,"template":"","meta":{"_acf_changed":false,"om_disable_all_campaigns":false,"rs_blank_template":"","rs_page_bg_color":"","slide_template_v7":"","inline_featured_image":false,"_monsterinsights_skip_tracking":false,"_monsterinsights_sitenote_active":false,"_monsterinsights_sitenote_note":"","_monsterinsights_sitenote_category":0},"product_brand":[],"product_cat":[354,123],"product_tag":[],"class_list":{"0":"post-1095741","1":"product","2":"type-product","3":"status-publish","4":"has-post-thumbnail","6":"product_cat-clasica","7":"product_cat-classica","9":"first","10":"instock","11":"taxable","12":"shipping-taxable","13":"purchasable","14":"product-type-simple"},"acf":{"autor":"AN\u00d3NIMO","codart":"848308816","libros-coleccion":"FORA DE COL.LECCI\u00d3","ediciones":"1","encuadernacion":"R\u00fastica","fecha_de_publicacion":"01\/04\/2006","novedad":"1","paginas":"0","subtitulo":"","orden":"0","portada":"0","idioma":"spa","booktrailer":"","resenas":"","editorial":[{"ID":261791,"post_author":"3","post_date":"2022-10-24 11:15:53","post_date_gmt":"2022-10-24 09:15:53","post_content":"","post_title":"Almadraba Editorial","post_excerpt":"","post_status":"publish","comment_status":"closed","ping_status":"closed","post_password":"","post_name":"almadraba-editorial","to_ping":"","pinged":"","post_modified":"2022-10-24 11:15:53","post_modified_gmt":"2022-10-24 09:15:53","post_content_filtered":"","post_parent":0,"guid":"http:\/\/dev.claret.cat\/editorial\/almadraba-editorial\/","menu_order":0,"post_type":"editorial","post_mime_type":"","comment_count":"0","filter":"raw"}]},"aioseo_notices":[],"_links":{"self":[{"href":"https:\/\/www.claret.cat\/es\/wp-json\/wp\/v2\/product\/1095741","targetHints":{"allow":["GET"]}}],"collection":[{"href":"https:\/\/www.claret.cat\/es\/wp-json\/wp\/v2\/product"}],"about":[{"href":"https:\/\/www.claret.cat\/es\/wp-json\/wp\/v2\/types\/product"}],"wp:featuredmedia":[{"embeddable":true,"href":"https:\/\/www.claret.cat\/es\/wp-json\/wp\/v2\/media\/1095742"}],"wp:attachment":[{"href":"https:\/\/www.claret.cat\/es\/wp-json\/wp\/v2\/media?parent=1095741"}],"wp:term":[{"taxonomy":"product_brand","embeddable":true,"href":"https:\/\/www.claret.cat\/es\/wp-json\/wp\/v2\/product_brand?post=1095741"},{"taxonomy":"product_cat","embeddable":true,"href":"https:\/\/www.claret.cat\/es\/wp-json\/wp\/v2\/product_cat?post=1095741"},{"taxonomy":"product_tag","embeddable":true,"href":"https:\/\/www.claret.cat\/es\/wp-json\/wp\/v2\/product_tag?post=1095741"}],"curies":[{"name":"wp","href":"https:\/\/api.w.org\/{rel}","templated":true}]}}