{"id":1095752,"date":"2026-04-08T17:10:27","date_gmt":"2026-04-08T15:10:27","guid":{"rendered":"https:\/\/www.claret.cat\/llibre\/bondad-compasion-y-amabilidad-para-vivir-con-alegria-9791388080487\/"},"modified":"2026-04-09T10:20:36","modified_gmt":"2026-04-09T08:20:36","slug":"bondad-compasion-y-amabilidad-para-vivir-con-alegria-9791388080487","status":"publish","type":"product","link":"https:\/\/www.claret.cat\/es\/libro\/bondad-compasion-y-amabilidad-para-vivir-con-alegria-9791388080487\/","title":{"rendered":"BONDAD, COMPASI\u00d3N Y AMABILIDAD PARA VIVIR CON ALEGR\u00cdA"},"content":{"rendered":"<p>En una sociedad que se ha vuelto tan hostil, agresiva, injusta, individualista, narcisista, competitiva y materialista, necesitamos reivindicar la importancia de la bondad, la compasi\u00f3n, la amabilidad, el altruismo, la solidaridad, la nobleza, la integridad, la generosidad y el servicio a los dem\u00e1s. Necesitamos buenas personas. El mundo se cambia con buenas personas, que desprendan humor, alegr\u00eda y bondad, porque estas cosas son las que pueden humanizar un poco m\u00e1s esta sociedad.<\/p>\n<p> Y este libro habla de todo esto. Como si una conversaci\u00f3n con \u00e9l se tratara, el autor no se presenta como experto ni como gur\u00fa, sino como alguien que observa, lee, escucha y comparte lo que funciona. Recupera ideas de la filosof\u00eda cl\u00e1sica, del humanismo y de la psicolog\u00eda positiva, pero las traduce a un lenguaje comprensible, cercano y aplicable al d\u00eda a d\u00eda.<\/p>\n<p> A lo largo de sus p\u00e1ginas se reflexiona sobre la diferencia entre la alegr\u00eda puntual y la alegr\u00eda profunda, sobre c\u00f3mo la actitud influye en nuestras relaciones, en nuestro trabajo y en nuestra salud, y sobre por qu\u00e9 ser buena persona no es una opci\u00f3n ingenua, sino una decisi\u00f3n inteligente y profundamente rentable a largo plazo. La ciencia confirma lo que la experiencia ya nos dice: hacer el bien genera bienestar, mejora nuestra biolog\u00eda y nos ayuda a vivir con m\u00e1s paz interior.<\/p>\n<p> No es un libro para cambiarlo todo de golpe, pero s\u00ed para empezar por lo \u00fanico que est\u00e1 siempre en nuestras manos: elegir cada d\u00eda c\u00f3mo queremos ser. Un libro para quienes no quieren conformarse con sobrevivir, sino aspirar a vivir con sentido, dignidad y alegr\u00eda.<\/p>\n","protected":false},"excerpt":{"rendered":"<p>VICTOR K\u00dcPPERS<\/p>\n","protected":false},"featured_media":1095804,"template":"","meta":{"_acf_changed":false,"om_disable_all_campaigns":false,"rs_blank_template":"","rs_page_bg_color":"","slide_template_v7":"","inline_featured_image":false,"_monsterinsights_skip_tracking":false,"_monsterinsights_sitenote_active":false,"_monsterinsights_sitenote_note":"","_monsterinsights_sitenote_category":0},"product_brand":[],"product_cat":[179,377],"product_tag":[],"class_list":{"0":"post-1095752","1":"product","2":"type-product","3":"status-publish","4":"has-post-thumbnail","6":"product_cat-autoajuda-i-salut-mental","7":"product_cat-autoayuda-y-salud-mental","9":"first","10":"instock","11":"taxable","12":"shipping-taxable","13":"purchasable","14":"product-type-simple"},"acf":{"autor":"VICTOR K\u00dcPPERS","codart":"138808048","libros-coleccion":"","ediciones":"1","encuadernacion":"R\u00fastica","fecha_de_publicacion":"01\/04\/2026","novedad":"1","paginas":"153","subtitulo":"","orden":"0","portada":"0","idioma":"spa","booktrailer":"","resenas":"","editorial":[{"ID":6331,"post_author":"3","post_date":"2022-07-28 17:49:53","post_date_gmt":"2022-07-28 15:49:53","post_content":"","post_title":"PLATAFORMA EDITORIAL","post_excerpt":"","post_status":"publish","comment_status":"closed","ping_status":"closed","post_password":"","post_name":"plataforma-editorial","to_ping":"","pinged":"","post_modified":"2022-07-28 17:49:53","post_modified_gmt":"2022-07-28 15:49:53","post_content_filtered":"","post_parent":0,"guid":"http:\/\/dev.claret.cat\/editorial\/plataforma-editorial\/","menu_order":0,"post_type":"editorial","post_mime_type":"","comment_count":"0","filter":"raw"}]},"aioseo_notices":[],"_links":{"self":[{"href":"https:\/\/www.claret.cat\/es\/wp-json\/wp\/v2\/product\/1095752","targetHints":{"allow":["GET"]}}],"collection":[{"href":"https:\/\/www.claret.cat\/es\/wp-json\/wp\/v2\/product"}],"about":[{"href":"https:\/\/www.claret.cat\/es\/wp-json\/wp\/v2\/types\/product"}],"wp:featuredmedia":[{"embeddable":true,"href":"https:\/\/www.claret.cat\/es\/wp-json\/wp\/v2\/media\/1095804"}],"wp:attachment":[{"href":"https:\/\/www.claret.cat\/es\/wp-json\/wp\/v2\/media?parent=1095752"}],"wp:term":[{"taxonomy":"product_brand","embeddable":true,"href":"https:\/\/www.claret.cat\/es\/wp-json\/wp\/v2\/product_brand?post=1095752"},{"taxonomy":"product_cat","embeddable":true,"href":"https:\/\/www.claret.cat\/es\/wp-json\/wp\/v2\/product_cat?post=1095752"},{"taxonomy":"product_tag","embeddable":true,"href":"https:\/\/www.claret.cat\/es\/wp-json\/wp\/v2\/product_tag?post=1095752"}],"curies":[{"name":"wp","href":"https:\/\/api.w.org\/{rel}","templated":true}]}}