{"id":1095821,"date":"2026-04-09T11:00:38","date_gmt":"2026-04-09T09:00:38","guid":{"rendered":"https:\/\/www.claret.cat\/llibre\/veinte-propuestas-para-vivir-con-sentido-9788429333053\/"},"modified":"2026-04-09T11:21:16","modified_gmt":"2026-04-09T09:21:16","slug":"veinte-propuestas-para-vivir-con-sentido-9788429333053","status":"publish","type":"product","link":"https:\/\/www.claret.cat\/es\/libro\/veinte-propuestas-para-vivir-con-sentido-9788429333053\/","title":{"rendered":"VEINTE PROPUESTAS PARA VIVIR CON SENTIDO"},"content":{"rendered":"<p>\u00bfSientes que tus d\u00edas se han convertido en una sucesi\u00f3n de rutinas mec\u00e1nicas? Con demasiada frecuencia vivimos como simples bolas de billar, permaneciendo est\u00e1ticos hasta que los golpes de las circunstancias externas nos empujan sin rumbo. A trav\u00e9s de la psicolog\u00eda moderna y la sabidur\u00eda cl\u00e1sica, aprender\u00e1s a &#8216;tejer&#8217; tu propia felicidad utilizando los hilos de tus valores, el realismo y la acci\u00f3n comprometida. Descubre c\u00f3mo dejar atr\u00e1s el aislamiento del Yo alienado para alcanzar un Yo realizado, transformando tu d\u00eda a d\u00eda en una aut\u00e9ntica obra maestra de sentido y conexi\u00f3n.<\/p>\n","protected":false},"excerpt":{"rendered":"<p>\u00c1LVAREZ FERN\u00c1NDEZ, RAMIRO J. <\/p>\n","protected":false},"featured_media":1095822,"template":"","meta":{"_acf_changed":false,"om_disable_all_campaigns":false,"rs_blank_template":"","rs_page_bg_color":"","slide_template_v7":"","inline_featured_image":false,"_monsterinsights_skip_tracking":false,"_monsterinsights_sitenote_active":false,"_monsterinsights_sitenote_note":"","_monsterinsights_sitenote_category":0},"product_brand":[],"product_cat":[179,377],"product_tag":[],"class_list":{"0":"post-1095821","1":"product","2":"type-product","3":"status-publish","4":"has-post-thumbnail","6":"product_cat-autoajuda-i-salut-mental","7":"product_cat-autoayuda-y-salud-mental","9":"first","10":"instock","11":"taxable","12":"shipping-taxable","13":"purchasable","14":"product-type-simple"},"acf":{"autor":"\u00c1LVAREZ FERN\u00c1NDEZ, RAMIRO J. ","codart":"842933305","libros-coleccion":"SAL TERRAE- PROYECTO","ediciones":"1","encuadernacion":"R\u00fastica","fecha_de_publicacion":"19\/03\/2026","novedad":"1","paginas":"184","subtitulo":"UN ITINERARIO INTERIOR HACIA LA PLENITUD","orden":"0","portada":"0","idioma":"spa","booktrailer":"","resenas":"","editorial":[{"ID":6351,"post_author":"3","post_date":"2022-07-28 17:50:19","post_date_gmt":"2022-07-28 15:50:19","post_content":"","post_title":"Sal Terrae","post_excerpt":"","post_status":"publish","comment_status":"closed","ping_status":"closed","post_password":"","post_name":"sal-terrae","to_ping":"","pinged":"","post_modified":"2022-07-28 17:50:19","post_modified_gmt":"2022-07-28 15:50:19","post_content_filtered":"","post_parent":0,"guid":"http:\/\/dev.claret.cat\/editorial\/sal-terrae\/","menu_order":0,"post_type":"editorial","post_mime_type":"","comment_count":"0","filter":"raw"}]},"aioseo_notices":[],"_links":{"self":[{"href":"https:\/\/www.claret.cat\/es\/wp-json\/wp\/v2\/product\/1095821","targetHints":{"allow":["GET"]}}],"collection":[{"href":"https:\/\/www.claret.cat\/es\/wp-json\/wp\/v2\/product"}],"about":[{"href":"https:\/\/www.claret.cat\/es\/wp-json\/wp\/v2\/types\/product"}],"wp:featuredmedia":[{"embeddable":true,"href":"https:\/\/www.claret.cat\/es\/wp-json\/wp\/v2\/media\/1095822"}],"wp:attachment":[{"href":"https:\/\/www.claret.cat\/es\/wp-json\/wp\/v2\/media?parent=1095821"}],"wp:term":[{"taxonomy":"product_brand","embeddable":true,"href":"https:\/\/www.claret.cat\/es\/wp-json\/wp\/v2\/product_brand?post=1095821"},{"taxonomy":"product_cat","embeddable":true,"href":"https:\/\/www.claret.cat\/es\/wp-json\/wp\/v2\/product_cat?post=1095821"},{"taxonomy":"product_tag","embeddable":true,"href":"https:\/\/www.claret.cat\/es\/wp-json\/wp\/v2\/product_tag?post=1095821"}],"curies":[{"name":"wp","href":"https:\/\/api.w.org\/{rel}","templated":true}]}}