{"id":1095902,"date":"2026-04-09T16:15:08","date_gmt":"2026-04-09T14:15:08","guid":{"rendered":"https:\/\/www.claret.cat\/llibre\/la-amenaza-del-leon-negro-9788412984446\/"},"modified":"2026-04-09T17:25:31","modified_gmt":"2026-04-09T15:25:31","slug":"la-amenaza-del-leon-negro-9788412984446","status":"publish","type":"product","link":"https:\/\/www.claret.cat\/es\/libro\/la-amenaza-del-leon-negro-9788412984446\/","title":{"rendered":"LA AMENAZA DEL LE\u00d3N NEGRO"},"content":{"rendered":"<p>Gianfranco, un matem\u00e1tico italiano convertido en activista humanitario, ve su ordenada vida hecha a\u00f1icos cuando su novia et\u00edope, Mare, desaparece sin dejar rastro. A\u00f1os despu\u00e9s, como director de la ONG Save Our Kids en Nairobi, sobrevive a un devastador atentado terrorista orquestado por la misma red de tr\u00e1fico contra la que lucha.<br \/> Desde las plantaciones de caf\u00e9 de Etiop\u00eda hasta los barrios marginales de Nairobi, desde el distrito financiero de Londres hasta las calles nocturnas de Barcelona, Gianfranco navega por un paisaje traicionero de esp\u00edas, funcionarios corruptos y organizaciones criminales rivales.<br \/> Una novela apasionante sobre amor, venganza y redenci\u00f3n, donde las v\u00edctimas pueden convertirse en verdugos y donde, a veces, los mayores monstruos llevan los disfraces m\u00e1s humanos.<\/p>\n","protected":false},"excerpt":{"rendered":"<p>RAIS BUSOM<\/p>\n","protected":false},"featured_media":1095982,"template":"","meta":{"_acf_changed":false,"om_disable_all_campaigns":false,"rs_blank_template":"","rs_page_bg_color":"","slide_template_v7":"","inline_featured_image":false,"_monsterinsights_skip_tracking":false,"_monsterinsights_sitenote_active":false,"_monsterinsights_sitenote_note":"","_monsterinsights_sitenote_category":0},"product_brand":[],"product_cat":[127,357],"product_tag":[],"class_list":{"0":"post-1095902","1":"product","2":"type-product","3":"status-publish","4":"has-post-thumbnail","6":"product_cat-novella-contemporania","7":"product_cat-novela-contemporanea","9":"first","10":"instock","11":"taxable","12":"shipping-taxable","13":"purchasable","14":"product-type-simple"},"acf":{"autor":"RAIS BUSOM","codart":"841298444","libros-coleccion":"","ediciones":"1","encuadernacion":"R\u00fastica","fecha_de_publicacion":"01\/02\/2026","novedad":"1","paginas":"224","subtitulo":"","orden":"0","portada":"0","idioma":"spa","booktrailer":"","resenas":"","editorial":[{"ID":1095961,"post_author":"3","post_date":"2026-04-09 16:40:25","post_date_gmt":"2026-04-09 14:40:25","post_content":"","post_title":"Editorial Posidonia","post_excerpt":"","post_status":"publish","comment_status":"closed","ping_status":"closed","post_password":"","post_name":"editorial-posidonia","to_ping":"","pinged":"","post_modified":"2026-04-09 16:40:25","post_modified_gmt":"2026-04-09 14:40:25","post_content_filtered":"","post_parent":0,"guid":"https:\/\/www.claret.cat\/editorial\/editorial-posidonia\/","menu_order":0,"post_type":"editorial","post_mime_type":"","comment_count":"0","filter":"raw"}]},"aioseo_notices":[],"_links":{"self":[{"href":"https:\/\/www.claret.cat\/es\/wp-json\/wp\/v2\/product\/1095902","targetHints":{"allow":["GET"]}}],"collection":[{"href":"https:\/\/www.claret.cat\/es\/wp-json\/wp\/v2\/product"}],"about":[{"href":"https:\/\/www.claret.cat\/es\/wp-json\/wp\/v2\/types\/product"}],"wp:featuredmedia":[{"embeddable":true,"href":"https:\/\/www.claret.cat\/es\/wp-json\/wp\/v2\/media\/1095982"}],"wp:attachment":[{"href":"https:\/\/www.claret.cat\/es\/wp-json\/wp\/v2\/media?parent=1095902"}],"wp:term":[{"taxonomy":"product_brand","embeddable":true,"href":"https:\/\/www.claret.cat\/es\/wp-json\/wp\/v2\/product_brand?post=1095902"},{"taxonomy":"product_cat","embeddable":true,"href":"https:\/\/www.claret.cat\/es\/wp-json\/wp\/v2\/product_cat?post=1095902"},{"taxonomy":"product_tag","embeddable":true,"href":"https:\/\/www.claret.cat\/es\/wp-json\/wp\/v2\/product_tag?post=1095902"}],"curies":[{"name":"wp","href":"https:\/\/api.w.org\/{rel}","templated":true}]}}