{"id":1096587,"date":"2026-04-14T10:20:43","date_gmt":"2026-04-14T08:20:43","guid":{"rendered":"https:\/\/www.claret.cat\/llibre\/las-palabras-y-las-cosas-9788432321856\/"},"modified":"2026-04-14T10:26:04","modified_gmt":"2026-04-14T08:26:04","slug":"las-palabras-y-las-cosas-9788432321856","status":"publish","type":"product","link":"https:\/\/www.claret.cat\/es\/libro\/las-palabras-y-las-cosas-9788432321856\/","title":{"rendered":"LAS PALABRAS Y LAS COSAS"},"content":{"rendered":"<p>Entre las palabras y las cosas, \u00bfhay una correspondencia esencial, o puede haber cosas que tengan lugar en un espacio distinto del de las palabras? \u00bfBajo qu\u00e9 orden las ciencias humanas pensaron las cosas desde el Renacimiento? \u00bfEra la representaci\u00f3n el fundamento de ese orden? \u00bfQu\u00e9 papel desempe\u00f1aron los nombres, el discurso, el lenguaje, en esa arquitectura?&nbsp;<\/p>\n<p>La publicaci\u00f3n de esta obra en 1966 consagra a su autor como uno de los intelectuales m\u00e1s originales de su \u00e9poca. Aqu\u00ed Foucault aborda estos interrogantes y concluye que entre esas dos regiones tan distantes \u2013las palabras y las cosas\u2013 existe un quiebre, un vac\u00edo, un confuso dominio, y que es por la naturaleza de ese desencuentro que las certezas y verdades supuestamente permanentes van cambiando a lo largo de la historia.&nbsp;<\/p>\n<p><em>Las palabras y las cosas&nbsp;<\/em>es una arqueolog\u00eda de lo contempor\u00e1neo, ya que las ciencias humanas son caracterizadas aqu\u00ed fundamentalmente como pr\u00e1cticas e instituciones, y el conocimiento, como el resultado de un sistema de reglas que son propias de cada \u00e9poca y no del progreso de la raz\u00f3n.&nbsp;<\/p>\n<p><em>Este libro naci\u00f3 de un texto de Borges. De la risa que sacude, al leerlo, todo lo familiar al pensamiento \u2013al nuestro: al que tiene nuestra edad y nuestra geograf\u00eda\u2013. Ese texto cita \u201ccierta enciclopedia china\u201d donde est\u00e1 escrito que \u201clos animales se dividen en a] pertenecientes al Emperador, b] embalsamados, c] amaestrados, d] lechones, e] sirenas, f] fabulosos, g] perros sueltos, h] incluidos en esta clasificaci\u00f3n, i] que se agitan como locos, j] innumerables, k] dibujados con un pincel fin\u00edsimo de pelo de camello, l] etc\u00e9tera, m] que acaban de romper el jarr\u00f3n, n] que de lejos parecen moscas\u201d. En el asombro de esta taxonom\u00eda, lo que se ve de golpe, lo que, por medio del ap\u00f3logo, se nos muestra como encanto ex\u00f3tico de otro pensamiento, es el l\u00edmite del nuestro: la desnuda imposibilidad de pensar esto.&nbsp;<\/em><strong>Michel Foucault<\/strong><\/p>\n","protected":false},"excerpt":{"rendered":"<p>FOUCAULT , MICHEL <\/p>\n","protected":false},"featured_media":1096588,"template":"","meta":{"_acf_changed":false,"om_disable_all_campaigns":false,"rs_blank_template":"","rs_page_bg_color":"","slide_template_v7":"","inline_featured_image":false,"_monsterinsights_skip_tracking":false,"_monsterinsights_sitenote_active":false,"_monsterinsights_sitenote_note":"","_monsterinsights_sitenote_category":0},"product_brand":[],"product_cat":[375,174,373,166,442,171],"product_tag":[],"class_list":{"0":"post-1096587","1":"product","2":"type-product","3":"status-publish","4":"has-post-thumbnail","6":"product_cat-antropologia-filosofia-2_humanidades","7":"product_cat-antropologia","8":"product_cat-autores","9":"product_cat-autors-filosofia","10":"product_cat-del-lenguaje","11":"product_cat-del-llenguatge","13":"first","14":"instock","15":"taxable","16":"shipping-taxable","17":"purchasable","18":"product-type-simple"},"acf":{"autor":"FOUCAULT , MICHEL ","codart":"843232185","libros-coleccion":"","ediciones":"1","encuadernacion":"R\u00fastica","fecha_de_publicacion":"13\/04\/2026","novedad":"1","paginas":"400","subtitulo":"UNA ARQUEOLOG\u00cdA DE LAS CIENCIAS HUMANAS","orden":"0","portada":"0","idioma":"spa","booktrailer":"","resenas":"","editorial":[{"ID":6115,"post_author":"3","post_date":"2022-07-28 17:45:13","post_date_gmt":"2022-07-28 15:45:13","post_content":"","post_title":"AKAL, EDICIONES S.A.","post_excerpt":"","post_status":"publish","comment_status":"closed","ping_status":"closed","post_password":"","post_name":"akal-ediciones-s-a","to_ping":"","pinged":"","post_modified":"2022-07-28 17:45:13","post_modified_gmt":"2022-07-28 15:45:13","post_content_filtered":"","post_parent":0,"guid":"http:\/\/dev.claret.cat\/editorial\/akal-ediciones-s-a\/","menu_order":0,"post_type":"editorial","post_mime_type":"","comment_count":"0","filter":"raw"}]},"aioseo_notices":[],"_links":{"self":[{"href":"https:\/\/www.claret.cat\/es\/wp-json\/wp\/v2\/product\/1096587","targetHints":{"allow":["GET"]}}],"collection":[{"href":"https:\/\/www.claret.cat\/es\/wp-json\/wp\/v2\/product"}],"about":[{"href":"https:\/\/www.claret.cat\/es\/wp-json\/wp\/v2\/types\/product"}],"wp:featuredmedia":[{"embeddable":true,"href":"https:\/\/www.claret.cat\/es\/wp-json\/wp\/v2\/media\/1096588"}],"wp:attachment":[{"href":"https:\/\/www.claret.cat\/es\/wp-json\/wp\/v2\/media?parent=1096587"}],"wp:term":[{"taxonomy":"product_brand","embeddable":true,"href":"https:\/\/www.claret.cat\/es\/wp-json\/wp\/v2\/product_brand?post=1096587"},{"taxonomy":"product_cat","embeddable":true,"href":"https:\/\/www.claret.cat\/es\/wp-json\/wp\/v2\/product_cat?post=1096587"},{"taxonomy":"product_tag","embeddable":true,"href":"https:\/\/www.claret.cat\/es\/wp-json\/wp\/v2\/product_tag?post=1096587"}],"curies":[{"name":"wp","href":"https:\/\/api.w.org\/{rel}","templated":true}]}}