{"id":10974,"date":"2022-09-30T19:59:19","date_gmt":"2022-09-30T17:59:19","guid":{"rendered":"http:\/\/dev.claret.cat\/producte\/basat-en-una-historia-real\/"},"modified":"2024-01-31T20:21:18","modified_gmt":"2024-01-31T19:21:18","slug":"basat-en-una-historia-real-9788429775259","status":"publish","type":"product","link":"https:\/\/www.claret.cat\/es\/libro\/basat-en-una-historia-real-9788429775259\/","title":{"rendered":"BASAT EN UNA HIST\u00d2RIA REAL"},"content":{"rendered":"<p>A Basat en una hist\u00f2ria real, Premi Renaudot i Premi Goncourt des Lyc\u00e9ens, Delphine de Vigan s&#8217;aventura en un thriller psicol\u00f2gic, que protagonitzen dues dones, tot fent d&#8217;equilibrista per la fina l\u00ednia que separa la realitat de la ficci\u00f3. <br \/>L&#8217;escriptora \u00e9s una novel\u00b7lista anomenada Delphine de Vigan. L&#8217;\u00e8xit del seu llibre anterior, una obra autobiogr\u00e0fica sobre la seva mare, l&#8217;ha immers en un estat de dubtes i de inseguretat que la deixen escriure una sola l\u00ednia. <br \/>Una tarda, la novel\u00b7lista es troba amb una dona inquietant que treballa de negre, escrivint biografies de personatges c\u00e8lebres. Mentre que Delphine rep cartes an\u00f2nimes amena\u00e7adores, La protagonista desenvolupa una relaci\u00f3 obsessiva amb l&#8217;escriptora. A mesura que avancem, la tensi\u00f3 s&#8217;intensifica, cap a un maquiavel\u00b7lisme psicol\u00f2gic digne de Stephen King. <br \/>Despr\u00e9s de l&#8217;\u00e8xit de Res no s&#8217;oposa a la nit, Delphine de Vigan torna amb un llibre pertorbador i d&#8217;una intel\u00b7lig\u00e8ncia superior; una espl\u00e8ndida immersi\u00f3 en el cor d&#8217;una \u00e8poca, l&#8217;actual, fascinada per la Veritat i la Realitat.<\/p>\n","protected":false},"excerpt":{"rendered":"<p>DE VIGAN, DELPHINE<\/p>\n","protected":false},"featured_media":74492,"template":"","meta":{"_acf_changed":false,"om_disable_all_campaigns":false,"rs_blank_template":"","rs_page_bg_color":"","slide_template_v7":"","inline_featured_image":false,"_monsterinsights_skip_tracking":false,"_monsterinsights_sitenote_active":false,"_monsterinsights_sitenote_note":"","_monsterinsights_sitenote_category":0},"product_brand":[],"product_cat":[87,353],"product_tag":[],"class_list":{"0":"post-10974","1":"product","2":"type-product","3":"status-publish","4":"has-post-thumbnail","6":"product_cat-literatura","7":"product_cat-literatura-2_humanidades","9":"first","10":"instock","11":"taxable","12":"shipping-taxable","13":"purchasable","14":"product-type-simple"},"acf":{"autor":"DE VIGAN, DELPHINE","codart":"842977525","libros-coleccion":"","ediciones":"1","encuadernacion":"R\u00fastica","fecha_de_publicacion":"01\/10\/2016","novedad":"0","paginas":"349","subtitulo":"","orden":"999","portada":"0","idioma":"cat","editorial":[{"ID":6210,"post_author":"3","post_date":"2022-07-28 17:47:13","post_date_gmt":"2022-07-28 15:47:13","post_content":"","post_title":"Edicions 62","post_excerpt":"","post_status":"publish","comment_status":"closed","ping_status":"closed","post_password":"","post_name":"edicions-62","to_ping":"","pinged":"","post_modified":"2022-07-28 17:47:13","post_modified_gmt":"2022-07-28 15:47:13","post_content_filtered":"","post_parent":0,"guid":"http:\/\/dev.claret.cat\/editorial\/edicions-62\/","menu_order":0,"post_type":"editorial","post_mime_type":"","comment_count":"0","filter":"raw"}],"autores-libros":[{"ID":154060,"post_author":"3","post_date":"2022-10-14 15:01:46","post_date_gmt":"2022-10-14 13:01:46","post_content":"","post_title":"DELPHINE DE VIGAN","post_excerpt":"","post_status":"publish","comment_status":"closed","ping_status":"closed","post_password":"","post_name":"delphine-de-vigan","to_ping":"","pinged":"","post_modified":"2022-10-14 15:01:46","post_modified_gmt":"2022-10-14 13:01:46","post_content_filtered":"","post_parent":0,"guid":"http:\/\/dev.claret.cat\/autor\/delphine-de-vigan\/","menu_order":0,"post_type":"autor","post_mime_type":"","comment_count":"0","filter":"raw"}]},"aioseo_notices":[],"_links":{"self":[{"href":"https:\/\/www.claret.cat\/es\/wp-json\/wp\/v2\/product\/10974","targetHints":{"allow":["GET"]}}],"collection":[{"href":"https:\/\/www.claret.cat\/es\/wp-json\/wp\/v2\/product"}],"about":[{"href":"https:\/\/www.claret.cat\/es\/wp-json\/wp\/v2\/types\/product"}],"wp:featuredmedia":[{"embeddable":true,"href":"https:\/\/www.claret.cat\/es\/wp-json\/wp\/v2\/media\/74492"}],"wp:attachment":[{"href":"https:\/\/www.claret.cat\/es\/wp-json\/wp\/v2\/media?parent=10974"}],"wp:term":[{"taxonomy":"product_brand","embeddable":true,"href":"https:\/\/www.claret.cat\/es\/wp-json\/wp\/v2\/product_brand?post=10974"},{"taxonomy":"product_cat","embeddable":true,"href":"https:\/\/www.claret.cat\/es\/wp-json\/wp\/v2\/product_cat?post=10974"},{"taxonomy":"product_tag","embeddable":true,"href":"https:\/\/www.claret.cat\/es\/wp-json\/wp\/v2\/product_tag?post=10974"}],"curies":[{"name":"wp","href":"https:\/\/api.w.org\/{rel}","templated":true}]}}