{"id":109798,"date":"2022-10-12T13:37:31","date_gmt":"2022-10-12T11:37:31","guid":{"rendered":"http:\/\/dev.claret.cat\/producte\/pack-tc-un-perfecto-caballero-album-de-fotos\/"},"modified":"2023-01-28T18:47:13","modified_gmt":"2023-01-28T17:47:13","slug":"pack-tc-un-perfecto-caballero-album-de-fotos-9788408230335","status":"publish","type":"product","link":"https:\/\/www.claret.cat\/es\/libro\/pack-tc-un-perfecto-caballero-album-de-fotos-9788408230335\/","title":{"rendered":"PACK TC UN PERFECTO CABALLERO + \u00c1LBUM DE FOTOS"},"content":{"rendered":"<p>En enero de 1939, las tropas de Franco entran triunfantes en Barcelona. Con ellas va Mauricio Casasnovas, guapo como un artista de cine. Es el heredero de una empresa textil, al que espera una mujer sumisa y un futuro dorado de noches en el Liceo, los mejores sastres y fulanas de lujo. Pero la brutalidad de la guerra ha abierto una grieta en su coraz\u00f3n que no deja de agrandarse. Mauricio, a pesar de estar casado, conoce por primera vez el amor y la pasi\u00f3n con una obrera de su f\u00e1brica, cuyo marido est\u00e1 encarcelado. Atormentado al no poder poseer a esta mujer por completo, Mauricio comete un hecho terrible cuya culpa lo perseguir\u00e1 para siempre. Adem\u00e1s, su vida conyugal esconde un enigma tan devastador y sorprendente que ni \u00e9l ni nadie ha podido sospecharlo jam\u00e1s.<br \/>Pilar Eyre nos invita a mirar por el ojo de la cerradura los secretos m\u00e1s ocultos, fascinantes y vergonzosos de una Barcelona de contrastes, desde las org\u00edas en el hotel Ritz a las devotas misas de doce. La vida \u00edntima de sus protagonistas en pisos elegantes o en humildes cuevas. Criados y se\u00f1ores, pobres y ricos, honrados y canallas cuentan su magn\u00e9tica historia con un final tan arrebatador como todo el libro.<\/p>\n<p>El pack contiene el libro\u00a0Un perfecto caballero\u00a0de Pilar Eyre y de regalo un \u00e1lbum de fotos de los a\u00f1os 40-60 de la familia de la autora comentadas por ella.<\/p>\n","protected":false},"excerpt":{"rendered":"<p>EYRE, PILAR<\/p>\n","protected":false},"featured_media":274567,"template":"","meta":{"_acf_changed":false,"om_disable_all_campaigns":false,"rs_blank_template":"","rs_page_bg_color":"","slide_template_v7":"","inline_featured_image":false,"_monsterinsights_skip_tracking":false},"product_brand":[],"product_cat":[90,540],"product_tag":[],"class_list":["post-109798","product","type-product","status-publish","has-post-thumbnail","product_cat-altres","product_cat-otros","first","instock","taxable","shipping-taxable","purchasable","product-type-simple"],"acf":{"editorial":[{"ID":6233,"post_author":"3","post_date":"2022-07-28 17:47:48","post_date_gmt":"2022-07-28 15:47:48","post_content":"","post_title":"EDITORIAL PLANETA","post_excerpt":"","post_status":"publish","comment_status":"closed","ping_status":"closed","post_password":"","post_name":"editorial-planeta","to_ping":"","pinged":"","post_modified":"2022-07-28 17:47:48","post_modified_gmt":"2022-07-28 15:47:48","post_content_filtered":"","post_parent":0,"guid":"http:\/\/dev.claret.cat\/editorial\/editorial-planeta\/","menu_order":0,"post_type":"editorial","post_mime_type":"","comment_count":"0","filter":"raw"}],"autores-libros":[{"ID":167302,"post_author":"3","post_date":"2022-10-14 18:10:07","post_date_gmt":"2022-10-14 16:10:07","post_content":"","post_title":"PILAR EYRE","post_excerpt":"","post_status":"publish","comment_status":"closed","ping_status":"closed","post_password":"","post_name":"pilar-eyre","to_ping":"","pinged":"","post_modified":"2022-10-14 18:10:07","post_modified_gmt":"2022-10-14 16:10:07","post_content_filtered":"","post_parent":0,"guid":"http:\/\/dev.claret.cat\/autor\/pilar-eyre\/","menu_order":0,"post_type":"autor","post_mime_type":"","comment_count":"0","filter":"raw"}],"autor":"EYRE, PILAR","codart":"840823033","libros-coleccion":"Autores Espa\u00f1oles e Iberoamericanos","ediciones":"1","encuadernacion":"Carton\u00e9","fecha_de_publicacion":"01\/06\/2020","novedad":"1","paginas":"368","subtitulo":"","orden":"0","portada":"0","idioma":"spa"},"aioseo_notices":[],"aioseo_head":"\n\t\t<!-- All in One SEO Pro 5.0.1.1 - aioseo.com -->\n\t<meta name=\"description\" content=\"PACK TC UN PERFECTO CABALLERO + \u00c1LBUM DE FOTOS de EYRE, PILAR disponible a\/en Llibreria Claret.\" \/>\n\t<meta name=\"robots\" content=\"max-image-preview:large\" \/>\n\t<meta name=\"google-site-verification\" content=\"xVtlFxJ-TfkIu-D-lt7XeLobefg5EIQiXTuqcSf8Rf0\" \/>\n\t<link rel=\"canonical\" href=\"https:\/\/www.claret.cat\/es\/libro\/pack-tc-un-perfecto-caballero-album-de-fotos-9788408230335\/\" \/>\n\t<meta name=\"generator\" content=\"All in One SEO Pro (AIOSEO) 5.0.1.1\" \/>\n\t\t<meta property=\"og:locale\" content=\"es_ES\" \/>\n\t\t<meta property=\"og:site_name\" content=\"Llibreria Claret - Llibreria religiosa a Barcelona\" \/>\n\t\t<meta property=\"og:type\" content=\"article\" \/>\n\t\t<meta property=\"og:title\" content=\"PACK TC UN PERFECTO CABALLERO + \u00c1LBUM DE FOTOS - EYRE, PILAR 9788408230335 | Llibreria Claret\" \/>\n\t\t<meta property=\"og:description\" content=\"PACK TC UN PERFECTO CABALLERO + \u00c1LBUM DE FOTOS de EYRE, PILAR disponible a\/en Llibreria Claret.\" \/>\n\t\t<meta property=\"og:url\" content=\"https:\/\/www.claret.cat\/es\/libro\/pack-tc-un-perfecto-caballero-album-de-fotos-9788408230335\/\" \/>\n\t\t<meta property=\"og:image\" content=\"https:\/\/dev.claret.cat\/wp-content\/uploads\/logo-claret.svg\" \/>\n\t\t<meta property=\"og:image:secure_url\" content=\"https:\/\/dev.claret.cat\/wp-content\/uploads\/logo-claret.svg\" \/>\n\t\t<meta property=\"article:published_time\" content=\"2022-10-12T11:37:31+00:00\" \/>\n\t\t<meta property=\"article:modified_time\" content=\"2023-01-28T17:47:13+00:00\" \/>\n\t\t<meta property=\"article:publisher\" content=\"https:\/\/www.facebook.com\/LlibreriaClaret\" \/>\n\t\t<meta name=\"twitter:card\" content=\"summary_large_image\" \/>\n\t\t<meta name=\"twitter:site\" content=\"@LlibreriaClaret\" \/>\n\t\t<meta name=\"twitter:title\" content=\"PACK TC UN PERFECTO CABALLERO + \u00c1LBUM DE FOTOS - EYRE, PILAR 9788408230335 | Llibreria Claret\" \/>\n\t\t<meta name=\"twitter:description\" content=\"PACK TC UN PERFECTO CABALLERO + \u00c1LBUM DE FOTOS de EYRE, PILAR disponible a\/en Llibreria Claret.\" \/>\n\t\t<meta name=\"twitter:image\" content=\"http:\/\/dev.claret.cat\/wp-content\/uploads\/logo-claret.svg\" \/>\n\t\t<script type=\"application\/ld+json\" class=\"aioseo-schema\">\n\t\t\t{\"@context\":\"https:\\\/\\\/schema.org\",\"@graph\":[{\"@type\":\"BreadcrumbList\",\"@id\":\"https:\\\/\\\/www.claret.cat\\\/es\\\/libro\\\/pack-tc-un-perfecto-caballero-album-de-fotos-9788408230335\\\/#breadcrumblist\",\"itemListElement\":[{\"@type\":\"ListItem\",\"@id\":\"https:\\\/\\\/www.claret.cat\\\/es\\\/#listItem\",\"position\":1,\"name\":\"Home\",\"item\":\"https:\\\/\\\/www.claret.cat\\\/es\\\/\",\"nextItem\":{\"@type\":\"ListItem\",\"@id\":\"https:\\\/\\\/www.claret.cat\\\/?page_id=16#listItem\",\"name\":\"Botiga\"}},{\"@type\":\"ListItem\",\"@id\":\"https:\\\/\\\/www.claret.cat\\\/?page_id=16#listItem\",\"position\":2,\"name\":\"Botiga\",\"item\":\"https:\\\/\\\/www.claret.cat\\\/?page_id=16\",\"nextItem\":{\"@type\":\"ListItem\",\"@id\":\"https:\\\/\\\/www.claret.cat\\\/categoria-producto\\\/cat\\\/#listItem\",\"name\":\"CAT\"},\"previousItem\":{\"@type\":\"ListItem\",\"@id\":\"https:\\\/\\\/www.claret.cat\\\/es\\\/#listItem\",\"name\":\"Home\"}},{\"@type\":\"ListItem\",\"@id\":\"https:\\\/\\\/www.claret.cat\\\/categoria-producto\\\/cat\\\/#listItem\",\"position\":3,\"name\":\"CAT\",\"item\":\"https:\\\/\\\/www.claret.cat\\\/categoria-producto\\\/cat\\\/\",\"nextItem\":{\"@type\":\"ListItem\",\"@id\":\"https:\\\/\\\/www.claret.cat\\\/categoria-producto\\\/cat\\\/5_altres\\\/#listItem\",\"name\":\"Altres\"},\"previousItem\":{\"@type\":\"ListItem\",\"@id\":\"https:\\\/\\\/www.claret.cat\\\/?page_id=16#listItem\",\"name\":\"Botiga\"}},{\"@type\":\"ListItem\",\"@id\":\"https:\\\/\\\/www.claret.cat\\\/categoria-producto\\\/cat\\\/5_altres\\\/#listItem\",\"position\":4,\"name\":\"Altres\",\"item\":\"https:\\\/\\\/www.claret.cat\\\/categoria-producto\\\/cat\\\/5_altres\\\/\",\"nextItem\":{\"@type\":\"ListItem\",\"@id\":\"https:\\\/\\\/www.claret.cat\\\/categoria-producto\\\/cat\\\/5_altres\\\/altres\\\/#listItem\",\"name\":\"Altres\"},\"previousItem\":{\"@type\":\"ListItem\",\"@id\":\"https:\\\/\\\/www.claret.cat\\\/categoria-producto\\\/cat\\\/#listItem\",\"name\":\"CAT\"}},{\"@type\":\"ListItem\",\"@id\":\"https:\\\/\\\/www.claret.cat\\\/categoria-producto\\\/cat\\\/5_altres\\\/altres\\\/#listItem\",\"position\":5,\"name\":\"Altres\",\"item\":\"https:\\\/\\\/www.claret.cat\\\/categoria-producto\\\/cat\\\/5_altres\\\/altres\\\/\",\"nextItem\":{\"@type\":\"ListItem\",\"@id\":\"https:\\\/\\\/www.claret.cat\\\/es\\\/libro\\\/pack-tc-un-perfecto-caballero-album-de-fotos-9788408230335\\\/#listItem\",\"name\":\"PACK TC UN PERFECTO CABALLERO + \\u00c1LBUM DE FOTOS\"},\"previousItem\":{\"@type\":\"ListItem\",\"@id\":\"https:\\\/\\\/www.claret.cat\\\/categoria-producto\\\/cat\\\/5_altres\\\/#listItem\",\"name\":\"Altres\"}},{\"@type\":\"ListItem\",\"@id\":\"https:\\\/\\\/www.claret.cat\\\/es\\\/libro\\\/pack-tc-un-perfecto-caballero-album-de-fotos-9788408230335\\\/#listItem\",\"position\":6,\"name\":\"PACK TC UN PERFECTO CABALLERO + \\u00c1LBUM DE FOTOS\",\"previousItem\":{\"@type\":\"ListItem\",\"@id\":\"https:\\\/\\\/www.claret.cat\\\/categoria-producto\\\/cat\\\/5_altres\\\/altres\\\/#listItem\",\"name\":\"Altres\"}}]},{\"@type\":\"ItemPage\",\"@id\":\"https:\\\/\\\/www.claret.cat\\\/es\\\/libro\\\/pack-tc-un-perfecto-caballero-album-de-fotos-9788408230335\\\/#itempage\",\"url\":\"https:\\\/\\\/www.claret.cat\\\/es\\\/libro\\\/pack-tc-un-perfecto-caballero-album-de-fotos-9788408230335\\\/\",\"name\":\"PACK TC UN PERFECTO CABALLERO + \\u00c1LBUM DE FOTOS - EYRE, PILAR 9788408230335 | Llibreria Claret\",\"description\":\"PACK TC UN PERFECTO CABALLERO + \\u00c1LBUM DE FOTOS de EYRE, PILAR disponible a\\\/en Llibreria Claret.\",\"inLanguage\":\"es-ES\",\"isPartOf\":{\"@id\":\"https:\\\/\\\/www.claret.cat\\\/es\\\/#website\"},\"breadcrumb\":{\"@id\":\"https:\\\/\\\/www.claret.cat\\\/es\\\/libro\\\/pack-tc-un-perfecto-caballero-album-de-fotos-9788408230335\\\/#breadcrumblist\"},\"image\":{\"@type\":\"ImageObject\",\"url\":\"https:\\\/\\\/www.claret.cat\\\/wp-content\\\/uploads\\\/.\\\/9788408230335-1.png\",\"@id\":\"https:\\\/\\\/www.claret.cat\\\/es\\\/libro\\\/pack-tc-un-perfecto-caballero-album-de-fotos-9788408230335\\\/#mainImage\",\"width\":225,\"height\":170,\"caption\":\"9788408230335.png\"},\"primaryImageOfPage\":{\"@id\":\"https:\\\/\\\/www.claret.cat\\\/es\\\/libro\\\/pack-tc-un-perfecto-caballero-album-de-fotos-9788408230335\\\/#mainImage\"},\"datePublished\":\"2022-10-12T13:37:31+02:00\",\"dateModified\":\"2023-01-28T18:47:13+01:00\"},{\"@type\":\"Organization\",\"@id\":\"https:\\\/\\\/www.claret.cat\\\/es\\\/#organization\",\"name\":\"Llibreria Claret\",\"description\":\"Llibreria religiosa a Barcelona\",\"url\":\"https:\\\/\\\/www.claret.cat\\\/es\\\/\",\"email\":\"comunicacio@claret.cat\",\"telephone\":\"+34933010887\",\"logo\":{\"@type\":\"ImageObject\",\"url\":\"https:\\\/\\\/www.claret.cat\\\/wp-content\\\/uploads\\\/.\\\/logo-claret-es.png\",\"@id\":\"https:\\\/\\\/www.claret.cat\\\/es\\\/libro\\\/pack-tc-un-perfecto-caballero-album-de-fotos-9788408230335\\\/#organizationLogo\",\"width\":195,\"height\":79},\"image\":{\"@id\":\"https:\\\/\\\/www.claret.cat\\\/es\\\/libro\\\/pack-tc-un-perfecto-caballero-album-de-fotos-9788408230335\\\/#organizationLogo\"},\"sameAs\":[\"https:\\\/\\\/www.facebook.com\\\/LlibreriaClaret\",\"https:\\\/\\\/twitter.com\\\/LlibreriaClaret\",\"https:\\\/\\\/www.instagram.com\\\/llibreriaclaret\\\/\",\"https:\\\/\\\/www.tiktok.com\\\/@llibreriaclaret\",\"https:\\\/\\\/www.youtube.com\\\/@llibreriaclaret\",\"https:\\\/\\\/ca.wikipedia.org\\\/wiki\\\/Editorial_Claret\"]},{\"@type\":\"WebPage\",\"@id\":\"https:\\\/\\\/www.claret.cat\\\/es\\\/libro\\\/pack-tc-un-perfecto-caballero-album-de-fotos-9788408230335\\\/#webpage\",\"url\":\"https:\\\/\\\/www.claret.cat\\\/es\\\/libro\\\/pack-tc-un-perfecto-caballero-album-de-fotos-9788408230335\\\/\",\"name\":\"PACK TC UN PERFECTO CABALLERO + \\u00c1LBUM DE FOTOS - EYRE, PILAR 9788408230335 | Llibreria Claret\",\"description\":\"PACK TC UN PERFECTO CABALLERO + \\u00c1LBUM DE FOTOS de EYRE, PILAR disponible a\\\/en Llibreria Claret.\",\"inLanguage\":\"es-ES\",\"isPartOf\":{\"@id\":\"https:\\\/\\\/www.claret.cat\\\/es\\\/#website\"},\"breadcrumb\":{\"@id\":\"https:\\\/\\\/www.claret.cat\\\/es\\\/libro\\\/pack-tc-un-perfecto-caballero-album-de-fotos-9788408230335\\\/#breadcrumblist\"},\"image\":{\"@type\":\"ImageObject\",\"url\":\"https:\\\/\\\/www.claret.cat\\\/wp-content\\\/uploads\\\/.\\\/9788408230335-1.png\",\"@id\":\"https:\\\/\\\/www.claret.cat\\\/es\\\/libro\\\/pack-tc-un-perfecto-caballero-album-de-fotos-9788408230335\\\/#mainImage\",\"width\":225,\"height\":170,\"caption\":\"9788408230335.png\"},\"primaryImageOfPage\":{\"@id\":\"https:\\\/\\\/www.claret.cat\\\/es\\\/libro\\\/pack-tc-un-perfecto-caballero-album-de-fotos-9788408230335\\\/#mainImage\"},\"datePublished\":\"2022-10-12T13:37:31+02:00\",\"dateModified\":\"2023-01-28T18:47:13+01:00\"},{\"@type\":\"WebSite\",\"@id\":\"https:\\\/\\\/www.claret.cat\\\/es\\\/#website\",\"url\":\"https:\\\/\\\/www.claret.cat\\\/es\\\/\",\"name\":\"Llibreria Claret Barcelona\",\"alternateName\":\"Llibreria Claret\",\"description\":\"Llibreria religiosa a Barcelona\",\"inLanguage\":\"es-ES\",\"publisher\":{\"@id\":\"https:\\\/\\\/www.claret.cat\\\/es\\\/#organization\"}}]}\n\t\t<\/script>\n\t\t<!-- All in One SEO Pro -->\r\n\t\t<title>PACK TC UN PERFECTO CABALLERO + \u00c1LBUM DE FOTOS - EYRE, PILAR 9788408230335 | Llibreria Claret<\/title>\n\n","aioseo_head_json":{"title":"PACK TC UN PERFECTO CABALLERO + \u00c1LBUM DE FOTOS - EYRE, PILAR 9788408230335 | Llibreria Claret","description":"PACK TC UN PERFECTO CABALLERO + \u00c1LBUM DE FOTOS de EYRE, PILAR disponible a\/en Llibreria Claret.","canonical_url":"https:\/\/www.claret.cat\/es\/libro\/pack-tc-un-perfecto-caballero-album-de-fotos-9788408230335\/","robots":"max-image-preview:large","keywords":"","webmasterTools":{"google-site-verification":"xVtlFxJ-TfkIu-D-lt7XeLobefg5EIQiXTuqcSf8Rf0","miscellaneous":""},"schema":{"@context":"https:\/\/schema.org","@graph":[{"@type":"BreadcrumbList","@id":"https:\/\/www.claret.cat\/es\/libro\/pack-tc-un-perfecto-caballero-album-de-fotos-9788408230335\/#breadcrumblist","itemListElement":[{"@type":"ListItem","@id":"https:\/\/www.claret.cat\/es\/#listItem","position":1,"name":"Home","item":"https:\/\/www.claret.cat\/es\/","nextItem":{"@type":"ListItem","@id":"https:\/\/www.claret.cat\/?page_id=16#listItem","name":"Botiga"}},{"@type":"ListItem","@id":"https:\/\/www.claret.cat\/?page_id=16#listItem","position":2,"name":"Botiga","item":"https:\/\/www.claret.cat\/?page_id=16","nextItem":{"@type":"ListItem","@id":"https:\/\/www.claret.cat\/categoria-producto\/cat\/#listItem","name":"CAT"},"previousItem":{"@type":"ListItem","@id":"https:\/\/www.claret.cat\/es\/#listItem","name":"Home"}},{"@type":"ListItem","@id":"https:\/\/www.claret.cat\/categoria-producto\/cat\/#listItem","position":3,"name":"CAT","item":"https:\/\/www.claret.cat\/categoria-producto\/cat\/","nextItem":{"@type":"ListItem","@id":"https:\/\/www.claret.cat\/categoria-producto\/cat\/5_altres\/#listItem","name":"Altres"},"previousItem":{"@type":"ListItem","@id":"https:\/\/www.claret.cat\/?page_id=16#listItem","name":"Botiga"}},{"@type":"ListItem","@id":"https:\/\/www.claret.cat\/categoria-producto\/cat\/5_altres\/#listItem","position":4,"name":"Altres","item":"https:\/\/www.claret.cat\/categoria-producto\/cat\/5_altres\/","nextItem":{"@type":"ListItem","@id":"https:\/\/www.claret.cat\/categoria-producto\/cat\/5_altres\/altres\/#listItem","name":"Altres"},"previousItem":{"@type":"ListItem","@id":"https:\/\/www.claret.cat\/categoria-producto\/cat\/#listItem","name":"CAT"}},{"@type":"ListItem","@id":"https:\/\/www.claret.cat\/categoria-producto\/cat\/5_altres\/altres\/#listItem","position":5,"name":"Altres","item":"https:\/\/www.claret.cat\/categoria-producto\/cat\/5_altres\/altres\/","nextItem":{"@type":"ListItem","@id":"https:\/\/www.claret.cat\/es\/libro\/pack-tc-un-perfecto-caballero-album-de-fotos-9788408230335\/#listItem","name":"PACK TC UN PERFECTO CABALLERO + \u00c1LBUM DE FOTOS"},"previousItem":{"@type":"ListItem","@id":"https:\/\/www.claret.cat\/categoria-producto\/cat\/5_altres\/#listItem","name":"Altres"}},{"@type":"ListItem","@id":"https:\/\/www.claret.cat\/es\/libro\/pack-tc-un-perfecto-caballero-album-de-fotos-9788408230335\/#listItem","position":6,"name":"PACK TC UN PERFECTO CABALLERO + \u00c1LBUM DE FOTOS","previousItem":{"@type":"ListItem","@id":"https:\/\/www.claret.cat\/categoria-producto\/cat\/5_altres\/altres\/#listItem","name":"Altres"}}]},{"@type":"ItemPage","@id":"https:\/\/www.claret.cat\/es\/libro\/pack-tc-un-perfecto-caballero-album-de-fotos-9788408230335\/#itempage","url":"https:\/\/www.claret.cat\/es\/libro\/pack-tc-un-perfecto-caballero-album-de-fotos-9788408230335\/","name":"PACK TC UN PERFECTO CABALLERO + \u00c1LBUM DE FOTOS - EYRE, PILAR 9788408230335 | Llibreria Claret","description":"PACK TC UN PERFECTO CABALLERO + \u00c1LBUM DE FOTOS de EYRE, PILAR disponible a\/en Llibreria Claret.","inLanguage":"es-ES","isPartOf":{"@id":"https:\/\/www.claret.cat\/es\/#website"},"breadcrumb":{"@id":"https:\/\/www.claret.cat\/es\/libro\/pack-tc-un-perfecto-caballero-album-de-fotos-9788408230335\/#breadcrumblist"},"image":{"@type":"ImageObject","url":"https:\/\/www.claret.cat\/wp-content\/uploads\/.\/9788408230335-1.png","@id":"https:\/\/www.claret.cat\/es\/libro\/pack-tc-un-perfecto-caballero-album-de-fotos-9788408230335\/#mainImage","width":225,"height":170,"caption":"9788408230335.png"},"primaryImageOfPage":{"@id":"https:\/\/www.claret.cat\/es\/libro\/pack-tc-un-perfecto-caballero-album-de-fotos-9788408230335\/#mainImage"},"datePublished":"2022-10-12T13:37:31+02:00","dateModified":"2023-01-28T18:47:13+01:00"},{"@type":"Organization","@id":"https:\/\/www.claret.cat\/es\/#organization","name":"Llibreria Claret","description":"Llibreria religiosa a Barcelona","url":"https:\/\/www.claret.cat\/es\/","email":"comunicacio@claret.cat","telephone":"+34933010887","logo":{"@type":"ImageObject","url":"https:\/\/www.claret.cat\/wp-content\/uploads\/.\/logo-claret-es.png","@id":"https:\/\/www.claret.cat\/es\/libro\/pack-tc-un-perfecto-caballero-album-de-fotos-9788408230335\/#organizationLogo","width":195,"height":79},"image":{"@id":"https:\/\/www.claret.cat\/es\/libro\/pack-tc-un-perfecto-caballero-album-de-fotos-9788408230335\/#organizationLogo"},"sameAs":["https:\/\/www.facebook.com\/LlibreriaClaret","https:\/\/twitter.com\/LlibreriaClaret","https:\/\/www.instagram.com\/llibreriaclaret\/","https:\/\/www.tiktok.com\/@llibreriaclaret","https:\/\/www.youtube.com\/@llibreriaclaret","https:\/\/ca.wikipedia.org\/wiki\/Editorial_Claret"]},{"@type":"WebPage","@id":"https:\/\/www.claret.cat\/es\/libro\/pack-tc-un-perfecto-caballero-album-de-fotos-9788408230335\/#webpage","url":"https:\/\/www.claret.cat\/es\/libro\/pack-tc-un-perfecto-caballero-album-de-fotos-9788408230335\/","name":"PACK TC UN PERFECTO CABALLERO + \u00c1LBUM DE FOTOS - EYRE, PILAR 9788408230335 | Llibreria Claret","description":"PACK TC UN PERFECTO CABALLERO + \u00c1LBUM DE FOTOS de EYRE, PILAR disponible a\/en Llibreria Claret.","inLanguage":"es-ES","isPartOf":{"@id":"https:\/\/www.claret.cat\/es\/#website"},"breadcrumb":{"@id":"https:\/\/www.claret.cat\/es\/libro\/pack-tc-un-perfecto-caballero-album-de-fotos-9788408230335\/#breadcrumblist"},"image":{"@type":"ImageObject","url":"https:\/\/www.claret.cat\/wp-content\/uploads\/.\/9788408230335-1.png","@id":"https:\/\/www.claret.cat\/es\/libro\/pack-tc-un-perfecto-caballero-album-de-fotos-9788408230335\/#mainImage","width":225,"height":170,"caption":"9788408230335.png"},"primaryImageOfPage":{"@id":"https:\/\/www.claret.cat\/es\/libro\/pack-tc-un-perfecto-caballero-album-de-fotos-9788408230335\/#mainImage"},"datePublished":"2022-10-12T13:37:31+02:00","dateModified":"2023-01-28T18:47:13+01:00"},{"@type":"WebSite","@id":"https:\/\/www.claret.cat\/es\/#website","url":"https:\/\/www.claret.cat\/es\/","name":"Llibreria Claret Barcelona","alternateName":"Llibreria Claret","description":"Llibreria religiosa a Barcelona","inLanguage":"es-ES","publisher":{"@id":"https:\/\/www.claret.cat\/es\/#organization"}}]},"og:locale":"es_ES","og:site_name":"Llibreria Claret - Llibreria religiosa a Barcelona","og:type":"article","og:title":"PACK TC UN PERFECTO CABALLERO + \u00c1LBUM DE FOTOS - EYRE, PILAR 9788408230335 | Llibreria Claret","og:description":"PACK TC UN PERFECTO CABALLERO + \u00c1LBUM DE FOTOS de EYRE, PILAR disponible a\/en Llibreria Claret.","og:url":"https:\/\/www.claret.cat\/es\/libro\/pack-tc-un-perfecto-caballero-album-de-fotos-9788408230335\/","og:image":"https:\/\/dev.claret.cat\/wp-content\/uploads\/logo-claret.svg","og:image:secure_url":"https:\/\/dev.claret.cat\/wp-content\/uploads\/logo-claret.svg","article:published_time":"2022-10-12T11:37:31+00:00","article:modified_time":"2023-01-28T17:47:13+00:00","article:publisher":"https:\/\/www.facebook.com\/LlibreriaClaret","twitter:card":"summary_large_image","twitter:site":"@LlibreriaClaret","twitter:title":"PACK TC UN PERFECTO CABALLERO + \u00c1LBUM DE FOTOS - EYRE, PILAR 9788408230335 | Llibreria Claret","twitter:description":"PACK TC UN PERFECTO CABALLERO + \u00c1LBUM DE FOTOS de EYRE, PILAR disponible a\/en Llibreria Claret.","twitter:image":"http:\/\/dev.claret.cat\/wp-content\/uploads\/logo-claret.svg"},"aioseo_meta_data":{"post_id":"109798","title":null,"description":null,"keywords":null,"keyphrases":null,"primary_term":null,"canonical_url":null,"og_title":null,"og_description":null,"og_object_type":"default","og_image_type":"default","og_image_url":null,"og_image_width":null,"og_image_height":null,"og_image_custom_url":null,"og_image_custom_fields":null,"og_video":null,"og_custom_url":null,"og_article_section":null,"og_article_tags":null,"twitter_use_og":false,"twitter_card":"default","twitter_image_type":"default","twitter_image_url":null,"twitter_image_custom_url":null,"twitter_image_custom_fields":null,"twitter_title":null,"twitter_description":null,"schema":{"blockGraphs":[],"customGraphs":[],"default":{"data":{"Article":[],"Course":[],"Dataset":[],"FAQPage":[],"Movie":[],"Person":[],"Product":[],"ProductReview":[],"Car":[],"Recipe":[],"Service":[],"SoftwareApplication":[],"WebPage":[]},"graphName":"","isEnabled":true},"graphs":[]},"schema_type":"default","schema_type_options":null,"pillar_content":false,"robots_default":true,"robots_noindex":false,"robots_noarchive":false,"robots_nosnippet":false,"robots_nofollow":false,"robots_noimageindex":false,"robots_noodp":false,"robots_notranslate":false,"robots_max_snippet":null,"robots_max_videopreview":null,"robots_max_imagepreview":"large","priority":null,"frequency":null,"local_seo":null,"seo_analyzer_scan_date":"2025-11-28 14:17:04","breadcrumb_settings":null,"limit_modified_date":false,"open_ai":null,"ai":null,"created":"2022-12-19 14:05:40","updated":"2025-11-28 14:17:04","focus_keyword":null,"additional_keywords":null,"truseo_locale":null},"aioseo_breadcrumb":"<div class=\"aioseo-breadcrumbs\"><span class=\"aioseo-breadcrumb\">\n\t<a href=\"https:\/\/www.claret.cat\/es\/\" title=\"Home\">Home<\/a>\n<\/span><span class=\"aioseo-breadcrumb-separator\">&raquo;<\/span><span class=\"aioseo-breadcrumb\">\n\t<a href=\"https:\/\/www.claret.cat\/?page_id=16\" title=\"Botiga\">Botiga<\/a>\n<\/span><span class=\"aioseo-breadcrumb-separator\">&raquo;<\/span><span class=\"aioseo-breadcrumb\">\n\t<a href=\"https:\/\/www.claret.cat\/categoria-producto\/cat\/\" title=\"CAT\">CAT<\/a>\n<\/span><span class=\"aioseo-breadcrumb-separator\">&raquo;<\/span><span class=\"aioseo-breadcrumb\">\n\t<a href=\"https:\/\/www.claret.cat\/categoria-producto\/cat\/5_altres\/\" title=\"Altres\">Altres<\/a>\n<\/span><span class=\"aioseo-breadcrumb-separator\">&raquo;<\/span><span class=\"aioseo-breadcrumb\">\n\t<a href=\"https:\/\/www.claret.cat\/categoria-producto\/cat\/5_altres\/altres\/\" title=\"Altres\">Altres<\/a>\n<\/span><span class=\"aioseo-breadcrumb-separator\">&raquo;<\/span><span class=\"aioseo-breadcrumb\">\n\tPACK TC UN PERFECTO CABALLERO + \u00c1LBUM DE FOTOS\n<\/span><\/div>","aioseo_breadcrumb_json":[{"label":"Home","link":"https:\/\/www.claret.cat\/es\/"},{"label":"Botiga","link":"https:\/\/www.claret.cat\/?page_id=16"},{"label":"CAT","link":"https:\/\/www.claret.cat\/categoria-producto\/cat\/"},{"label":"Altres","link":"https:\/\/www.claret.cat\/categoria-producto\/cat\/5_altres\/"},{"label":"Altres","link":"https:\/\/www.claret.cat\/categoria-producto\/cat\/5_altres\/altres\/"},{"label":"PACK TC UN PERFECTO CABALLERO + \u00c1LBUM DE FOTOS","link":"https:\/\/www.claret.cat\/es\/libro\/pack-tc-un-perfecto-caballero-album-de-fotos-9788408230335\/"}],"_links":{"self":[{"href":"https:\/\/www.claret.cat\/es\/wp-json\/wp\/v2\/product\/109798","targetHints":{"allow":["GET"]}}],"collection":[{"href":"https:\/\/www.claret.cat\/es\/wp-json\/wp\/v2\/product"}],"about":[{"href":"https:\/\/www.claret.cat\/es\/wp-json\/wp\/v2\/types\/product"}],"wp:featuredmedia":[{"embeddable":true,"href":"https:\/\/www.claret.cat\/es\/wp-json\/wp\/v2\/media\/274567"}],"wp:attachment":[{"href":"https:\/\/www.claret.cat\/es\/wp-json\/wp\/v2\/media?parent=109798"}],"wp:term":[{"taxonomy":"product_brand","embeddable":true,"href":"https:\/\/www.claret.cat\/es\/wp-json\/wp\/v2\/product_brand?post=109798"},{"taxonomy":"product_cat","embeddable":true,"href":"https:\/\/www.claret.cat\/es\/wp-json\/wp\/v2\/product_cat?post=109798"},{"taxonomy":"product_tag","embeddable":true,"href":"https:\/\/www.claret.cat\/es\/wp-json\/wp\/v2\/product_tag?post=109798"}],"curies":[{"name":"wp","href":"https:\/\/api.w.org\/{rel}","templated":true}]}}