{"id":1098983,"date":"2026-04-29T16:50:14","date_gmt":"2026-04-29T14:50:14","guid":{"rendered":"https:\/\/www.claret.cat\/llibre\/la-razon-poetica-de-maria-zambrano-9788497156851-2\/"},"modified":"2026-04-29T16:50:25","modified_gmt":"2026-04-29T14:50:25","slug":"la-razon-poetica-de-maria-zambrano-9788497156851-2","status":"publish","type":"product","link":"https:\/\/www.claret.cat\/es\/libro\/la-razon-poetica-de-maria-zambrano-9788497156851-2\/","title":{"rendered":"LA RAZ\u00d3N PO\u00c9TICA DE MAR\u00cdA ZAMBRANO"},"content":{"rendered":"<p>El pensamiento de Mar\u00eda Zambrano representa uno de los intentos m\u00e1s originales del siglo xx por superar la crisis de la raz\u00f3n moderna. Frente a una racionalidad que separa pensamiento y vida, la fil\u00f3sofa espa\u00f1ola propone la raz\u00f3n po\u00e9tica: una forma de conocimiento capaz de integrar inteligencia, experiencia, sensibilidad y apertura a lo trascendente.<\/p>\n<p>Este libro ofrece una lectura filos\u00f3fica de esa propuesta, recorriendo al\u00adgunas de sus fuentes m\u00e1s profundas. Desde el legado plat\u00f3nico hasta la experiencia m\u00edstica de san Juan de la Cruz, el autor muestra c\u00f3mo en Zambrano se configura un camino de conocimiento que no busca dominar la realidad, sino acogerla y comprenderla desde su misterio.<\/p>\n<p>Entre filosof\u00eda, poes\u00eda y m\u00edstica, esta obra invita a redescubrir el pensar co\u00admo una experiencia viva, capaz de reconciliar raz\u00f3n, verdad y existencia.<\/p>\n","protected":false},"excerpt":{"rendered":"<p>SOC\u00cdAS VISCONTI, GUSTAVO JOS\u00c9<\/p>\n","protected":false},"featured_media":1098984,"template":"","meta":{"_acf_changed":false,"om_disable_all_campaigns":false,"rs_blank_template":"","rs_page_bg_color":"","slide_template_v7":"","inline_featured_image":false,"_monsterinsights_skip_tracking":false,"_monsterinsights_sitenote_active":false,"_monsterinsights_sitenote_note":"","_monsterinsights_sitenote_category":0},"product_brand":[],"product_cat":[485,232,492,242],"product_tag":[],"class_list":{"0":"post-1098983","1":"product","2":"type-product","3":"status-publish","4":"has-post-thumbnail","6":"product_cat-autores-espiritualidad-1_espiritualidad","7":"product_cat-autors-espiritualitat","8":"product_cat-carmelitana-espiritualidad-1_espiritualidad","9":"product_cat-carmelitana","11":"first","12":"instock","13":"taxable","14":"shipping-taxable","15":"purchasable","16":"product-type-simple"},"acf":{"autor":"SOC\u00cdAS VISCONTI, GUSTAVO JOS\u00c9","codart":"849715685","libros-coleccion":"ESTUDIOS PATR\u00cdSTICOS","ediciones":"1","encuadernacion":"R\u00fastica","fecha_de_publicacion":"29\/04\/2026","novedad":"1","paginas":"344","subtitulo":"SU RA\u00cdZ M\u00cdSTICA A LA LUZ DE SAN JUAN DE LA CRUZ","orden":"0","portada":"1","idioma":"spa","booktrailer":"","resenas":"","editorial":[{"ID":6157,"post_author":"3","post_date":"2022-07-28 17:46:07","post_date_gmt":"2022-07-28 15:46:07","post_content":"","post_title":"Ciudad Nueva","post_excerpt":"","post_status":"publish","comment_status":"closed","ping_status":"closed","post_password":"","post_name":"ciudad-nueva","to_ping":"","pinged":"","post_modified":"2022-07-28 17:46:07","post_modified_gmt":"2022-07-28 15:46:07","post_content_filtered":"","post_parent":0,"guid":"http:\/\/dev.claret.cat\/editorial\/ciudad-nueva\/","menu_order":0,"post_type":"editorial","post_mime_type":"","comment_count":"0","filter":"raw"}]},"aioseo_notices":[],"_links":{"self":[{"href":"https:\/\/www.claret.cat\/es\/wp-json\/wp\/v2\/product\/1098983","targetHints":{"allow":["GET"]}}],"collection":[{"href":"https:\/\/www.claret.cat\/es\/wp-json\/wp\/v2\/product"}],"about":[{"href":"https:\/\/www.claret.cat\/es\/wp-json\/wp\/v2\/types\/product"}],"wp:featuredmedia":[{"embeddable":true,"href":"https:\/\/www.claret.cat\/es\/wp-json\/wp\/v2\/media\/1098984"}],"wp:attachment":[{"href":"https:\/\/www.claret.cat\/es\/wp-json\/wp\/v2\/media?parent=1098983"}],"wp:term":[{"taxonomy":"product_brand","embeddable":true,"href":"https:\/\/www.claret.cat\/es\/wp-json\/wp\/v2\/product_brand?post=1098983"},{"taxonomy":"product_cat","embeddable":true,"href":"https:\/\/www.claret.cat\/es\/wp-json\/wp\/v2\/product_cat?post=1098983"},{"taxonomy":"product_tag","embeddable":true,"href":"https:\/\/www.claret.cat\/es\/wp-json\/wp\/v2\/product_tag?post=1098983"}],"curies":[{"name":"wp","href":"https:\/\/api.w.org\/{rel}","templated":true}]}}