{"id":11103,"date":"2022-09-30T20:01:14","date_gmt":"2022-09-30T18:01:14","guid":{"rendered":"http:\/\/dev.claret.cat\/producte\/apego-disociacion-y-trauma\/"},"modified":"2025-09-19T16:45:31","modified_gmt":"2025-09-19T14:45:31","slug":"apego-disociacion-y-trauma-9788433031259","status":"publish","type":"product","link":"https:\/\/www.claret.cat\/es\/libro\/apego-disociacion-y-trauma-9788433031259\/","title":{"rendered":"APEGO, DISOCIACI\u00d3N Y TRAUMA"},"content":{"rendered":"<p>Este libro est\u00e1 pensado para aquellas personas interesadas en la psicolog\u00eda y para los profesionales que quieran profundizar en todo lo relacionado con el trauma psicol\u00f3gico. <br \/> En \u00e9l se expone de forma exhaustiva el m\u00e9todo PARCUVE. Este m\u00e9todo terap\u00e9utico, creado por Manuel Hern\u00e1ndez, viene a complementar modelos terap\u00e9uticos anteriores con los avances realizados en los \u00faltimos a\u00f1os en el \u00e1mbito de la neurobiolog\u00eda, los estudios sobre el apego, la disociaci\u00f3n, la regulaci\u00f3n emocional, la mentalizaci\u00f3n, etc.<br \/> Cada vez cobra m\u00e1s protagonismo la relaci\u00f3n que hay entre lo que vivimos a nivel neurobiol\u00f3gico y c\u00f3mo lo percibimos a nivel \u00edntimo. Ahora conocemos, gracias a los avances m\u00e9dicos de los \u00faltimos a\u00f1os, la importancia de las emociones, las cogniciones o las sensaciones en la forma en la que interpretamos la realidad. Cuando ocurre un evento traum\u00e1tico en la infancia, la adolescencia o la edad adulta, produce cambios a nivel cerebral y mental que exigen un sobreesfuerzo de la persona para poder vivir y no tener que sobrevivir.<br \/> Este libro afronta de forma te\u00f3rica, y sobre todo pr\u00e1ctica, c\u00f3mo trabajar el trauma psicol\u00f3gico, poniendo el \u00e9nfasis tanto en los aspectos biol\u00f3gicos del ser humano como en la manera de ayudar a las personas a convertir esas experiencias, que vivieron de forma dolorosa, en oportunidades de aprendizaje.<br \/> Manuel Hern\u00e1ndez Pacheco (1966) es licenciado en biolog\u00eda y psicolog\u00eda por la Universidad de M\u00e1laga. Es master en EMDR e Hipnosis Cl\u00ednica ambos por la UNED. Es terapeuta en neurofeedback aprobado por la BCIA. Cuenta con un gran conocimiento y experiencia en todo lo relacionado con la neurobiolog\u00eda, el trauma y el apego.<br \/> Actualmente alterna su actividad como psic\u00f3logo sanitario en su cl\u00ednica de Fuengirola (M\u00e1laga) con la docencia como ponente nacional e internacional. En sus cursos y talleres imparte material tanto te\u00f3rico como pr\u00e1ctico sobre el trabajo con el trauma psicol\u00f3gico desde una perspectiva integradora. Es creador de su propio modelo terap\u00e9utico: PARCUVE, donde integra diferentes aspectos de la neurobiolog\u00eda, el apego y la psicopatolog\u00eda para ayudar a superar los traumas psicol\u00f3gicos.<br \/> Cabe destacar, tambi\u00e9n, que es autor de los libros Apego y Psicopatolog\u00eda y \u00bfPor qu\u00e9 la gente a la que quiero me hace da\u00f1o? publicados ambos por esta misma editorial.<\/p>\n","protected":false},"excerpt":{"rendered":"<p>HERN\u00c1NDEZ PACHECO, MANUEL<\/p>\n","protected":false},"featured_media":347243,"template":"","meta":{"_acf_changed":false,"om_disable_all_campaigns":false,"rs_blank_template":"","rs_page_bg_color":"","slide_template_v7":"","inline_featured_image":false,"_monsterinsights_skip_tracking":false,"_monsterinsights_sitenote_active":false,"_monsterinsights_sitenote_note":"","_monsterinsights_sitenote_category":0},"product_brand":[],"product_cat":[179,377],"product_tag":[],"class_list":{"0":"post-11103","1":"product","2":"type-product","3":"status-publish","4":"has-post-thumbnail","6":"product_cat-autoajuda-i-salut-mental","7":"product_cat-autoayuda-y-salud-mental","9":"first","10":"instock","11":"taxable","12":"shipping-taxable","13":"purchasable","14":"product-type-simple"},"acf":{"autor":"HERN\u00c1NDEZ PACHECO, MANUEL","codart":"843303125","libros-coleccion":"Serendipity Maior","ediciones":"1","encuadernacion":"R\u00fastica","fecha_de_publicacion":"27\/11\/2020","novedad":"1","paginas":"576","subtitulo":"TRABAJO PR\u00c1CTICO CON EL MODELO PARCUVE","orden":"0","portada":"0","idioma":"spa","editorial":[{"ID":6179,"post_author":"3","post_date":"2022-07-28 17:46:36","post_date_gmt":"2022-07-28 15:46:36","post_content":"","post_title":"DESCLEE DE BROUWER","post_excerpt":"","post_status":"publish","comment_status":"closed","ping_status":"closed","post_password":"","post_name":"desclee-de-brouwer","to_ping":"","pinged":"","post_modified":"2022-07-28 17:46:36","post_modified_gmt":"2022-07-28 15:46:36","post_content_filtered":"","post_parent":0,"guid":"http:\/\/dev.claret.cat\/editorial\/desclee-de-brouwer\/","menu_order":0,"post_type":"editorial","post_mime_type":"","comment_count":"0","filter":"raw"}],"autores-libros":[{"ID":163168,"post_author":"3","post_date":"2022-10-14 17:36:52","post_date_gmt":"2022-10-14 15:36:52","post_content":"","post_title":"MANUEL HERN\u00c1NDEZ PACHECO","post_excerpt":"","post_status":"publish","comment_status":"closed","ping_status":"closed","post_password":"","post_name":"manuel-hernandez-pacheco","to_ping":"","pinged":"","post_modified":"2022-10-14 17:36:52","post_modified_gmt":"2022-10-14 15:36:52","post_content_filtered":"","post_parent":0,"guid":"http:\/\/dev.claret.cat\/autor\/manuel-hernandez-pacheco\/","menu_order":0,"post_type":"autor","post_mime_type":"","comment_count":"0","filter":"raw"}],"booktrailer":"","resenas":""},"aioseo_notices":[],"_links":{"self":[{"href":"https:\/\/www.claret.cat\/es\/wp-json\/wp\/v2\/product\/11103","targetHints":{"allow":["GET"]}}],"collection":[{"href":"https:\/\/www.claret.cat\/es\/wp-json\/wp\/v2\/product"}],"about":[{"href":"https:\/\/www.claret.cat\/es\/wp-json\/wp\/v2\/types\/product"}],"wp:featuredmedia":[{"embeddable":true,"href":"https:\/\/www.claret.cat\/es\/wp-json\/wp\/v2\/media\/347243"}],"wp:attachment":[{"href":"https:\/\/www.claret.cat\/es\/wp-json\/wp\/v2\/media?parent=11103"}],"wp:term":[{"taxonomy":"product_brand","embeddable":true,"href":"https:\/\/www.claret.cat\/es\/wp-json\/wp\/v2\/product_brand?post=11103"},{"taxonomy":"product_cat","embeddable":true,"href":"https:\/\/www.claret.cat\/es\/wp-json\/wp\/v2\/product_cat?post=11103"},{"taxonomy":"product_tag","embeddable":true,"href":"https:\/\/www.claret.cat\/es\/wp-json\/wp\/v2\/product_tag?post=11103"}],"curies":[{"name":"wp","href":"https:\/\/api.w.org\/{rel}","templated":true}]}}