{"id":1111807,"date":"2026-07-09T16:29:52","date_gmt":"2026-07-09T14:29:52","guid":{"rendered":"https:\/\/www.claret.cat\/llibre\/gaudi-architect-of-la-sagrada-familia-9788409089703\/"},"modified":"2026-07-09T17:57:56","modified_gmt":"2026-07-09T15:57:56","slug":"gaudi-architect-of-la-sagrada-familia-9788409089703","status":"publish","type":"product","link":"https:\/\/www.claret.cat\/es\/libro\/gaudi-architect-of-la-sagrada-familia-9788409089703\/","title":{"rendered":"GAUD\u00cd, ARCHITECT OF LA SAGRADA FAM\u00cdLIA"},"content":{"rendered":"<p>Anton Gaud\u00ed i Cornet (1852-1926) is the most popular architect in history.<br \/> His architecture and plastic arts revolution laid the bases of the art of today and tomorrow. <br \/> Gaud\u00ed?s work is a search for the perfection of art, for personal perfection and the perfection of human society. He expressed it thus: ?Doing a good job requires firstly, love, and then technique?.<br \/> Gaud\u00ed was born in Catalonia on 25 June 1852. He was a sickly child, and this prevented him from attending school regularly while forcing him to spend long periods in the countryside. There he grasped the Mediterranean light and the images of nature, which he would always consider his great teacher. Furthermore, helping his father, a boilermaker, in the workshop, he learned the virtues of hard work and about the transformation of flat surfaces into volumes. This greatly facilitated the development of his spatial imagination. He completed his secondary school education at the Piarist School in Reus. <br \/> During the Glorious Revolution of 1868, he moved to Barcelona to study architecture, his life?s passion. He was a bad student, but he spent hours looking at photographs of Oriental buildings and he frequented classes on philosophy, aesthetics, and history, along with concerts, classical and modern theatre, poetic readings, intellectual discussions, and visits to all the monuments and landscapes of Catalonia. Gaud\u00ed joined the Catalan Renaixen\u00e7a movement and would become one of its major figures.<br \/> Gaud\u00ed was aware from a very young age of his role as an art genius, and knew his ideas were no repeat nor even mere continuation of what architects had done up to that point. The only thing that scared him was that no other architect had put them into practice previously, so he would have to be the first. He had studied and discovered the geometric and constructive laws of which nature ?the masterpiece of the Creator? is made and he aimed to produce his own art using those same models, i.e. not copy Creation, but follow its course, cooperate with the Creator. From there his words: ?Originality consists of returning to the origin?. <br \/> Then he met Eusebi G\u00fcell, an important business entrepreneur with a great artistic sensitivity who understood Gaud\u00ed and became one of his best friends and his main lifelong client. Gaud\u00ed produced for G\u00fcell, among other design projects, the gates of Finca G\u00fcell, Palau G\u00fcell, the Quadra del Garraf winery, the Catllar\u00e0s Chalet and the two most creative works of his mature years: Park G\u00fcell and the Church of Col\u00f2nia G\u00fcell.<br \/> Gaud\u00ed attempted to get married on several occasions, but ultimately he never married.<br \/> As a young man, he experienced at close quarters and studied in depth the problems of the working class, especially the pitiful living conditions of the proletariat. It was the time of the First International, with the socialist tendency of Marx and the anarchist trend of Bakunin. Gaud\u00ed was the architect of the worker?s cooperative La Obrera Mataronense, which advocated bringing together capital and work in a single element: the cooperativist worker. La Obrera Mataronense was the first factory in Catalonia and one of the first in the world to be owned by its workers. <br \/> At the age of 31, in 1883, Gaud\u00ed was commissioned to continue with the building work on the barely commenced Sagrada Fam\u00edlia. He transferred his office there and for forty-three years, until his death, devoted all his energy to developing, in the design of this basilica, his ideas on structure, form, and symbolism, merged into a synthesis of rational forms extracted from nature.<br \/> Gaud\u00ed was friends with various clergymen who were innovative in their approach to society and to Church liturgy: the poet and priest Jacinto Verdaguer; Joan Baptista Grau i Vallespin\u00f3s, Bishop of Astorga, who commissioned him with the Episcopal Palace; Enric d?Oss\u00f3, founder of the Teresians, who commissioned him with the order?s Central School; Pere Campins, Bishop of Mallorca, who commissioned him with the reform of the Cathedral, etc. Outstanding above all of them was his friendship with Josep Torras i Bages, Bishop of Vic, and Christian ideologue of the Renaixen\u00e7a in Catalonia. <br \/> Gaud\u00ed combined his work on La Sagrada Fam\u00edlia with other commissions, large and small, not just ecclesiastic design projects or work for G\u00fcell, but for other customers too. These included El Capricho, Casa Vicens, Casa Calvet, Casa Batll\u00f3, Bellesguard, and La Pedrera. <br \/> His religiousness intensified progressively with the years. Thus, during Lent of 1894, at the age of 42, he went on a fast that was on the verge of killing him. In 1906, at the age of 54 years, he moved to live at Park G\u00fcell. Every morning he would leave his house and walk down to the parish church of Sant Joan de Gr\u00e0cia to take part in the Eucharist and then continue on to the Sagrada Fam\u00edlia. Every evening, when he finished work, he would visit the Church of Sant Felip Neri to practice his personal daily devotions. Convinced that without sacrifice no work can be successfully brought to fruition, he committed himself to a life of penitence and voluntary poverty.<br \/> Gaud\u00ed had made clear his desire to die at a Christian charitable hospital, like any other poor person. God granted him his wish. On Monday 7 June 1926, he was hit by a tram. Since nobody recognised him and because he was humbly dressed, he was taken as a poor person to the Hospital de la Santa Creu. Three days later, surrounded by his friends, he uttered his final words: ?My God! My God!?<br \/> His burial was a mass gathering, which accompanied the deceased from the hospital to the crypt of La Sagrada Fam\u00edlia, where he is buried.<\/p>\n","protected":false},"excerpt":{"rendered":"<p>TARRAGONA CLARAS\u00d3, JOSEP MARIA<\/p>\n","protected":false},"featured_media":1111808,"template":"","meta":{"_acf_changed":false,"om_disable_all_campaigns":false,"rs_blank_template":"","rs_page_bg_color":"","slide_template_v7":"","inline_featured_image":false,"_monsterinsights_skip_tracking":false},"product_brand":[],"product_cat":[90,540],"product_tag":[],"class_list":["post-1111807","product","type-product","status-publish","has-post-thumbnail","product_cat-altres","product_cat-otros","first","instock","taxable","shipping-taxable","purchasable","product-type-simple"],"acf":{"autor":"TARRAGONA CLARAS\u00d3, JOSEP MARIA","codart":"840908970","libros-coleccion":"FORA DE COL.LECCI\u00d3","ediciones":"1","encuadernacion":"Carton\u00e9","fecha_de_publicacion":"01\/03\/2019","novedad":"0","paginas":"379","subtitulo":"A SHORT BIOGRAPHY","orden":"0","portada":"0","idioma":"eng","booktrailer":"","resenas":"","editorial":[{"ID":148166,"post_author":"3","post_date":"2022-10-14 11:56:09","post_date_gmt":"2022-10-14 09:56:09","post_content":"","post_title":"FUN. INSTITUTO 25 MAYO PARA LA DEMOCRCIA","post_excerpt":"","post_status":"publish","comment_status":"closed","ping_status":"closed","post_password":"","post_name":"fun-instituto-25-mayo-para-la-democrcia","to_ping":"","pinged":"","post_modified":"2022-10-14 11:56:09","post_modified_gmt":"2022-10-14 09:56:09","post_content_filtered":"","post_parent":0,"guid":"http:\/\/dev.claret.cat\/editorial\/fun-instituto-25-mayo-para-la-democrcia\/","menu_order":0,"post_type":"editorial","post_mime_type":"","comment_count":"0","filter":"raw"}],"autores-libros":[{"ID":424723,"post_author":"3","post_date":"2023-05-16 08:06:32","post_date_gmt":"2023-05-16 06:06:32","post_content":"","post_title":"JOSEP MARIA TARRAGONA CLARAS\u00d3","post_excerpt":"","post_status":"publish","comment_status":"closed","ping_status":"closed","post_password":"","post_name":"josep-maria-tarragona-claraso","to_ping":"","pinged":"","post_modified":"2023-05-16 08:06:32","post_modified_gmt":"2023-05-16 06:06:32","post_content_filtered":"","post_parent":0,"guid":"https:\/\/www.claret.cat\/autor\/josep-maria-tarragona-claraso\/","menu_order":0,"post_type":"autor","post_mime_type":"","comment_count":"0","filter":"raw"}]},"aioseo_notices":[],"aioseo_head":"\n\t\t<!-- All in One SEO Pro 5.0.1.1 - aioseo.com -->\n\t<meta name=\"description\" content=\"GAUD\u00cd, ARCHITECT OF LA SAGRADA FAM\u00cdLIA de TARRAGONA CLARAS\u00d3, JOSEP MARIA disponible a\/en Llibreria Claret.\" \/>\n\t<meta name=\"robots\" content=\"max-image-preview:large\" \/>\n\t<meta name=\"google-site-verification\" content=\"xVtlFxJ-TfkIu-D-lt7XeLobefg5EIQiXTuqcSf8Rf0\" \/>\n\t<link rel=\"canonical\" href=\"https:\/\/www.claret.cat\/es\/libro\/gaudi-architect-of-la-sagrada-familia-9788409089703\/\" \/>\n\t<meta name=\"generator\" content=\"All in One SEO Pro (AIOSEO) 5.0.1.1\" \/>\n\t\t<meta property=\"og:locale\" content=\"es_ES\" \/>\n\t\t<meta property=\"og:site_name\" content=\"Llibreria Claret - Llibreria religiosa a Barcelona\" \/>\n\t\t<meta property=\"og:type\" content=\"article\" \/>\n\t\t<meta property=\"og:title\" content=\"GAUD\u00cd, ARCHITECT OF LA SAGRADA FAM\u00cdLIA - TARRAGONA CLARAS\u00d3, JOSEP MARIA 9788409089703 | Llibreria Claret\" \/>\n\t\t<meta property=\"og:description\" content=\"GAUD\u00cd, ARCHITECT OF LA SAGRADA FAM\u00cdLIA de TARRAGONA CLARAS\u00d3, JOSEP MARIA disponible a\/en Llibreria Claret.\" \/>\n\t\t<meta property=\"og:url\" content=\"https:\/\/www.claret.cat\/es\/libro\/gaudi-architect-of-la-sagrada-familia-9788409089703\/\" \/>\n\t\t<meta property=\"og:image\" content=\"https:\/\/dev.claret.cat\/wp-content\/uploads\/logo-claret.svg\" \/>\n\t\t<meta property=\"og:image:secure_url\" content=\"https:\/\/dev.claret.cat\/wp-content\/uploads\/logo-claret.svg\" \/>\n\t\t<meta property=\"article:published_time\" content=\"2026-07-09T14:29:52+00:00\" \/>\n\t\t<meta property=\"article:modified_time\" content=\"2026-07-09T15:57:56+00:00\" \/>\n\t\t<meta property=\"article:publisher\" content=\"https:\/\/www.facebook.com\/LlibreriaClaret\" \/>\n\t\t<meta name=\"twitter:card\" content=\"summary_large_image\" \/>\n\t\t<meta name=\"twitter:site\" content=\"@LlibreriaClaret\" \/>\n\t\t<meta name=\"twitter:title\" content=\"GAUD\u00cd, ARCHITECT OF LA SAGRADA FAM\u00cdLIA - TARRAGONA CLARAS\u00d3, JOSEP MARIA 9788409089703 | Llibreria Claret\" \/>\n\t\t<meta name=\"twitter:description\" content=\"GAUD\u00cd, ARCHITECT OF LA SAGRADA FAM\u00cdLIA de TARRAGONA CLARAS\u00d3, JOSEP MARIA disponible a\/en Llibreria Claret.\" \/>\n\t\t<meta name=\"twitter:image\" content=\"http:\/\/dev.claret.cat\/wp-content\/uploads\/logo-claret.svg\" \/>\n\t\t<script type=\"application\/ld+json\" class=\"aioseo-schema\">\n\t\t\t{\"@context\":\"https:\\\/\\\/schema.org\",\"@graph\":[{\"@type\":\"BreadcrumbList\",\"@id\":\"https:\\\/\\\/www.claret.cat\\\/es\\\/libro\\\/gaudi-architect-of-la-sagrada-familia-9788409089703\\\/#breadcrumblist\",\"itemListElement\":[{\"@type\":\"ListItem\",\"@id\":\"https:\\\/\\\/www.claret.cat\\\/es\\\/#listItem\",\"position\":1,\"name\":\"Home\",\"item\":\"https:\\\/\\\/www.claret.cat\\\/es\\\/\",\"nextItem\":{\"@type\":\"ListItem\",\"@id\":\"https:\\\/\\\/www.claret.cat\\\/?page_id=16#listItem\",\"name\":\"Botiga\"}},{\"@type\":\"ListItem\",\"@id\":\"https:\\\/\\\/www.claret.cat\\\/?page_id=16#listItem\",\"position\":2,\"name\":\"Botiga\",\"item\":\"https:\\\/\\\/www.claret.cat\\\/?page_id=16\",\"nextItem\":{\"@type\":\"ListItem\",\"@id\":\"https:\\\/\\\/www.claret.cat\\\/categoria-producto\\\/cat\\\/#listItem\",\"name\":\"CAT\"},\"previousItem\":{\"@type\":\"ListItem\",\"@id\":\"https:\\\/\\\/www.claret.cat\\\/es\\\/#listItem\",\"name\":\"Home\"}},{\"@type\":\"ListItem\",\"@id\":\"https:\\\/\\\/www.claret.cat\\\/categoria-producto\\\/cat\\\/#listItem\",\"position\":3,\"name\":\"CAT\",\"item\":\"https:\\\/\\\/www.claret.cat\\\/categoria-producto\\\/cat\\\/\",\"nextItem\":{\"@type\":\"ListItem\",\"@id\":\"https:\\\/\\\/www.claret.cat\\\/categoria-producto\\\/cat\\\/5_altres\\\/#listItem\",\"name\":\"Altres\"},\"previousItem\":{\"@type\":\"ListItem\",\"@id\":\"https:\\\/\\\/www.claret.cat\\\/?page_id=16#listItem\",\"name\":\"Botiga\"}},{\"@type\":\"ListItem\",\"@id\":\"https:\\\/\\\/www.claret.cat\\\/categoria-producto\\\/cat\\\/5_altres\\\/#listItem\",\"position\":4,\"name\":\"Altres\",\"item\":\"https:\\\/\\\/www.claret.cat\\\/categoria-producto\\\/cat\\\/5_altres\\\/\",\"nextItem\":{\"@type\":\"ListItem\",\"@id\":\"https:\\\/\\\/www.claret.cat\\\/categoria-producto\\\/cat\\\/5_altres\\\/altres\\\/#listItem\",\"name\":\"Altres\"},\"previousItem\":{\"@type\":\"ListItem\",\"@id\":\"https:\\\/\\\/www.claret.cat\\\/categoria-producto\\\/cat\\\/#listItem\",\"name\":\"CAT\"}},{\"@type\":\"ListItem\",\"@id\":\"https:\\\/\\\/www.claret.cat\\\/categoria-producto\\\/cat\\\/5_altres\\\/altres\\\/#listItem\",\"position\":5,\"name\":\"Altres\",\"item\":\"https:\\\/\\\/www.claret.cat\\\/categoria-producto\\\/cat\\\/5_altres\\\/altres\\\/\",\"nextItem\":{\"@type\":\"ListItem\",\"@id\":\"https:\\\/\\\/www.claret.cat\\\/es\\\/libro\\\/gaudi-architect-of-la-sagrada-familia-9788409089703\\\/#listItem\",\"name\":\"GAUD\\u00cd, ARCHITECT OF LA SAGRADA FAM\\u00cdLIA\"},\"previousItem\":{\"@type\":\"ListItem\",\"@id\":\"https:\\\/\\\/www.claret.cat\\\/categoria-producto\\\/cat\\\/5_altres\\\/#listItem\",\"name\":\"Altres\"}},{\"@type\":\"ListItem\",\"@id\":\"https:\\\/\\\/www.claret.cat\\\/es\\\/libro\\\/gaudi-architect-of-la-sagrada-familia-9788409089703\\\/#listItem\",\"position\":6,\"name\":\"GAUD\\u00cd, ARCHITECT OF LA SAGRADA FAM\\u00cdLIA\",\"previousItem\":{\"@type\":\"ListItem\",\"@id\":\"https:\\\/\\\/www.claret.cat\\\/categoria-producto\\\/cat\\\/5_altres\\\/altres\\\/#listItem\",\"name\":\"Altres\"}}]},{\"@type\":\"ItemPage\",\"@id\":\"https:\\\/\\\/www.claret.cat\\\/es\\\/libro\\\/gaudi-architect-of-la-sagrada-familia-9788409089703\\\/#itempage\",\"url\":\"https:\\\/\\\/www.claret.cat\\\/es\\\/libro\\\/gaudi-architect-of-la-sagrada-familia-9788409089703\\\/\",\"name\":\"GAUD\\u00cd, ARCHITECT OF LA SAGRADA FAM\\u00cdLIA - TARRAGONA CLARAS\\u00d3, JOSEP MARIA 9788409089703 | Llibreria Claret\",\"description\":\"GAUD\\u00cd, ARCHITECT OF LA SAGRADA FAM\\u00cdLIA de TARRAGONA CLARAS\\u00d3, JOSEP MARIA disponible a\\\/en Llibreria Claret.\",\"inLanguage\":\"es-ES\",\"isPartOf\":{\"@id\":\"https:\\\/\\\/www.claret.cat\\\/es\\\/#website\"},\"breadcrumb\":{\"@id\":\"https:\\\/\\\/www.claret.cat\\\/es\\\/libro\\\/gaudi-architect-of-la-sagrada-familia-9788409089703\\\/#breadcrumblist\"},\"image\":{\"@type\":\"ImageObject\",\"url\":\"https:\\\/\\\/www.claret.cat\\\/wp-content\\\/uploads\\\/.\\\/9788409089703.jpg\",\"@id\":\"https:\\\/\\\/www.claret.cat\\\/es\\\/libro\\\/gaudi-architect-of-la-sagrada-familia-9788409089703\\\/#mainImage\",\"width\":250,\"height\":350,\"caption\":\"9788409089703.jpg\"},\"primaryImageOfPage\":{\"@id\":\"https:\\\/\\\/www.claret.cat\\\/es\\\/libro\\\/gaudi-architect-of-la-sagrada-familia-9788409089703\\\/#mainImage\"},\"datePublished\":\"2026-07-09T16:29:52+02:00\",\"dateModified\":\"2026-07-09T17:57:56+02:00\"},{\"@type\":\"Organization\",\"@id\":\"https:\\\/\\\/www.claret.cat\\\/es\\\/#organization\",\"name\":\"Llibreria Claret\",\"description\":\"Llibreria religiosa a Barcelona\",\"url\":\"https:\\\/\\\/www.claret.cat\\\/es\\\/\",\"email\":\"comunicacio@claret.cat\",\"telephone\":\"+34933010887\",\"logo\":{\"@type\":\"ImageObject\",\"url\":\"https:\\\/\\\/www.claret.cat\\\/wp-content\\\/uploads\\\/.\\\/logo-claret-es.png\",\"@id\":\"https:\\\/\\\/www.claret.cat\\\/es\\\/libro\\\/gaudi-architect-of-la-sagrada-familia-9788409089703\\\/#organizationLogo\",\"width\":195,\"height\":79},\"image\":{\"@id\":\"https:\\\/\\\/www.claret.cat\\\/es\\\/libro\\\/gaudi-architect-of-la-sagrada-familia-9788409089703\\\/#organizationLogo\"},\"sameAs\":[\"https:\\\/\\\/www.facebook.com\\\/LlibreriaClaret\",\"https:\\\/\\\/twitter.com\\\/LlibreriaClaret\",\"https:\\\/\\\/www.instagram.com\\\/llibreriaclaret\\\/\",\"https:\\\/\\\/www.tiktok.com\\\/@llibreriaclaret\",\"https:\\\/\\\/www.youtube.com\\\/@llibreriaclaret\",\"https:\\\/\\\/ca.wikipedia.org\\\/wiki\\\/Editorial_Claret\"]},{\"@type\":\"WebPage\",\"@id\":\"https:\\\/\\\/www.claret.cat\\\/es\\\/libro\\\/gaudi-architect-of-la-sagrada-familia-9788409089703\\\/#webpage\",\"url\":\"https:\\\/\\\/www.claret.cat\\\/es\\\/libro\\\/gaudi-architect-of-la-sagrada-familia-9788409089703\\\/\",\"name\":\"GAUD\\u00cd, ARCHITECT OF LA SAGRADA FAM\\u00cdLIA - TARRAGONA CLARAS\\u00d3, JOSEP MARIA 9788409089703 | Llibreria Claret\",\"description\":\"GAUD\\u00cd, ARCHITECT OF LA SAGRADA FAM\\u00cdLIA de TARRAGONA CLARAS\\u00d3, JOSEP MARIA disponible a\\\/en Llibreria Claret.\",\"inLanguage\":\"es-ES\",\"isPartOf\":{\"@id\":\"https:\\\/\\\/www.claret.cat\\\/es\\\/#website\"},\"breadcrumb\":{\"@id\":\"https:\\\/\\\/www.claret.cat\\\/es\\\/libro\\\/gaudi-architect-of-la-sagrada-familia-9788409089703\\\/#breadcrumblist\"},\"image\":{\"@type\":\"ImageObject\",\"url\":\"https:\\\/\\\/www.claret.cat\\\/wp-content\\\/uploads\\\/.\\\/9788409089703.jpg\",\"@id\":\"https:\\\/\\\/www.claret.cat\\\/es\\\/libro\\\/gaudi-architect-of-la-sagrada-familia-9788409089703\\\/#mainImage\",\"width\":250,\"height\":350,\"caption\":\"9788409089703.jpg\"},\"primaryImageOfPage\":{\"@id\":\"https:\\\/\\\/www.claret.cat\\\/es\\\/libro\\\/gaudi-architect-of-la-sagrada-familia-9788409089703\\\/#mainImage\"},\"datePublished\":\"2026-07-09T16:29:52+02:00\",\"dateModified\":\"2026-07-09T17:57:56+02:00\"},{\"@type\":\"WebSite\",\"@id\":\"https:\\\/\\\/www.claret.cat\\\/es\\\/#website\",\"url\":\"https:\\\/\\\/www.claret.cat\\\/es\\\/\",\"name\":\"Llibreria Claret Barcelona\",\"alternateName\":\"Llibreria Claret\",\"description\":\"Llibreria religiosa a Barcelona\",\"inLanguage\":\"es-ES\",\"publisher\":{\"@id\":\"https:\\\/\\\/www.claret.cat\\\/es\\\/#organization\"}}]}\n\t\t<\/script>\n\t\t<!-- All in One SEO Pro -->\r\n\t\t<title>GAUD\u00cd, ARCHITECT OF LA SAGRADA FAM\u00cdLIA - TARRAGONA CLARAS\u00d3, JOSEP MARIA 9788409089703 | Llibreria Claret<\/title>\n\n","aioseo_head_json":{"title":"GAUD\u00cd, ARCHITECT OF LA SAGRADA FAM\u00cdLIA - TARRAGONA CLARAS\u00d3, JOSEP MARIA 9788409089703 | Llibreria Claret","description":"GAUD\u00cd, ARCHITECT OF LA SAGRADA FAM\u00cdLIA de TARRAGONA CLARAS\u00d3, JOSEP MARIA disponible a\/en Llibreria Claret.","canonical_url":"https:\/\/www.claret.cat\/es\/libro\/gaudi-architect-of-la-sagrada-familia-9788409089703\/","robots":"max-image-preview:large","keywords":"","webmasterTools":{"google-site-verification":"xVtlFxJ-TfkIu-D-lt7XeLobefg5EIQiXTuqcSf8Rf0","miscellaneous":""},"schema":{"@context":"https:\/\/schema.org","@graph":[{"@type":"BreadcrumbList","@id":"https:\/\/www.claret.cat\/es\/libro\/gaudi-architect-of-la-sagrada-familia-9788409089703\/#breadcrumblist","itemListElement":[{"@type":"ListItem","@id":"https:\/\/www.claret.cat\/es\/#listItem","position":1,"name":"Home","item":"https:\/\/www.claret.cat\/es\/","nextItem":{"@type":"ListItem","@id":"https:\/\/www.claret.cat\/?page_id=16#listItem","name":"Botiga"}},{"@type":"ListItem","@id":"https:\/\/www.claret.cat\/?page_id=16#listItem","position":2,"name":"Botiga","item":"https:\/\/www.claret.cat\/?page_id=16","nextItem":{"@type":"ListItem","@id":"https:\/\/www.claret.cat\/categoria-producto\/cat\/#listItem","name":"CAT"},"previousItem":{"@type":"ListItem","@id":"https:\/\/www.claret.cat\/es\/#listItem","name":"Home"}},{"@type":"ListItem","@id":"https:\/\/www.claret.cat\/categoria-producto\/cat\/#listItem","position":3,"name":"CAT","item":"https:\/\/www.claret.cat\/categoria-producto\/cat\/","nextItem":{"@type":"ListItem","@id":"https:\/\/www.claret.cat\/categoria-producto\/cat\/5_altres\/#listItem","name":"Altres"},"previousItem":{"@type":"ListItem","@id":"https:\/\/www.claret.cat\/?page_id=16#listItem","name":"Botiga"}},{"@type":"ListItem","@id":"https:\/\/www.claret.cat\/categoria-producto\/cat\/5_altres\/#listItem","position":4,"name":"Altres","item":"https:\/\/www.claret.cat\/categoria-producto\/cat\/5_altres\/","nextItem":{"@type":"ListItem","@id":"https:\/\/www.claret.cat\/categoria-producto\/cat\/5_altres\/altres\/#listItem","name":"Altres"},"previousItem":{"@type":"ListItem","@id":"https:\/\/www.claret.cat\/categoria-producto\/cat\/#listItem","name":"CAT"}},{"@type":"ListItem","@id":"https:\/\/www.claret.cat\/categoria-producto\/cat\/5_altres\/altres\/#listItem","position":5,"name":"Altres","item":"https:\/\/www.claret.cat\/categoria-producto\/cat\/5_altres\/altres\/","nextItem":{"@type":"ListItem","@id":"https:\/\/www.claret.cat\/es\/libro\/gaudi-architect-of-la-sagrada-familia-9788409089703\/#listItem","name":"GAUD\u00cd, ARCHITECT OF LA SAGRADA FAM\u00cdLIA"},"previousItem":{"@type":"ListItem","@id":"https:\/\/www.claret.cat\/categoria-producto\/cat\/5_altres\/#listItem","name":"Altres"}},{"@type":"ListItem","@id":"https:\/\/www.claret.cat\/es\/libro\/gaudi-architect-of-la-sagrada-familia-9788409089703\/#listItem","position":6,"name":"GAUD\u00cd, ARCHITECT OF LA SAGRADA FAM\u00cdLIA","previousItem":{"@type":"ListItem","@id":"https:\/\/www.claret.cat\/categoria-producto\/cat\/5_altres\/altres\/#listItem","name":"Altres"}}]},{"@type":"ItemPage","@id":"https:\/\/www.claret.cat\/es\/libro\/gaudi-architect-of-la-sagrada-familia-9788409089703\/#itempage","url":"https:\/\/www.claret.cat\/es\/libro\/gaudi-architect-of-la-sagrada-familia-9788409089703\/","name":"GAUD\u00cd, ARCHITECT OF LA SAGRADA FAM\u00cdLIA - TARRAGONA CLARAS\u00d3, JOSEP MARIA 9788409089703 | Llibreria Claret","description":"GAUD\u00cd, ARCHITECT OF LA SAGRADA FAM\u00cdLIA de TARRAGONA CLARAS\u00d3, JOSEP MARIA disponible a\/en Llibreria Claret.","inLanguage":"es-ES","isPartOf":{"@id":"https:\/\/www.claret.cat\/es\/#website"},"breadcrumb":{"@id":"https:\/\/www.claret.cat\/es\/libro\/gaudi-architect-of-la-sagrada-familia-9788409089703\/#breadcrumblist"},"image":{"@type":"ImageObject","url":"https:\/\/www.claret.cat\/wp-content\/uploads\/.\/9788409089703.jpg","@id":"https:\/\/www.claret.cat\/es\/libro\/gaudi-architect-of-la-sagrada-familia-9788409089703\/#mainImage","width":250,"height":350,"caption":"9788409089703.jpg"},"primaryImageOfPage":{"@id":"https:\/\/www.claret.cat\/es\/libro\/gaudi-architect-of-la-sagrada-familia-9788409089703\/#mainImage"},"datePublished":"2026-07-09T16:29:52+02:00","dateModified":"2026-07-09T17:57:56+02:00"},{"@type":"Organization","@id":"https:\/\/www.claret.cat\/es\/#organization","name":"Llibreria Claret","description":"Llibreria religiosa a Barcelona","url":"https:\/\/www.claret.cat\/es\/","email":"comunicacio@claret.cat","telephone":"+34933010887","logo":{"@type":"ImageObject","url":"https:\/\/www.claret.cat\/wp-content\/uploads\/.\/logo-claret-es.png","@id":"https:\/\/www.claret.cat\/es\/libro\/gaudi-architect-of-la-sagrada-familia-9788409089703\/#organizationLogo","width":195,"height":79},"image":{"@id":"https:\/\/www.claret.cat\/es\/libro\/gaudi-architect-of-la-sagrada-familia-9788409089703\/#organizationLogo"},"sameAs":["https:\/\/www.facebook.com\/LlibreriaClaret","https:\/\/twitter.com\/LlibreriaClaret","https:\/\/www.instagram.com\/llibreriaclaret\/","https:\/\/www.tiktok.com\/@llibreriaclaret","https:\/\/www.youtube.com\/@llibreriaclaret","https:\/\/ca.wikipedia.org\/wiki\/Editorial_Claret"]},{"@type":"WebPage","@id":"https:\/\/www.claret.cat\/es\/libro\/gaudi-architect-of-la-sagrada-familia-9788409089703\/#webpage","url":"https:\/\/www.claret.cat\/es\/libro\/gaudi-architect-of-la-sagrada-familia-9788409089703\/","name":"GAUD\u00cd, ARCHITECT OF LA SAGRADA FAM\u00cdLIA - TARRAGONA CLARAS\u00d3, JOSEP MARIA 9788409089703 | Llibreria Claret","description":"GAUD\u00cd, ARCHITECT OF LA SAGRADA FAM\u00cdLIA de TARRAGONA CLARAS\u00d3, JOSEP MARIA disponible a\/en Llibreria Claret.","inLanguage":"es-ES","isPartOf":{"@id":"https:\/\/www.claret.cat\/es\/#website"},"breadcrumb":{"@id":"https:\/\/www.claret.cat\/es\/libro\/gaudi-architect-of-la-sagrada-familia-9788409089703\/#breadcrumblist"},"image":{"@type":"ImageObject","url":"https:\/\/www.claret.cat\/wp-content\/uploads\/.\/9788409089703.jpg","@id":"https:\/\/www.claret.cat\/es\/libro\/gaudi-architect-of-la-sagrada-familia-9788409089703\/#mainImage","width":250,"height":350,"caption":"9788409089703.jpg"},"primaryImageOfPage":{"@id":"https:\/\/www.claret.cat\/es\/libro\/gaudi-architect-of-la-sagrada-familia-9788409089703\/#mainImage"},"datePublished":"2026-07-09T16:29:52+02:00","dateModified":"2026-07-09T17:57:56+02:00"},{"@type":"WebSite","@id":"https:\/\/www.claret.cat\/es\/#website","url":"https:\/\/www.claret.cat\/es\/","name":"Llibreria Claret Barcelona","alternateName":"Llibreria Claret","description":"Llibreria religiosa a Barcelona","inLanguage":"es-ES","publisher":{"@id":"https:\/\/www.claret.cat\/es\/#organization"}}]},"og:locale":"es_ES","og:site_name":"Llibreria Claret - Llibreria religiosa a Barcelona","og:type":"article","og:title":"GAUD\u00cd, ARCHITECT OF LA SAGRADA FAM\u00cdLIA - TARRAGONA CLARAS\u00d3, JOSEP MARIA 9788409089703 | Llibreria Claret","og:description":"GAUD\u00cd, ARCHITECT OF LA SAGRADA FAM\u00cdLIA de TARRAGONA CLARAS\u00d3, JOSEP MARIA disponible a\/en Llibreria Claret.","og:url":"https:\/\/www.claret.cat\/es\/libro\/gaudi-architect-of-la-sagrada-familia-9788409089703\/","og:image":"https:\/\/dev.claret.cat\/wp-content\/uploads\/logo-claret.svg","og:image:secure_url":"https:\/\/dev.claret.cat\/wp-content\/uploads\/logo-claret.svg","article:published_time":"2026-07-09T14:29:52+00:00","article:modified_time":"2026-07-09T15:57:56+00:00","article:publisher":"https:\/\/www.facebook.com\/LlibreriaClaret","twitter:card":"summary_large_image","twitter:site":"@LlibreriaClaret","twitter:title":"GAUD\u00cd, ARCHITECT OF LA SAGRADA FAM\u00cdLIA - TARRAGONA CLARAS\u00d3, JOSEP MARIA 9788409089703 | Llibreria Claret","twitter:description":"GAUD\u00cd, ARCHITECT OF LA SAGRADA FAM\u00cdLIA de TARRAGONA CLARAS\u00d3, JOSEP MARIA disponible a\/en Llibreria Claret.","twitter:image":"http:\/\/dev.claret.cat\/wp-content\/uploads\/logo-claret.svg"},"aioseo_meta_data":{"post_id":"1111807","title":null,"description":null,"keywords":null,"keyphrases":null,"primary_term":null,"canonical_url":null,"og_title":null,"og_description":null,"og_object_type":"default","og_image_type":"default","og_image_url":null,"og_image_width":null,"og_image_height":null,"og_image_custom_url":null,"og_image_custom_fields":null,"og_video":null,"og_custom_url":null,"og_article_section":null,"og_article_tags":null,"twitter_use_og":false,"twitter_card":"default","twitter_image_type":"default","twitter_image_url":null,"twitter_image_custom_url":null,"twitter_image_custom_fields":null,"twitter_title":null,"twitter_description":null,"schema":{"blockGraphs":[],"customGraphs":[],"default":{"data":{"Article":[],"Course":[],"Dataset":[],"FAQPage":[],"Movie":[],"Person":[],"Product":[],"ProductReview":[],"Car":[],"Recipe":[],"Service":[],"SoftwareApplication":[],"WebPage":[]},"graphName":"","isEnabled":true},"graphs":[]},"schema_type":"default","schema_type_options":null,"pillar_content":false,"robots_default":true,"robots_noindex":false,"robots_noarchive":false,"robots_nosnippet":false,"robots_nofollow":false,"robots_noimageindex":false,"robots_noodp":false,"robots_notranslate":false,"robots_max_snippet":null,"robots_max_videopreview":null,"robots_max_imagepreview":"large","priority":null,"frequency":null,"local_seo":null,"seo_analyzer_scan_date":"2026-07-09 16:03:33","breadcrumb_settings":null,"limit_modified_date":false,"open_ai":null,"ai":null,"created":"2026-07-09 14:29:53","updated":"2026-07-09 16:22:37","focus_keyword":null,"additional_keywords":null,"truseo_locale":null},"aioseo_breadcrumb":"<div class=\"aioseo-breadcrumbs\"><span class=\"aioseo-breadcrumb\">\n\t<a href=\"https:\/\/www.claret.cat\/es\/\" title=\"Home\">Home<\/a>\n<\/span><span class=\"aioseo-breadcrumb-separator\">&raquo;<\/span><span class=\"aioseo-breadcrumb\">\n\t<a href=\"https:\/\/www.claret.cat\/?page_id=16\" title=\"Botiga\">Botiga<\/a>\n<\/span><span class=\"aioseo-breadcrumb-separator\">&raquo;<\/span><span class=\"aioseo-breadcrumb\">\n\t<a href=\"https:\/\/www.claret.cat\/categoria-producto\/cat\/\" title=\"CAT\">CAT<\/a>\n<\/span><span class=\"aioseo-breadcrumb-separator\">&raquo;<\/span><span class=\"aioseo-breadcrumb\">\n\t<a href=\"https:\/\/www.claret.cat\/categoria-producto\/cat\/5_altres\/\" title=\"Altres\">Altres<\/a>\n<\/span><span class=\"aioseo-breadcrumb-separator\">&raquo;<\/span><span class=\"aioseo-breadcrumb\">\n\t<a href=\"https:\/\/www.claret.cat\/categoria-producto\/cat\/5_altres\/altres\/\" title=\"Altres\">Altres<\/a>\n<\/span><span class=\"aioseo-breadcrumb-separator\">&raquo;<\/span><span class=\"aioseo-breadcrumb\">\n\tGAUD\u00cd, ARCHITECT OF LA SAGRADA FAM\u00cdLIA\n<\/span><\/div>","aioseo_breadcrumb_json":[{"label":"Home","link":"https:\/\/www.claret.cat\/es\/"},{"label":"Botiga","link":"https:\/\/www.claret.cat\/?page_id=16"},{"label":"CAT","link":"https:\/\/www.claret.cat\/categoria-producto\/cat\/"},{"label":"Altres","link":"https:\/\/www.claret.cat\/categoria-producto\/cat\/5_altres\/"},{"label":"Altres","link":"https:\/\/www.claret.cat\/categoria-producto\/cat\/5_altres\/altres\/"},{"label":"GAUD\u00cd, ARCHITECT OF LA SAGRADA FAM\u00cdLIA","link":"https:\/\/www.claret.cat\/es\/libro\/gaudi-architect-of-la-sagrada-familia-9788409089703\/"}],"_links":{"self":[{"href":"https:\/\/www.claret.cat\/es\/wp-json\/wp\/v2\/product\/1111807","targetHints":{"allow":["GET"]}}],"collection":[{"href":"https:\/\/www.claret.cat\/es\/wp-json\/wp\/v2\/product"}],"about":[{"href":"https:\/\/www.claret.cat\/es\/wp-json\/wp\/v2\/types\/product"}],"wp:featuredmedia":[{"embeddable":true,"href":"https:\/\/www.claret.cat\/es\/wp-json\/wp\/v2\/media\/1111808"}],"wp:attachment":[{"href":"https:\/\/www.claret.cat\/es\/wp-json\/wp\/v2\/media?parent=1111807"}],"wp:term":[{"taxonomy":"product_brand","embeddable":true,"href":"https:\/\/www.claret.cat\/es\/wp-json\/wp\/v2\/product_brand?post=1111807"},{"taxonomy":"product_cat","embeddable":true,"href":"https:\/\/www.claret.cat\/es\/wp-json\/wp\/v2\/product_cat?post=1111807"},{"taxonomy":"product_tag","embeddable":true,"href":"https:\/\/www.claret.cat\/es\/wp-json\/wp\/v2\/product_tag?post=1111807"}],"curies":[{"name":"wp","href":"https:\/\/api.w.org\/{rel}","templated":true}]}}