{"id":113343,"date":"2022-10-12T14:31:21","date_gmt":"2022-10-12T12:31:21","guid":{"rendered":"http:\/\/dev.claret.cat\/producte\/la-educacion-en-la-amistad-durante-la-adolescencia\/"},"modified":"2026-01-19T12:11:18","modified_gmt":"2026-01-19T11:11:18","slug":"la-educacion-en-la-amistad-durante-la-adolescencia-9788431333478","status":"publish","type":"product","link":"https:\/\/www.claret.cat\/es\/libro\/la-educacion-en-la-amistad-durante-la-adolescencia-9788431333478\/","title":{"rendered":"LA EDUCACI\u00d3N EN LA AMISTAD DURANTE LA ADOLESCENCIA"},"content":{"rendered":"<p>La amistad es una relaci\u00f3n que envuelve la vida de todo ser humano. En la adolescencia se descubre de forma especial ese tipo de relaci\u00f3n y se va madurando juntamente con la persona. Es importante tener en cuenta que la amistad est\u00e1 llena de elementos que son necesarios para que se pueda entablar ese tipo de relaci\u00f3n de la forma m\u00e1s aut\u00e9ntica posible. Aunque la amistad se da de forma espont\u00e1nea, la carencia de ciertos factores puede dificultar la relaci\u00f3n o incluso anularla. En este trabajo se hablar\u00e1 de lo que es la amistad y su importancia en la adolescencia media, enfocado sobre todo a alumnas del Instituto Rosedal M\u00e9xico, a fin de poder iluminar a los formadores en su labor en el acompa\u00f1amiento y educaci\u00f3n en la amistad.<\/p>\n","protected":false},"excerpt":{"rendered":"<p>RONCHI, ANA PAULA<\/p>\n","protected":false},"featured_media":113344,"template":"","meta":{"_acf_changed":false,"om_disable_all_campaigns":false,"rs_blank_template":"","rs_page_bg_color":"","slide_template_v7":"","inline_featured_image":false,"_monsterinsights_skip_tracking":false},"product_brand":[],"product_cat":[100,550],"product_tag":[],"class_list":["post-113343","product","type-product","status-publish","has-post-thumbnail","product_cat-escola-de-pares","product_cat-escuela-de-padres-3_infantil-juvenil-spa-spa","first","instock","taxable","shipping-taxable","purchasable","product-type-simple"],"acf":{"editorial":[{"ID":6251,"post_author":"3","post_date":"2022-07-28 17:48:11","post_date_gmt":"2022-07-28 15:48:11","post_content":"","post_title":"EUNSA. EDICIONES UNIVERSIDAD DE NAVARRA","post_excerpt":"","post_status":"publish","comment_status":"closed","ping_status":"closed","post_password":"","post_name":"eunsa-ediciones-universidad-de-navarra","to_ping":"","pinged":"","post_modified":"2022-07-28 17:48:11","post_modified_gmt":"2022-07-28 15:48:11","post_content_filtered":"","post_parent":0,"guid":"http:\/\/dev.claret.cat\/editorial\/eunsa-ediciones-universidad-de-navarra\/","menu_order":0,"post_type":"editorial","post_mime_type":"","comment_count":"0","filter":"raw"}],"autor":"RONCHI, ANA PAULA","codart":"843133347","libros-coleccion":"Cuadernos y programas especializados. In","ediciones":"1","encuadernacion":"R\u00fastica","fecha_de_publicacion":"01\/03\/2020","novedad":"1","paginas":"78","subtitulo":"","orden":"0","portada":"0","idioma":"spa","autores-libros":[{"ID":150128,"post_author":"3","post_date":"2022-10-14 14:30:27","post_date_gmt":"2022-10-14 12:30:27","post_content":"","post_title":"ANA PAULA RONCHI","post_excerpt":"","post_status":"publish","comment_status":"closed","ping_status":"closed","post_password":"","post_name":"ana-paula-ronchi","to_ping":"","pinged":"","post_modified":"2022-10-14 14:30:27","post_modified_gmt":"2022-10-14 12:30:27","post_content_filtered":"","post_parent":0,"guid":"http:\/\/dev.claret.cat\/autor\/ana-paula-ronchi\/","menu_order":0,"post_type":"autor","post_mime_type":"","comment_count":"0","filter":"raw"}],"booktrailer":"","resenas":""},"aioseo_notices":[],"aioseo_head":"\n\t\t<!-- All in One SEO Pro 5.0.1.1 - aioseo.com -->\n\t<meta name=\"description\" content=\"LA EDUCACI\u00d3N EN LA AMISTAD DURANTE LA ADOLESCENCIA de RONCHI, ANA PAULA disponible a\/en Llibreria Claret.\" \/>\n\t<meta name=\"robots\" content=\"max-image-preview:large\" \/>\n\t<meta name=\"google-site-verification\" content=\"xVtlFxJ-TfkIu-D-lt7XeLobefg5EIQiXTuqcSf8Rf0\" \/>\n\t<link rel=\"canonical\" href=\"https:\/\/www.claret.cat\/es\/libro\/la-educacion-en-la-amistad-durante-la-adolescencia-9788431333478\/\" \/>\n\t<meta name=\"generator\" content=\"All in One SEO Pro (AIOSEO) 5.0.1.1\" \/>\n\t\t<meta property=\"og:locale\" content=\"es_ES\" \/>\n\t\t<meta property=\"og:site_name\" content=\"Llibreria Claret - Llibreria religiosa a Barcelona\" \/>\n\t\t<meta property=\"og:type\" content=\"article\" \/>\n\t\t<meta property=\"og:title\" content=\"LA EDUCACI\u00d3N EN LA AMISTAD DURANTE LA ADOLESCENCIA - RONCHI, ANA PAULA 9788431333478 | Llibreria Claret\" \/>\n\t\t<meta property=\"og:description\" content=\"LA EDUCACI\u00d3N EN LA AMISTAD DURANTE LA ADOLESCENCIA de RONCHI, ANA PAULA disponible a\/en Llibreria Claret.\" \/>\n\t\t<meta property=\"og:url\" content=\"https:\/\/www.claret.cat\/es\/libro\/la-educacion-en-la-amistad-durante-la-adolescencia-9788431333478\/\" \/>\n\t\t<meta property=\"og:image\" content=\"https:\/\/dev.claret.cat\/wp-content\/uploads\/logo-claret.svg\" \/>\n\t\t<meta property=\"og:image:secure_url\" content=\"https:\/\/dev.claret.cat\/wp-content\/uploads\/logo-claret.svg\" \/>\n\t\t<meta property=\"article:published_time\" content=\"2022-10-12T12:31:21+00:00\" \/>\n\t\t<meta property=\"article:modified_time\" content=\"2026-01-19T11:11:18+00:00\" \/>\n\t\t<meta property=\"article:publisher\" content=\"https:\/\/www.facebook.com\/LlibreriaClaret\" \/>\n\t\t<meta name=\"twitter:card\" content=\"summary_large_image\" \/>\n\t\t<meta name=\"twitter:site\" content=\"@LlibreriaClaret\" \/>\n\t\t<meta name=\"twitter:title\" content=\"LA EDUCACI\u00d3N EN LA AMISTAD DURANTE LA ADOLESCENCIA - RONCHI, ANA PAULA 9788431333478 | Llibreria Claret\" \/>\n\t\t<meta name=\"twitter:description\" content=\"LA EDUCACI\u00d3N EN LA AMISTAD DURANTE LA ADOLESCENCIA de RONCHI, ANA PAULA disponible a\/en Llibreria Claret.\" \/>\n\t\t<meta name=\"twitter:image\" content=\"http:\/\/dev.claret.cat\/wp-content\/uploads\/logo-claret.svg\" \/>\n\t\t<script type=\"application\/ld+json\" class=\"aioseo-schema\">\n\t\t\t{\"@context\":\"https:\\\/\\\/schema.org\",\"@graph\":[{\"@type\":\"BreadcrumbList\",\"@id\":\"https:\\\/\\\/www.claret.cat\\\/es\\\/libro\\\/la-educacion-en-la-amistad-durante-la-adolescencia-9788431333478\\\/#breadcrumblist\",\"itemListElement\":[{\"@type\":\"ListItem\",\"@id\":\"https:\\\/\\\/www.claret.cat\\\/es\\\/#listItem\",\"position\":1,\"name\":\"Home\",\"item\":\"https:\\\/\\\/www.claret.cat\\\/es\\\/\",\"nextItem\":{\"@type\":\"ListItem\",\"@id\":\"https:\\\/\\\/www.claret.cat\\\/?page_id=16#listItem\",\"name\":\"Botiga\"}},{\"@type\":\"ListItem\",\"@id\":\"https:\\\/\\\/www.claret.cat\\\/?page_id=16#listItem\",\"position\":2,\"name\":\"Botiga\",\"item\":\"https:\\\/\\\/www.claret.cat\\\/?page_id=16\",\"nextItem\":{\"@type\":\"ListItem\",\"@id\":\"https:\\\/\\\/www.claret.cat\\\/categoria-producto\\\/cat\\\/#listItem\",\"name\":\"CAT\"},\"previousItem\":{\"@type\":\"ListItem\",\"@id\":\"https:\\\/\\\/www.claret.cat\\\/es\\\/#listItem\",\"name\":\"Home\"}},{\"@type\":\"ListItem\",\"@id\":\"https:\\\/\\\/www.claret.cat\\\/categoria-producto\\\/cat\\\/#listItem\",\"position\":3,\"name\":\"CAT\",\"item\":\"https:\\\/\\\/www.claret.cat\\\/categoria-producto\\\/cat\\\/\",\"nextItem\":{\"@type\":\"ListItem\",\"@id\":\"https:\\\/\\\/www.claret.cat\\\/categoria-producto\\\/cat\\\/3_infantil-juvenil\\\/#listItem\",\"name\":\"Infantil \\\/ Juvenil\"},\"previousItem\":{\"@type\":\"ListItem\",\"@id\":\"https:\\\/\\\/www.claret.cat\\\/?page_id=16#listItem\",\"name\":\"Botiga\"}},{\"@type\":\"ListItem\",\"@id\":\"https:\\\/\\\/www.claret.cat\\\/categoria-producto\\\/cat\\\/3_infantil-juvenil\\\/#listItem\",\"position\":4,\"name\":\"Infantil \\\/ Juvenil\",\"item\":\"https:\\\/\\\/www.claret.cat\\\/categoria-producto\\\/cat\\\/3_infantil-juvenil\\\/\",\"nextItem\":{\"@type\":\"ListItem\",\"@id\":\"https:\\\/\\\/www.claret.cat\\\/categoria-producto\\\/cat\\\/3_infantil-juvenil\\\/escola-de-pares\\\/#listItem\",\"name\":\"Escola de pares\"},\"previousItem\":{\"@type\":\"ListItem\",\"@id\":\"https:\\\/\\\/www.claret.cat\\\/categoria-producto\\\/cat\\\/#listItem\",\"name\":\"CAT\"}},{\"@type\":\"ListItem\",\"@id\":\"https:\\\/\\\/www.claret.cat\\\/categoria-producto\\\/cat\\\/3_infantil-juvenil\\\/escola-de-pares\\\/#listItem\",\"position\":5,\"name\":\"Escola de pares\",\"item\":\"https:\\\/\\\/www.claret.cat\\\/categoria-producto\\\/cat\\\/3_infantil-juvenil\\\/escola-de-pares\\\/\",\"nextItem\":{\"@type\":\"ListItem\",\"@id\":\"https:\\\/\\\/www.claret.cat\\\/es\\\/libro\\\/la-educacion-en-la-amistad-durante-la-adolescencia-9788431333478\\\/#listItem\",\"name\":\"LA EDUCACI\\u00d3N EN LA AMISTAD DURANTE LA ADOLESCENCIA\"},\"previousItem\":{\"@type\":\"ListItem\",\"@id\":\"https:\\\/\\\/www.claret.cat\\\/categoria-producto\\\/cat\\\/3_infantil-juvenil\\\/#listItem\",\"name\":\"Infantil \\\/ Juvenil\"}},{\"@type\":\"ListItem\",\"@id\":\"https:\\\/\\\/www.claret.cat\\\/es\\\/libro\\\/la-educacion-en-la-amistad-durante-la-adolescencia-9788431333478\\\/#listItem\",\"position\":6,\"name\":\"LA EDUCACI\\u00d3N EN LA AMISTAD DURANTE LA ADOLESCENCIA\",\"previousItem\":{\"@type\":\"ListItem\",\"@id\":\"https:\\\/\\\/www.claret.cat\\\/categoria-producto\\\/cat\\\/3_infantil-juvenil\\\/escola-de-pares\\\/#listItem\",\"name\":\"Escola de pares\"}}]},{\"@type\":\"ItemPage\",\"@id\":\"https:\\\/\\\/www.claret.cat\\\/es\\\/libro\\\/la-educacion-en-la-amistad-durante-la-adolescencia-9788431333478\\\/#itempage\",\"url\":\"https:\\\/\\\/www.claret.cat\\\/es\\\/libro\\\/la-educacion-en-la-amistad-durante-la-adolescencia-9788431333478\\\/\",\"name\":\"LA EDUCACI\\u00d3N EN LA AMISTAD DURANTE LA ADOLESCENCIA - RONCHI, ANA PAULA 9788431333478 | Llibreria Claret\",\"description\":\"LA EDUCACI\\u00d3N EN LA AMISTAD DURANTE LA ADOLESCENCIA de RONCHI, ANA PAULA disponible a\\\/en Llibreria Claret.\",\"inLanguage\":\"es-ES\",\"isPartOf\":{\"@id\":\"https:\\\/\\\/www.claret.cat\\\/es\\\/#website\"},\"breadcrumb\":{\"@id\":\"https:\\\/\\\/www.claret.cat\\\/es\\\/libro\\\/la-educacion-en-la-amistad-durante-la-adolescencia-9788431333478\\\/#breadcrumblist\"},\"image\":{\"@type\":\"ImageObject\",\"url\":\"https:\\\/\\\/www.claret.cat\\\/wp-content\\\/uploads\\\/.\\\/9788431333478.jpg\",\"@id\":\"https:\\\/\\\/www.claret.cat\\\/es\\\/libro\\\/la-educacion-en-la-amistad-durante-la-adolescencia-9788431333478\\\/#mainImage\",\"width\":225,\"height\":328,\"caption\":\"9788431333478.jpg\"},\"primaryImageOfPage\":{\"@id\":\"https:\\\/\\\/www.claret.cat\\\/es\\\/libro\\\/la-educacion-en-la-amistad-durante-la-adolescencia-9788431333478\\\/#mainImage\"},\"datePublished\":\"2022-10-12T14:31:21+02:00\",\"dateModified\":\"2026-01-19T12:11:18+01:00\"},{\"@type\":\"Organization\",\"@id\":\"https:\\\/\\\/www.claret.cat\\\/es\\\/#organization\",\"name\":\"Llibreria Claret\",\"description\":\"Llibreria religiosa a Barcelona\",\"url\":\"https:\\\/\\\/www.claret.cat\\\/es\\\/\",\"email\":\"comunicacio@claret.cat\",\"telephone\":\"+34933010887\",\"logo\":{\"@type\":\"ImageObject\",\"url\":\"https:\\\/\\\/www.claret.cat\\\/wp-content\\\/uploads\\\/.\\\/logo-claret-es.png\",\"@id\":\"https:\\\/\\\/www.claret.cat\\\/es\\\/libro\\\/la-educacion-en-la-amistad-durante-la-adolescencia-9788431333478\\\/#organizationLogo\",\"width\":195,\"height\":79},\"image\":{\"@id\":\"https:\\\/\\\/www.claret.cat\\\/es\\\/libro\\\/la-educacion-en-la-amistad-durante-la-adolescencia-9788431333478\\\/#organizationLogo\"},\"sameAs\":[\"https:\\\/\\\/www.facebook.com\\\/LlibreriaClaret\",\"https:\\\/\\\/twitter.com\\\/LlibreriaClaret\",\"https:\\\/\\\/www.instagram.com\\\/llibreriaclaret\\\/\",\"https:\\\/\\\/www.tiktok.com\\\/@llibreriaclaret\",\"https:\\\/\\\/www.youtube.com\\\/@llibreriaclaret\",\"https:\\\/\\\/ca.wikipedia.org\\\/wiki\\\/Editorial_Claret\"]},{\"@type\":\"WebPage\",\"@id\":\"https:\\\/\\\/www.claret.cat\\\/es\\\/libro\\\/la-educacion-en-la-amistad-durante-la-adolescencia-9788431333478\\\/#webpage\",\"url\":\"https:\\\/\\\/www.claret.cat\\\/es\\\/libro\\\/la-educacion-en-la-amistad-durante-la-adolescencia-9788431333478\\\/\",\"name\":\"LA EDUCACI\\u00d3N EN LA AMISTAD DURANTE LA ADOLESCENCIA - RONCHI, ANA PAULA 9788431333478 | Llibreria Claret\",\"description\":\"LA EDUCACI\\u00d3N EN LA AMISTAD DURANTE LA ADOLESCENCIA de RONCHI, ANA PAULA disponible a\\\/en Llibreria Claret.\",\"inLanguage\":\"es-ES\",\"isPartOf\":{\"@id\":\"https:\\\/\\\/www.claret.cat\\\/es\\\/#website\"},\"breadcrumb\":{\"@id\":\"https:\\\/\\\/www.claret.cat\\\/es\\\/libro\\\/la-educacion-en-la-amistad-durante-la-adolescencia-9788431333478\\\/#breadcrumblist\"},\"image\":{\"@type\":\"ImageObject\",\"url\":\"https:\\\/\\\/www.claret.cat\\\/wp-content\\\/uploads\\\/.\\\/9788431333478.jpg\",\"@id\":\"https:\\\/\\\/www.claret.cat\\\/es\\\/libro\\\/la-educacion-en-la-amistad-durante-la-adolescencia-9788431333478\\\/#mainImage\",\"width\":225,\"height\":328,\"caption\":\"9788431333478.jpg\"},\"primaryImageOfPage\":{\"@id\":\"https:\\\/\\\/www.claret.cat\\\/es\\\/libro\\\/la-educacion-en-la-amistad-durante-la-adolescencia-9788431333478\\\/#mainImage\"},\"datePublished\":\"2022-10-12T14:31:21+02:00\",\"dateModified\":\"2026-01-19T12:11:18+01:00\"},{\"@type\":\"WebSite\",\"@id\":\"https:\\\/\\\/www.claret.cat\\\/es\\\/#website\",\"url\":\"https:\\\/\\\/www.claret.cat\\\/es\\\/\",\"name\":\"Llibreria Claret Barcelona\",\"alternateName\":\"Llibreria Claret\",\"description\":\"Llibreria religiosa a Barcelona\",\"inLanguage\":\"es-ES\",\"publisher\":{\"@id\":\"https:\\\/\\\/www.claret.cat\\\/es\\\/#organization\"}}]}\n\t\t<\/script>\n\t\t<!-- All in One SEO Pro -->\r\n\t\t<title>LA EDUCACI\u00d3N EN LA AMISTAD DURANTE LA ADOLESCENCIA - RONCHI, ANA PAULA 9788431333478 | Llibreria Claret<\/title>\n\n","aioseo_head_json":{"title":"LA EDUCACI\u00d3N EN LA AMISTAD DURANTE LA ADOLESCENCIA - RONCHI, ANA PAULA 9788431333478 | Llibreria Claret","description":"LA EDUCACI\u00d3N EN LA AMISTAD DURANTE LA ADOLESCENCIA de RONCHI, ANA PAULA disponible a\/en Llibreria Claret.","canonical_url":"https:\/\/www.claret.cat\/es\/libro\/la-educacion-en-la-amistad-durante-la-adolescencia-9788431333478\/","robots":"max-image-preview:large","keywords":"","webmasterTools":{"google-site-verification":"xVtlFxJ-TfkIu-D-lt7XeLobefg5EIQiXTuqcSf8Rf0","miscellaneous":""},"schema":{"@context":"https:\/\/schema.org","@graph":[{"@type":"BreadcrumbList","@id":"https:\/\/www.claret.cat\/es\/libro\/la-educacion-en-la-amistad-durante-la-adolescencia-9788431333478\/#breadcrumblist","itemListElement":[{"@type":"ListItem","@id":"https:\/\/www.claret.cat\/es\/#listItem","position":1,"name":"Home","item":"https:\/\/www.claret.cat\/es\/","nextItem":{"@type":"ListItem","@id":"https:\/\/www.claret.cat\/?page_id=16#listItem","name":"Botiga"}},{"@type":"ListItem","@id":"https:\/\/www.claret.cat\/?page_id=16#listItem","position":2,"name":"Botiga","item":"https:\/\/www.claret.cat\/?page_id=16","nextItem":{"@type":"ListItem","@id":"https:\/\/www.claret.cat\/categoria-producto\/cat\/#listItem","name":"CAT"},"previousItem":{"@type":"ListItem","@id":"https:\/\/www.claret.cat\/es\/#listItem","name":"Home"}},{"@type":"ListItem","@id":"https:\/\/www.claret.cat\/categoria-producto\/cat\/#listItem","position":3,"name":"CAT","item":"https:\/\/www.claret.cat\/categoria-producto\/cat\/","nextItem":{"@type":"ListItem","@id":"https:\/\/www.claret.cat\/categoria-producto\/cat\/3_infantil-juvenil\/#listItem","name":"Infantil \/ Juvenil"},"previousItem":{"@type":"ListItem","@id":"https:\/\/www.claret.cat\/?page_id=16#listItem","name":"Botiga"}},{"@type":"ListItem","@id":"https:\/\/www.claret.cat\/categoria-producto\/cat\/3_infantil-juvenil\/#listItem","position":4,"name":"Infantil \/ Juvenil","item":"https:\/\/www.claret.cat\/categoria-producto\/cat\/3_infantil-juvenil\/","nextItem":{"@type":"ListItem","@id":"https:\/\/www.claret.cat\/categoria-producto\/cat\/3_infantil-juvenil\/escola-de-pares\/#listItem","name":"Escola de pares"},"previousItem":{"@type":"ListItem","@id":"https:\/\/www.claret.cat\/categoria-producto\/cat\/#listItem","name":"CAT"}},{"@type":"ListItem","@id":"https:\/\/www.claret.cat\/categoria-producto\/cat\/3_infantil-juvenil\/escola-de-pares\/#listItem","position":5,"name":"Escola de pares","item":"https:\/\/www.claret.cat\/categoria-producto\/cat\/3_infantil-juvenil\/escola-de-pares\/","nextItem":{"@type":"ListItem","@id":"https:\/\/www.claret.cat\/es\/libro\/la-educacion-en-la-amistad-durante-la-adolescencia-9788431333478\/#listItem","name":"LA EDUCACI\u00d3N EN LA AMISTAD DURANTE LA ADOLESCENCIA"},"previousItem":{"@type":"ListItem","@id":"https:\/\/www.claret.cat\/categoria-producto\/cat\/3_infantil-juvenil\/#listItem","name":"Infantil \/ Juvenil"}},{"@type":"ListItem","@id":"https:\/\/www.claret.cat\/es\/libro\/la-educacion-en-la-amistad-durante-la-adolescencia-9788431333478\/#listItem","position":6,"name":"LA EDUCACI\u00d3N EN LA AMISTAD DURANTE LA ADOLESCENCIA","previousItem":{"@type":"ListItem","@id":"https:\/\/www.claret.cat\/categoria-producto\/cat\/3_infantil-juvenil\/escola-de-pares\/#listItem","name":"Escola de pares"}}]},{"@type":"ItemPage","@id":"https:\/\/www.claret.cat\/es\/libro\/la-educacion-en-la-amistad-durante-la-adolescencia-9788431333478\/#itempage","url":"https:\/\/www.claret.cat\/es\/libro\/la-educacion-en-la-amistad-durante-la-adolescencia-9788431333478\/","name":"LA EDUCACI\u00d3N EN LA AMISTAD DURANTE LA ADOLESCENCIA - RONCHI, ANA PAULA 9788431333478 | Llibreria Claret","description":"LA EDUCACI\u00d3N EN LA AMISTAD DURANTE LA ADOLESCENCIA de RONCHI, ANA PAULA disponible a\/en Llibreria Claret.","inLanguage":"es-ES","isPartOf":{"@id":"https:\/\/www.claret.cat\/es\/#website"},"breadcrumb":{"@id":"https:\/\/www.claret.cat\/es\/libro\/la-educacion-en-la-amistad-durante-la-adolescencia-9788431333478\/#breadcrumblist"},"image":{"@type":"ImageObject","url":"https:\/\/www.claret.cat\/wp-content\/uploads\/.\/9788431333478.jpg","@id":"https:\/\/www.claret.cat\/es\/libro\/la-educacion-en-la-amistad-durante-la-adolescencia-9788431333478\/#mainImage","width":225,"height":328,"caption":"9788431333478.jpg"},"primaryImageOfPage":{"@id":"https:\/\/www.claret.cat\/es\/libro\/la-educacion-en-la-amistad-durante-la-adolescencia-9788431333478\/#mainImage"},"datePublished":"2022-10-12T14:31:21+02:00","dateModified":"2026-01-19T12:11:18+01:00"},{"@type":"Organization","@id":"https:\/\/www.claret.cat\/es\/#organization","name":"Llibreria Claret","description":"Llibreria religiosa a Barcelona","url":"https:\/\/www.claret.cat\/es\/","email":"comunicacio@claret.cat","telephone":"+34933010887","logo":{"@type":"ImageObject","url":"https:\/\/www.claret.cat\/wp-content\/uploads\/.\/logo-claret-es.png","@id":"https:\/\/www.claret.cat\/es\/libro\/la-educacion-en-la-amistad-durante-la-adolescencia-9788431333478\/#organizationLogo","width":195,"height":79},"image":{"@id":"https:\/\/www.claret.cat\/es\/libro\/la-educacion-en-la-amistad-durante-la-adolescencia-9788431333478\/#organizationLogo"},"sameAs":["https:\/\/www.facebook.com\/LlibreriaClaret","https:\/\/twitter.com\/LlibreriaClaret","https:\/\/www.instagram.com\/llibreriaclaret\/","https:\/\/www.tiktok.com\/@llibreriaclaret","https:\/\/www.youtube.com\/@llibreriaclaret","https:\/\/ca.wikipedia.org\/wiki\/Editorial_Claret"]},{"@type":"WebPage","@id":"https:\/\/www.claret.cat\/es\/libro\/la-educacion-en-la-amistad-durante-la-adolescencia-9788431333478\/#webpage","url":"https:\/\/www.claret.cat\/es\/libro\/la-educacion-en-la-amistad-durante-la-adolescencia-9788431333478\/","name":"LA EDUCACI\u00d3N EN LA AMISTAD DURANTE LA ADOLESCENCIA - RONCHI, ANA PAULA 9788431333478 | Llibreria Claret","description":"LA EDUCACI\u00d3N EN LA AMISTAD DURANTE LA ADOLESCENCIA de RONCHI, ANA PAULA disponible a\/en Llibreria Claret.","inLanguage":"es-ES","isPartOf":{"@id":"https:\/\/www.claret.cat\/es\/#website"},"breadcrumb":{"@id":"https:\/\/www.claret.cat\/es\/libro\/la-educacion-en-la-amistad-durante-la-adolescencia-9788431333478\/#breadcrumblist"},"image":{"@type":"ImageObject","url":"https:\/\/www.claret.cat\/wp-content\/uploads\/.\/9788431333478.jpg","@id":"https:\/\/www.claret.cat\/es\/libro\/la-educacion-en-la-amistad-durante-la-adolescencia-9788431333478\/#mainImage","width":225,"height":328,"caption":"9788431333478.jpg"},"primaryImageOfPage":{"@id":"https:\/\/www.claret.cat\/es\/libro\/la-educacion-en-la-amistad-durante-la-adolescencia-9788431333478\/#mainImage"},"datePublished":"2022-10-12T14:31:21+02:00","dateModified":"2026-01-19T12:11:18+01:00"},{"@type":"WebSite","@id":"https:\/\/www.claret.cat\/es\/#website","url":"https:\/\/www.claret.cat\/es\/","name":"Llibreria Claret Barcelona","alternateName":"Llibreria Claret","description":"Llibreria religiosa a Barcelona","inLanguage":"es-ES","publisher":{"@id":"https:\/\/www.claret.cat\/es\/#organization"}}]},"og:locale":"es_ES","og:site_name":"Llibreria Claret - Llibreria religiosa a Barcelona","og:type":"article","og:title":"LA EDUCACI\u00d3N EN LA AMISTAD DURANTE LA ADOLESCENCIA - RONCHI, ANA PAULA 9788431333478 | Llibreria Claret","og:description":"LA EDUCACI\u00d3N EN LA AMISTAD DURANTE LA ADOLESCENCIA de RONCHI, ANA PAULA disponible a\/en Llibreria Claret.","og:url":"https:\/\/www.claret.cat\/es\/libro\/la-educacion-en-la-amistad-durante-la-adolescencia-9788431333478\/","og:image":"https:\/\/dev.claret.cat\/wp-content\/uploads\/logo-claret.svg","og:image:secure_url":"https:\/\/dev.claret.cat\/wp-content\/uploads\/logo-claret.svg","article:published_time":"2022-10-12T12:31:21+00:00","article:modified_time":"2026-01-19T11:11:18+00:00","article:publisher":"https:\/\/www.facebook.com\/LlibreriaClaret","twitter:card":"summary_large_image","twitter:site":"@LlibreriaClaret","twitter:title":"LA EDUCACI\u00d3N EN LA AMISTAD DURANTE LA ADOLESCENCIA - RONCHI, ANA PAULA 9788431333478 | Llibreria Claret","twitter:description":"LA EDUCACI\u00d3N EN LA AMISTAD DURANTE LA ADOLESCENCIA de RONCHI, ANA PAULA disponible a\/en Llibreria Claret.","twitter:image":"http:\/\/dev.claret.cat\/wp-content\/uploads\/logo-claret.svg"},"aioseo_meta_data":{"post_id":"113343","title":null,"description":null,"keywords":null,"keyphrases":null,"primary_term":null,"canonical_url":null,"og_title":null,"og_description":null,"og_object_type":"default","og_image_type":"default","og_image_url":null,"og_image_width":null,"og_image_height":null,"og_image_custom_url":null,"og_image_custom_fields":null,"og_video":null,"og_custom_url":null,"og_article_section":null,"og_article_tags":null,"twitter_use_og":false,"twitter_card":"default","twitter_image_type":"default","twitter_image_url":null,"twitter_image_custom_url":null,"twitter_image_custom_fields":null,"twitter_title":null,"twitter_description":null,"schema":{"blockGraphs":[],"customGraphs":[],"default":{"data":{"Article":[],"Course":[],"Dataset":[],"FAQPage":[],"Movie":[],"Person":[],"Product":[],"ProductReview":[],"Car":[],"Recipe":[],"Service":[],"SoftwareApplication":[],"WebPage":[]},"graphName":"","isEnabled":true},"graphs":[]},"schema_type":"default","schema_type_options":null,"pillar_content":false,"robots_default":true,"robots_noindex":false,"robots_noarchive":false,"robots_nosnippet":false,"robots_nofollow":false,"robots_noimageindex":false,"robots_noodp":false,"robots_notranslate":false,"robots_max_snippet":null,"robots_max_videopreview":null,"robots_max_imagepreview":"large","priority":null,"frequency":null,"local_seo":null,"seo_analyzer_scan_date":"2026-01-19 12:01:58","breadcrumb_settings":null,"limit_modified_date":false,"open_ai":null,"ai":null,"created":"2022-12-19 16:04:39","updated":"2026-01-19 12:01:58","focus_keyword":null,"additional_keywords":null,"truseo_locale":null},"aioseo_breadcrumb":"<div class=\"aioseo-breadcrumbs\"><span class=\"aioseo-breadcrumb\">\n\t<a href=\"https:\/\/www.claret.cat\/es\/\" title=\"Home\">Home<\/a>\n<\/span><span class=\"aioseo-breadcrumb-separator\">&raquo;<\/span><span class=\"aioseo-breadcrumb\">\n\t<a href=\"https:\/\/www.claret.cat\/?page_id=16\" title=\"Botiga\">Botiga<\/a>\n<\/span><span class=\"aioseo-breadcrumb-separator\">&raquo;<\/span><span class=\"aioseo-breadcrumb\">\n\t<a href=\"https:\/\/www.claret.cat\/categoria-producto\/cat\/\" title=\"CAT\">CAT<\/a>\n<\/span><span class=\"aioseo-breadcrumb-separator\">&raquo;<\/span><span class=\"aioseo-breadcrumb\">\n\t<a href=\"https:\/\/www.claret.cat\/categoria-producto\/cat\/3_infantil-juvenil\/\" title=\"Infantil \/ Juvenil\">Infantil \/ Juvenil<\/a>\n<\/span><span class=\"aioseo-breadcrumb-separator\">&raquo;<\/span><span class=\"aioseo-breadcrumb\">\n\t<a href=\"https:\/\/www.claret.cat\/categoria-producto\/cat\/3_infantil-juvenil\/escola-de-pares\/\" title=\"Escola de pares\">Escola de pares<\/a>\n<\/span><span class=\"aioseo-breadcrumb-separator\">&raquo;<\/span><span class=\"aioseo-breadcrumb\">\n\tLA EDUCACI\u00d3N EN LA AMISTAD DURANTE LA ADOLESCENCIA\n<\/span><\/div>","aioseo_breadcrumb_json":[{"label":"Home","link":"https:\/\/www.claret.cat\/es\/"},{"label":"Botiga","link":"https:\/\/www.claret.cat\/?page_id=16"},{"label":"CAT","link":"https:\/\/www.claret.cat\/categoria-producto\/cat\/"},{"label":"Infantil \/ Juvenil","link":"https:\/\/www.claret.cat\/categoria-producto\/cat\/3_infantil-juvenil\/"},{"label":"Escola de pares","link":"https:\/\/www.claret.cat\/categoria-producto\/cat\/3_infantil-juvenil\/escola-de-pares\/"},{"label":"LA EDUCACI\u00d3N EN LA AMISTAD DURANTE LA ADOLESCENCIA","link":"https:\/\/www.claret.cat\/es\/libro\/la-educacion-en-la-amistad-durante-la-adolescencia-9788431333478\/"}],"_links":{"self":[{"href":"https:\/\/www.claret.cat\/es\/wp-json\/wp\/v2\/product\/113343","targetHints":{"allow":["GET"]}}],"collection":[{"href":"https:\/\/www.claret.cat\/es\/wp-json\/wp\/v2\/product"}],"about":[{"href":"https:\/\/www.claret.cat\/es\/wp-json\/wp\/v2\/types\/product"}],"wp:featuredmedia":[{"embeddable":true,"href":"https:\/\/www.claret.cat\/es\/wp-json\/wp\/v2\/media\/113344"}],"wp:attachment":[{"href":"https:\/\/www.claret.cat\/es\/wp-json\/wp\/v2\/media?parent=113343"}],"wp:term":[{"taxonomy":"product_brand","embeddable":true,"href":"https:\/\/www.claret.cat\/es\/wp-json\/wp\/v2\/product_brand?post=113343"},{"taxonomy":"product_cat","embeddable":true,"href":"https:\/\/www.claret.cat\/es\/wp-json\/wp\/v2\/product_cat?post=113343"},{"taxonomy":"product_tag","embeddable":true,"href":"https:\/\/www.claret.cat\/es\/wp-json\/wp\/v2\/product_tag?post=113343"}],"curies":[{"name":"wp","href":"https:\/\/api.w.org\/{rel}","templated":true}]}}