{"id":115279,"date":"2022-10-12T15:00:06","date_gmt":"2022-10-12T13:00:06","guid":{"rendered":"http:\/\/dev.claret.cat\/producte\/historia-de-las-diocesis-espanolas-mallorca-menorca-ibiza\/"},"modified":"2023-01-28T08:03:41","modified_gmt":"2023-01-28T07:03:41","slug":"historia-de-las-diocesis-espanolas-mallorca-menorca-ibiza","status":"publish","type":"product","link":"https:\/\/www.claret.cat\/es\/libro\/historia-de-las-diocesis-espanolas-mallorca-menorca-ibiza\/","title":{"rendered":"HISTORIA DE LAS DI\u00d3CESIS ESPA\u00d1OLAS: MALLORCA, MENORCA, IBIZA"},"content":{"rendered":"<p>La Historia de las di\u00f3cesis espa\u00f1olas es un proyecto concebido y realizado por la BAC con el fin de ofrecer a la cultura espa\u00f1ola al comienzo del tercer milenio, una s\u00edntesis de la historia de la Iglesia en Espa\u00f1a a trav\u00e9s de sus di\u00f3cesis o Iglesias locales. Su calidad historiogr\u00e1fica y literaria se sit\u00faa en el nivel de la \u00abalta divulgaci\u00f3n\u00bb, siguiendo una l\u00ednea \u00abgen\u00e9tico-narrativa\u00bb que enmarca en su contexto hist\u00f3rico la actividad de las di\u00f3cesis espa\u00f1olas desde sus principios hasta el umbral del siglo XXI. En su desarrollo han participado m\u00e1s de dos centenares de historiadores archiveros y especialistas en diversas disciplinas.<\/p>\n","protected":false},"excerpt":{"rendered":"<p>BIBLIOTECA DE AUTORES CRISTIANOS<\/p>\n","protected":false},"featured_media":115280,"template":"","meta":{"_acf_changed":false,"om_disable_all_campaigns":false,"rs_blank_template":"","rs_page_bg_color":"","slide_template_v7":"","inline_featured_image":false,"_monsterinsights_skip_tracking":false,"_monsterinsights_sitenote_active":false,"_monsterinsights_sitenote_note":"","_monsterinsights_sitenote_category":0},"product_brand":[],"product_cat":[16],"product_tag":[],"class_list":{"0":"post-115279","1":"product","2":"type-product","3":"status-publish","4":"has-post-thumbnail","6":"product_cat-sense-categoria","8":"first","9":"instock","10":"taxable","11":"shipping-taxable","12":"purchasable","13":"product-type-simple"},"acf":{"editorial":[{"ID":6139,"post_author":"3","post_date":"2022-07-28 17:45:43","post_date_gmt":"2022-07-28 15:45:43","post_content":"","post_title":"BAC","post_excerpt":"","post_status":"publish","comment_status":"closed","ping_status":"closed","post_password":"","post_name":"bac","to_ping":"","pinged":"","post_modified":"2022-07-28 17:45:43","post_modified_gmt":"2022-07-28 15:45:43","post_content_filtered":"","post_parent":0,"guid":"http:\/\/dev.claret.cat\/editorial\/bac\/","menu_order":0,"post_type":"editorial","post_mime_type":"","comment_count":"0","filter":"raw"}],"autor":"BIBLIOTECA DE AUTORES CRISTIANOS","codart":"842202105","libros-coleccion":"","ediciones":"1","encuadernacion":"R\u00fastica","fecha_de_publicacion":"24\/02\/2020","novedad":"1","paginas":"1096","subtitulo":"","orden":"0","portada":"0","idioma":"spa","autores-libros":[{"ID":151702,"post_author":"3","post_date":"2022-10-14 14:42:57","post_date_gmt":"2022-10-14 12:42:57","post_content":"","post_title":"BIBLIOTECA DE AUTORES CRISTIANOS","post_excerpt":"","post_status":"publish","comment_status":"closed","ping_status":"closed","post_password":"","post_name":"biblioteca-de-autores-cristianos","to_ping":"","pinged":"","post_modified":"2022-10-14 14:42:57","post_modified_gmt":"2022-10-14 12:42:57","post_content_filtered":"","post_parent":0,"guid":"http:\/\/dev.claret.cat\/autor\/biblioteca-de-autores-cristianos\/","menu_order":0,"post_type":"autor","post_mime_type":"","comment_count":"0","filter":"raw"}]},"aioseo_notices":[],"_links":{"self":[{"href":"https:\/\/www.claret.cat\/es\/wp-json\/wp\/v2\/product\/115279","targetHints":{"allow":["GET"]}}],"collection":[{"href":"https:\/\/www.claret.cat\/es\/wp-json\/wp\/v2\/product"}],"about":[{"href":"https:\/\/www.claret.cat\/es\/wp-json\/wp\/v2\/types\/product"}],"wp:featuredmedia":[{"embeddable":true,"href":"https:\/\/www.claret.cat\/es\/wp-json\/wp\/v2\/media\/115280"}],"wp:attachment":[{"href":"https:\/\/www.claret.cat\/es\/wp-json\/wp\/v2\/media?parent=115279"}],"wp:term":[{"taxonomy":"product_brand","embeddable":true,"href":"https:\/\/www.claret.cat\/es\/wp-json\/wp\/v2\/product_brand?post=115279"},{"taxonomy":"product_cat","embeddable":true,"href":"https:\/\/www.claret.cat\/es\/wp-json\/wp\/v2\/product_cat?post=115279"},{"taxonomy":"product_tag","embeddable":true,"href":"https:\/\/www.claret.cat\/es\/wp-json\/wp\/v2\/product_tag?post=115279"}],"curies":[{"name":"wp","href":"https:\/\/api.w.org\/{rel}","templated":true}]}}