{"id":117835,"date":"2022-10-12T15:37:27","date_gmt":"2022-10-12T13:37:27","guid":{"rendered":"http:\/\/dev.claret.cat\/producte\/por-que-no-ha-desaparecido-aun\/"},"modified":"2023-01-28T18:11:28","modified_gmt":"2023-01-28T17:11:28","slug":"por-que-no-ha-desaparecido-aun-9788494983467","status":"publish","type":"product","link":"https:\/\/www.claret.cat\/es\/libro\/por-que-no-ha-desaparecido-aun-9788494983467\/","title":{"rendered":"\u00bfPOR QU\u00c9 NO HA DESAPARECIDO A\u00daN?"},"content":{"rendered":"<p>\u00abHablemos del mundo, del cual el hombre ha desaparecido. Se trata de desaparici\u00f3n, y no de agotamiento, extinci\u00f3n o exterminio. El agotamiento de los recursos y la extinci\u00f3n de las especies son procesos f\u00edsicos o fen\u00f3menos naturales. Y toda la diferencia radica en que es muy probable que la especie humana sea la \u00fanica en haber inventado un modo espec\u00edfico de desaparici\u00f3n, que no tiene nada que ver con la ley de la naturaleza. Quiz\u00e1s incluso un arte de la desaparici\u00f3n.\u00bb En &#8216;Por qu\u00e9 no ha desaparecido todo a\u00fan?&#8217; se trata de la fotograf\u00eda como el ep\u00edtome de las relaciones de poder en la sociedad occidental. En &#8216;Carnaval y Can\u00edbal&#8217; se analiza la farsa de la historia como el paso final del sistema representativo y su exportaci\u00f3n al resto del mundo.<\/p>\n","protected":false},"excerpt":{"rendered":"<p>BAUDRILLARD JEAN<\/p>\n","protected":false},"featured_media":117836,"template":"","meta":{"_acf_changed":false,"om_disable_all_campaigns":false,"rs_blank_template":"","rs_page_bg_color":"","slide_template_v7":"","inline_featured_image":false,"_monsterinsights_skip_tracking":false,"_monsterinsights_sitenote_active":false,"_monsterinsights_sitenote_note":"","_monsterinsights_sitenote_category":0},"product_brand":[],"product_cat":[166],"product_tag":[],"class_list":{"0":"post-117835","1":"product","2":"type-product","3":"status-publish","4":"has-post-thumbnail","6":"product_cat-autors-filosofia","8":"first","9":"instock","10":"taxable","11":"shipping-taxable","12":"purchasable","13":"product-type-simple"},"acf":{"editorial":[{"ID":148091,"post_author":"3","post_date":"2022-10-14 11:55:34","post_date_gmt":"2022-10-14 09:55:34","post_content":"","post_title":"Enclave de Libros Ediciones","post_excerpt":"","post_status":"publish","comment_status":"closed","ping_status":"closed","post_password":"","post_name":"enclave-de-libros-ediciones","to_ping":"","pinged":"","post_modified":"2022-10-14 11:55:34","post_modified_gmt":"2022-10-14 09:55:34","post_content_filtered":"","post_parent":0,"guid":"http:\/\/dev.claret.cat\/editorial\/enclave-de-libros-ediciones\/","menu_order":0,"post_type":"editorial","post_mime_type":"","comment_count":"0","filter":"raw"}],"autor":"BAUDRILLARD JEAN","codart":"849498346","libros-coleccion":"CASA DE FIERAS","ediciones":"1","encuadernacion":"R\u00fastica","fecha_de_publicacion":"01\/01\/2020","novedad":"1","paginas":"126","subtitulo":"","orden":"0","portada":"0","idioma":"spa","autores-libros":[{"ID":151412,"post_author":"3","post_date":"2022-10-14 14:40:41","post_date_gmt":"2022-10-14 12:40:41","post_content":"","post_title":"BAUDRILLARD JEAN","post_excerpt":"","post_status":"publish","comment_status":"closed","ping_status":"closed","post_password":"","post_name":"baudrillard-jean","to_ping":"","pinged":"","post_modified":"2022-10-14 14:40:41","post_modified_gmt":"2022-10-14 12:40:41","post_content_filtered":"","post_parent":0,"guid":"http:\/\/dev.claret.cat\/autor\/baudrillard-jean\/","menu_order":0,"post_type":"autor","post_mime_type":"","comment_count":"0","filter":"raw"}]},"aioseo_notices":[],"_links":{"self":[{"href":"https:\/\/www.claret.cat\/es\/wp-json\/wp\/v2\/product\/117835","targetHints":{"allow":["GET"]}}],"collection":[{"href":"https:\/\/www.claret.cat\/es\/wp-json\/wp\/v2\/product"}],"about":[{"href":"https:\/\/www.claret.cat\/es\/wp-json\/wp\/v2\/types\/product"}],"wp:featuredmedia":[{"embeddable":true,"href":"https:\/\/www.claret.cat\/es\/wp-json\/wp\/v2\/media\/117836"}],"wp:attachment":[{"href":"https:\/\/www.claret.cat\/es\/wp-json\/wp\/v2\/media?parent=117835"}],"wp:term":[{"taxonomy":"product_brand","embeddable":true,"href":"https:\/\/www.claret.cat\/es\/wp-json\/wp\/v2\/product_brand?post=117835"},{"taxonomy":"product_cat","embeddable":true,"href":"https:\/\/www.claret.cat\/es\/wp-json\/wp\/v2\/product_cat?post=117835"},{"taxonomy":"product_tag","embeddable":true,"href":"https:\/\/www.claret.cat\/es\/wp-json\/wp\/v2\/product_tag?post=117835"}],"curies":[{"name":"wp","href":"https:\/\/api.w.org\/{rel}","templated":true}]}}