{"id":117913,"date":"2022-10-12T15:38:39","date_gmt":"2022-10-12T13:38:39","guid":{"rendered":"http:\/\/dev.claret.cat\/producte\/mala-letra\/"},"modified":"2023-01-28T11:02:40","modified_gmt":"2023-01-28T10:02:40","slug":"mala-letra-9788433960580","status":"publish","type":"product","link":"https:\/\/www.claret.cat\/es\/libro\/mala-letra-9788433960580\/","title":{"rendered":"MALA LETRA"},"content":{"rendered":"<p>La autora de este libro coge mal el l\u00e1piz. Lo ha cogido mal desde ni\u00f1a, cuan-do algunos profesores se empe\u00f1aban en corregirla porque \u00abhay que escribir como Dios manda\u00bb, e, incapaz de aprender, ha seguido cogi\u00e9ndolo mal hasta el d\u00eda de hoy, con todas las consecuencias. Porque&#8230; \u00bfpuede acaso salir buena letra de un l\u00e1piz torcido? \u00c9sta es una de las cuestiones que planean sobre este conjunto de cuentos: la de la escritura ind\u00f3cil, libre y acelerada, la escritura que ara\u00f1a y rasga la memoria, que destroza los recuerdos y hace de ellos otra cosa.<br \/> Las historias que aparecen en este volumen abordan temas como la culpa y la redenci\u00f3n, la falta de libertad y esos \u00abpeque\u00f1os instantes, epifan\u00edas, revelaciones, im\u00e1genes que se abren, palabras que se desdoblan\u00bb, cuando \u00abalgo se quiebra, y todo cambia\u00bb. Ni\u00f1os que se resisten a obedecer y que viven con asombro y soledad el dif\u00edcil proceso de crecer; chicas rebeldes cuya rebeld\u00eda es subterr\u00e1nea, rabiosa y poco aprovechable; seres atormentados o no por los remordimientos y las dudas; picabueyes y nutrias que representan agresi\u00f3n o consuelo; el desconcierto de vidas en apariencia normales que a veces encierran cr\u00edmenes y otras \u00fanicamente el deseo de cometerlos.<\/p>\n","protected":false},"excerpt":{"rendered":"<p>MESA, SARA<\/p>\n","protected":false},"featured_media":117914,"template":"","meta":{"_acf_changed":false,"om_disable_all_campaigns":false,"rs_blank_template":"","rs_page_bg_color":"","slide_template_v7":"","inline_featured_image":false,"_monsterinsights_skip_tracking":false,"_monsterinsights_sitenote_active":false,"_monsterinsights_sitenote_note":"","_monsterinsights_sitenote_category":0},"product_brand":[],"product_cat":[16],"product_tag":[],"class_list":{"0":"post-117913","1":"product","2":"type-product","3":"status-publish","4":"has-post-thumbnail","6":"product_cat-sense-categoria","8":"first","9":"instock","10":"taxable","11":"shipping-taxable","12":"purchasable","13":"product-type-simple"},"acf":{"editorial":[{"ID":6219,"post_author":"3","post_date":"2022-07-28 17:47:26","post_date_gmt":"2022-07-28 15:47:26","post_content":"","post_title":"Editorial Anagrama S.A.","post_excerpt":"","post_status":"publish","comment_status":"closed","ping_status":"closed","post_password":"","post_name":"editorial-anagrama-s-a","to_ping":"","pinged":"","post_modified":"2022-07-28 17:47:26","post_modified_gmt":"2022-07-28 15:47:26","post_content_filtered":"","post_parent":0,"guid":"http:\/\/dev.claret.cat\/editorial\/editorial-anagrama-s-a\/","menu_order":0,"post_type":"editorial","post_mime_type":"","comment_count":"0","filter":"raw"}],"autor":"MESA, SARA","codart":"843396058","libros-coleccion":"Compactos","ediciones":"1","encuadernacion":"R\u00fastica","fecha_de_publicacion":"01\/01\/2020","novedad":"1","paginas":"198","subtitulo":"","orden":"0","portada":"0","idioma":"spa","autores-libros":[{"ID":169114,"post_author":"3","post_date":"2022-10-14 22:24:35","post_date_gmt":"2022-10-14 20:24:35","post_content":"","post_title":"SARA MESA","post_excerpt":"","post_status":"publish","comment_status":"closed","ping_status":"closed","post_password":"","post_name":"sara-mesa","to_ping":"","pinged":"","post_modified":"2022-10-14 22:24:35","post_modified_gmt":"2022-10-14 20:24:35","post_content_filtered":"","post_parent":0,"guid":"http:\/\/dev.claret.cat\/autor\/sara-mesa\/","menu_order":0,"post_type":"autor","post_mime_type":"","comment_count":"0","filter":"raw"}]},"aioseo_notices":[],"_links":{"self":[{"href":"https:\/\/www.claret.cat\/es\/wp-json\/wp\/v2\/product\/117913","targetHints":{"allow":["GET"]}}],"collection":[{"href":"https:\/\/www.claret.cat\/es\/wp-json\/wp\/v2\/product"}],"about":[{"href":"https:\/\/www.claret.cat\/es\/wp-json\/wp\/v2\/types\/product"}],"wp:featuredmedia":[{"embeddable":true,"href":"https:\/\/www.claret.cat\/es\/wp-json\/wp\/v2\/media\/117914"}],"wp:attachment":[{"href":"https:\/\/www.claret.cat\/es\/wp-json\/wp\/v2\/media?parent=117913"}],"wp:term":[{"taxonomy":"product_brand","embeddable":true,"href":"https:\/\/www.claret.cat\/es\/wp-json\/wp\/v2\/product_brand?post=117913"},{"taxonomy":"product_cat","embeddable":true,"href":"https:\/\/www.claret.cat\/es\/wp-json\/wp\/v2\/product_cat?post=117913"},{"taxonomy":"product_tag","embeddable":true,"href":"https:\/\/www.claret.cat\/es\/wp-json\/wp\/v2\/product_tag?post=117913"}],"curies":[{"name":"wp","href":"https:\/\/api.w.org\/{rel}","templated":true}]}}