{"id":122842,"date":"2022-10-12T16:54:20","date_gmt":"2022-10-12T14:54:20","guid":{"rendered":"http:\/\/dev.claret.cat\/producte\/y-si-el-otro-no-estuviera-ahi\/"},"modified":"2023-01-28T08:09:35","modified_gmt":"2023-01-28T07:09:35","slug":"y-si-el-otro-no-estuviera-ahi-9789509467866","status":"publish","type":"product","link":"https:\/\/www.claret.cat\/es\/libro\/y-si-el-otro-no-estuviera-ahi-9789509467866\/","title":{"rendered":"\u00bfY SI EL OTRO NO ESTUVIERA AHI?"},"content":{"rendered":"<p>\u00abSe trata de un libro para leer despacio, dej\u00e1ndonos leer por \u00e9l y aventur\u00e1ndonos a revivir, en sus espacios, nuestras propias relaciones con el &#8216;otro&#8217;, ese &#8216;otro&#8217; que puede ser una palabra, un mero escondite para uno mismo, pero ese &#8216;otro&#8217; con el que todos y cada uno hoy y siempre nos hemos encontrado porque est\u00e1 entre nosotros, pues \u00bfy si el otro no estuviera ah\u00ed? Seguramente, si el otro no estuviera ah\u00ed no habr\u00eda palabra, no habr\u00eda relaci\u00f3n, no habr\u00eda vida humana (&#8230;). Este libro nos gu\u00eda en una reflexi\u00f3n sobre lo establecido como correcto acerca del otro, despertando en quienes lo leen un desasosiego que anuncia la aventura de pensar y sentir de otro modo la relaci\u00f3n con el otro y, en consecuencia, la relaci\u00f3n con el mundo en que vivimos\u00bb. Fragmento del Pr\u00f3logo de Nuria P\u00e9rez de Lara.<\/p>\n","protected":false},"excerpt":{"rendered":"<p>SKLIAR, CARLOS<\/p>\n","protected":false},"featured_media":122843,"template":"","meta":{"_acf_changed":false,"om_disable_all_campaigns":false,"rs_blank_template":"","rs_page_bg_color":"","slide_template_v7":"","inline_featured_image":false,"_monsterinsights_skip_tracking":false,"_monsterinsights_sitenote_active":false,"_monsterinsights_sitenote_note":"","_monsterinsights_sitenote_category":0},"product_brand":[],"product_cat":[166],"product_tag":[],"class_list":{"0":"post-122842","1":"product","2":"type-product","3":"status-publish","4":"has-post-thumbnail","6":"product_cat-autors-filosofia","8":"first","9":"instock","10":"taxable","11":"shipping-taxable","12":"purchasable","13":"product-type-simple"},"acf":{"autor":"SKLIAR, CARLOS","codart":"950946786","libros-coleccion":"","ediciones":"1","encuadernacion":"R\u00fastica","fecha_de_publicacion":"01\/11\/2015","novedad":"1","paginas":"168","subtitulo":"NOTAS PARA UNA PEDAGOG\u00cdA (IMPROBABLE) DE LA DIFERENCIA","orden":"0","portada":"0","idioma":"spa","editorial":[{"ID":148532,"post_author":"3","post_date":"2022-10-14 11:58:59","post_date_gmt":"2022-10-14 09:58:59","post_content":"","post_title":"Mi\u00f1o y D\u00e1vila Editores","post_excerpt":"","post_status":"publish","comment_status":"closed","ping_status":"closed","post_password":"","post_name":"mino-y-davila-editores","to_ping":"","pinged":"","post_modified":"2022-10-14 11:58:59","post_modified_gmt":"2022-10-14 09:58:59","post_content_filtered":"","post_parent":0,"guid":"http:\/\/dev.claret.cat\/editorial\/mino-y-davila-editores\/","menu_order":0,"post_type":"editorial","post_mime_type":"","comment_count":"0","filter":"raw"}],"autores-libros":[{"ID":152331,"post_author":"3","post_date":"2022-10-14 14:47:55","post_date_gmt":"2022-10-14 12:47:55","post_content":"","post_title":"CARLOS SKLIAR","post_excerpt":"","post_status":"publish","comment_status":"closed","ping_status":"closed","post_password":"","post_name":"carlos-skliar","to_ping":"","pinged":"","post_modified":"2022-10-14 14:47:55","post_modified_gmt":"2022-10-14 12:47:55","post_content_filtered":"","post_parent":0,"guid":"http:\/\/dev.claret.cat\/autor\/carlos-skliar\/","menu_order":0,"post_type":"autor","post_mime_type":"","comment_count":"0","filter":"raw"}]},"aioseo_notices":[],"_links":{"self":[{"href":"https:\/\/www.claret.cat\/es\/wp-json\/wp\/v2\/product\/122842","targetHints":{"allow":["GET"]}}],"collection":[{"href":"https:\/\/www.claret.cat\/es\/wp-json\/wp\/v2\/product"}],"about":[{"href":"https:\/\/www.claret.cat\/es\/wp-json\/wp\/v2\/types\/product"}],"wp:featuredmedia":[{"embeddable":true,"href":"https:\/\/www.claret.cat\/es\/wp-json\/wp\/v2\/media\/122843"}],"wp:attachment":[{"href":"https:\/\/www.claret.cat\/es\/wp-json\/wp\/v2\/media?parent=122842"}],"wp:term":[{"taxonomy":"product_brand","embeddable":true,"href":"https:\/\/www.claret.cat\/es\/wp-json\/wp\/v2\/product_brand?post=122842"},{"taxonomy":"product_cat","embeddable":true,"href":"https:\/\/www.claret.cat\/es\/wp-json\/wp\/v2\/product_cat?post=122842"},{"taxonomy":"product_tag","embeddable":true,"href":"https:\/\/www.claret.cat\/es\/wp-json\/wp\/v2\/product_tag?post=122842"}],"curies":[{"name":"wp","href":"https:\/\/api.w.org\/{rel}","templated":true}]}}