{"id":126382,"date":"2022-10-12T22:21:51","date_gmt":"2022-10-12T20:21:51","guid":{"rendered":"http:\/\/dev.claret.cat\/producte\/lagranidea-falla-la-democracia\/"},"modified":"2023-01-28T01:28:59","modified_gmt":"2023-01-28T00:28:59","slug":"lagranidea-falla-la-democracia-9788417757328","status":"publish","type":"product","link":"https:\/\/www.claret.cat\/es\/libro\/lagranidea-falla-la-democracia-9788417757328\/","title":{"rendered":"LAGRANIDEA. \u00bfFALLA LA DEMOCRACIA?"},"content":{"rendered":"<p>* Actualmente solo cuatro pa\u00edses del mundo no se definen a s\u00ed mismos como democracias, aunque muchos no cumplen los cuatro requisitos b\u00e1sicos de una democracia: elecciones libres y justas, participaci\u00f3n activa de la ciudadan\u00eda en la pol\u00edtica, protecci\u00f3n de los derechos humanos y Estado de derecho.  Desde 2015, pol\u00edticos ultraderechistas y populistas han ganado protagonismo en Occidente. \u00bfSon la nueva cara de la democracia?  \u00bfLa democracia es, solo, la voluntad del pueblo? \u00bfCualquier Gobierno puede asegurar ser democr\u00e1tico? Esta cautivadora obra pone en entredicho las formas contempor\u00e1neas de la democracia y cuestiona su estado de salud. La Gran Idea, una serie transgresora y divulgativa, provocadora y sugerente, dirige una mirada nueva a las ideas fundamentales con m\u00e1s repercusi\u00f3n en nuestra vida y en el mundo actual. Su enfoque visual \u00fanico y la organizaci\u00f3n estratificada de los textos facilitan la comprensi\u00f3n de conceptos complejos y le proporcionan a todo el p\u00fablicoas herramientas necesarias para participar en el debate.<\/p>\n","protected":false},"excerpt":{"rendered":"<p>DASANDI, NIHEER \/ TAYLOR, MATTHEW<\/p>\n","protected":false},"featured_media":126383,"template":"","meta":{"_acf_changed":false,"om_disable_all_campaigns":false,"rs_blank_template":"","rs_page_bg_color":"","slide_template_v7":"","inline_featured_image":false,"_monsterinsights_skip_tracking":false},"product_brand":[],"product_cat":[120],"product_tag":[],"class_list":["post-126382","product","type-product","status-publish","has-post-thumbnail","product_cat-politica","first","instock","taxable","shipping-taxable","purchasable","product-type-simple"],"acf":{"autor":"DASANDI, NIHEER \/ TAYLOR, MATTHEW","codart":"841775732","libros-coleccion":"La Gran Idea","ediciones":"1","encuadernacion":"R\u00fastica","fecha_de_publicacion":"01\/07\/2019","novedad":"1","paginas":"0","subtitulo":"","orden":"0","portada":"0","idioma":"spa","editorial":[{"ID":147554,"post_author":"3","post_date":"2022-10-14 11:51:27","post_date_gmt":"2022-10-14 09:51:27","post_content":"","post_title":"BLUME (Naturart)","post_excerpt":"","post_status":"publish","comment_status":"closed","ping_status":"closed","post_password":"","post_name":"blume-naturart","to_ping":"","pinged":"","post_modified":"2022-10-14 11:51:27","post_modified_gmt":"2022-10-14 09:51:27","post_content_filtered":"","post_parent":0,"guid":"http:\/\/dev.claret.cat\/editorial\/blume-naturart\/","menu_order":0,"post_type":"editorial","post_mime_type":"","comment_count":"0","filter":"raw"}],"autores-libros":[{"ID":164496,"post_author":"3","post_date":"2022-10-14 17:47:32","post_date_gmt":"2022-10-14 15:47:32","post_content":"","post_title":"MATTHEW TAYLOR","post_excerpt":"","post_status":"publish","comment_status":"closed","ping_status":"closed","post_password":"","post_name":"matthew-taylor","to_ping":"","pinged":"","post_modified":"2022-10-14 17:47:32","post_modified_gmt":"2022-10-14 15:47:32","post_content_filtered":"","post_parent":0,"guid":"http:\/\/dev.claret.cat\/autor\/matthew-taylor\/","menu_order":0,"post_type":"autor","post_mime_type":"","comment_count":"0","filter":"raw"},{"ID":165869,"post_author":"3","post_date":"2022-10-14 17:58:35","post_date_gmt":"2022-10-14 15:58:35","post_content":"","post_title":"NIHEER DASANDI","post_excerpt":"","post_status":"publish","comment_status":"closed","ping_status":"closed","post_password":"","post_name":"niheer-dasandi","to_ping":"","pinged":"","post_modified":"2022-10-14 17:58:35","post_modified_gmt":"2022-10-14 15:58:35","post_content_filtered":"","post_parent":0,"guid":"http:\/\/dev.claret.cat\/autor\/niheer-dasandi\/","menu_order":0,"post_type":"autor","post_mime_type":"","comment_count":"0","filter":"raw"}]},"aioseo_notices":[],"aioseo_head":"\n\t\t<!-- All in One SEO Pro 5.0.1.1 - aioseo.com -->\n\t<meta name=\"description\" content=\"LAGRANIDEA. \u00bfFALLA LA DEMOCRACIA? de DASANDI, NIHEER \/ TAYLOR, MATTHEW disponible a\/en Llibreria Claret.\" \/>\n\t<meta name=\"robots\" content=\"max-image-preview:large\" \/>\n\t<meta name=\"google-site-verification\" content=\"xVtlFxJ-TfkIu-D-lt7XeLobefg5EIQiXTuqcSf8Rf0\" \/>\n\t<link rel=\"canonical\" href=\"https:\/\/www.claret.cat\/es\/libro\/lagranidea-falla-la-democracia-9788417757328\/\" \/>\n\t<meta name=\"generator\" content=\"All in One SEO Pro (AIOSEO) 5.0.1.1\" \/>\n\t\t<meta property=\"og:locale\" content=\"es_ES\" \/>\n\t\t<meta property=\"og:site_name\" content=\"Llibreria Claret - Llibreria religiosa a Barcelona\" \/>\n\t\t<meta property=\"og:type\" content=\"article\" \/>\n\t\t<meta property=\"og:title\" content=\"LAGRANIDEA. \u00bfFALLA LA DEMOCRACIA? - DASANDI, NIHEER \/ TAYLOR, MATTHEW 9788417757328 | Llibreria Claret\" \/>\n\t\t<meta property=\"og:description\" content=\"LAGRANIDEA. \u00bfFALLA LA DEMOCRACIA? de DASANDI, NIHEER \/ TAYLOR, MATTHEW disponible a\/en Llibreria Claret.\" \/>\n\t\t<meta property=\"og:url\" content=\"https:\/\/www.claret.cat\/es\/libro\/lagranidea-falla-la-democracia-9788417757328\/\" \/>\n\t\t<meta property=\"og:image\" content=\"https:\/\/dev.claret.cat\/wp-content\/uploads\/logo-claret.svg\" \/>\n\t\t<meta property=\"og:image:secure_url\" content=\"https:\/\/dev.claret.cat\/wp-content\/uploads\/logo-claret.svg\" \/>\n\t\t<meta property=\"article:published_time\" content=\"2022-10-12T20:21:51+00:00\" \/>\n\t\t<meta property=\"article:modified_time\" content=\"2023-01-28T00:28:59+00:00\" \/>\n\t\t<meta property=\"article:publisher\" content=\"https:\/\/www.facebook.com\/LlibreriaClaret\" \/>\n\t\t<meta name=\"twitter:card\" content=\"summary_large_image\" \/>\n\t\t<meta name=\"twitter:site\" content=\"@LlibreriaClaret\" \/>\n\t\t<meta name=\"twitter:title\" content=\"LAGRANIDEA. \u00bfFALLA LA DEMOCRACIA? - DASANDI, NIHEER \/ TAYLOR, MATTHEW 9788417757328 | Llibreria Claret\" \/>\n\t\t<meta name=\"twitter:description\" content=\"LAGRANIDEA. \u00bfFALLA LA DEMOCRACIA? de DASANDI, NIHEER \/ TAYLOR, MATTHEW disponible a\/en Llibreria Claret.\" \/>\n\t\t<meta name=\"twitter:image\" content=\"http:\/\/dev.claret.cat\/wp-content\/uploads\/logo-claret.svg\" \/>\n\t\t<script type=\"application\/ld+json\" class=\"aioseo-schema\">\n\t\t\t{\"@context\":\"https:\\\/\\\/schema.org\",\"@graph\":[{\"@type\":\"BreadcrumbList\",\"@id\":\"https:\\\/\\\/www.claret.cat\\\/es\\\/libro\\\/lagranidea-falla-la-democracia-9788417757328\\\/#breadcrumblist\",\"itemListElement\":[{\"@type\":\"ListItem\",\"@id\":\"https:\\\/\\\/www.claret.cat\\\/es\\\/#listItem\",\"position\":1,\"name\":\"Home\",\"item\":\"https:\\\/\\\/www.claret.cat\\\/es\\\/\",\"nextItem\":{\"@type\":\"ListItem\",\"@id\":\"https:\\\/\\\/www.claret.cat\\\/?page_id=16#listItem\",\"name\":\"Botiga\"}},{\"@type\":\"ListItem\",\"@id\":\"https:\\\/\\\/www.claret.cat\\\/?page_id=16#listItem\",\"position\":2,\"name\":\"Botiga\",\"item\":\"https:\\\/\\\/www.claret.cat\\\/?page_id=16\",\"nextItem\":{\"@type\":\"ListItem\",\"@id\":\"https:\\\/\\\/www.claret.cat\\\/categoria-producto\\\/cat\\\/#listItem\",\"name\":\"CAT\"},\"previousItem\":{\"@type\":\"ListItem\",\"@id\":\"https:\\\/\\\/www.claret.cat\\\/es\\\/#listItem\",\"name\":\"Home\"}},{\"@type\":\"ListItem\",\"@id\":\"https:\\\/\\\/www.claret.cat\\\/categoria-producto\\\/cat\\\/#listItem\",\"position\":3,\"name\":\"CAT\",\"item\":\"https:\\\/\\\/www.claret.cat\\\/categoria-producto\\\/cat\\\/\",\"nextItem\":{\"@type\":\"ListItem\",\"@id\":\"https:\\\/\\\/www.claret.cat\\\/categoria-producto\\\/cat\\\/2_humanitats\\\/#listItem\",\"name\":\"Humanitats\"},\"previousItem\":{\"@type\":\"ListItem\",\"@id\":\"https:\\\/\\\/www.claret.cat\\\/?page_id=16#listItem\",\"name\":\"Botiga\"}},{\"@type\":\"ListItem\",\"@id\":\"https:\\\/\\\/www.claret.cat\\\/categoria-producto\\\/cat\\\/2_humanitats\\\/#listItem\",\"position\":4,\"name\":\"Humanitats\",\"item\":\"https:\\\/\\\/www.claret.cat\\\/categoria-producto\\\/cat\\\/2_humanitats\\\/\",\"nextItem\":{\"@type\":\"ListItem\",\"@id\":\"https:\\\/\\\/www.claret.cat\\\/categoria-producto\\\/cat\\\/2_humanitats\\\/politica\\\/#listItem\",\"name\":\"Pol\\u00edtica\"},\"previousItem\":{\"@type\":\"ListItem\",\"@id\":\"https:\\\/\\\/www.claret.cat\\\/categoria-producto\\\/cat\\\/#listItem\",\"name\":\"CAT\"}},{\"@type\":\"ListItem\",\"@id\":\"https:\\\/\\\/www.claret.cat\\\/categoria-producto\\\/cat\\\/2_humanitats\\\/politica\\\/#listItem\",\"position\":5,\"name\":\"Pol\\u00edtica\",\"item\":\"https:\\\/\\\/www.claret.cat\\\/categoria-producto\\\/cat\\\/2_humanitats\\\/politica\\\/\",\"nextItem\":{\"@type\":\"ListItem\",\"@id\":\"https:\\\/\\\/www.claret.cat\\\/es\\\/libro\\\/lagranidea-falla-la-democracia-9788417757328\\\/#listItem\",\"name\":\"LAGRANIDEA. \\u00bfFALLA LA DEMOCRACIA?\"},\"previousItem\":{\"@type\":\"ListItem\",\"@id\":\"https:\\\/\\\/www.claret.cat\\\/categoria-producto\\\/cat\\\/2_humanitats\\\/#listItem\",\"name\":\"Humanitats\"}},{\"@type\":\"ListItem\",\"@id\":\"https:\\\/\\\/www.claret.cat\\\/es\\\/libro\\\/lagranidea-falla-la-democracia-9788417757328\\\/#listItem\",\"position\":6,\"name\":\"LAGRANIDEA. \\u00bfFALLA LA DEMOCRACIA?\",\"previousItem\":{\"@type\":\"ListItem\",\"@id\":\"https:\\\/\\\/www.claret.cat\\\/categoria-producto\\\/cat\\\/2_humanitats\\\/politica\\\/#listItem\",\"name\":\"Pol\\u00edtica\"}}]},{\"@type\":\"ItemPage\",\"@id\":\"https:\\\/\\\/www.claret.cat\\\/es\\\/libro\\\/lagranidea-falla-la-democracia-9788417757328\\\/#itempage\",\"url\":\"https:\\\/\\\/www.claret.cat\\\/es\\\/libro\\\/lagranidea-falla-la-democracia-9788417757328\\\/\",\"name\":\"LAGRANIDEA. \\u00bfFALLA LA DEMOCRACIA? - DASANDI, NIHEER \\\/ TAYLOR, MATTHEW 9788417757328 | Llibreria Claret\",\"description\":\"LAGRANIDEA. \\u00bfFALLA LA DEMOCRACIA? de DASANDI, NIHEER \\\/ TAYLOR, MATTHEW disponible a\\\/en Llibreria Claret.\",\"inLanguage\":\"es-ES\",\"isPartOf\":{\"@id\":\"https:\\\/\\\/www.claret.cat\\\/es\\\/#website\"},\"breadcrumb\":{\"@id\":\"https:\\\/\\\/www.claret.cat\\\/es\\\/libro\\\/lagranidea-falla-la-democracia-9788417757328\\\/#breadcrumblist\"},\"image\":{\"@type\":\"ImageObject\",\"url\":\"https:\\\/\\\/www.claret.cat\\\/wp-content\\\/uploads\\\/.\\\/9788417757328.jpg\",\"@id\":\"https:\\\/\\\/www.claret.cat\\\/es\\\/libro\\\/lagranidea-falla-la-democracia-9788417757328\\\/#mainImage\",\"width\":225,\"height\":338,\"caption\":\"9788417757328.jpg\"},\"primaryImageOfPage\":{\"@id\":\"https:\\\/\\\/www.claret.cat\\\/es\\\/libro\\\/lagranidea-falla-la-democracia-9788417757328\\\/#mainImage\"},\"datePublished\":\"2022-10-12T22:21:51+02:00\",\"dateModified\":\"2023-01-28T01:28:59+01:00\"},{\"@type\":\"Organization\",\"@id\":\"https:\\\/\\\/www.claret.cat\\\/es\\\/#organization\",\"name\":\"Llibreria Claret\",\"description\":\"Llibreria religiosa a Barcelona\",\"url\":\"https:\\\/\\\/www.claret.cat\\\/es\\\/\",\"email\":\"comunicacio@claret.cat\",\"telephone\":\"+34933010887\",\"logo\":{\"@type\":\"ImageObject\",\"url\":\"https:\\\/\\\/www.claret.cat\\\/wp-content\\\/uploads\\\/.\\\/logo-claret-es.png\",\"@id\":\"https:\\\/\\\/www.claret.cat\\\/es\\\/libro\\\/lagranidea-falla-la-democracia-9788417757328\\\/#organizationLogo\",\"width\":195,\"height\":79},\"image\":{\"@id\":\"https:\\\/\\\/www.claret.cat\\\/es\\\/libro\\\/lagranidea-falla-la-democracia-9788417757328\\\/#organizationLogo\"},\"sameAs\":[\"https:\\\/\\\/www.facebook.com\\\/LlibreriaClaret\",\"https:\\\/\\\/twitter.com\\\/LlibreriaClaret\",\"https:\\\/\\\/www.instagram.com\\\/llibreriaclaret\\\/\",\"https:\\\/\\\/www.tiktok.com\\\/@llibreriaclaret\",\"https:\\\/\\\/www.youtube.com\\\/@llibreriaclaret\",\"https:\\\/\\\/ca.wikipedia.org\\\/wiki\\\/Editorial_Claret\"]},{\"@type\":\"WebPage\",\"@id\":\"https:\\\/\\\/www.claret.cat\\\/es\\\/libro\\\/lagranidea-falla-la-democracia-9788417757328\\\/#webpage\",\"url\":\"https:\\\/\\\/www.claret.cat\\\/es\\\/libro\\\/lagranidea-falla-la-democracia-9788417757328\\\/\",\"name\":\"LAGRANIDEA. \\u00bfFALLA LA DEMOCRACIA? - DASANDI, NIHEER \\\/ TAYLOR, MATTHEW 9788417757328 | Llibreria Claret\",\"description\":\"LAGRANIDEA. \\u00bfFALLA LA DEMOCRACIA? de DASANDI, NIHEER \\\/ TAYLOR, MATTHEW disponible a\\\/en Llibreria Claret.\",\"inLanguage\":\"es-ES\",\"isPartOf\":{\"@id\":\"https:\\\/\\\/www.claret.cat\\\/es\\\/#website\"},\"breadcrumb\":{\"@id\":\"https:\\\/\\\/www.claret.cat\\\/es\\\/libro\\\/lagranidea-falla-la-democracia-9788417757328\\\/#breadcrumblist\"},\"image\":{\"@type\":\"ImageObject\",\"url\":\"https:\\\/\\\/www.claret.cat\\\/wp-content\\\/uploads\\\/.\\\/9788417757328.jpg\",\"@id\":\"https:\\\/\\\/www.claret.cat\\\/es\\\/libro\\\/lagranidea-falla-la-democracia-9788417757328\\\/#mainImage\",\"width\":225,\"height\":338,\"caption\":\"9788417757328.jpg\"},\"primaryImageOfPage\":{\"@id\":\"https:\\\/\\\/www.claret.cat\\\/es\\\/libro\\\/lagranidea-falla-la-democracia-9788417757328\\\/#mainImage\"},\"datePublished\":\"2022-10-12T22:21:51+02:00\",\"dateModified\":\"2023-01-28T01:28:59+01:00\"},{\"@type\":\"WebSite\",\"@id\":\"https:\\\/\\\/www.claret.cat\\\/es\\\/#website\",\"url\":\"https:\\\/\\\/www.claret.cat\\\/es\\\/\",\"name\":\"Llibreria Claret Barcelona\",\"alternateName\":\"Llibreria Claret\",\"description\":\"Llibreria religiosa a Barcelona\",\"inLanguage\":\"es-ES\",\"publisher\":{\"@id\":\"https:\\\/\\\/www.claret.cat\\\/es\\\/#organization\"}}]}\n\t\t<\/script>\n\t\t<!-- All in One SEO Pro -->\r\n\t\t<title>LAGRANIDEA. \u00bfFALLA LA DEMOCRACIA? - DASANDI, NIHEER \/ TAYLOR, MATTHEW 9788417757328 | Llibreria Claret<\/title>\n\n","aioseo_head_json":{"title":"LAGRANIDEA. \u00bfFALLA LA DEMOCRACIA? - DASANDI, NIHEER \/ TAYLOR, MATTHEW 9788417757328 | Llibreria Claret","description":"LAGRANIDEA. \u00bfFALLA LA DEMOCRACIA? de DASANDI, NIHEER \/ TAYLOR, MATTHEW disponible a\/en Llibreria Claret.","canonical_url":"https:\/\/www.claret.cat\/es\/libro\/lagranidea-falla-la-democracia-9788417757328\/","robots":"max-image-preview:large","keywords":"","webmasterTools":{"google-site-verification":"xVtlFxJ-TfkIu-D-lt7XeLobefg5EIQiXTuqcSf8Rf0","miscellaneous":""},"schema":{"@context":"https:\/\/schema.org","@graph":[{"@type":"BreadcrumbList","@id":"https:\/\/www.claret.cat\/es\/libro\/lagranidea-falla-la-democracia-9788417757328\/#breadcrumblist","itemListElement":[{"@type":"ListItem","@id":"https:\/\/www.claret.cat\/es\/#listItem","position":1,"name":"Home","item":"https:\/\/www.claret.cat\/es\/","nextItem":{"@type":"ListItem","@id":"https:\/\/www.claret.cat\/?page_id=16#listItem","name":"Botiga"}},{"@type":"ListItem","@id":"https:\/\/www.claret.cat\/?page_id=16#listItem","position":2,"name":"Botiga","item":"https:\/\/www.claret.cat\/?page_id=16","nextItem":{"@type":"ListItem","@id":"https:\/\/www.claret.cat\/categoria-producto\/cat\/#listItem","name":"CAT"},"previousItem":{"@type":"ListItem","@id":"https:\/\/www.claret.cat\/es\/#listItem","name":"Home"}},{"@type":"ListItem","@id":"https:\/\/www.claret.cat\/categoria-producto\/cat\/#listItem","position":3,"name":"CAT","item":"https:\/\/www.claret.cat\/categoria-producto\/cat\/","nextItem":{"@type":"ListItem","@id":"https:\/\/www.claret.cat\/categoria-producto\/cat\/2_humanitats\/#listItem","name":"Humanitats"},"previousItem":{"@type":"ListItem","@id":"https:\/\/www.claret.cat\/?page_id=16#listItem","name":"Botiga"}},{"@type":"ListItem","@id":"https:\/\/www.claret.cat\/categoria-producto\/cat\/2_humanitats\/#listItem","position":4,"name":"Humanitats","item":"https:\/\/www.claret.cat\/categoria-producto\/cat\/2_humanitats\/","nextItem":{"@type":"ListItem","@id":"https:\/\/www.claret.cat\/categoria-producto\/cat\/2_humanitats\/politica\/#listItem","name":"Pol\u00edtica"},"previousItem":{"@type":"ListItem","@id":"https:\/\/www.claret.cat\/categoria-producto\/cat\/#listItem","name":"CAT"}},{"@type":"ListItem","@id":"https:\/\/www.claret.cat\/categoria-producto\/cat\/2_humanitats\/politica\/#listItem","position":5,"name":"Pol\u00edtica","item":"https:\/\/www.claret.cat\/categoria-producto\/cat\/2_humanitats\/politica\/","nextItem":{"@type":"ListItem","@id":"https:\/\/www.claret.cat\/es\/libro\/lagranidea-falla-la-democracia-9788417757328\/#listItem","name":"LAGRANIDEA. \u00bfFALLA LA DEMOCRACIA?"},"previousItem":{"@type":"ListItem","@id":"https:\/\/www.claret.cat\/categoria-producto\/cat\/2_humanitats\/#listItem","name":"Humanitats"}},{"@type":"ListItem","@id":"https:\/\/www.claret.cat\/es\/libro\/lagranidea-falla-la-democracia-9788417757328\/#listItem","position":6,"name":"LAGRANIDEA. \u00bfFALLA LA DEMOCRACIA?","previousItem":{"@type":"ListItem","@id":"https:\/\/www.claret.cat\/categoria-producto\/cat\/2_humanitats\/politica\/#listItem","name":"Pol\u00edtica"}}]},{"@type":"ItemPage","@id":"https:\/\/www.claret.cat\/es\/libro\/lagranidea-falla-la-democracia-9788417757328\/#itempage","url":"https:\/\/www.claret.cat\/es\/libro\/lagranidea-falla-la-democracia-9788417757328\/","name":"LAGRANIDEA. \u00bfFALLA LA DEMOCRACIA? - DASANDI, NIHEER \/ TAYLOR, MATTHEW 9788417757328 | Llibreria Claret","description":"LAGRANIDEA. \u00bfFALLA LA DEMOCRACIA? de DASANDI, NIHEER \/ TAYLOR, MATTHEW disponible a\/en Llibreria Claret.","inLanguage":"es-ES","isPartOf":{"@id":"https:\/\/www.claret.cat\/es\/#website"},"breadcrumb":{"@id":"https:\/\/www.claret.cat\/es\/libro\/lagranidea-falla-la-democracia-9788417757328\/#breadcrumblist"},"image":{"@type":"ImageObject","url":"https:\/\/www.claret.cat\/wp-content\/uploads\/.\/9788417757328.jpg","@id":"https:\/\/www.claret.cat\/es\/libro\/lagranidea-falla-la-democracia-9788417757328\/#mainImage","width":225,"height":338,"caption":"9788417757328.jpg"},"primaryImageOfPage":{"@id":"https:\/\/www.claret.cat\/es\/libro\/lagranidea-falla-la-democracia-9788417757328\/#mainImage"},"datePublished":"2022-10-12T22:21:51+02:00","dateModified":"2023-01-28T01:28:59+01:00"},{"@type":"Organization","@id":"https:\/\/www.claret.cat\/es\/#organization","name":"Llibreria Claret","description":"Llibreria religiosa a Barcelona","url":"https:\/\/www.claret.cat\/es\/","email":"comunicacio@claret.cat","telephone":"+34933010887","logo":{"@type":"ImageObject","url":"https:\/\/www.claret.cat\/wp-content\/uploads\/.\/logo-claret-es.png","@id":"https:\/\/www.claret.cat\/es\/libro\/lagranidea-falla-la-democracia-9788417757328\/#organizationLogo","width":195,"height":79},"image":{"@id":"https:\/\/www.claret.cat\/es\/libro\/lagranidea-falla-la-democracia-9788417757328\/#organizationLogo"},"sameAs":["https:\/\/www.facebook.com\/LlibreriaClaret","https:\/\/twitter.com\/LlibreriaClaret","https:\/\/www.instagram.com\/llibreriaclaret\/","https:\/\/www.tiktok.com\/@llibreriaclaret","https:\/\/www.youtube.com\/@llibreriaclaret","https:\/\/ca.wikipedia.org\/wiki\/Editorial_Claret"]},{"@type":"WebPage","@id":"https:\/\/www.claret.cat\/es\/libro\/lagranidea-falla-la-democracia-9788417757328\/#webpage","url":"https:\/\/www.claret.cat\/es\/libro\/lagranidea-falla-la-democracia-9788417757328\/","name":"LAGRANIDEA. \u00bfFALLA LA DEMOCRACIA? - DASANDI, NIHEER \/ TAYLOR, MATTHEW 9788417757328 | Llibreria Claret","description":"LAGRANIDEA. \u00bfFALLA LA DEMOCRACIA? de DASANDI, NIHEER \/ TAYLOR, MATTHEW disponible a\/en Llibreria Claret.","inLanguage":"es-ES","isPartOf":{"@id":"https:\/\/www.claret.cat\/es\/#website"},"breadcrumb":{"@id":"https:\/\/www.claret.cat\/es\/libro\/lagranidea-falla-la-democracia-9788417757328\/#breadcrumblist"},"image":{"@type":"ImageObject","url":"https:\/\/www.claret.cat\/wp-content\/uploads\/.\/9788417757328.jpg","@id":"https:\/\/www.claret.cat\/es\/libro\/lagranidea-falla-la-democracia-9788417757328\/#mainImage","width":225,"height":338,"caption":"9788417757328.jpg"},"primaryImageOfPage":{"@id":"https:\/\/www.claret.cat\/es\/libro\/lagranidea-falla-la-democracia-9788417757328\/#mainImage"},"datePublished":"2022-10-12T22:21:51+02:00","dateModified":"2023-01-28T01:28:59+01:00"},{"@type":"WebSite","@id":"https:\/\/www.claret.cat\/es\/#website","url":"https:\/\/www.claret.cat\/es\/","name":"Llibreria Claret Barcelona","alternateName":"Llibreria Claret","description":"Llibreria religiosa a Barcelona","inLanguage":"es-ES","publisher":{"@id":"https:\/\/www.claret.cat\/es\/#organization"}}]},"og:locale":"es_ES","og:site_name":"Llibreria Claret - Llibreria religiosa a Barcelona","og:type":"article","og:title":"LAGRANIDEA. \u00bfFALLA LA DEMOCRACIA? - DASANDI, NIHEER \/ TAYLOR, MATTHEW 9788417757328 | Llibreria Claret","og:description":"LAGRANIDEA. \u00bfFALLA LA DEMOCRACIA? de DASANDI, NIHEER \/ TAYLOR, MATTHEW disponible a\/en Llibreria Claret.","og:url":"https:\/\/www.claret.cat\/es\/libro\/lagranidea-falla-la-democracia-9788417757328\/","og:image":"https:\/\/dev.claret.cat\/wp-content\/uploads\/logo-claret.svg","og:image:secure_url":"https:\/\/dev.claret.cat\/wp-content\/uploads\/logo-claret.svg","article:published_time":"2022-10-12T20:21:51+00:00","article:modified_time":"2023-01-28T00:28:59+00:00","article:publisher":"https:\/\/www.facebook.com\/LlibreriaClaret","twitter:card":"summary_large_image","twitter:site":"@LlibreriaClaret","twitter:title":"LAGRANIDEA. \u00bfFALLA LA DEMOCRACIA? - DASANDI, NIHEER \/ TAYLOR, MATTHEW 9788417757328 | Llibreria Claret","twitter:description":"LAGRANIDEA. \u00bfFALLA LA DEMOCRACIA? de DASANDI, NIHEER \/ TAYLOR, MATTHEW disponible a\/en Llibreria Claret.","twitter:image":"http:\/\/dev.claret.cat\/wp-content\/uploads\/logo-claret.svg"},"aioseo_meta_data":{"post_id":"126382","title":null,"description":null,"keywords":null,"keyphrases":null,"primary_term":null,"canonical_url":null,"og_title":null,"og_description":null,"og_object_type":"default","og_image_type":"default","og_image_url":null,"og_image_width":null,"og_image_height":null,"og_image_custom_url":null,"og_image_custom_fields":null,"og_video":null,"og_custom_url":null,"og_article_section":null,"og_article_tags":null,"twitter_use_og":false,"twitter_card":"default","twitter_image_type":"default","twitter_image_url":null,"twitter_image_custom_url":null,"twitter_image_custom_fields":null,"twitter_title":null,"twitter_description":null,"schema":{"blockGraphs":[],"customGraphs":[],"default":{"data":{"Article":[],"Course":[],"Dataset":[],"FAQPage":[],"Movie":[],"Person":[],"Product":[],"ProductReview":[],"Car":[],"Recipe":[],"Service":[],"SoftwareApplication":[],"WebPage":[]},"graphName":"","isEnabled":true},"graphs":[]},"schema_type":"default","schema_type_options":null,"pillar_content":false,"robots_default":true,"robots_noindex":false,"robots_noarchive":false,"robots_nosnippet":false,"robots_nofollow":false,"robots_noimageindex":false,"robots_noodp":false,"robots_notranslate":false,"robots_max_snippet":null,"robots_max_videopreview":null,"robots_max_imagepreview":"large","priority":null,"frequency":null,"local_seo":null,"seo_analyzer_scan_date":"2025-11-30 00:56:03","breadcrumb_settings":null,"limit_modified_date":false,"open_ai":null,"ai":null,"created":"2022-12-19 23:17:41","updated":"2025-11-30 00:56:03","focus_keyword":null,"additional_keywords":null,"truseo_locale":null},"aioseo_breadcrumb":"<div class=\"aioseo-breadcrumbs\"><span class=\"aioseo-breadcrumb\">\n\t<a href=\"https:\/\/www.claret.cat\/es\/\" title=\"Home\">Home<\/a>\n<\/span><span class=\"aioseo-breadcrumb-separator\">&raquo;<\/span><span class=\"aioseo-breadcrumb\">\n\t<a href=\"https:\/\/www.claret.cat\/?page_id=16\" title=\"Botiga\">Botiga<\/a>\n<\/span><span class=\"aioseo-breadcrumb-separator\">&raquo;<\/span><span class=\"aioseo-breadcrumb\">\n\t<a href=\"https:\/\/www.claret.cat\/categoria-producto\/cat\/\" title=\"CAT\">CAT<\/a>\n<\/span><span class=\"aioseo-breadcrumb-separator\">&raquo;<\/span><span class=\"aioseo-breadcrumb\">\n\t<a href=\"https:\/\/www.claret.cat\/categoria-producto\/cat\/2_humanitats\/\" title=\"Humanitats\">Humanitats<\/a>\n<\/span><span class=\"aioseo-breadcrumb-separator\">&raquo;<\/span><span class=\"aioseo-breadcrumb\">\n\t<a href=\"https:\/\/www.claret.cat\/categoria-producto\/cat\/2_humanitats\/politica\/\" title=\"Pol\u00edtica\">Pol\u00edtica<\/a>\n<\/span><span class=\"aioseo-breadcrumb-separator\">&raquo;<\/span><span class=\"aioseo-breadcrumb\">\n\tLAGRANIDEA. \u00bfFALLA LA DEMOCRACIA?\n<\/span><\/div>","aioseo_breadcrumb_json":[{"label":"Home","link":"https:\/\/www.claret.cat\/es\/"},{"label":"Botiga","link":"https:\/\/www.claret.cat\/?page_id=16"},{"label":"CAT","link":"https:\/\/www.claret.cat\/categoria-producto\/cat\/"},{"label":"Humanitats","link":"https:\/\/www.claret.cat\/categoria-producto\/cat\/2_humanitats\/"},{"label":"Pol\u00edtica","link":"https:\/\/www.claret.cat\/categoria-producto\/cat\/2_humanitats\/politica\/"},{"label":"LAGRANIDEA. \u00bfFALLA LA DEMOCRACIA?","link":"https:\/\/www.claret.cat\/es\/libro\/lagranidea-falla-la-democracia-9788417757328\/"}],"_links":{"self":[{"href":"https:\/\/www.claret.cat\/es\/wp-json\/wp\/v2\/product\/126382","targetHints":{"allow":["GET"]}}],"collection":[{"href":"https:\/\/www.claret.cat\/es\/wp-json\/wp\/v2\/product"}],"about":[{"href":"https:\/\/www.claret.cat\/es\/wp-json\/wp\/v2\/types\/product"}],"wp:featuredmedia":[{"embeddable":true,"href":"https:\/\/www.claret.cat\/es\/wp-json\/wp\/v2\/media\/126383"}],"wp:attachment":[{"href":"https:\/\/www.claret.cat\/es\/wp-json\/wp\/v2\/media?parent=126382"}],"wp:term":[{"taxonomy":"product_brand","embeddable":true,"href":"https:\/\/www.claret.cat\/es\/wp-json\/wp\/v2\/product_brand?post=126382"},{"taxonomy":"product_cat","embeddable":true,"href":"https:\/\/www.claret.cat\/es\/wp-json\/wp\/v2\/product_cat?post=126382"},{"taxonomy":"product_tag","embeddable":true,"href":"https:\/\/www.claret.cat\/es\/wp-json\/wp\/v2\/product_tag?post=126382"}],"curies":[{"name":"wp","href":"https:\/\/api.w.org\/{rel}","templated":true}]}}