{"id":126535,"date":"2022-10-12T22:24:16","date_gmt":"2022-10-12T20:24:16","guid":{"rendered":"http:\/\/dev.claret.cat\/producte\/la-herencia-2\/"},"modified":"2023-01-28T19:38:41","modified_gmt":"2023-01-28T18:38:41","slug":"la-herencia-9788417651787","status":"publish","type":"product","link":"https:\/\/www.claret.cat\/es\/libro\/la-herencia-9788417651787\/","title":{"rendered":"LA HERENCIA"},"content":{"rendered":"<p>Cuatro hermanos, dos casas de verano en Hvaler y un terrible secreto. El reparto de la herencia familiar se convertir\u00e1 en un tema de desencuentro. La aparente disputa entre los hermanos por las propiedades encierra algo mucho m\u00e1s profundo: los fantasmas del pasado regresan y lo que parec\u00eda olvidado revive en la familia. Galardonada con los m\u00e1s prestigiosos premios literarios de su pa\u00eds, La herencia se convirti\u00f3 desde su salida en un \u00e9xito de ventas en Noruega y gener\u00f3, junto a la serie Mi lucha de Karl Ove Knausg\u00e5rd, un importante debate sobre la relaci\u00f3n entre literatura y realidad. M\u00e1rmara y N\u00f3rdica nos unimos para publicar una de las grandes novelas de la literatura europa de los \u00faltimos a\u00f1os.<\/p>\n","protected":false},"excerpt":{"rendered":"<p>HJORTH, VIGDIS<\/p>\n","protected":false},"featured_media":126536,"template":"","meta":{"_acf_changed":false,"om_disable_all_campaigns":false,"rs_blank_template":"","rs_page_bg_color":"","slide_template_v7":"","inline_featured_image":false,"_monsterinsights_skip_tracking":false,"_monsterinsights_sitenote_active":false,"_monsterinsights_sitenote_note":"","_monsterinsights_sitenote_category":0},"product_brand":[],"product_cat":[127],"product_tag":[],"class_list":{"0":"post-126535","1":"product","2":"type-product","3":"status-publish","4":"has-post-thumbnail","6":"product_cat-novella-contemporania","8":"first","9":"instock","10":"taxable","11":"shipping-taxable","12":"purchasable","13":"product-type-simple"},"acf":{"autor":"HJORTH, VIGDIS","codart":"841765178","libros-coleccion":"Letras N\u00f3rdicas","ediciones":"1","encuadernacion":"R\u00fastica","fecha_de_publicacion":"01\/10\/2019","novedad":"1","paginas":"440","subtitulo":"","orden":"0","portada":"0","idioma":"spa","editorial":[{"ID":148581,"post_author":"3","post_date":"2022-10-14 11:59:22","post_date_gmt":"2022-10-14 09:59:22","post_content":"","post_title":"N\u00d3RDICA LIBROS","post_excerpt":"","post_status":"publish","comment_status":"closed","ping_status":"closed","post_password":"","post_name":"nordica-libros","to_ping":"","pinged":"","post_modified":"2022-10-14 11:59:22","post_modified_gmt":"2022-10-14 09:59:22","post_content_filtered":"","post_parent":0,"guid":"http:\/\/dev.claret.cat\/editorial\/nordica-libros\/","menu_order":0,"post_type":"editorial","post_mime_type":"","comment_count":"0","filter":"raw"}],"autores-libros":[{"ID":171099,"post_author":"3","post_date":"2022-10-14 22:40:40","post_date_gmt":"2022-10-14 20:40:40","post_content":"","post_title":"VIGDIS HJORTH","post_excerpt":"","post_status":"publish","comment_status":"closed","ping_status":"closed","post_password":"","post_name":"vigdis-hjorth","to_ping":"","pinged":"","post_modified":"2022-10-14 22:40:40","post_modified_gmt":"2022-10-14 20:40:40","post_content_filtered":"","post_parent":0,"guid":"http:\/\/dev.claret.cat\/autor\/vigdis-hjorth\/","menu_order":0,"post_type":"autor","post_mime_type":"","comment_count":"0","filter":"raw"}]},"aioseo_notices":[],"_links":{"self":[{"href":"https:\/\/www.claret.cat\/es\/wp-json\/wp\/v2\/product\/126535","targetHints":{"allow":["GET"]}}],"collection":[{"href":"https:\/\/www.claret.cat\/es\/wp-json\/wp\/v2\/product"}],"about":[{"href":"https:\/\/www.claret.cat\/es\/wp-json\/wp\/v2\/types\/product"}],"wp:featuredmedia":[{"embeddable":true,"href":"https:\/\/www.claret.cat\/es\/wp-json\/wp\/v2\/media\/126536"}],"wp:attachment":[{"href":"https:\/\/www.claret.cat\/es\/wp-json\/wp\/v2\/media?parent=126535"}],"wp:term":[{"taxonomy":"product_brand","embeddable":true,"href":"https:\/\/www.claret.cat\/es\/wp-json\/wp\/v2\/product_brand?post=126535"},{"taxonomy":"product_cat","embeddable":true,"href":"https:\/\/www.claret.cat\/es\/wp-json\/wp\/v2\/product_cat?post=126535"},{"taxonomy":"product_tag","embeddable":true,"href":"https:\/\/www.claret.cat\/es\/wp-json\/wp\/v2\/product_tag?post=126535"}],"curies":[{"name":"wp","href":"https:\/\/api.w.org\/{rel}","templated":true}]}}