{"id":128434,"date":"2022-10-12T22:53:55","date_gmt":"2022-10-12T20:53:55","guid":{"rendered":"http:\/\/dev.claret.cat\/producte\/la-vecina-mas-mala-de-todas-las-vecinas\/"},"modified":"2025-01-31T17:20:38","modified_gmt":"2025-01-31T16:20:38","slug":"la-vecina-mas-mala-de-todas-las-vecinas-9788424665371","status":"publish","type":"product","link":"https:\/\/www.claret.cat\/es\/libro\/la-vecina-mas-mala-de-todas-las-vecinas-9788424665371\/","title":{"rendered":"LA VECINA M\u00c1S MALA DE TODAS LAS VECINAS"},"content":{"rendered":"<p>Nacho tiene diez a\u00f1os y se acaba de cambiar de piso. Cambio de barrio, cambio de vecinos&#8230; sus padres est\u00e1n encantados. Sobre todo con la vecina de abajo, una viejecita encantadora, la abuela ejemplar que toda persona desear\u00eda tener viviendo en la misma escalera. Pero Nacho no lo ve igual. Esa vieja, a \u00e9l, le da miedo. Le clava malas miradas y le dice cosas feas cuando nadie los ve. Es una mala persona, odiosa y cruel&#8230; y nadie le hace case. Elvira los tiene a todos enga\u00f1ados.<\/p>\n","protected":false},"excerpt":{"rendered":"<p>SIERRA I FABRA, JORDI<\/p>\n","protected":false},"featured_media":128435,"template":"","meta":{"_acf_changed":false,"om_disable_all_campaigns":false,"rs_blank_template":"","rs_page_bg_color":"","slide_template_v7":"","inline_featured_image":false,"_monsterinsights_skip_tracking":false,"_monsterinsights_sitenote_active":false,"_monsterinsights_sitenote_note":"","_monsterinsights_sitenote_category":0},"product_brand":[],"product_cat":[132,362],"product_tag":[],"class_list":{"0":"post-128434","1":"product","2":"type-product","3":"status-publish","4":"has-post-thumbnail","6":"product_cat-lectures-per-preadolescents-6-12-anys","7":"product_cat-libros-preadolescentes-6-12-anos","9":"first","10":"instock","11":"taxable","12":"shipping-taxable","13":"purchasable","14":"product-type-simple"},"acf":{"autor":"SIERRA I FABRA, JORDI","codart":"842466537","libros-coleccion":"Narrativa Singular","ediciones":"1","encuadernacion":"Carton\u00e9","fecha_de_publicacion":"01\/09\/2019","novedad":"1","paginas":"140","subtitulo":"","orden":"0","portada":"0","idioma":"spa","editorial":[{"ID":148189,"post_author":"3","post_date":"2022-10-14 11:56:19","post_date_gmt":"2022-10-14 09:56:19","post_content":"","post_title":"GALERA, EDITORIAL","post_excerpt":"","post_status":"publish","comment_status":"closed","ping_status":"closed","post_password":"","post_name":"galera-editorial","to_ping":"","pinged":"","post_modified":"2022-10-14 11:56:19","post_modified_gmt":"2022-10-14 09:56:19","post_content_filtered":"","post_parent":0,"guid":"http:\/\/dev.claret.cat\/editorial\/galera-editorial\/","menu_order":0,"post_type":"editorial","post_mime_type":"","comment_count":"0","filter":"raw"}],"autores-libros":[{"ID":160013,"post_author":"3","post_date":"2022-10-14 15:49:35","post_date_gmt":"2022-10-14 13:49:35","post_content":"","post_title":"JORDI SIERRA I FABRA","post_excerpt":"","post_status":"publish","comment_status":"closed","ping_status":"closed","post_password":"","post_name":"jordi-sierra-i-fabra","to_ping":"","pinged":"","post_modified":"2022-10-14 15:49:35","post_modified_gmt":"2022-10-14 13:49:35","post_content_filtered":"","post_parent":0,"guid":"http:\/\/dev.claret.cat\/autor\/jordi-sierra-i-fabra\/","menu_order":0,"post_type":"autor","post_mime_type":"","comment_count":"0","filter":"raw"}]},"aioseo_notices":[],"_links":{"self":[{"href":"https:\/\/www.claret.cat\/es\/wp-json\/wp\/v2\/product\/128434","targetHints":{"allow":["GET"]}}],"collection":[{"href":"https:\/\/www.claret.cat\/es\/wp-json\/wp\/v2\/product"}],"about":[{"href":"https:\/\/www.claret.cat\/es\/wp-json\/wp\/v2\/types\/product"}],"wp:featuredmedia":[{"embeddable":true,"href":"https:\/\/www.claret.cat\/es\/wp-json\/wp\/v2\/media\/128435"}],"wp:attachment":[{"href":"https:\/\/www.claret.cat\/es\/wp-json\/wp\/v2\/media?parent=128434"}],"wp:term":[{"taxonomy":"product_brand","embeddable":true,"href":"https:\/\/www.claret.cat\/es\/wp-json\/wp\/v2\/product_brand?post=128434"},{"taxonomy":"product_cat","embeddable":true,"href":"https:\/\/www.claret.cat\/es\/wp-json\/wp\/v2\/product_cat?post=128434"},{"taxonomy":"product_tag","embeddable":true,"href":"https:\/\/www.claret.cat\/es\/wp-json\/wp\/v2\/product_tag?post=128434"}],"curies":[{"name":"wp","href":"https:\/\/api.w.org\/{rel}","templated":true}]}}