{"id":130367,"date":"2022-10-12T23:47:03","date_gmt":"2022-10-12T21:47:03","guid":{"rendered":"http:\/\/dev.claret.cat\/producte\/el-nino-con-necesidades-especiales\/"},"modified":"2023-01-28T14:24:45","modified_gmt":"2023-01-28T13:24:45","slug":"el-nino-con-necesidades-especiales-9788417581527","status":"publish","type":"product","link":"https:\/\/www.claret.cat\/es\/libro\/el-nino-con-necesidades-especiales-9788417581527\/","title":{"rendered":"EL NI\u00d1O CON NECESIDADES ESPECIALES"},"content":{"rendered":"<p>Este libro es una gu\u00eda, una br\u00fajula en el camino a veces sinuoso, a veces iluminado que significa para algunos estar frente a un ni\u00f1o con necesidades especiales. <br \/>Todos sabemos que la m\u00fasica enriquece la vida de las personas, pero desconocemos su potencial para el trabajo con ni\u00f1os con alguna discapacidad: la m\u00fasica les abre canales inexplorados, ayud\u00e1ndolos a conectarse con el mundo exterior y el propio, facilitando el trabajo de los profesionales y afianzando el v\u00ednculo con sus familiares y amigos.<br \/>En el lenguaje claro al que nos tienen acostumbrados sus publicaciones, Gabriel F. Federico nos invita a conocer los fundamentos por los cuales la experiencia musical puede convertirse en una herramienta fundamental para el trabajo y acompa\u00f1amiento de estos ni\u00f1os. <br \/>Este libro est\u00e1 dirigido tanto a padres, profesionales, estudiantes y cuidadores como a aquellos que por alg\u00fan motivo est\u00e9n cerca de un ni\u00f1o con necesidades diferentes. En \u00e9l se recorren diversas tem\u00e1ticas que atraviesan las bases de la patolog\u00eda neurol\u00f3gica y las necesidades especiales de estos ni\u00f1os y sus familias, pero haciendo hincapi\u00e9 en las posibilidades que brinda el trabajo con m\u00fasica para ayudar a que estos ni\u00f1os encuentren formas diferentes para expresarse y disfrutar con el otro.<\/p>\n","protected":false},"excerpt":{"rendered":"<p>FEDERICO, GABRIEL F.<\/p>\n","protected":false},"featured_media":130368,"template":"","meta":{"_acf_changed":false,"om_disable_all_campaigns":false,"rs_blank_template":"","rs_page_bg_color":"","slide_template_v7":"","inline_featured_image":false,"_monsterinsights_skip_tracking":false},"product_brand":[],"product_cat":[81],"product_tag":[],"class_list":["post-130367","product","type-product","status-publish","has-post-thumbnail","product_cat-psicologia","first","instock","taxable","shipping-taxable","purchasable","product-type-simple"],"acf":{"autor":"FEDERICO, GABRIEL F.","codart":"841758152","libros-coleccion":"","ediciones":"1","encuadernacion":"R\u00fastica","fecha_de_publicacion":"01\/02\/2019","novedad":"1","paginas":"144","subtitulo":"NEUROLOG\u00cdA Y MUSICOTERAPIA","orden":"0","portada":"0","idioma":"spa","editorial":[{"ID":147995,"post_author":"3","post_date":"2022-10-14 11:54:49","post_date_gmt":"2022-10-14 09:54:49","post_content":"","post_title":"Editorial Kier Espa\u00f1a","post_excerpt":"","post_status":"publish","comment_status":"closed","ping_status":"closed","post_password":"","post_name":"editorial-kier-espana","to_ping":"","pinged":"","post_modified":"2022-10-14 11:54:49","post_modified_gmt":"2022-10-14 09:54:49","post_content_filtered":"","post_parent":0,"guid":"http:\/\/dev.claret.cat\/editorial\/editorial-kier-espana\/","menu_order":0,"post_type":"editorial","post_mime_type":"","comment_count":"0","filter":"raw"}],"autores-libros":[{"ID":156515,"post_author":"3","post_date":"2022-10-14 15:21:26","post_date_gmt":"2022-10-14 13:21:26","post_content":"","post_title":"GABRIEL F. FEDERICO","post_excerpt":"","post_status":"publish","comment_status":"closed","ping_status":"closed","post_password":"","post_name":"gabriel-f-federico","to_ping":"","pinged":"","post_modified":"2022-10-14 15:21:26","post_modified_gmt":"2022-10-14 13:21:26","post_content_filtered":"","post_parent":0,"guid":"http:\/\/dev.claret.cat\/autor\/gabriel-f-federico\/","menu_order":0,"post_type":"autor","post_mime_type":"","comment_count":"0","filter":"raw"}]},"aioseo_notices":[],"aioseo_head":"\n\t\t<!-- All in One SEO Pro 5.0.1.1 - aioseo.com -->\n\t<meta name=\"description\" content=\"EL NI\u00d1O CON NECESIDADES ESPECIALES de FEDERICO, GABRIEL F. disponible a\/en Llibreria Claret.\" \/>\n\t<meta name=\"robots\" content=\"max-image-preview:large\" \/>\n\t<meta name=\"google-site-verification\" content=\"xVtlFxJ-TfkIu-D-lt7XeLobefg5EIQiXTuqcSf8Rf0\" \/>\n\t<link rel=\"canonical\" href=\"https:\/\/www.claret.cat\/es\/libro\/el-nino-con-necesidades-especiales-9788417581527\/\" \/>\n\t<meta name=\"generator\" content=\"All in One SEO Pro (AIOSEO) 5.0.1.1\" \/>\n\t\t<meta property=\"og:locale\" content=\"es_ES\" \/>\n\t\t<meta property=\"og:site_name\" content=\"Llibreria Claret - Llibreria religiosa a Barcelona\" \/>\n\t\t<meta property=\"og:type\" content=\"article\" \/>\n\t\t<meta property=\"og:title\" content=\"EL NI\u00d1O CON NECESIDADES ESPECIALES - FEDERICO, GABRIEL F. 9788417581527 | Llibreria Claret\" \/>\n\t\t<meta property=\"og:description\" content=\"EL NI\u00d1O CON NECESIDADES ESPECIALES de FEDERICO, GABRIEL F. disponible a\/en Llibreria Claret.\" \/>\n\t\t<meta property=\"og:url\" content=\"https:\/\/www.claret.cat\/es\/libro\/el-nino-con-necesidades-especiales-9788417581527\/\" \/>\n\t\t<meta property=\"og:image\" content=\"https:\/\/dev.claret.cat\/wp-content\/uploads\/logo-claret.svg\" \/>\n\t\t<meta property=\"og:image:secure_url\" content=\"https:\/\/dev.claret.cat\/wp-content\/uploads\/logo-claret.svg\" \/>\n\t\t<meta property=\"article:published_time\" content=\"2022-10-12T21:47:03+00:00\" \/>\n\t\t<meta property=\"article:modified_time\" content=\"2023-01-28T13:24:45+00:00\" \/>\n\t\t<meta property=\"article:publisher\" content=\"https:\/\/www.facebook.com\/LlibreriaClaret\" \/>\n\t\t<meta name=\"twitter:card\" content=\"summary_large_image\" \/>\n\t\t<meta name=\"twitter:site\" content=\"@LlibreriaClaret\" \/>\n\t\t<meta name=\"twitter:title\" content=\"EL NI\u00d1O CON NECESIDADES ESPECIALES - FEDERICO, GABRIEL F. 9788417581527 | Llibreria Claret\" \/>\n\t\t<meta name=\"twitter:description\" content=\"EL NI\u00d1O CON NECESIDADES ESPECIALES de FEDERICO, GABRIEL F. disponible a\/en Llibreria Claret.\" \/>\n\t\t<meta name=\"twitter:image\" content=\"http:\/\/dev.claret.cat\/wp-content\/uploads\/logo-claret.svg\" \/>\n\t\t<script type=\"application\/ld+json\" class=\"aioseo-schema\">\n\t\t\t{\"@context\":\"https:\\\/\\\/schema.org\",\"@graph\":[{\"@type\":\"BreadcrumbList\",\"@id\":\"https:\\\/\\\/www.claret.cat\\\/es\\\/libro\\\/el-nino-con-necesidades-especiales-9788417581527\\\/#breadcrumblist\",\"itemListElement\":[{\"@type\":\"ListItem\",\"@id\":\"https:\\\/\\\/www.claret.cat\\\/es\\\/#listItem\",\"position\":1,\"name\":\"Home\",\"item\":\"https:\\\/\\\/www.claret.cat\\\/es\\\/\",\"nextItem\":{\"@type\":\"ListItem\",\"@id\":\"https:\\\/\\\/www.claret.cat\\\/?page_id=16#listItem\",\"name\":\"Botiga\"}},{\"@type\":\"ListItem\",\"@id\":\"https:\\\/\\\/www.claret.cat\\\/?page_id=16#listItem\",\"position\":2,\"name\":\"Botiga\",\"item\":\"https:\\\/\\\/www.claret.cat\\\/?page_id=16\",\"nextItem\":{\"@type\":\"ListItem\",\"@id\":\"https:\\\/\\\/www.claret.cat\\\/categoria-producto\\\/cat\\\/#listItem\",\"name\":\"CAT\"},\"previousItem\":{\"@type\":\"ListItem\",\"@id\":\"https:\\\/\\\/www.claret.cat\\\/es\\\/#listItem\",\"name\":\"Home\"}},{\"@type\":\"ListItem\",\"@id\":\"https:\\\/\\\/www.claret.cat\\\/categoria-producto\\\/cat\\\/#listItem\",\"position\":3,\"name\":\"CAT\",\"item\":\"https:\\\/\\\/www.claret.cat\\\/categoria-producto\\\/cat\\\/\",\"nextItem\":{\"@type\":\"ListItem\",\"@id\":\"https:\\\/\\\/www.claret.cat\\\/categoria-producto\\\/cat\\\/2_humanitats\\\/#listItem\",\"name\":\"Humanitats\"},\"previousItem\":{\"@type\":\"ListItem\",\"@id\":\"https:\\\/\\\/www.claret.cat\\\/?page_id=16#listItem\",\"name\":\"Botiga\"}},{\"@type\":\"ListItem\",\"@id\":\"https:\\\/\\\/www.claret.cat\\\/categoria-producto\\\/cat\\\/2_humanitats\\\/#listItem\",\"position\":4,\"name\":\"Humanitats\",\"item\":\"https:\\\/\\\/www.claret.cat\\\/categoria-producto\\\/cat\\\/2_humanitats\\\/\",\"nextItem\":{\"@type\":\"ListItem\",\"@id\":\"https:\\\/\\\/www.claret.cat\\\/categoria-producto\\\/cat\\\/2_humanitats\\\/psicologia\\\/#listItem\",\"name\":\"Psicologia\"},\"previousItem\":{\"@type\":\"ListItem\",\"@id\":\"https:\\\/\\\/www.claret.cat\\\/categoria-producto\\\/cat\\\/#listItem\",\"name\":\"CAT\"}},{\"@type\":\"ListItem\",\"@id\":\"https:\\\/\\\/www.claret.cat\\\/categoria-producto\\\/cat\\\/2_humanitats\\\/psicologia\\\/#listItem\",\"position\":5,\"name\":\"Psicologia\",\"item\":\"https:\\\/\\\/www.claret.cat\\\/categoria-producto\\\/cat\\\/2_humanitats\\\/psicologia\\\/\",\"nextItem\":{\"@type\":\"ListItem\",\"@id\":\"https:\\\/\\\/www.claret.cat\\\/es\\\/libro\\\/el-nino-con-necesidades-especiales-9788417581527\\\/#listItem\",\"name\":\"EL NI\\u00d1O CON NECESIDADES ESPECIALES\"},\"previousItem\":{\"@type\":\"ListItem\",\"@id\":\"https:\\\/\\\/www.claret.cat\\\/categoria-producto\\\/cat\\\/2_humanitats\\\/#listItem\",\"name\":\"Humanitats\"}},{\"@type\":\"ListItem\",\"@id\":\"https:\\\/\\\/www.claret.cat\\\/es\\\/libro\\\/el-nino-con-necesidades-especiales-9788417581527\\\/#listItem\",\"position\":6,\"name\":\"EL NI\\u00d1O CON NECESIDADES ESPECIALES\",\"previousItem\":{\"@type\":\"ListItem\",\"@id\":\"https:\\\/\\\/www.claret.cat\\\/categoria-producto\\\/cat\\\/2_humanitats\\\/psicologia\\\/#listItem\",\"name\":\"Psicologia\"}}]},{\"@type\":\"ItemPage\",\"@id\":\"https:\\\/\\\/www.claret.cat\\\/es\\\/libro\\\/el-nino-con-necesidades-especiales-9788417581527\\\/#itempage\",\"url\":\"https:\\\/\\\/www.claret.cat\\\/es\\\/libro\\\/el-nino-con-necesidades-especiales-9788417581527\\\/\",\"name\":\"EL NI\\u00d1O CON NECESIDADES ESPECIALES - FEDERICO, GABRIEL F. 9788417581527 | Llibreria Claret\",\"description\":\"EL NI\\u00d1O CON NECESIDADES ESPECIALES de FEDERICO, GABRIEL F. disponible a\\\/en Llibreria Claret.\",\"inLanguage\":\"es-ES\",\"isPartOf\":{\"@id\":\"https:\\\/\\\/www.claret.cat\\\/es\\\/#website\"},\"breadcrumb\":{\"@id\":\"https:\\\/\\\/www.claret.cat\\\/es\\\/libro\\\/el-nino-con-necesidades-especiales-9788417581527\\\/#breadcrumblist\"},\"image\":{\"@type\":\"ImageObject\",\"url\":\"https:\\\/\\\/www.claret.cat\\\/wp-content\\\/uploads\\\/.\\\/9788417581527.jpg\",\"@id\":\"https:\\\/\\\/www.claret.cat\\\/es\\\/libro\\\/el-nino-con-necesidades-especiales-9788417581527\\\/#mainImage\",\"width\":225,\"height\":315,\"caption\":\"9788417581527.jpg\"},\"primaryImageOfPage\":{\"@id\":\"https:\\\/\\\/www.claret.cat\\\/es\\\/libro\\\/el-nino-con-necesidades-especiales-9788417581527\\\/#mainImage\"},\"datePublished\":\"2022-10-12T23:47:03+02:00\",\"dateModified\":\"2023-01-28T14:24:45+01:00\"},{\"@type\":\"Organization\",\"@id\":\"https:\\\/\\\/www.claret.cat\\\/es\\\/#organization\",\"name\":\"Llibreria Claret\",\"description\":\"Llibreria religiosa a Barcelona\",\"url\":\"https:\\\/\\\/www.claret.cat\\\/es\\\/\",\"email\":\"comunicacio@claret.cat\",\"telephone\":\"+34933010887\",\"logo\":{\"@type\":\"ImageObject\",\"url\":\"https:\\\/\\\/www.claret.cat\\\/wp-content\\\/uploads\\\/.\\\/logo-claret-es.png\",\"@id\":\"https:\\\/\\\/www.claret.cat\\\/es\\\/libro\\\/el-nino-con-necesidades-especiales-9788417581527\\\/#organizationLogo\",\"width\":195,\"height\":79},\"image\":{\"@id\":\"https:\\\/\\\/www.claret.cat\\\/es\\\/libro\\\/el-nino-con-necesidades-especiales-9788417581527\\\/#organizationLogo\"},\"sameAs\":[\"https:\\\/\\\/www.facebook.com\\\/LlibreriaClaret\",\"https:\\\/\\\/twitter.com\\\/LlibreriaClaret\",\"https:\\\/\\\/www.instagram.com\\\/llibreriaclaret\\\/\",\"https:\\\/\\\/www.tiktok.com\\\/@llibreriaclaret\",\"https:\\\/\\\/www.youtube.com\\\/@llibreriaclaret\",\"https:\\\/\\\/ca.wikipedia.org\\\/wiki\\\/Editorial_Claret\"]},{\"@type\":\"WebPage\",\"@id\":\"https:\\\/\\\/www.claret.cat\\\/es\\\/libro\\\/el-nino-con-necesidades-especiales-9788417581527\\\/#webpage\",\"url\":\"https:\\\/\\\/www.claret.cat\\\/es\\\/libro\\\/el-nino-con-necesidades-especiales-9788417581527\\\/\",\"name\":\"EL NI\\u00d1O CON NECESIDADES ESPECIALES - FEDERICO, GABRIEL F. 9788417581527 | Llibreria Claret\",\"description\":\"EL NI\\u00d1O CON NECESIDADES ESPECIALES de FEDERICO, GABRIEL F. disponible a\\\/en Llibreria Claret.\",\"inLanguage\":\"es-ES\",\"isPartOf\":{\"@id\":\"https:\\\/\\\/www.claret.cat\\\/es\\\/#website\"},\"breadcrumb\":{\"@id\":\"https:\\\/\\\/www.claret.cat\\\/es\\\/libro\\\/el-nino-con-necesidades-especiales-9788417581527\\\/#breadcrumblist\"},\"image\":{\"@type\":\"ImageObject\",\"url\":\"https:\\\/\\\/www.claret.cat\\\/wp-content\\\/uploads\\\/.\\\/9788417581527.jpg\",\"@id\":\"https:\\\/\\\/www.claret.cat\\\/es\\\/libro\\\/el-nino-con-necesidades-especiales-9788417581527\\\/#mainImage\",\"width\":225,\"height\":315,\"caption\":\"9788417581527.jpg\"},\"primaryImageOfPage\":{\"@id\":\"https:\\\/\\\/www.claret.cat\\\/es\\\/libro\\\/el-nino-con-necesidades-especiales-9788417581527\\\/#mainImage\"},\"datePublished\":\"2022-10-12T23:47:03+02:00\",\"dateModified\":\"2023-01-28T14:24:45+01:00\"},{\"@type\":\"WebSite\",\"@id\":\"https:\\\/\\\/www.claret.cat\\\/es\\\/#website\",\"url\":\"https:\\\/\\\/www.claret.cat\\\/es\\\/\",\"name\":\"Llibreria Claret Barcelona\",\"alternateName\":\"Llibreria Claret\",\"description\":\"Llibreria religiosa a Barcelona\",\"inLanguage\":\"es-ES\",\"publisher\":{\"@id\":\"https:\\\/\\\/www.claret.cat\\\/es\\\/#organization\"}}]}\n\t\t<\/script>\n\t\t<!-- All in One SEO Pro -->\r\n\t\t<title>EL NI\u00d1O CON NECESIDADES ESPECIALES - FEDERICO, GABRIEL F. 9788417581527 | Llibreria Claret<\/title>\n\n","aioseo_head_json":{"title":"EL NI\u00d1O CON NECESIDADES ESPECIALES - FEDERICO, GABRIEL F. 9788417581527 | Llibreria Claret","description":"EL NI\u00d1O CON NECESIDADES ESPECIALES de FEDERICO, GABRIEL F. disponible a\/en Llibreria Claret.","canonical_url":"https:\/\/www.claret.cat\/es\/libro\/el-nino-con-necesidades-especiales-9788417581527\/","robots":"max-image-preview:large","keywords":"","webmasterTools":{"google-site-verification":"xVtlFxJ-TfkIu-D-lt7XeLobefg5EIQiXTuqcSf8Rf0","miscellaneous":""},"schema":{"@context":"https:\/\/schema.org","@graph":[{"@type":"BreadcrumbList","@id":"https:\/\/www.claret.cat\/es\/libro\/el-nino-con-necesidades-especiales-9788417581527\/#breadcrumblist","itemListElement":[{"@type":"ListItem","@id":"https:\/\/www.claret.cat\/es\/#listItem","position":1,"name":"Home","item":"https:\/\/www.claret.cat\/es\/","nextItem":{"@type":"ListItem","@id":"https:\/\/www.claret.cat\/?page_id=16#listItem","name":"Botiga"}},{"@type":"ListItem","@id":"https:\/\/www.claret.cat\/?page_id=16#listItem","position":2,"name":"Botiga","item":"https:\/\/www.claret.cat\/?page_id=16","nextItem":{"@type":"ListItem","@id":"https:\/\/www.claret.cat\/categoria-producto\/cat\/#listItem","name":"CAT"},"previousItem":{"@type":"ListItem","@id":"https:\/\/www.claret.cat\/es\/#listItem","name":"Home"}},{"@type":"ListItem","@id":"https:\/\/www.claret.cat\/categoria-producto\/cat\/#listItem","position":3,"name":"CAT","item":"https:\/\/www.claret.cat\/categoria-producto\/cat\/","nextItem":{"@type":"ListItem","@id":"https:\/\/www.claret.cat\/categoria-producto\/cat\/2_humanitats\/#listItem","name":"Humanitats"},"previousItem":{"@type":"ListItem","@id":"https:\/\/www.claret.cat\/?page_id=16#listItem","name":"Botiga"}},{"@type":"ListItem","@id":"https:\/\/www.claret.cat\/categoria-producto\/cat\/2_humanitats\/#listItem","position":4,"name":"Humanitats","item":"https:\/\/www.claret.cat\/categoria-producto\/cat\/2_humanitats\/","nextItem":{"@type":"ListItem","@id":"https:\/\/www.claret.cat\/categoria-producto\/cat\/2_humanitats\/psicologia\/#listItem","name":"Psicologia"},"previousItem":{"@type":"ListItem","@id":"https:\/\/www.claret.cat\/categoria-producto\/cat\/#listItem","name":"CAT"}},{"@type":"ListItem","@id":"https:\/\/www.claret.cat\/categoria-producto\/cat\/2_humanitats\/psicologia\/#listItem","position":5,"name":"Psicologia","item":"https:\/\/www.claret.cat\/categoria-producto\/cat\/2_humanitats\/psicologia\/","nextItem":{"@type":"ListItem","@id":"https:\/\/www.claret.cat\/es\/libro\/el-nino-con-necesidades-especiales-9788417581527\/#listItem","name":"EL NI\u00d1O CON NECESIDADES ESPECIALES"},"previousItem":{"@type":"ListItem","@id":"https:\/\/www.claret.cat\/categoria-producto\/cat\/2_humanitats\/#listItem","name":"Humanitats"}},{"@type":"ListItem","@id":"https:\/\/www.claret.cat\/es\/libro\/el-nino-con-necesidades-especiales-9788417581527\/#listItem","position":6,"name":"EL NI\u00d1O CON NECESIDADES ESPECIALES","previousItem":{"@type":"ListItem","@id":"https:\/\/www.claret.cat\/categoria-producto\/cat\/2_humanitats\/psicologia\/#listItem","name":"Psicologia"}}]},{"@type":"ItemPage","@id":"https:\/\/www.claret.cat\/es\/libro\/el-nino-con-necesidades-especiales-9788417581527\/#itempage","url":"https:\/\/www.claret.cat\/es\/libro\/el-nino-con-necesidades-especiales-9788417581527\/","name":"EL NI\u00d1O CON NECESIDADES ESPECIALES - FEDERICO, GABRIEL F. 9788417581527 | Llibreria Claret","description":"EL NI\u00d1O CON NECESIDADES ESPECIALES de FEDERICO, GABRIEL F. disponible a\/en Llibreria Claret.","inLanguage":"es-ES","isPartOf":{"@id":"https:\/\/www.claret.cat\/es\/#website"},"breadcrumb":{"@id":"https:\/\/www.claret.cat\/es\/libro\/el-nino-con-necesidades-especiales-9788417581527\/#breadcrumblist"},"image":{"@type":"ImageObject","url":"https:\/\/www.claret.cat\/wp-content\/uploads\/.\/9788417581527.jpg","@id":"https:\/\/www.claret.cat\/es\/libro\/el-nino-con-necesidades-especiales-9788417581527\/#mainImage","width":225,"height":315,"caption":"9788417581527.jpg"},"primaryImageOfPage":{"@id":"https:\/\/www.claret.cat\/es\/libro\/el-nino-con-necesidades-especiales-9788417581527\/#mainImage"},"datePublished":"2022-10-12T23:47:03+02:00","dateModified":"2023-01-28T14:24:45+01:00"},{"@type":"Organization","@id":"https:\/\/www.claret.cat\/es\/#organization","name":"Llibreria Claret","description":"Llibreria religiosa a Barcelona","url":"https:\/\/www.claret.cat\/es\/","email":"comunicacio@claret.cat","telephone":"+34933010887","logo":{"@type":"ImageObject","url":"https:\/\/www.claret.cat\/wp-content\/uploads\/.\/logo-claret-es.png","@id":"https:\/\/www.claret.cat\/es\/libro\/el-nino-con-necesidades-especiales-9788417581527\/#organizationLogo","width":195,"height":79},"image":{"@id":"https:\/\/www.claret.cat\/es\/libro\/el-nino-con-necesidades-especiales-9788417581527\/#organizationLogo"},"sameAs":["https:\/\/www.facebook.com\/LlibreriaClaret","https:\/\/twitter.com\/LlibreriaClaret","https:\/\/www.instagram.com\/llibreriaclaret\/","https:\/\/www.tiktok.com\/@llibreriaclaret","https:\/\/www.youtube.com\/@llibreriaclaret","https:\/\/ca.wikipedia.org\/wiki\/Editorial_Claret"]},{"@type":"WebPage","@id":"https:\/\/www.claret.cat\/es\/libro\/el-nino-con-necesidades-especiales-9788417581527\/#webpage","url":"https:\/\/www.claret.cat\/es\/libro\/el-nino-con-necesidades-especiales-9788417581527\/","name":"EL NI\u00d1O CON NECESIDADES ESPECIALES - FEDERICO, GABRIEL F. 9788417581527 | Llibreria Claret","description":"EL NI\u00d1O CON NECESIDADES ESPECIALES de FEDERICO, GABRIEL F. disponible a\/en Llibreria Claret.","inLanguage":"es-ES","isPartOf":{"@id":"https:\/\/www.claret.cat\/es\/#website"},"breadcrumb":{"@id":"https:\/\/www.claret.cat\/es\/libro\/el-nino-con-necesidades-especiales-9788417581527\/#breadcrumblist"},"image":{"@type":"ImageObject","url":"https:\/\/www.claret.cat\/wp-content\/uploads\/.\/9788417581527.jpg","@id":"https:\/\/www.claret.cat\/es\/libro\/el-nino-con-necesidades-especiales-9788417581527\/#mainImage","width":225,"height":315,"caption":"9788417581527.jpg"},"primaryImageOfPage":{"@id":"https:\/\/www.claret.cat\/es\/libro\/el-nino-con-necesidades-especiales-9788417581527\/#mainImage"},"datePublished":"2022-10-12T23:47:03+02:00","dateModified":"2023-01-28T14:24:45+01:00"},{"@type":"WebSite","@id":"https:\/\/www.claret.cat\/es\/#website","url":"https:\/\/www.claret.cat\/es\/","name":"Llibreria Claret Barcelona","alternateName":"Llibreria Claret","description":"Llibreria religiosa a Barcelona","inLanguage":"es-ES","publisher":{"@id":"https:\/\/www.claret.cat\/es\/#organization"}}]},"og:locale":"es_ES","og:site_name":"Llibreria Claret - Llibreria religiosa a Barcelona","og:type":"article","og:title":"EL NI\u00d1O CON NECESIDADES ESPECIALES - FEDERICO, GABRIEL F. 9788417581527 | Llibreria Claret","og:description":"EL NI\u00d1O CON NECESIDADES ESPECIALES de FEDERICO, GABRIEL F. disponible a\/en Llibreria Claret.","og:url":"https:\/\/www.claret.cat\/es\/libro\/el-nino-con-necesidades-especiales-9788417581527\/","og:image":"https:\/\/dev.claret.cat\/wp-content\/uploads\/logo-claret.svg","og:image:secure_url":"https:\/\/dev.claret.cat\/wp-content\/uploads\/logo-claret.svg","article:published_time":"2022-10-12T21:47:03+00:00","article:modified_time":"2023-01-28T13:24:45+00:00","article:publisher":"https:\/\/www.facebook.com\/LlibreriaClaret","twitter:card":"summary_large_image","twitter:site":"@LlibreriaClaret","twitter:title":"EL NI\u00d1O CON NECESIDADES ESPECIALES - FEDERICO, GABRIEL F. 9788417581527 | Llibreria Claret","twitter:description":"EL NI\u00d1O CON NECESIDADES ESPECIALES de FEDERICO, GABRIEL F. disponible a\/en Llibreria Claret.","twitter:image":"http:\/\/dev.claret.cat\/wp-content\/uploads\/logo-claret.svg"},"aioseo_meta_data":{"post_id":"130367","title":null,"description":null,"keywords":null,"keyphrases":null,"primary_term":null,"canonical_url":null,"og_title":null,"og_description":null,"og_object_type":"default","og_image_type":"default","og_image_url":null,"og_image_width":null,"og_image_height":null,"og_image_custom_url":null,"og_image_custom_fields":null,"og_video":null,"og_custom_url":null,"og_article_section":null,"og_article_tags":null,"twitter_use_og":false,"twitter_card":"default","twitter_image_type":"default","twitter_image_url":null,"twitter_image_custom_url":null,"twitter_image_custom_fields":null,"twitter_title":null,"twitter_description":null,"schema":{"blockGraphs":[],"customGraphs":[],"default":{"data":{"Article":[],"Course":[],"Dataset":[],"FAQPage":[],"Movie":[],"Person":[],"Product":[],"ProductReview":[],"Car":[],"Recipe":[],"Service":[],"SoftwareApplication":[],"WebPage":[]},"graphName":"","isEnabled":true},"graphs":[]},"schema_type":"default","schema_type_options":null,"pillar_content":false,"robots_default":true,"robots_noindex":false,"robots_noarchive":false,"robots_nosnippet":false,"robots_nofollow":false,"robots_noimageindex":false,"robots_noodp":false,"robots_notranslate":false,"robots_max_snippet":null,"robots_max_videopreview":null,"robots_max_imagepreview":"large","priority":null,"frequency":null,"local_seo":null,"seo_analyzer_scan_date":"2025-11-25 13:18:36","breadcrumb_settings":null,"limit_modified_date":false,"open_ai":null,"ai":null,"created":"2022-12-20 01:31:40","updated":"2025-11-25 13:18:36","focus_keyword":null,"additional_keywords":null,"truseo_locale":null},"aioseo_breadcrumb":"<div class=\"aioseo-breadcrumbs\"><span class=\"aioseo-breadcrumb\">\n\t<a href=\"https:\/\/www.claret.cat\/es\/\" title=\"Home\">Home<\/a>\n<\/span><span class=\"aioseo-breadcrumb-separator\">&raquo;<\/span><span class=\"aioseo-breadcrumb\">\n\t<a href=\"https:\/\/www.claret.cat\/?page_id=16\" title=\"Botiga\">Botiga<\/a>\n<\/span><span class=\"aioseo-breadcrumb-separator\">&raquo;<\/span><span class=\"aioseo-breadcrumb\">\n\t<a href=\"https:\/\/www.claret.cat\/categoria-producto\/cat\/\" title=\"CAT\">CAT<\/a>\n<\/span><span class=\"aioseo-breadcrumb-separator\">&raquo;<\/span><span class=\"aioseo-breadcrumb\">\n\t<a href=\"https:\/\/www.claret.cat\/categoria-producto\/cat\/2_humanitats\/\" title=\"Humanitats\">Humanitats<\/a>\n<\/span><span class=\"aioseo-breadcrumb-separator\">&raquo;<\/span><span class=\"aioseo-breadcrumb\">\n\t<a href=\"https:\/\/www.claret.cat\/categoria-producto\/cat\/2_humanitats\/psicologia\/\" title=\"Psicologia\">Psicologia<\/a>\n<\/span><span class=\"aioseo-breadcrumb-separator\">&raquo;<\/span><span class=\"aioseo-breadcrumb\">\n\tEL NI\u00d1O CON NECESIDADES ESPECIALES\n<\/span><\/div>","aioseo_breadcrumb_json":[{"label":"Home","link":"https:\/\/www.claret.cat\/es\/"},{"label":"Botiga","link":"https:\/\/www.claret.cat\/?page_id=16"},{"label":"CAT","link":"https:\/\/www.claret.cat\/categoria-producto\/cat\/"},{"label":"Humanitats","link":"https:\/\/www.claret.cat\/categoria-producto\/cat\/2_humanitats\/"},{"label":"Psicologia","link":"https:\/\/www.claret.cat\/categoria-producto\/cat\/2_humanitats\/psicologia\/"},{"label":"EL NI\u00d1O CON NECESIDADES ESPECIALES","link":"https:\/\/www.claret.cat\/es\/libro\/el-nino-con-necesidades-especiales-9788417581527\/"}],"_links":{"self":[{"href":"https:\/\/www.claret.cat\/es\/wp-json\/wp\/v2\/product\/130367","targetHints":{"allow":["GET"]}}],"collection":[{"href":"https:\/\/www.claret.cat\/es\/wp-json\/wp\/v2\/product"}],"about":[{"href":"https:\/\/www.claret.cat\/es\/wp-json\/wp\/v2\/types\/product"}],"wp:featuredmedia":[{"embeddable":true,"href":"https:\/\/www.claret.cat\/es\/wp-json\/wp\/v2\/media\/130368"}],"wp:attachment":[{"href":"https:\/\/www.claret.cat\/es\/wp-json\/wp\/v2\/media?parent=130367"}],"wp:term":[{"taxonomy":"product_brand","embeddable":true,"href":"https:\/\/www.claret.cat\/es\/wp-json\/wp\/v2\/product_brand?post=130367"},{"taxonomy":"product_cat","embeddable":true,"href":"https:\/\/www.claret.cat\/es\/wp-json\/wp\/v2\/product_cat?post=130367"},{"taxonomy":"product_tag","embeddable":true,"href":"https:\/\/www.claret.cat\/es\/wp-json\/wp\/v2\/product_tag?post=130367"}],"curies":[{"name":"wp","href":"https:\/\/api.w.org\/{rel}","templated":true}]}}