{"id":134017,"date":"2022-10-13T08:27:47","date_gmt":"2022-10-13T06:27:47","guid":{"rendered":"http:\/\/dev.claret.cat\/producte\/melancolia-y-creacion-en-vincent-van-gogh\/"},"modified":"2024-05-02T16:45:47","modified_gmt":"2024-05-02T14:45:47","slug":"melancolia-y-creacion-en-vincent-van-gogh-9788416737567","status":"publish","type":"product","link":"https:\/\/www.claret.cat\/es\/libro\/melancolia-y-creacion-en-vincent-van-gogh-9788416737567\/","title":{"rendered":"MELANCOL\u00cdA Y CREACI\u00d3N EN VINCENT VAN GOGH"},"content":{"rendered":"<p>En Vincent Van Gogh la relaci\u00f3n entre la existencia y el trabajo, entre la enfermedad mental y la creaci\u00f3n ha proporcionado material para una larga tradici\u00f3n de interpretaci\u00f3n, especialmente psicoanal\u00edtica. En este contexto, Massimo Recalcati pone en relaci\u00f3n la melancol\u00eda y la pintura respecto a la autonom\u00eda del arte a prop\u00f3sito de la obra del famos\u00edsimo pintor. As\u00ed, el autor nos va mostrando c\u00f3mo las pinturas de Van Gogh constituyen el esfuerzo extremo de dibujar, a trav\u00e9s de la luz y el color, directamente lo absoluto, la cosa misma. Pero la consagraci\u00f3n del arte, que al principio lo hab\u00eda salvado de la melancol\u00eda original, se revela como lo que lo sumerge en las profundidades de la locura.<br \/>\u00abLe debemos a Recalcati una profunda renovaci\u00f3n de los estudios psicoanal\u00edticos en Italia.\u00bb<br \/>Roberto Esposito, La Repubblica<br \/>\u00abEl libro de Recalcati recorre la vida del pintor, rastreando sus esfuerzos por encontrar una posible inscripci\u00f3n simb\u00f3lica. Su pintura es el \u00faltimo intento de alcanzar lo absoluto a trav\u00e9s de la luz y del color.\u00bb<br \/>L\u2019Unit\u00e0<\/p>\n","protected":false},"excerpt":{"rendered":"<p>RECALCATI, MASSIMO<\/p>\n","protected":false},"featured_media":330139,"template":"","meta":{"_acf_changed":false,"om_disable_all_campaigns":false,"rs_blank_template":"","rs_page_bg_color":"","slide_template_v7":"","inline_featured_image":false,"_monsterinsights_skip_tracking":false,"_monsterinsights_sitenote_active":false,"_monsterinsights_sitenote_note":"","_monsterinsights_sitenote_category":0},"product_brand":[],"product_cat":[110,560],"product_tag":[],"class_list":{"0":"post-134017","1":"product","2":"type-product","3":"status-publish","4":"has-post-thumbnail","6":"product_cat-art","7":"product_cat-arte","9":"first","10":"instock","11":"taxable","12":"shipping-taxable","13":"purchasable","14":"product-type-simple"},"acf":{"editorial":[{"ID":148566,"post_author":"3","post_date":"2022-10-14 11:59:14","post_date_gmt":"2022-10-14 09:59:14","post_content":"","post_title":"Ned Ediciones","post_excerpt":"","post_status":"publish","comment_status":"closed","ping_status":"closed","post_password":"","post_name":"ned-ediciones","to_ping":"","pinged":"","post_modified":"2022-10-14 11:59:14","post_modified_gmt":"2022-10-14 09:59:14","post_content_filtered":"","post_parent":0,"guid":"http:\/\/dev.claret.cat\/editorial\/ned-ediciones\/","menu_order":0,"post_type":"editorial","post_mime_type":"","comment_count":"0","filter":"raw"}],"autores-libros":[{"ID":164414,"post_author":"3","post_date":"2022-10-14 17:46:52","post_date_gmt":"2022-10-14 15:46:52","post_content":"","post_title":"MASSIMO RECALCATI","post_excerpt":"","post_status":"publish","comment_status":"closed","ping_status":"closed","post_password":"","post_name":"massimo-recalcati","to_ping":"","pinged":"","post_modified":"2022-10-14 17:46:52","post_modified_gmt":"2022-10-14 15:46:52","post_content_filtered":"","post_parent":0,"guid":"http:\/\/dev.claret.cat\/autor\/massimo-recalcati\/","menu_order":0,"post_type":"autor","post_mime_type":"","comment_count":"0","filter":"raw"}],"autor":"RECALCATI, MASSIMO","codart":"841673756","libros-coleccion":"","ediciones":"1","encuadernacion":"R\u00fastica","fecha_de_publicacion":"15\/04\/2019","novedad":"1","paginas":"176","subtitulo":"","orden":"0","portada":"0","idioma":"spa"},"aioseo_notices":[],"_links":{"self":[{"href":"https:\/\/www.claret.cat\/es\/wp-json\/wp\/v2\/product\/134017","targetHints":{"allow":["GET"]}}],"collection":[{"href":"https:\/\/www.claret.cat\/es\/wp-json\/wp\/v2\/product"}],"about":[{"href":"https:\/\/www.claret.cat\/es\/wp-json\/wp\/v2\/types\/product"}],"wp:featuredmedia":[{"embeddable":true,"href":"https:\/\/www.claret.cat\/es\/wp-json\/wp\/v2\/media\/330139"}],"wp:attachment":[{"href":"https:\/\/www.claret.cat\/es\/wp-json\/wp\/v2\/media?parent=134017"}],"wp:term":[{"taxonomy":"product_brand","embeddable":true,"href":"https:\/\/www.claret.cat\/es\/wp-json\/wp\/v2\/product_brand?post=134017"},{"taxonomy":"product_cat","embeddable":true,"href":"https:\/\/www.claret.cat\/es\/wp-json\/wp\/v2\/product_cat?post=134017"},{"taxonomy":"product_tag","embeddable":true,"href":"https:\/\/www.claret.cat\/es\/wp-json\/wp\/v2\/product_tag?post=134017"}],"curies":[{"name":"wp","href":"https:\/\/api.w.org\/{rel}","templated":true}]}}