{"id":138483,"date":"2022-10-13T12:33:59","date_gmt":"2022-10-13T10:33:59","guid":{"rendered":"http:\/\/dev.claret.cat\/producte\/apocalipsis-5\/"},"modified":"2025-03-05T16:50:38","modified_gmt":"2025-03-05T15:50:38","slug":"apocalipsis-9788490734247","status":"publish","type":"product","link":"https:\/\/www.claret.cat\/es\/libro\/apocalipsis-9788490734247\/","title":{"rendered":"APOCALIPSIS"},"content":{"rendered":"<p>Elisabeth Sch\u00fcssler Fiorenza traza un nuevo y provocador camino en la interpretaci\u00f3n del libro del Apocalipsis. Reconoce no s\u00f3lo las deformaciones ideol\u00f3gicas, sino tambi\u00e9n la situaci\u00f3n sociopol\u00edtica del Apocalipsis. De esta manera, abre al lector el mundo de la visi\u00f3n de este impactante libro del nuevo Testamento.   Este libro est\u00e1 dividido en tres partes: (1) una introducci\u00f3n centrada en la situaci\u00f3n social y en el an\u00e1lisis ret\u00f3rico; (2) el comentario; y (3) una lectura ret\u00f3rica teo-\u00e9tica del mundo visionario del libro del Apocalipsis bajo apartados como &#8216;Imperio&#8217;, &#8216;Tribulaci\u00f3n&#8217;, &#8216;Resistencia&#8217; y &#8216;Voces rivales&#8217;.   Seg\u00fan Elisabeth Sch\u00fcssler Fiorenza: &#8216;Mi propia lectura del Apocalipsis se sit\u00faa en el horizonte tanto de los estudios b\u00edblicos acad\u00e9micos como de los discursos liberacionistas y teol\u00f3gico-feministas. Trato as\u00ed de hacer una interpretaci\u00f3n pol\u00edtico-feminista y una evaluaci\u00f3n teo-\u00e9tica de este fascinante libro de la Biblia&#8217;.<\/p>\n","protected":false},"excerpt":{"rendered":"<p>SCH\u00dcSSLER FIORENZA, ELISABETH<\/p>\n","protected":false},"featured_media":372849,"template":"","meta":{"_acf_changed":false,"om_disable_all_campaigns":false,"rs_blank_template":"","rs_page_bg_color":"","slide_template_v7":"","inline_featured_image":false,"_monsterinsights_skip_tracking":false,"_monsterinsights_sitenote_active":false,"_monsterinsights_sitenote_note":"","_monsterinsights_sitenote_category":0},"product_brand":[],"product_cat":[78,344],"product_tag":[],"class_list":{"0":"post-138483","1":"product","2":"type-product","3":"status-publish","4":"has-post-thumbnail","6":"product_cat-pastoral","7":"product_cat-pastoral-1_espiritualidad","9":"first","10":"instock","11":"taxable","12":"shipping-taxable","13":"purchasable","14":"product-type-simple"},"acf":{"editorial":[{"ID":148049,"post_author":"3","post_date":"2022-10-14 11:55:14","post_date_gmt":"2022-10-14 09:55:14","post_content":"","post_title":"Editorial Verbo Divino","post_excerpt":"","post_status":"publish","comment_status":"closed","ping_status":"closed","post_password":"","post_name":"editorial-verbo-divino","to_ping":"","pinged":"","post_modified":"2022-10-14 11:55:14","post_modified_gmt":"2022-10-14 09:55:14","post_content_filtered":"","post_parent":0,"guid":"http:\/\/dev.claret.cat\/editorial\/editorial-verbo-divino\/","menu_order":0,"post_type":"editorial","post_mime_type":"","comment_count":"0","filter":"raw"}],"autor":"SCH\u00dcSSLER FIORENZA, ELISABETH","codart":"849073424","libros-coleccion":"","ediciones":"1","encuadernacion":"R\u00fastica","fecha_de_publicacion":"01\/05\/2018","novedad":"1","paginas":"0","subtitulo":"VISI\u00d3N DE UN MUNDO JUSTO","orden":"0","portada":"0","idioma":"spa","autores-libros":[{"ID":154824,"post_author":"3","post_date":"2022-10-14 15:07:56","post_date_gmt":"2022-10-14 13:07:56","post_content":"","post_title":"ELISABETH SCHUSSLER FIORENZA","post_excerpt":"","post_status":"publish","comment_status":"closed","ping_status":"closed","post_password":"","post_name":"elisabeth-schussler-fiorenza","to_ping":"","pinged":"","post_modified":"2022-10-14 15:07:56","post_modified_gmt":"2022-10-14 13:07:56","post_content_filtered":"","post_parent":0,"guid":"http:\/\/dev.claret.cat\/autor\/elisabeth-schussler-fiorenza\/","menu_order":0,"post_type":"autor","post_mime_type":"","comment_count":"0","filter":"raw"}]},"aioseo_notices":[],"_links":{"self":[{"href":"https:\/\/www.claret.cat\/es\/wp-json\/wp\/v2\/product\/138483","targetHints":{"allow":["GET"]}}],"collection":[{"href":"https:\/\/www.claret.cat\/es\/wp-json\/wp\/v2\/product"}],"about":[{"href":"https:\/\/www.claret.cat\/es\/wp-json\/wp\/v2\/types\/product"}],"wp:featuredmedia":[{"embeddable":true,"href":"https:\/\/www.claret.cat\/es\/wp-json\/wp\/v2\/media\/372849"}],"wp:attachment":[{"href":"https:\/\/www.claret.cat\/es\/wp-json\/wp\/v2\/media?parent=138483"}],"wp:term":[{"taxonomy":"product_brand","embeddable":true,"href":"https:\/\/www.claret.cat\/es\/wp-json\/wp\/v2\/product_brand?post=138483"},{"taxonomy":"product_cat","embeddable":true,"href":"https:\/\/www.claret.cat\/es\/wp-json\/wp\/v2\/product_cat?post=138483"},{"taxonomy":"product_tag","embeddable":true,"href":"https:\/\/www.claret.cat\/es\/wp-json\/wp\/v2\/product_tag?post=138483"}],"curies":[{"name":"wp","href":"https:\/\/api.w.org\/{rel}","templated":true}]}}