{"id":138645,"date":"2022-10-13T12:36:35","date_gmt":"2022-10-13T10:36:35","guid":{"rendered":"http:\/\/dev.claret.cat\/producte\/sus-heridas-nos-han-curado-is-535\/"},"modified":"2025-07-07T12:10:56","modified_gmt":"2025-07-07T10:10:56","slug":"sus-heridas-nos-han-curado-is-535-9780210800331","status":"publish","type":"product","link":"https:\/\/www.claret.cat\/es\/libro\/sus-heridas-nos-han-curado-is-535-9780210800331\/","title":{"rendered":"SUS HERIDAS NOS HAN CURADO IS 53,5"},"content":{"rendered":"<p>La aventura del amor c\u00e9libe es un aprendizaje que dura toda la vida. Esa larga marcha no transcurre sin heridas ni accidentes. \u00bfCu\u00e1les suelen ser los conflictos m\u00e1s frecuentes que el c\u00e9libe debe afrontar en las diversas etapas de su vida? \u00bfC\u00f3mo abordarlos e integrarlos positivamente desde el amor c\u00e9libe? Lola Arrieta, ccv, desde su experiencia de muchos a\u00f1os de acompa\u00f1ante vocacional y psic\u00f3loga, nos los describe.<\/p>\n","protected":false},"excerpt":{"rendered":"<p>LOLA ARRIETA<\/p>\n","protected":false},"featured_media":325041,"template":"","meta":{"_acf_changed":false,"om_disable_all_campaigns":false,"rs_blank_template":"","rs_page_bg_color":"","slide_template_v7":"","inline_featured_image":false,"_monsterinsights_skip_tracking":false,"_monsterinsights_sitenote_active":false,"_monsterinsights_sitenote_note":"","_monsterinsights_sitenote_category":0},"product_brand":[],"product_cat":[90,540],"product_tag":[],"class_list":{"0":"post-138645","1":"product","2":"type-product","3":"status-publish","4":"has-post-thumbnail","6":"product_cat-altres","7":"product_cat-otros","9":"first","10":"instock","11":"taxable","12":"shipping-taxable","13":"purchasable","14":"product-type-simple"},"acf":{"editorial":[{"ID":6224,"post_author":"3","post_date":"2022-07-28 17:47:33","post_date_gmt":"2022-07-28 15:47:33","post_content":"","post_title":"EDITORIAL FRONTERA","post_excerpt":"","post_status":"publish","comment_status":"closed","ping_status":"closed","post_password":"","post_name":"editorial-frontera","to_ping":"","pinged":"","post_modified":"2022-07-28 17:47:33","post_modified_gmt":"2022-07-28 15:47:33","post_content_filtered":"","post_parent":0,"guid":"http:\/\/dev.claret.cat\/editorial\/editorial-frontera\/","menu_order":0,"post_type":"editorial","post_mime_type":"","comment_count":"0","filter":"raw"}],"autor":"LOLA ARRIETA","codart":"021080033","libros-coleccion":"","ediciones":"1","encuadernacion":"R\u00fastica","fecha_de_publicacion":"07\/03\/2019","novedad":"0","paginas":"133","subtitulo":"CONFLICTIVIDAD AFECTIVO-SEXUAL EN LA OPCI\u00d3N DE AMOR C\u00c9LIBE ","orden":"0","portada":"0","idioma":"spa","autores-libros":[{"ID":162412,"post_author":"3","post_date":"2022-10-14 17:30:49","post_date_gmt":"2022-10-14 15:30:49","post_content":"","post_title":"LOLA ARRIETA","post_excerpt":"","post_status":"publish","comment_status":"closed","ping_status":"closed","post_password":"","post_name":"lola-arrieta","to_ping":"","pinged":"","post_modified":"2022-10-14 17:30:49","post_modified_gmt":"2022-10-14 15:30:49","post_content_filtered":"","post_parent":0,"guid":"http:\/\/dev.claret.cat\/autor\/lola-arrieta\/","menu_order":0,"post_type":"autor","post_mime_type":"","comment_count":"0","filter":"raw"}],"booktrailer":"","resenas":""},"aioseo_notices":[],"_links":{"self":[{"href":"https:\/\/www.claret.cat\/es\/wp-json\/wp\/v2\/product\/138645","targetHints":{"allow":["GET"]}}],"collection":[{"href":"https:\/\/www.claret.cat\/es\/wp-json\/wp\/v2\/product"}],"about":[{"href":"https:\/\/www.claret.cat\/es\/wp-json\/wp\/v2\/types\/product"}],"wp:featuredmedia":[{"embeddable":true,"href":"https:\/\/www.claret.cat\/es\/wp-json\/wp\/v2\/media\/325041"}],"wp:attachment":[{"href":"https:\/\/www.claret.cat\/es\/wp-json\/wp\/v2\/media?parent=138645"}],"wp:term":[{"taxonomy":"product_brand","embeddable":true,"href":"https:\/\/www.claret.cat\/es\/wp-json\/wp\/v2\/product_brand?post=138645"},{"taxonomy":"product_cat","embeddable":true,"href":"https:\/\/www.claret.cat\/es\/wp-json\/wp\/v2\/product_cat?post=138645"},{"taxonomy":"product_tag","embeddable":true,"href":"https:\/\/www.claret.cat\/es\/wp-json\/wp\/v2\/product_tag?post=138645"}],"curies":[{"name":"wp","href":"https:\/\/api.w.org\/{rel}","templated":true}]}}