{"id":139926,"date":"2022-10-13T12:54:59","date_gmt":"2022-10-13T10:54:59","guid":{"rendered":"http:\/\/dev.claret.cat\/producte\/soy-dinamita\/"},"modified":"2023-01-28T01:22:45","modified_gmt":"2023-01-28T00:22:45","slug":"soy-dinamita-9788434429772","status":"publish","type":"product","link":"https:\/\/www.claret.cat\/es\/libro\/soy-dinamita-9788434429772\/","title":{"rendered":"\u00a1SOY DINAMITA!"},"content":{"rendered":"<p>La biograf\u00eda que esclarece definitivamente algunas cosas que Nietzsche no fue: no fue antisemita, no fue nacionalista, no fue nihilista. Eso s\u00ed, fue pura dinamita. <br \/>La imagen, formidable y ya convencional: una amplia frente despejada, un poblado mostacho que cae sobre la boca, unos ojos engastados con mirada miope, entre alucinada y torva. Sin embargo, pese a la potencia expresiva del icono, se intuye una m\u00e1scara que escamotea un car\u00e1cter huidizo y atormentado. Si la imagen puede resultar enga\u00f1osa, la vida y la obra de Nietzsche han dado p\u00e1bulo a tantas y tan dispares interpretaciones que cuesta hacerse una idea cabal de qui\u00e9n fue y qu\u00e9 pensaba este hombre enigm\u00e1tico.<br \/>Sue Prideaux aborda la biograf\u00eda con escrupulosa delicadeza, poniendo las cosas en su sitio, en su tiempo. Recorre as\u00ed la infancia casi id\u00edlica de Nietzsche, sus estudios y su temprana entrada en la vida acad\u00e9mica, sus amor\u00edos y crisis personales, su precaria salud y su supuesta s\u00edfilis, su existencia errabunda, su aislamiento y su devastador descenso final a la locura. Y ese devenir biogr\u00e1fico est\u00e1 poblado de una impagable galer\u00eda de personajes del historiador Jacob Burckhardt a los megal\u00f3manos Cosima y Richard Wagner, pasando por Lou Andreas Salom\u00e9 retratados con implacable precisi\u00f3n, adem\u00e1s de su peculiar familia. La misteriosa muerte de su padre, pastor luterano, cuando \u00e9l ten\u00eda cinco a\u00f1os le influir\u00eda de por vida; Elisabeth, su hermana peque\u00f1a, le marcar\u00eda no solo en la vida sino m\u00e1s all\u00e1, censurando y manipulando su obra, pero conserv\u00e1ndola casi \u00edntegra.<br \/>Evitando el trazo grueso, desmontando mitos, rastreando la prol\u00edfica correspondencia del fil\u00f3sofo, Prideaux revela un hombre complejo, alguien cuyo genio extraordinario le llev\u00f3 a ambicionar la demolici\u00f3n de cuantas certidumbres se hab\u00edan \u00abcre\u00eddo, exigido, santificado\u00bb hasta entonces; alguien que fue, ciertamente, dinamita.<\/p>\n","protected":false},"excerpt":{"rendered":"<p>PRIDEAUX, SUE<\/p>\n","protected":false},"featured_media":139927,"template":"","meta":{"_acf_changed":false,"om_disable_all_campaigns":false,"rs_blank_template":"","rs_page_bg_color":"","slide_template_v7":"","inline_featured_image":false,"_monsterinsights_skip_tracking":false,"_monsterinsights_sitenote_active":false,"_monsterinsights_sitenote_note":"","_monsterinsights_sitenote_category":0},"product_brand":[],"product_cat":[99],"product_tag":[],"class_list":{"0":"post-139926","1":"product","2":"type-product","3":"status-publish","4":"has-post-thumbnail","6":"product_cat-biografies","8":"first","9":"instock","10":"taxable","11":"shipping-taxable","12":"purchasable","13":"product-type-simple"},"acf":{"editorial":[{"ID":6220,"post_author":"3","post_date":"2022-07-28 17:47:28","post_date_gmt":"2022-07-28 15:47:28","post_content":"","post_title":"Editorial Ariel","post_excerpt":"","post_status":"publish","comment_status":"closed","ping_status":"closed","post_password":"","post_name":"editorial-ariel","to_ping":"","pinged":"","post_modified":"2022-07-28 17:47:28","post_modified_gmt":"2022-07-28 15:47:28","post_content_filtered":"","post_parent":0,"guid":"http:\/\/dev.claret.cat\/editorial\/editorial-ariel\/","menu_order":0,"post_type":"editorial","post_mime_type":"","comment_count":"0","filter":"raw"}],"autor":"PRIDEAUX, SUE","codart":"843442977","libros-coleccion":"Ariel","ediciones":"1","encuadernacion":"Carton\u00e9","fecha_de_publicacion":"01\/02\/2019","novedad":"1","paginas":"526","subtitulo":"UNA VIDA DE NIETZSCHE","orden":"0","portada":"0","idioma":"spa","autores-libros":[{"ID":169899,"post_author":"3","post_date":"2022-10-14 22:30:55","post_date_gmt":"2022-10-14 20:30:55","post_content":"","post_title":"SUE PRIDEAUX","post_excerpt":"","post_status":"publish","comment_status":"closed","ping_status":"closed","post_password":"","post_name":"sue-prideaux","to_ping":"","pinged":"","post_modified":"2022-10-14 22:30:55","post_modified_gmt":"2022-10-14 20:30:55","post_content_filtered":"","post_parent":0,"guid":"http:\/\/dev.claret.cat\/autor\/sue-prideaux\/","menu_order":0,"post_type":"autor","post_mime_type":"","comment_count":"0","filter":"raw"}]},"aioseo_notices":[],"_links":{"self":[{"href":"https:\/\/www.claret.cat\/es\/wp-json\/wp\/v2\/product\/139926","targetHints":{"allow":["GET"]}}],"collection":[{"href":"https:\/\/www.claret.cat\/es\/wp-json\/wp\/v2\/product"}],"about":[{"href":"https:\/\/www.claret.cat\/es\/wp-json\/wp\/v2\/types\/product"}],"wp:featuredmedia":[{"embeddable":true,"href":"https:\/\/www.claret.cat\/es\/wp-json\/wp\/v2\/media\/139927"}],"wp:attachment":[{"href":"https:\/\/www.claret.cat\/es\/wp-json\/wp\/v2\/media?parent=139926"}],"wp:term":[{"taxonomy":"product_brand","embeddable":true,"href":"https:\/\/www.claret.cat\/es\/wp-json\/wp\/v2\/product_brand?post=139926"},{"taxonomy":"product_cat","embeddable":true,"href":"https:\/\/www.claret.cat\/es\/wp-json\/wp\/v2\/product_cat?post=139926"},{"taxonomy":"product_tag","embeddable":true,"href":"https:\/\/www.claret.cat\/es\/wp-json\/wp\/v2\/product_tag?post=139926"}],"curies":[{"name":"wp","href":"https:\/\/api.w.org\/{rel}","templated":true}]}}