{"id":140067,"date":"2022-10-13T12:57:13","date_gmt":"2022-10-13T10:57:13","guid":{"rendered":"http:\/\/dev.claret.cat\/producte\/la-oracion-y-el-problema-de-dios\/"},"modified":"2026-03-03T16:38:38","modified_gmt":"2026-03-03T15:38:38","slug":"la-oracion-y-el-problema-de-dios-9788428556897","status":"publish","type":"product","link":"https:\/\/www.claret.cat\/es\/libro\/la-oracion-y-el-problema-de-dios-9788428556897\/","title":{"rendered":"LA ORACI\u00d3N Y EL PROBLEMA DE DIOS"},"content":{"rendered":"<p>\u00bfSe puede liquidar el acto de orar en un gesto de impotencia y debilidad que nos mantiene pasivos encomend\u00e1ndonos a la omnipotencia divina y olvidando la fuerza que puede emanar de ella? \u00bfSolo hay sumisi\u00f3n en la oraci\u00f3n, sin tan siquiera resistencia? El autor reflexiona sobre la crisis de la oraci\u00f3n, fruto de la secularizaci\u00f3n y las preguntas sin respuesta frente al mal y al dolor de los inocentes. Pero la repetici\u00f3n constante de esas preguntas es, para el prestigioso te\u00f3logo suizo, el punto de partida para descubrir el sentido universalmente humano de la oraci\u00f3n.<\/p>\n","protected":false},"excerpt":{"rendered":"<p>K\u00dcNG, HANS<\/p>\n","protected":false},"featured_media":1087334,"template":"","meta":{"_acf_changed":false,"om_disable_all_campaigns":false,"rs_blank_template":"","rs_page_bg_color":"","slide_template_v7":"","inline_featured_image":false,"_monsterinsights_skip_tracking":false,"_monsterinsights_sitenote_active":false,"_monsterinsights_sitenote_note":"","_monsterinsights_sitenote_category":0},"product_brand":[],"product_cat":[345,79,78,344],"product_tag":[],"class_list":{"0":"post-140067","1":"product","2":"type-product","3":"status-publish","4":"has-post-thumbnail","6":"product_cat-espiritualidad","7":"product_cat-espiritualitat","8":"product_cat-pastoral","9":"product_cat-pastoral-1_espiritualidad","11":"first","12":"instock","13":"taxable","14":"shipping-taxable","15":"purchasable","16":"product-type-simple"},"acf":{"editorial":[{"ID":6356,"post_author":"3","post_date":"2022-07-28 17:50:26","post_date_gmt":"2022-07-28 15:50:26","post_content":"","post_title":"SAN PABLO COMUNICACI\u00d3N","post_excerpt":"","post_status":"publish","comment_status":"closed","ping_status":"closed","post_password":"","post_name":"san-pablo-comunicacion","to_ping":"","pinged":"","post_modified":"2022-07-28 17:50:26","post_modified_gmt":"2022-07-28 15:50:26","post_content_filtered":"","post_parent":0,"guid":"http:\/\/dev.claret.cat\/editorial\/san-pablo-comunicacion\/","menu_order":0,"post_type":"editorial","post_mime_type":"","comment_count":"0","filter":"raw"}],"autor":"K\u00dcNG, HANS","codart":"842855689","libros-coleccion":"Teselas","ediciones":"1","encuadernacion":"R\u00fastica","fecha_de_publicacion":"25\/02\/2019","novedad":"1","paginas":"98","subtitulo":"","orden":"0","portada":"0","idioma":"spa","autores-libros":[{"ID":157357,"post_author":"3","post_date":"2022-10-14 15:28:11","post_date_gmt":"2022-10-14 13:28:11","post_content":"","post_title":"HANS K\u00dcNG","post_excerpt":"","post_status":"publish","comment_status":"closed","ping_status":"closed","post_password":"","post_name":"hans-kung","to_ping":"","pinged":"","post_modified":"2022-10-14 15:28:11","post_modified_gmt":"2022-10-14 13:28:11","post_content_filtered":"","post_parent":0,"guid":"http:\/\/dev.claret.cat\/autor\/hans-kung\/","menu_order":0,"post_type":"autor","post_mime_type":"","comment_count":"0","filter":"raw"}],"booktrailer":"","resenas":""},"aioseo_notices":[],"_links":{"self":[{"href":"https:\/\/www.claret.cat\/es\/wp-json\/wp\/v2\/product\/140067","targetHints":{"allow":["GET"]}}],"collection":[{"href":"https:\/\/www.claret.cat\/es\/wp-json\/wp\/v2\/product"}],"about":[{"href":"https:\/\/www.claret.cat\/es\/wp-json\/wp\/v2\/types\/product"}],"wp:featuredmedia":[{"embeddable":true,"href":"https:\/\/www.claret.cat\/es\/wp-json\/wp\/v2\/media\/1087334"}],"wp:attachment":[{"href":"https:\/\/www.claret.cat\/es\/wp-json\/wp\/v2\/media?parent=140067"}],"wp:term":[{"taxonomy":"product_brand","embeddable":true,"href":"https:\/\/www.claret.cat\/es\/wp-json\/wp\/v2\/product_brand?post=140067"},{"taxonomy":"product_cat","embeddable":true,"href":"https:\/\/www.claret.cat\/es\/wp-json\/wp\/v2\/product_cat?post=140067"},{"taxonomy":"product_tag","embeddable":true,"href":"https:\/\/www.claret.cat\/es\/wp-json\/wp\/v2\/product_tag?post=140067"}],"curies":[{"name":"wp","href":"https:\/\/api.w.org\/{rel}","templated":true}]}}