{"id":1418,"date":"2022-07-27T20:44:05","date_gmt":"2022-07-27T18:44:05","guid":{"rendered":"http:\/\/dev.claret.cat\/producto\/la-prehistoria-en-la-mochila-9788403518407\/"},"modified":"2023-10-06T09:12:28","modified_gmt":"2023-10-06T07:12:28","slug":"la-prehistoria-en-la-mochila-9788403518407","status":"publish","type":"product","link":"https:\/\/www.claret.cat\/es\/libro\/la-prehistoria-en-la-mochila-9788403518407\/","title":{"rendered":"LA PREHISTORIA EN LA MOCHILA"},"content":{"rendered":"<p>La historia de Sepik es la historia de la humanidad.<br \/>Un \u00e9pico viaje por yacimientos peninsulares de \u00e9poca neandertal que  har\u00e1 volar tu imaginaci\u00f3n. Sepik, un joven neandertal, sale de su cueva en busca de un nuevo lugar  rico en recursos que garantice la continuidad de su grupo. Su aventura,  escrita en primera persona en forma de cuaderno de viaje y enriquecida  con ilustraciones y comentarios explicativos del autor, nos ofrecer\u00e1  todo tipo de datos y curiosidades sobre c\u00f3mo vivieron nuestros  antepasados durante el Paleol\u00edtico a trav\u00e9s de un recorrido por algunas  de las cuevas m\u00e1s relevantes que han sido descubiertas hasta ahora. Ignacio Mart\u00edn Lerma, arque\u00f3logo y especialista en el Paleol\u00edtico, nos  propone retroceder miles de a\u00f1os en el tiempo hasta llegar a  una de las  \u00e9pocas m\u00e1s antiguas de la humanidad. Apasionado de la divulgaci\u00f3n y  firme defensor de la ciencia \u00abaccesible\u00bb, el autor plantea un viaje por  catorce de los yacimientos neandertales m\u00e1s destacados de la pen\u00ednsula  Ib\u00e9rica. Cuestiones como la muerte, la caza, la alimentaci\u00f3n o el arte,  cobran protagonismo en un precioso relato que, de manera sencilla y  brillante y combinando la ficci\u00f3n con la realidad, nos transporta hasta uno de los periodos m\u00e1s desconocidos de nuestro pasado. \u00abLes doy la bienvenida a un apasionante paseo por una de las \u00e9pocas que  m\u00e1s inc\u00f3gnitas mantiene de nuestro pasado. En este texto, que pone la  ficci\u00f3n al servicio de la divulgaci\u00f3n, se mezclan datos de total rigor  cient\u00edfico con otros creados para darle al relato la cohesi\u00f3n y la doble  funci\u00f3n de divulgar, pero tambi\u00e9n de hacer pasar un buen rato a quien lo lea\u00bb.<br \/>Ignacio Mart\u00edn Lerma Cr\u00edticas:<br \/>\u00abViajemos con la imaginaci\u00f3n a esos lugares m\u00edticos del universo  neandertal que los cient\u00edficos est\u00e1n sacando a la luz. Entre ellos figura destacadamente Ignacio Mart\u00edn Lerma\u00bb.<br \/>Juan Luis Arsuaga<\/p>\n","protected":false},"excerpt":{"rendered":"<p>MART\u00cdN LERMA, IGNACIO<\/p>\n","protected":false},"featured_media":54197,"template":"","meta":{"_acf_changed":false,"om_disable_all_campaigns":false,"rs_blank_template":"","rs_page_bg_color":"","slide_template_v7":"","inline_featured_image":false,"_monsterinsights_skip_tracking":false,"_monsterinsights_sitenote_active":false,"_monsterinsights_sitenote_note":"","_monsterinsights_sitenote_category":0},"product_brand":[],"product_cat":[426],"product_tag":[],"class_list":{"0":"post-1418","1":"product","2":"type-product","3":"status-publish","4":"has-post-thumbnail","6":"product_cat-prehistoria-historia-2_humanidades","8":"first","9":"instock","10":"taxable","11":"shipping-taxable","12":"purchasable","13":"product-type-simple"},"acf":{"autor":"MART\u00cdN LERMA, IGNACIO","codart":"840351840","ediciones":"1","encuadernacion":"R\u00fastica","fecha_de_publicacion":"01\/05\/2022","novedad":"1","paginas":"240","subtitulo":"DIARIO DE VIAJE DE UN NEANDERTAL","orden":"0","portada":"0","idioma":"spa","libros-coleccion":"Divulgaci\u00f3n","autores-libros":[{"ID":5547,"post_author":"3","post_date":"2022-07-28 17:26:19","post_date_gmt":"2022-07-28 15:26:19","post_content":"","post_title":"IGNACIO MART\u00cdN LERMA","post_excerpt":"","post_status":"publish","comment_status":"closed","ping_status":"closed","post_password":"","post_name":"ignacio-martin-lerma","to_ping":"","pinged":"","post_modified":"2022-07-28 17:26:19","post_modified_gmt":"2022-07-28 15:26:19","post_content_filtered":"","post_parent":0,"guid":"http:\/\/dev.claret.cat\/autor\/ignacio-martin-lerma\/","menu_order":0,"post_type":"autor","post_mime_type":"","comment_count":"0","filter":"raw"}],"editorial":[{"ID":6113,"post_author":"3","post_date":"2022-07-28 17:45:10","post_date_gmt":"2022-07-28 15:45:10","post_content":"","post_title":"AGUILAR","post_excerpt":"","post_status":"publish","comment_status":"closed","ping_status":"closed","post_password":"","post_name":"aguilar","to_ping":"","pinged":"","post_modified":"2022-07-28 17:45:10","post_modified_gmt":"2022-07-28 15:45:10","post_content_filtered":"","post_parent":0,"guid":"http:\/\/dev.claret.cat\/editorial\/aguilar\/","menu_order":0,"post_type":"editorial","post_mime_type":"","comment_count":"0","filter":"raw"}]},"aioseo_notices":[],"_links":{"self":[{"href":"https:\/\/www.claret.cat\/es\/wp-json\/wp\/v2\/product\/1418","targetHints":{"allow":["GET"]}}],"collection":[{"href":"https:\/\/www.claret.cat\/es\/wp-json\/wp\/v2\/product"}],"about":[{"href":"https:\/\/www.claret.cat\/es\/wp-json\/wp\/v2\/types\/product"}],"wp:featuredmedia":[{"embeddable":true,"href":"https:\/\/www.claret.cat\/es\/wp-json\/wp\/v2\/media\/54197"}],"wp:attachment":[{"href":"https:\/\/www.claret.cat\/es\/wp-json\/wp\/v2\/media?parent=1418"}],"wp:term":[{"taxonomy":"product_brand","embeddable":true,"href":"https:\/\/www.claret.cat\/es\/wp-json\/wp\/v2\/product_brand?post=1418"},{"taxonomy":"product_cat","embeddable":true,"href":"https:\/\/www.claret.cat\/es\/wp-json\/wp\/v2\/product_cat?post=1418"},{"taxonomy":"product_tag","embeddable":true,"href":"https:\/\/www.claret.cat\/es\/wp-json\/wp\/v2\/product_tag?post=1418"}],"curies":[{"name":"wp","href":"https:\/\/api.w.org\/{rel}","templated":true}]}}