{"id":143127,"date":"2022-10-13T13:41:31","date_gmt":"2022-10-13T11:41:31","guid":{"rendered":"http:\/\/dev.claret.cat\/producte\/corazon-que-rie-corazon-que-llora\/"},"modified":"2023-01-28T01:29:40","modified_gmt":"2023-01-28T00:29:40","slug":"corazon-que-rie-corazon-que-llora-9788417115999","status":"publish","type":"product","link":"https:\/\/www.claret.cat\/es\/libro\/corazon-que-rie-corazon-que-llora-9788417115999\/","title":{"rendered":"CORAZ\u00d3N QUE R\u00cdE, CORAZ\u00d3N QUE LLORA"},"content":{"rendered":"<p>No es f\u00e1cil vivir entre dos mundos, y la ni\u00f1a Maryse lo sabe. En casa, en la isla caribe\u00f1a de Guadalupe, sus padres se niegan a hablar criollo y se enorgullecen de ser franceses de pura cepa, pero, cuando la familia visita Par\u00eds, la peque\u00f1a repara en c\u00f3mo los blancos los miran por encima del hombro. Eternamente a caballo entre la l\u00e1grima y la sonrisa, entre lo bello y lo terrible, en palabras de Rilke, asistimos al relato de los primeros a\u00f1os de Cond\u00e9, desde su nacimiento en pleno Mardi Gras, con los gritos de su madre confundi\u00e9ndose con los tambores del carnaval, hasta el primer amor, el primer dolor, el descubrimiento de la propia negritud y de la propia feminidad, la toma de conciencia pol\u00edtica, el surgimiento de la vocaci\u00f3n literaria, la primera muerte. Estos son los recuerdos de una escritora que, muchos a\u00f1os despu\u00e9s, echa la vista atr\u00e1s y se zambulle en su pasado, buscando hacer las paces consigo misma y con sus or\u00edgenes.<br \/> Profunda e ingenua, melanc\u00f3lica y ligera, Maryse Cond\u00e9, la gran voz de las letras antillanas, explora con una honestidad conmovedora su infancia y su juventud. Un magistral ejercicio de autodescubrimiento que constituye una pieza clave de toda su producci\u00f3n literaria, que le ha valido el Premio Nobel Alternativo de Literatura 2018.<\/p>\n","protected":false},"excerpt":{"rendered":"<p>COND\u00c9, MARYSE<\/p>\n","protected":false},"featured_media":143128,"template":"","meta":{"_acf_changed":false,"om_disable_all_campaigns":false,"rs_blank_template":"","rs_page_bg_color":"","slide_template_v7":"","inline_featured_image":false,"_monsterinsights_skip_tracking":false},"product_brand":[],"product_cat":[16],"product_tag":[],"class_list":["post-143127","product","type-product","status-publish","has-post-thumbnail","product_cat-sense-categoria","first","instock","taxable","shipping-taxable","purchasable","product-type-simple"],"acf":{"autor":"COND\u00c9, MARYSE","codart":"841711599","libros-coleccion":"Impedimenta","ediciones":"1","encuadernacion":"R\u00fastica","fecha_de_publicacion":"01\/01\/2019","novedad":"1","paginas":"170","subtitulo":"CUENTOS VERDADEROS DE MI INFANCIA","orden":"0","portada":"0","idioma":"spa","editorial":[{"ID":148284,"post_author":"3","post_date":"2022-10-14 11:57:03","post_date_gmt":"2022-10-14 09:57:03","post_content":"","post_title":"IMPEDIMENTA","post_excerpt":"","post_status":"publish","comment_status":"closed","ping_status":"closed","post_password":"","post_name":"impedimenta","to_ping":"","pinged":"","post_modified":"2022-10-14 11:57:03","post_modified_gmt":"2022-10-14 09:57:03","post_content_filtered":"","post_parent":0,"guid":"http:\/\/dev.claret.cat\/editorial\/impedimenta\/","menu_order":0,"post_type":"editorial","post_mime_type":"","comment_count":"0","filter":"raw"}],"autores-libros":[{"ID":164390,"post_author":"3","post_date":"2022-10-14 17:46:41","post_date_gmt":"2022-10-14 15:46:41","post_content":"","post_title":"MARYSE CONDE","post_excerpt":"","post_status":"publish","comment_status":"closed","ping_status":"closed","post_password":"","post_name":"maryse-conde","to_ping":"","pinged":"","post_modified":"2022-10-14 17:46:41","post_modified_gmt":"2022-10-14 15:46:41","post_content_filtered":"","post_parent":0,"guid":"http:\/\/dev.claret.cat\/autor\/maryse-conde\/","menu_order":0,"post_type":"autor","post_mime_type":"","comment_count":"0","filter":"raw"}]},"aioseo_notices":[],"aioseo_head":"\n\t\t<!-- All in One SEO Pro 5.0.1.1 - aioseo.com -->\n\t<meta name=\"description\" content=\"CORAZ\u00d3N QUE R\u00cdE, CORAZ\u00d3N QUE LLORA de COND\u00c9, MARYSE disponible a\/en Llibreria Claret.\" \/>\n\t<meta name=\"robots\" content=\"max-image-preview:large\" \/>\n\t<meta name=\"google-site-verification\" content=\"xVtlFxJ-TfkIu-D-lt7XeLobefg5EIQiXTuqcSf8Rf0\" \/>\n\t<link rel=\"canonical\" href=\"https:\/\/www.claret.cat\/es\/libro\/corazon-que-rie-corazon-que-llora-9788417115999\/\" \/>\n\t<meta name=\"generator\" content=\"All in One SEO Pro (AIOSEO) 5.0.1.1\" \/>\n\t\t<meta property=\"og:locale\" content=\"es_ES\" \/>\n\t\t<meta property=\"og:site_name\" content=\"Llibreria Claret - Llibreria religiosa a Barcelona\" \/>\n\t\t<meta property=\"og:type\" content=\"article\" \/>\n\t\t<meta property=\"og:title\" content=\"CORAZ\u00d3N QUE R\u00cdE, CORAZ\u00d3N QUE LLORA - COND\u00c9, MARYSE 9788417115999 | Llibreria Claret\" \/>\n\t\t<meta property=\"og:description\" content=\"CORAZ\u00d3N QUE R\u00cdE, CORAZ\u00d3N QUE LLORA de COND\u00c9, MARYSE disponible a\/en Llibreria Claret.\" \/>\n\t\t<meta property=\"og:url\" content=\"https:\/\/www.claret.cat\/es\/libro\/corazon-que-rie-corazon-que-llora-9788417115999\/\" \/>\n\t\t<meta property=\"og:image\" content=\"https:\/\/dev.claret.cat\/wp-content\/uploads\/logo-claret.svg\" \/>\n\t\t<meta property=\"og:image:secure_url\" content=\"https:\/\/dev.claret.cat\/wp-content\/uploads\/logo-claret.svg\" \/>\n\t\t<meta property=\"article:published_time\" content=\"2022-10-13T11:41:31+00:00\" \/>\n\t\t<meta property=\"article:modified_time\" content=\"2023-01-28T00:29:40+00:00\" \/>\n\t\t<meta property=\"article:publisher\" content=\"https:\/\/www.facebook.com\/LlibreriaClaret\" \/>\n\t\t<meta name=\"twitter:card\" content=\"summary_large_image\" \/>\n\t\t<meta name=\"twitter:site\" content=\"@LlibreriaClaret\" \/>\n\t\t<meta name=\"twitter:title\" content=\"CORAZ\u00d3N QUE R\u00cdE, CORAZ\u00d3N QUE LLORA - COND\u00c9, MARYSE 9788417115999 | Llibreria Claret\" \/>\n\t\t<meta name=\"twitter:description\" content=\"CORAZ\u00d3N QUE R\u00cdE, CORAZ\u00d3N QUE LLORA de COND\u00c9, MARYSE disponible a\/en Llibreria Claret.\" \/>\n\t\t<meta name=\"twitter:image\" content=\"http:\/\/dev.claret.cat\/wp-content\/uploads\/logo-claret.svg\" \/>\n\t\t<script type=\"application\/ld+json\" class=\"aioseo-schema\">\n\t\t\t{\"@context\":\"https:\\\/\\\/schema.org\",\"@graph\":[{\"@type\":\"BreadcrumbList\",\"@id\":\"https:\\\/\\\/www.claret.cat\\\/es\\\/libro\\\/corazon-que-rie-corazon-que-llora-9788417115999\\\/#breadcrumblist\",\"itemListElement\":[{\"@type\":\"ListItem\",\"@id\":\"https:\\\/\\\/www.claret.cat\\\/es\\\/#listItem\",\"position\":1,\"name\":\"Home\",\"item\":\"https:\\\/\\\/www.claret.cat\\\/es\\\/\",\"nextItem\":{\"@type\":\"ListItem\",\"@id\":\"https:\\\/\\\/www.claret.cat\\\/?page_id=16#listItem\",\"name\":\"Botiga\"}},{\"@type\":\"ListItem\",\"@id\":\"https:\\\/\\\/www.claret.cat\\\/?page_id=16#listItem\",\"position\":2,\"name\":\"Botiga\",\"item\":\"https:\\\/\\\/www.claret.cat\\\/?page_id=16\",\"nextItem\":{\"@type\":\"ListItem\",\"@id\":\"https:\\\/\\\/www.claret.cat\\\/categoria-producto\\\/sense-categoria\\\/#listItem\",\"name\":\"Sense Categoria\"},\"previousItem\":{\"@type\":\"ListItem\",\"@id\":\"https:\\\/\\\/www.claret.cat\\\/es\\\/#listItem\",\"name\":\"Home\"}},{\"@type\":\"ListItem\",\"@id\":\"https:\\\/\\\/www.claret.cat\\\/categoria-producto\\\/sense-categoria\\\/#listItem\",\"position\":3,\"name\":\"Sense Categoria\",\"item\":\"https:\\\/\\\/www.claret.cat\\\/categoria-producto\\\/sense-categoria\\\/\",\"nextItem\":{\"@type\":\"ListItem\",\"@id\":\"https:\\\/\\\/www.claret.cat\\\/es\\\/libro\\\/corazon-que-rie-corazon-que-llora-9788417115999\\\/#listItem\",\"name\":\"CORAZ\\u00d3N QUE R\\u00cdE, CORAZ\\u00d3N QUE LLORA\"},\"previousItem\":{\"@type\":\"ListItem\",\"@id\":\"https:\\\/\\\/www.claret.cat\\\/?page_id=16#listItem\",\"name\":\"Botiga\"}},{\"@type\":\"ListItem\",\"@id\":\"https:\\\/\\\/www.claret.cat\\\/es\\\/libro\\\/corazon-que-rie-corazon-que-llora-9788417115999\\\/#listItem\",\"position\":4,\"name\":\"CORAZ\\u00d3N QUE R\\u00cdE, CORAZ\\u00d3N QUE LLORA\",\"previousItem\":{\"@type\":\"ListItem\",\"@id\":\"https:\\\/\\\/www.claret.cat\\\/categoria-producto\\\/sense-categoria\\\/#listItem\",\"name\":\"Sense Categoria\"}}]},{\"@type\":\"ItemPage\",\"@id\":\"https:\\\/\\\/www.claret.cat\\\/es\\\/libro\\\/corazon-que-rie-corazon-que-llora-9788417115999\\\/#itempage\",\"url\":\"https:\\\/\\\/www.claret.cat\\\/es\\\/libro\\\/corazon-que-rie-corazon-que-llora-9788417115999\\\/\",\"name\":\"CORAZ\\u00d3N QUE R\\u00cdE, CORAZ\\u00d3N QUE LLORA - COND\\u00c9, MARYSE 9788417115999 | Llibreria Claret\",\"description\":\"CORAZ\\u00d3N QUE R\\u00cdE, CORAZ\\u00d3N QUE LLORA de COND\\u00c9, MARYSE disponible a\\\/en Llibreria Claret.\",\"inLanguage\":\"es-ES\",\"isPartOf\":{\"@id\":\"https:\\\/\\\/www.claret.cat\\\/es\\\/#website\"},\"breadcrumb\":{\"@id\":\"https:\\\/\\\/www.claret.cat\\\/es\\\/libro\\\/corazon-que-rie-corazon-que-llora-9788417115999\\\/#breadcrumblist\"},\"image\":{\"@type\":\"ImageObject\",\"url\":\"https:\\\/\\\/www.claret.cat\\\/wp-content\\\/uploads\\\/.\\\/9788417115999.jpg\",\"@id\":\"https:\\\/\\\/www.claret.cat\\\/es\\\/libro\\\/corazon-que-rie-corazon-que-llora-9788417115999\\\/#mainImage\",\"width\":225,\"height\":345,\"caption\":\"9788417115999.jpg\"},\"primaryImageOfPage\":{\"@id\":\"https:\\\/\\\/www.claret.cat\\\/es\\\/libro\\\/corazon-que-rie-corazon-que-llora-9788417115999\\\/#mainImage\"},\"datePublished\":\"2022-10-13T13:41:31+02:00\",\"dateModified\":\"2023-01-28T01:29:40+01:00\"},{\"@type\":\"Organization\",\"@id\":\"https:\\\/\\\/www.claret.cat\\\/es\\\/#organization\",\"name\":\"Llibreria Claret\",\"description\":\"Llibreria religiosa a Barcelona\",\"url\":\"https:\\\/\\\/www.claret.cat\\\/es\\\/\",\"email\":\"comunicacio@claret.cat\",\"telephone\":\"+34933010887\",\"logo\":{\"@type\":\"ImageObject\",\"url\":\"https:\\\/\\\/www.claret.cat\\\/wp-content\\\/uploads\\\/.\\\/logo-claret-es.png\",\"@id\":\"https:\\\/\\\/www.claret.cat\\\/es\\\/libro\\\/corazon-que-rie-corazon-que-llora-9788417115999\\\/#organizationLogo\",\"width\":195,\"height\":79},\"image\":{\"@id\":\"https:\\\/\\\/www.claret.cat\\\/es\\\/libro\\\/corazon-que-rie-corazon-que-llora-9788417115999\\\/#organizationLogo\"},\"sameAs\":[\"https:\\\/\\\/www.facebook.com\\\/LlibreriaClaret\",\"https:\\\/\\\/twitter.com\\\/LlibreriaClaret\",\"https:\\\/\\\/www.instagram.com\\\/llibreriaclaret\\\/\",\"https:\\\/\\\/www.tiktok.com\\\/@llibreriaclaret\",\"https:\\\/\\\/www.youtube.com\\\/@llibreriaclaret\",\"https:\\\/\\\/ca.wikipedia.org\\\/wiki\\\/Editorial_Claret\"]},{\"@type\":\"WebPage\",\"@id\":\"https:\\\/\\\/www.claret.cat\\\/es\\\/libro\\\/corazon-que-rie-corazon-que-llora-9788417115999\\\/#webpage\",\"url\":\"https:\\\/\\\/www.claret.cat\\\/es\\\/libro\\\/corazon-que-rie-corazon-que-llora-9788417115999\\\/\",\"name\":\"CORAZ\\u00d3N QUE R\\u00cdE, CORAZ\\u00d3N QUE LLORA - COND\\u00c9, MARYSE 9788417115999 | Llibreria Claret\",\"description\":\"CORAZ\\u00d3N QUE R\\u00cdE, CORAZ\\u00d3N QUE LLORA de COND\\u00c9, MARYSE disponible a\\\/en Llibreria Claret.\",\"inLanguage\":\"es-ES\",\"isPartOf\":{\"@id\":\"https:\\\/\\\/www.claret.cat\\\/es\\\/#website\"},\"breadcrumb\":{\"@id\":\"https:\\\/\\\/www.claret.cat\\\/es\\\/libro\\\/corazon-que-rie-corazon-que-llora-9788417115999\\\/#breadcrumblist\"},\"image\":{\"@type\":\"ImageObject\",\"url\":\"https:\\\/\\\/www.claret.cat\\\/wp-content\\\/uploads\\\/.\\\/9788417115999.jpg\",\"@id\":\"https:\\\/\\\/www.claret.cat\\\/es\\\/libro\\\/corazon-que-rie-corazon-que-llora-9788417115999\\\/#mainImage\",\"width\":225,\"height\":345,\"caption\":\"9788417115999.jpg\"},\"primaryImageOfPage\":{\"@id\":\"https:\\\/\\\/www.claret.cat\\\/es\\\/libro\\\/corazon-que-rie-corazon-que-llora-9788417115999\\\/#mainImage\"},\"datePublished\":\"2022-10-13T13:41:31+02:00\",\"dateModified\":\"2023-01-28T01:29:40+01:00\"},{\"@type\":\"WebSite\",\"@id\":\"https:\\\/\\\/www.claret.cat\\\/es\\\/#website\",\"url\":\"https:\\\/\\\/www.claret.cat\\\/es\\\/\",\"name\":\"Llibreria Claret Barcelona\",\"alternateName\":\"Llibreria Claret\",\"description\":\"Llibreria religiosa a Barcelona\",\"inLanguage\":\"es-ES\",\"publisher\":{\"@id\":\"https:\\\/\\\/www.claret.cat\\\/es\\\/#organization\"}}]}\n\t\t<\/script>\n\t\t<!-- All in One SEO Pro -->\r\n\t\t<title>CORAZ\u00d3N QUE R\u00cdE, CORAZ\u00d3N QUE LLORA - COND\u00c9, MARYSE 9788417115999 | Llibreria Claret<\/title>\n\n","aioseo_head_json":{"title":"CORAZ\u00d3N QUE R\u00cdE, CORAZ\u00d3N QUE LLORA - COND\u00c9, MARYSE 9788417115999 | Llibreria Claret","description":"CORAZ\u00d3N QUE R\u00cdE, CORAZ\u00d3N QUE LLORA de COND\u00c9, MARYSE disponible a\/en Llibreria Claret.","canonical_url":"https:\/\/www.claret.cat\/es\/libro\/corazon-que-rie-corazon-que-llora-9788417115999\/","robots":"max-image-preview:large","keywords":"","webmasterTools":{"google-site-verification":"xVtlFxJ-TfkIu-D-lt7XeLobefg5EIQiXTuqcSf8Rf0","miscellaneous":""},"schema":{"@context":"https:\/\/schema.org","@graph":[{"@type":"BreadcrumbList","@id":"https:\/\/www.claret.cat\/es\/libro\/corazon-que-rie-corazon-que-llora-9788417115999\/#breadcrumblist","itemListElement":[{"@type":"ListItem","@id":"https:\/\/www.claret.cat\/es\/#listItem","position":1,"name":"Home","item":"https:\/\/www.claret.cat\/es\/","nextItem":{"@type":"ListItem","@id":"https:\/\/www.claret.cat\/?page_id=16#listItem","name":"Botiga"}},{"@type":"ListItem","@id":"https:\/\/www.claret.cat\/?page_id=16#listItem","position":2,"name":"Botiga","item":"https:\/\/www.claret.cat\/?page_id=16","nextItem":{"@type":"ListItem","@id":"https:\/\/www.claret.cat\/categoria-producto\/sense-categoria\/#listItem","name":"Sense Categoria"},"previousItem":{"@type":"ListItem","@id":"https:\/\/www.claret.cat\/es\/#listItem","name":"Home"}},{"@type":"ListItem","@id":"https:\/\/www.claret.cat\/categoria-producto\/sense-categoria\/#listItem","position":3,"name":"Sense Categoria","item":"https:\/\/www.claret.cat\/categoria-producto\/sense-categoria\/","nextItem":{"@type":"ListItem","@id":"https:\/\/www.claret.cat\/es\/libro\/corazon-que-rie-corazon-que-llora-9788417115999\/#listItem","name":"CORAZ\u00d3N QUE R\u00cdE, CORAZ\u00d3N QUE LLORA"},"previousItem":{"@type":"ListItem","@id":"https:\/\/www.claret.cat\/?page_id=16#listItem","name":"Botiga"}},{"@type":"ListItem","@id":"https:\/\/www.claret.cat\/es\/libro\/corazon-que-rie-corazon-que-llora-9788417115999\/#listItem","position":4,"name":"CORAZ\u00d3N QUE R\u00cdE, CORAZ\u00d3N QUE LLORA","previousItem":{"@type":"ListItem","@id":"https:\/\/www.claret.cat\/categoria-producto\/sense-categoria\/#listItem","name":"Sense Categoria"}}]},{"@type":"ItemPage","@id":"https:\/\/www.claret.cat\/es\/libro\/corazon-que-rie-corazon-que-llora-9788417115999\/#itempage","url":"https:\/\/www.claret.cat\/es\/libro\/corazon-que-rie-corazon-que-llora-9788417115999\/","name":"CORAZ\u00d3N QUE R\u00cdE, CORAZ\u00d3N QUE LLORA - COND\u00c9, MARYSE 9788417115999 | Llibreria Claret","description":"CORAZ\u00d3N QUE R\u00cdE, CORAZ\u00d3N QUE LLORA de COND\u00c9, MARYSE disponible a\/en Llibreria Claret.","inLanguage":"es-ES","isPartOf":{"@id":"https:\/\/www.claret.cat\/es\/#website"},"breadcrumb":{"@id":"https:\/\/www.claret.cat\/es\/libro\/corazon-que-rie-corazon-que-llora-9788417115999\/#breadcrumblist"},"image":{"@type":"ImageObject","url":"https:\/\/www.claret.cat\/wp-content\/uploads\/.\/9788417115999.jpg","@id":"https:\/\/www.claret.cat\/es\/libro\/corazon-que-rie-corazon-que-llora-9788417115999\/#mainImage","width":225,"height":345,"caption":"9788417115999.jpg"},"primaryImageOfPage":{"@id":"https:\/\/www.claret.cat\/es\/libro\/corazon-que-rie-corazon-que-llora-9788417115999\/#mainImage"},"datePublished":"2022-10-13T13:41:31+02:00","dateModified":"2023-01-28T01:29:40+01:00"},{"@type":"Organization","@id":"https:\/\/www.claret.cat\/es\/#organization","name":"Llibreria Claret","description":"Llibreria religiosa a Barcelona","url":"https:\/\/www.claret.cat\/es\/","email":"comunicacio@claret.cat","telephone":"+34933010887","logo":{"@type":"ImageObject","url":"https:\/\/www.claret.cat\/wp-content\/uploads\/.\/logo-claret-es.png","@id":"https:\/\/www.claret.cat\/es\/libro\/corazon-que-rie-corazon-que-llora-9788417115999\/#organizationLogo","width":195,"height":79},"image":{"@id":"https:\/\/www.claret.cat\/es\/libro\/corazon-que-rie-corazon-que-llora-9788417115999\/#organizationLogo"},"sameAs":["https:\/\/www.facebook.com\/LlibreriaClaret","https:\/\/twitter.com\/LlibreriaClaret","https:\/\/www.instagram.com\/llibreriaclaret\/","https:\/\/www.tiktok.com\/@llibreriaclaret","https:\/\/www.youtube.com\/@llibreriaclaret","https:\/\/ca.wikipedia.org\/wiki\/Editorial_Claret"]},{"@type":"WebPage","@id":"https:\/\/www.claret.cat\/es\/libro\/corazon-que-rie-corazon-que-llora-9788417115999\/#webpage","url":"https:\/\/www.claret.cat\/es\/libro\/corazon-que-rie-corazon-que-llora-9788417115999\/","name":"CORAZ\u00d3N QUE R\u00cdE, CORAZ\u00d3N QUE LLORA - COND\u00c9, MARYSE 9788417115999 | Llibreria Claret","description":"CORAZ\u00d3N QUE R\u00cdE, CORAZ\u00d3N QUE LLORA de COND\u00c9, MARYSE disponible a\/en Llibreria Claret.","inLanguage":"es-ES","isPartOf":{"@id":"https:\/\/www.claret.cat\/es\/#website"},"breadcrumb":{"@id":"https:\/\/www.claret.cat\/es\/libro\/corazon-que-rie-corazon-que-llora-9788417115999\/#breadcrumblist"},"image":{"@type":"ImageObject","url":"https:\/\/www.claret.cat\/wp-content\/uploads\/.\/9788417115999.jpg","@id":"https:\/\/www.claret.cat\/es\/libro\/corazon-que-rie-corazon-que-llora-9788417115999\/#mainImage","width":225,"height":345,"caption":"9788417115999.jpg"},"primaryImageOfPage":{"@id":"https:\/\/www.claret.cat\/es\/libro\/corazon-que-rie-corazon-que-llora-9788417115999\/#mainImage"},"datePublished":"2022-10-13T13:41:31+02:00","dateModified":"2023-01-28T01:29:40+01:00"},{"@type":"WebSite","@id":"https:\/\/www.claret.cat\/es\/#website","url":"https:\/\/www.claret.cat\/es\/","name":"Llibreria Claret Barcelona","alternateName":"Llibreria Claret","description":"Llibreria religiosa a Barcelona","inLanguage":"es-ES","publisher":{"@id":"https:\/\/www.claret.cat\/es\/#organization"}}]},"og:locale":"es_ES","og:site_name":"Llibreria Claret - Llibreria religiosa a Barcelona","og:type":"article","og:title":"CORAZ\u00d3N QUE R\u00cdE, CORAZ\u00d3N QUE LLORA - COND\u00c9, MARYSE 9788417115999 | Llibreria Claret","og:description":"CORAZ\u00d3N QUE R\u00cdE, CORAZ\u00d3N QUE LLORA de COND\u00c9, MARYSE disponible a\/en Llibreria Claret.","og:url":"https:\/\/www.claret.cat\/es\/libro\/corazon-que-rie-corazon-que-llora-9788417115999\/","og:image":"https:\/\/dev.claret.cat\/wp-content\/uploads\/logo-claret.svg","og:image:secure_url":"https:\/\/dev.claret.cat\/wp-content\/uploads\/logo-claret.svg","article:published_time":"2022-10-13T11:41:31+00:00","article:modified_time":"2023-01-28T00:29:40+00:00","article:publisher":"https:\/\/www.facebook.com\/LlibreriaClaret","twitter:card":"summary_large_image","twitter:site":"@LlibreriaClaret","twitter:title":"CORAZ\u00d3N QUE R\u00cdE, CORAZ\u00d3N QUE LLORA - COND\u00c9, MARYSE 9788417115999 | Llibreria Claret","twitter:description":"CORAZ\u00d3N QUE R\u00cdE, CORAZ\u00d3N QUE LLORA de COND\u00c9, MARYSE disponible a\/en Llibreria Claret.","twitter:image":"http:\/\/dev.claret.cat\/wp-content\/uploads\/logo-claret.svg"},"aioseo_meta_data":{"post_id":"143127","title":null,"description":null,"keywords":null,"keyphrases":null,"primary_term":null,"canonical_url":null,"og_title":null,"og_description":null,"og_object_type":"default","og_image_type":"default","og_image_url":null,"og_image_width":null,"og_image_height":null,"og_image_custom_url":null,"og_image_custom_fields":null,"og_video":null,"og_custom_url":null,"og_article_section":null,"og_article_tags":null,"twitter_use_og":false,"twitter_card":"default","twitter_image_type":"default","twitter_image_url":null,"twitter_image_custom_url":null,"twitter_image_custom_fields":null,"twitter_title":null,"twitter_description":null,"schema":{"blockGraphs":[],"customGraphs":[],"default":{"data":{"Article":[],"Course":[],"Dataset":[],"FAQPage":[],"Movie":[],"Person":[],"Product":[],"ProductReview":[],"Car":[],"Recipe":[],"Service":[],"SoftwareApplication":[],"WebPage":[]},"graphName":"","isEnabled":true},"graphs":[]},"schema_type":"default","schema_type_options":null,"pillar_content":false,"robots_default":true,"robots_noindex":false,"robots_noarchive":false,"robots_nosnippet":false,"robots_nofollow":false,"robots_noimageindex":false,"robots_noodp":false,"robots_notranslate":false,"robots_max_snippet":null,"robots_max_videopreview":null,"robots_max_imagepreview":"large","priority":null,"frequency":null,"local_seo":null,"seo_analyzer_scan_date":"2025-11-26 14:27:55","breadcrumb_settings":null,"limit_modified_date":false,"open_ai":null,"ai":null,"created":"2022-12-20 08:31:40","updated":"2025-11-26 14:27:55","focus_keyword":null,"additional_keywords":null,"truseo_locale":null},"aioseo_breadcrumb":"<div class=\"aioseo-breadcrumbs\"><span class=\"aioseo-breadcrumb\">\n\t<a href=\"https:\/\/www.claret.cat\/es\/\" title=\"Home\">Home<\/a>\n<\/span><span class=\"aioseo-breadcrumb-separator\">&raquo;<\/span><span class=\"aioseo-breadcrumb\">\n\t<a href=\"https:\/\/www.claret.cat\/?page_id=16\" title=\"Botiga\">Botiga<\/a>\n<\/span><span class=\"aioseo-breadcrumb-separator\">&raquo;<\/span><span class=\"aioseo-breadcrumb\">\n\t<a href=\"https:\/\/www.claret.cat\/categoria-producto\/sense-categoria\/\" title=\"Sense Categoria\">Sense Categoria<\/a>\n<\/span><span class=\"aioseo-breadcrumb-separator\">&raquo;<\/span><span class=\"aioseo-breadcrumb\">\n\tCORAZ\u00d3N QUE R\u00cdE, CORAZ\u00d3N QUE LLORA\n<\/span><\/div>","aioseo_breadcrumb_json":[{"label":"Home","link":"https:\/\/www.claret.cat\/es\/"},{"label":"Botiga","link":"https:\/\/www.claret.cat\/?page_id=16"},{"label":"Sense Categoria","link":"https:\/\/www.claret.cat\/categoria-producto\/sense-categoria\/"},{"label":"CORAZ\u00d3N QUE R\u00cdE, CORAZ\u00d3N QUE LLORA","link":"https:\/\/www.claret.cat\/es\/libro\/corazon-que-rie-corazon-que-llora-9788417115999\/"}],"_links":{"self":[{"href":"https:\/\/www.claret.cat\/es\/wp-json\/wp\/v2\/product\/143127","targetHints":{"allow":["GET"]}}],"collection":[{"href":"https:\/\/www.claret.cat\/es\/wp-json\/wp\/v2\/product"}],"about":[{"href":"https:\/\/www.claret.cat\/es\/wp-json\/wp\/v2\/types\/product"}],"wp:featuredmedia":[{"embeddable":true,"href":"https:\/\/www.claret.cat\/es\/wp-json\/wp\/v2\/media\/143128"}],"wp:attachment":[{"href":"https:\/\/www.claret.cat\/es\/wp-json\/wp\/v2\/media?parent=143127"}],"wp:term":[{"taxonomy":"product_brand","embeddable":true,"href":"https:\/\/www.claret.cat\/es\/wp-json\/wp\/v2\/product_brand?post=143127"},{"taxonomy":"product_cat","embeddable":true,"href":"https:\/\/www.claret.cat\/es\/wp-json\/wp\/v2\/product_cat?post=143127"},{"taxonomy":"product_tag","embeddable":true,"href":"https:\/\/www.claret.cat\/es\/wp-json\/wp\/v2\/product_tag?post=143127"}],"curies":[{"name":"wp","href":"https:\/\/api.w.org\/{rel}","templated":true}]}}