{"id":145717,"date":"2022-10-13T14:21:29","date_gmt":"2022-10-13T12:21:29","guid":{"rendered":"http:\/\/dev.claret.cat\/producte\/modelos-y-lideres\/"},"modified":"2024-05-24T06:31:07","modified_gmt":"2024-05-24T04:31:07","slug":"modelos-y-lideres-9788430120130","status":"publish","type":"product","link":"https:\/\/www.claret.cat\/es\/libro\/modelos-y-lideres-9788430120130\/","title":{"rendered":"MODELOS Y L\u00cdDERES"},"content":{"rendered":"<p>Existen momentos en que una sociedad se esfuerza por buscar modelos, es decir, figuras-valor, a los que imitar; tal vez porque experimenta de manera dram\u00e1tica la falta de dirigentes y l\u00edderes a la altura de sus retos.<br \/>En el primer tercio del siglo pasado, a lo lardo de la terrible guerra europea y la efervescente posguerra, Max Scheler esboz\u00f3 algunas notas que pasaron a ser un curso semestral para la Universidad de Colonia (1921), ya que una profunda crisis de identidad moral y de liderazgo pol\u00edtico y social llenaba el ambiente.<br \/>El lector tiene en sus manos el fruto de aquella meditaci\u00f3n. En \u00e9l se intenta probar de forma pr\u00e1ctica que la reflexi\u00f3n moral scheleriana no es tanto ni esencialmente una abstracta teor\u00eda de \u00abvalores\u00bb, sino ante todo una teor\u00eda de la persona y de su configuraci\u00f3n moral mediante sus actos de discernimiento, amor y elecci\u00f3n. En este sentido, constituye una prolongaci\u00f3n de su \u00c9tica, obra mayor en la que describe desde sus inicios el crecimiento espiritual y moral de la persona y de las sociedades.<\/p>\n","protected":false},"excerpt":{"rendered":"<p>SCHELER, MAX<\/p>\n","protected":false},"featured_media":342224,"template":"","meta":{"_acf_changed":false,"om_disable_all_campaigns":false,"rs_blank_template":"","rs_page_bg_color":"","slide_template_v7":"","inline_featured_image":false,"_monsterinsights_skip_tracking":false},"product_brand":[],"product_cat":[83,349],"product_tag":[],"class_list":["post-145717","product","type-product","status-publish","has-post-thumbnail","product_cat-filosofia","product_cat-filosofia-2_humanidades","first","instock","taxable","shipping-taxable","purchasable","product-type-simple"],"acf":{"editorial":[{"ID":6364,"post_author":"3","post_date":"2022-07-28 17:50:36","post_date_gmt":"2022-07-28 15:50:36","post_content":"","post_title":"S\u00edgueme","post_excerpt":"","post_status":"publish","comment_status":"closed","ping_status":"closed","post_password":"","post_name":"sigueme","to_ping":"","pinged":"","post_modified":"2022-07-28 17:50:36","post_modified_gmt":"2022-07-28 15:50:36","post_content_filtered":"","post_parent":0,"guid":"http:\/\/dev.claret.cat\/editorial\/sigueme\/","menu_order":0,"post_type":"editorial","post_mime_type":"","comment_count":"0","filter":"raw"}],"autor":"SCHELER, MAX","codart":"843012013","libros-coleccion":"Hermeneia","ediciones":"1","encuadernacion":"R\u00fastica","fecha_de_publicacion":"19\/11\/2018","novedad":"1","paginas":"160","subtitulo":"","orden":"0","portada":"0","idioma":"spa","autores-libros":[{"ID":164555,"post_author":"3","post_date":"2022-10-14 17:48:01","post_date_gmt":"2022-10-14 15:48:01","post_content":"","post_title":"MAX SCHELER","post_excerpt":"","post_status":"publish","comment_status":"closed","ping_status":"closed","post_password":"","post_name":"max-scheler","to_ping":"","pinged":"","post_modified":"2022-10-14 17:48:01","post_modified_gmt":"2022-10-14 15:48:01","post_content_filtered":"","post_parent":0,"guid":"http:\/\/dev.claret.cat\/autor\/max-scheler\/","menu_order":0,"post_type":"autor","post_mime_type":"","comment_count":"0","filter":"raw"}]},"aioseo_notices":[],"aioseo_head":"\n\t\t<!-- All in One SEO Pro 5.0.1.1 - aioseo.com -->\n\t<meta name=\"description\" content=\"MODELOS Y L\u00cdDERES de SCHELER, MAX disponible a\/en Llibreria Claret.\" \/>\n\t<meta name=\"robots\" content=\"max-image-preview:large\" \/>\n\t<meta name=\"google-site-verification\" content=\"xVtlFxJ-TfkIu-D-lt7XeLobefg5EIQiXTuqcSf8Rf0\" \/>\n\t<link rel=\"canonical\" href=\"https:\/\/www.claret.cat\/es\/libro\/modelos-y-lideres-9788430120130\/\" \/>\n\t<meta name=\"generator\" content=\"All in One SEO Pro (AIOSEO) 5.0.1.1\" \/>\n\t\t<meta property=\"og:locale\" content=\"es_ES\" \/>\n\t\t<meta property=\"og:site_name\" content=\"Llibreria Claret - Llibreria religiosa a Barcelona\" \/>\n\t\t<meta property=\"og:type\" content=\"article\" \/>\n\t\t<meta property=\"og:title\" content=\"MODELOS Y L\u00cdDERES - SCHELER, MAX 9788430120130 | Llibreria Claret\" \/>\n\t\t<meta property=\"og:description\" content=\"MODELOS Y L\u00cdDERES de SCHELER, MAX disponible a\/en Llibreria Claret.\" \/>\n\t\t<meta property=\"og:url\" content=\"https:\/\/www.claret.cat\/es\/libro\/modelos-y-lideres-9788430120130\/\" \/>\n\t\t<meta property=\"og:image\" content=\"https:\/\/dev.claret.cat\/wp-content\/uploads\/logo-claret.svg\" \/>\n\t\t<meta property=\"og:image:secure_url\" content=\"https:\/\/dev.claret.cat\/wp-content\/uploads\/logo-claret.svg\" \/>\n\t\t<meta property=\"article:published_time\" content=\"2022-10-13T12:21:29+00:00\" \/>\n\t\t<meta property=\"article:modified_time\" content=\"2024-05-24T04:31:07+00:00\" \/>\n\t\t<meta property=\"article:publisher\" content=\"https:\/\/www.facebook.com\/LlibreriaClaret\" \/>\n\t\t<meta name=\"twitter:card\" content=\"summary_large_image\" \/>\n\t\t<meta name=\"twitter:site\" content=\"@LlibreriaClaret\" \/>\n\t\t<meta name=\"twitter:title\" content=\"MODELOS Y L\u00cdDERES - SCHELER, MAX 9788430120130 | Llibreria Claret\" \/>\n\t\t<meta name=\"twitter:description\" content=\"MODELOS Y L\u00cdDERES de SCHELER, MAX disponible a\/en Llibreria Claret.\" \/>\n\t\t<meta name=\"twitter:image\" content=\"http:\/\/dev.claret.cat\/wp-content\/uploads\/logo-claret.svg\" \/>\n\t\t<script type=\"application\/ld+json\" class=\"aioseo-schema\">\n\t\t\t{\"@context\":\"https:\\\/\\\/schema.org\",\"@graph\":[{\"@type\":\"BreadcrumbList\",\"@id\":\"https:\\\/\\\/www.claret.cat\\\/es\\\/libro\\\/modelos-y-lideres-9788430120130\\\/#breadcrumblist\",\"itemListElement\":[{\"@type\":\"ListItem\",\"@id\":\"https:\\\/\\\/www.claret.cat\\\/es\\\/#listItem\",\"position\":1,\"name\":\"Home\",\"item\":\"https:\\\/\\\/www.claret.cat\\\/es\\\/\",\"nextItem\":{\"@type\":\"ListItem\",\"@id\":\"https:\\\/\\\/www.claret.cat\\\/?page_id=16#listItem\",\"name\":\"Botiga\"}},{\"@type\":\"ListItem\",\"@id\":\"https:\\\/\\\/www.claret.cat\\\/?page_id=16#listItem\",\"position\":2,\"name\":\"Botiga\",\"item\":\"https:\\\/\\\/www.claret.cat\\\/?page_id=16\",\"nextItem\":{\"@type\":\"ListItem\",\"@id\":\"https:\\\/\\\/www.claret.cat\\\/categoria-producto\\\/cat\\\/#listItem\",\"name\":\"CAT\"},\"previousItem\":{\"@type\":\"ListItem\",\"@id\":\"https:\\\/\\\/www.claret.cat\\\/es\\\/#listItem\",\"name\":\"Home\"}},{\"@type\":\"ListItem\",\"@id\":\"https:\\\/\\\/www.claret.cat\\\/categoria-producto\\\/cat\\\/#listItem\",\"position\":3,\"name\":\"CAT\",\"item\":\"https:\\\/\\\/www.claret.cat\\\/categoria-producto\\\/cat\\\/\",\"nextItem\":{\"@type\":\"ListItem\",\"@id\":\"https:\\\/\\\/www.claret.cat\\\/categoria-producto\\\/cat\\\/2_humanitats\\\/#listItem\",\"name\":\"Humanitats\"},\"previousItem\":{\"@type\":\"ListItem\",\"@id\":\"https:\\\/\\\/www.claret.cat\\\/?page_id=16#listItem\",\"name\":\"Botiga\"}},{\"@type\":\"ListItem\",\"@id\":\"https:\\\/\\\/www.claret.cat\\\/categoria-producto\\\/cat\\\/2_humanitats\\\/#listItem\",\"position\":4,\"name\":\"Humanitats\",\"item\":\"https:\\\/\\\/www.claret.cat\\\/categoria-producto\\\/cat\\\/2_humanitats\\\/\",\"nextItem\":{\"@type\":\"ListItem\",\"@id\":\"https:\\\/\\\/www.claret.cat\\\/categoria-producto\\\/cat\\\/2_humanitats\\\/filosofia\\\/#listItem\",\"name\":\"Filosofia\"},\"previousItem\":{\"@type\":\"ListItem\",\"@id\":\"https:\\\/\\\/www.claret.cat\\\/categoria-producto\\\/cat\\\/#listItem\",\"name\":\"CAT\"}},{\"@type\":\"ListItem\",\"@id\":\"https:\\\/\\\/www.claret.cat\\\/categoria-producto\\\/cat\\\/2_humanitats\\\/filosofia\\\/#listItem\",\"position\":5,\"name\":\"Filosofia\",\"item\":\"https:\\\/\\\/www.claret.cat\\\/categoria-producto\\\/cat\\\/2_humanitats\\\/filosofia\\\/\",\"nextItem\":{\"@type\":\"ListItem\",\"@id\":\"https:\\\/\\\/www.claret.cat\\\/es\\\/libro\\\/modelos-y-lideres-9788430120130\\\/#listItem\",\"name\":\"MODELOS Y L\\u00cdDERES\"},\"previousItem\":{\"@type\":\"ListItem\",\"@id\":\"https:\\\/\\\/www.claret.cat\\\/categoria-producto\\\/cat\\\/2_humanitats\\\/#listItem\",\"name\":\"Humanitats\"}},{\"@type\":\"ListItem\",\"@id\":\"https:\\\/\\\/www.claret.cat\\\/es\\\/libro\\\/modelos-y-lideres-9788430120130\\\/#listItem\",\"position\":6,\"name\":\"MODELOS Y L\\u00cdDERES\",\"previousItem\":{\"@type\":\"ListItem\",\"@id\":\"https:\\\/\\\/www.claret.cat\\\/categoria-producto\\\/cat\\\/2_humanitats\\\/filosofia\\\/#listItem\",\"name\":\"Filosofia\"}}]},{\"@type\":\"ItemPage\",\"@id\":\"https:\\\/\\\/www.claret.cat\\\/es\\\/libro\\\/modelos-y-lideres-9788430120130\\\/#itempage\",\"url\":\"https:\\\/\\\/www.claret.cat\\\/es\\\/libro\\\/modelos-y-lideres-9788430120130\\\/\",\"name\":\"MODELOS Y L\\u00cdDERES - SCHELER, MAX 9788430120130 | Llibreria Claret\",\"description\":\"MODELOS Y L\\u00cdDERES de SCHELER, MAX disponible a\\\/en Llibreria Claret.\",\"inLanguage\":\"es-ES\",\"isPartOf\":{\"@id\":\"https:\\\/\\\/www.claret.cat\\\/es\\\/#website\"},\"breadcrumb\":{\"@id\":\"https:\\\/\\\/www.claret.cat\\\/es\\\/libro\\\/modelos-y-lideres-9788430120130\\\/#breadcrumblist\"},\"image\":{\"@type\":\"ImageObject\",\"url\":\"https:\\\/\\\/www.claret.cat\\\/wp-content\\\/uploads\\\/.\\\/9788430120130-2.jpg\",\"@id\":\"https:\\\/\\\/www.claret.cat\\\/es\\\/libro\\\/modelos-y-lideres-9788430120130\\\/#mainImage\",\"width\":221,\"height\":345,\"caption\":\"9788430120130.jpg\"},\"primaryImageOfPage\":{\"@id\":\"https:\\\/\\\/www.claret.cat\\\/es\\\/libro\\\/modelos-y-lideres-9788430120130\\\/#mainImage\"},\"datePublished\":\"2022-10-13T14:21:29+02:00\",\"dateModified\":\"2024-05-24T06:31:07+02:00\"},{\"@type\":\"Organization\",\"@id\":\"https:\\\/\\\/www.claret.cat\\\/es\\\/#organization\",\"name\":\"Llibreria Claret\",\"description\":\"Llibreria religiosa a Barcelona\",\"url\":\"https:\\\/\\\/www.claret.cat\\\/es\\\/\",\"email\":\"comunicacio@claret.cat\",\"telephone\":\"+34933010887\",\"logo\":{\"@type\":\"ImageObject\",\"url\":\"https:\\\/\\\/www.claret.cat\\\/wp-content\\\/uploads\\\/.\\\/logo-claret-es.png\",\"@id\":\"https:\\\/\\\/www.claret.cat\\\/es\\\/libro\\\/modelos-y-lideres-9788430120130\\\/#organizationLogo\",\"width\":195,\"height\":79},\"image\":{\"@id\":\"https:\\\/\\\/www.claret.cat\\\/es\\\/libro\\\/modelos-y-lideres-9788430120130\\\/#organizationLogo\"},\"sameAs\":[\"https:\\\/\\\/www.facebook.com\\\/LlibreriaClaret\",\"https:\\\/\\\/twitter.com\\\/LlibreriaClaret\",\"https:\\\/\\\/www.instagram.com\\\/llibreriaclaret\\\/\",\"https:\\\/\\\/www.tiktok.com\\\/@llibreriaclaret\",\"https:\\\/\\\/www.youtube.com\\\/@llibreriaclaret\",\"https:\\\/\\\/ca.wikipedia.org\\\/wiki\\\/Editorial_Claret\"]},{\"@type\":\"WebPage\",\"@id\":\"https:\\\/\\\/www.claret.cat\\\/es\\\/libro\\\/modelos-y-lideres-9788430120130\\\/#webpage\",\"url\":\"https:\\\/\\\/www.claret.cat\\\/es\\\/libro\\\/modelos-y-lideres-9788430120130\\\/\",\"name\":\"MODELOS Y L\\u00cdDERES - SCHELER, MAX 9788430120130 | Llibreria Claret\",\"description\":\"MODELOS Y L\\u00cdDERES de SCHELER, MAX disponible a\\\/en Llibreria Claret.\",\"inLanguage\":\"es-ES\",\"isPartOf\":{\"@id\":\"https:\\\/\\\/www.claret.cat\\\/es\\\/#website\"},\"breadcrumb\":{\"@id\":\"https:\\\/\\\/www.claret.cat\\\/es\\\/libro\\\/modelos-y-lideres-9788430120130\\\/#breadcrumblist\"},\"image\":{\"@type\":\"ImageObject\",\"url\":\"https:\\\/\\\/www.claret.cat\\\/wp-content\\\/uploads\\\/.\\\/9788430120130-2.jpg\",\"@id\":\"https:\\\/\\\/www.claret.cat\\\/es\\\/libro\\\/modelos-y-lideres-9788430120130\\\/#mainImage\",\"width\":221,\"height\":345,\"caption\":\"9788430120130.jpg\"},\"primaryImageOfPage\":{\"@id\":\"https:\\\/\\\/www.claret.cat\\\/es\\\/libro\\\/modelos-y-lideres-9788430120130\\\/#mainImage\"},\"datePublished\":\"2022-10-13T14:21:29+02:00\",\"dateModified\":\"2024-05-24T06:31:07+02:00\"},{\"@type\":\"WebSite\",\"@id\":\"https:\\\/\\\/www.claret.cat\\\/es\\\/#website\",\"url\":\"https:\\\/\\\/www.claret.cat\\\/es\\\/\",\"name\":\"Llibreria Claret Barcelona\",\"alternateName\":\"Llibreria Claret\",\"description\":\"Llibreria religiosa a Barcelona\",\"inLanguage\":\"es-ES\",\"publisher\":{\"@id\":\"https:\\\/\\\/www.claret.cat\\\/es\\\/#organization\"}}]}\n\t\t<\/script>\n\t\t<!-- All in One SEO Pro -->\r\n\t\t<title>MODELOS Y L\u00cdDERES - SCHELER, MAX 9788430120130 | Llibreria Claret<\/title>\n\n","aioseo_head_json":{"title":"MODELOS Y L\u00cdDERES - SCHELER, MAX 9788430120130 | Llibreria Claret","description":"MODELOS Y L\u00cdDERES de SCHELER, MAX disponible a\/en Llibreria Claret.","canonical_url":"https:\/\/www.claret.cat\/es\/libro\/modelos-y-lideres-9788430120130\/","robots":"max-image-preview:large","keywords":"","webmasterTools":{"google-site-verification":"xVtlFxJ-TfkIu-D-lt7XeLobefg5EIQiXTuqcSf8Rf0","miscellaneous":""},"schema":{"@context":"https:\/\/schema.org","@graph":[{"@type":"BreadcrumbList","@id":"https:\/\/www.claret.cat\/es\/libro\/modelos-y-lideres-9788430120130\/#breadcrumblist","itemListElement":[{"@type":"ListItem","@id":"https:\/\/www.claret.cat\/es\/#listItem","position":1,"name":"Home","item":"https:\/\/www.claret.cat\/es\/","nextItem":{"@type":"ListItem","@id":"https:\/\/www.claret.cat\/?page_id=16#listItem","name":"Botiga"}},{"@type":"ListItem","@id":"https:\/\/www.claret.cat\/?page_id=16#listItem","position":2,"name":"Botiga","item":"https:\/\/www.claret.cat\/?page_id=16","nextItem":{"@type":"ListItem","@id":"https:\/\/www.claret.cat\/categoria-producto\/cat\/#listItem","name":"CAT"},"previousItem":{"@type":"ListItem","@id":"https:\/\/www.claret.cat\/es\/#listItem","name":"Home"}},{"@type":"ListItem","@id":"https:\/\/www.claret.cat\/categoria-producto\/cat\/#listItem","position":3,"name":"CAT","item":"https:\/\/www.claret.cat\/categoria-producto\/cat\/","nextItem":{"@type":"ListItem","@id":"https:\/\/www.claret.cat\/categoria-producto\/cat\/2_humanitats\/#listItem","name":"Humanitats"},"previousItem":{"@type":"ListItem","@id":"https:\/\/www.claret.cat\/?page_id=16#listItem","name":"Botiga"}},{"@type":"ListItem","@id":"https:\/\/www.claret.cat\/categoria-producto\/cat\/2_humanitats\/#listItem","position":4,"name":"Humanitats","item":"https:\/\/www.claret.cat\/categoria-producto\/cat\/2_humanitats\/","nextItem":{"@type":"ListItem","@id":"https:\/\/www.claret.cat\/categoria-producto\/cat\/2_humanitats\/filosofia\/#listItem","name":"Filosofia"},"previousItem":{"@type":"ListItem","@id":"https:\/\/www.claret.cat\/categoria-producto\/cat\/#listItem","name":"CAT"}},{"@type":"ListItem","@id":"https:\/\/www.claret.cat\/categoria-producto\/cat\/2_humanitats\/filosofia\/#listItem","position":5,"name":"Filosofia","item":"https:\/\/www.claret.cat\/categoria-producto\/cat\/2_humanitats\/filosofia\/","nextItem":{"@type":"ListItem","@id":"https:\/\/www.claret.cat\/es\/libro\/modelos-y-lideres-9788430120130\/#listItem","name":"MODELOS Y L\u00cdDERES"},"previousItem":{"@type":"ListItem","@id":"https:\/\/www.claret.cat\/categoria-producto\/cat\/2_humanitats\/#listItem","name":"Humanitats"}},{"@type":"ListItem","@id":"https:\/\/www.claret.cat\/es\/libro\/modelos-y-lideres-9788430120130\/#listItem","position":6,"name":"MODELOS Y L\u00cdDERES","previousItem":{"@type":"ListItem","@id":"https:\/\/www.claret.cat\/categoria-producto\/cat\/2_humanitats\/filosofia\/#listItem","name":"Filosofia"}}]},{"@type":"ItemPage","@id":"https:\/\/www.claret.cat\/es\/libro\/modelos-y-lideres-9788430120130\/#itempage","url":"https:\/\/www.claret.cat\/es\/libro\/modelos-y-lideres-9788430120130\/","name":"MODELOS Y L\u00cdDERES - SCHELER, MAX 9788430120130 | Llibreria Claret","description":"MODELOS Y L\u00cdDERES de SCHELER, MAX disponible a\/en Llibreria Claret.","inLanguage":"es-ES","isPartOf":{"@id":"https:\/\/www.claret.cat\/es\/#website"},"breadcrumb":{"@id":"https:\/\/www.claret.cat\/es\/libro\/modelos-y-lideres-9788430120130\/#breadcrumblist"},"image":{"@type":"ImageObject","url":"https:\/\/www.claret.cat\/wp-content\/uploads\/.\/9788430120130-2.jpg","@id":"https:\/\/www.claret.cat\/es\/libro\/modelos-y-lideres-9788430120130\/#mainImage","width":221,"height":345,"caption":"9788430120130.jpg"},"primaryImageOfPage":{"@id":"https:\/\/www.claret.cat\/es\/libro\/modelos-y-lideres-9788430120130\/#mainImage"},"datePublished":"2022-10-13T14:21:29+02:00","dateModified":"2024-05-24T06:31:07+02:00"},{"@type":"Organization","@id":"https:\/\/www.claret.cat\/es\/#organization","name":"Llibreria Claret","description":"Llibreria religiosa a Barcelona","url":"https:\/\/www.claret.cat\/es\/","email":"comunicacio@claret.cat","telephone":"+34933010887","logo":{"@type":"ImageObject","url":"https:\/\/www.claret.cat\/wp-content\/uploads\/.\/logo-claret-es.png","@id":"https:\/\/www.claret.cat\/es\/libro\/modelos-y-lideres-9788430120130\/#organizationLogo","width":195,"height":79},"image":{"@id":"https:\/\/www.claret.cat\/es\/libro\/modelos-y-lideres-9788430120130\/#organizationLogo"},"sameAs":["https:\/\/www.facebook.com\/LlibreriaClaret","https:\/\/twitter.com\/LlibreriaClaret","https:\/\/www.instagram.com\/llibreriaclaret\/","https:\/\/www.tiktok.com\/@llibreriaclaret","https:\/\/www.youtube.com\/@llibreriaclaret","https:\/\/ca.wikipedia.org\/wiki\/Editorial_Claret"]},{"@type":"WebPage","@id":"https:\/\/www.claret.cat\/es\/libro\/modelos-y-lideres-9788430120130\/#webpage","url":"https:\/\/www.claret.cat\/es\/libro\/modelos-y-lideres-9788430120130\/","name":"MODELOS Y L\u00cdDERES - SCHELER, MAX 9788430120130 | Llibreria Claret","description":"MODELOS Y L\u00cdDERES de SCHELER, MAX disponible a\/en Llibreria Claret.","inLanguage":"es-ES","isPartOf":{"@id":"https:\/\/www.claret.cat\/es\/#website"},"breadcrumb":{"@id":"https:\/\/www.claret.cat\/es\/libro\/modelos-y-lideres-9788430120130\/#breadcrumblist"},"image":{"@type":"ImageObject","url":"https:\/\/www.claret.cat\/wp-content\/uploads\/.\/9788430120130-2.jpg","@id":"https:\/\/www.claret.cat\/es\/libro\/modelos-y-lideres-9788430120130\/#mainImage","width":221,"height":345,"caption":"9788430120130.jpg"},"primaryImageOfPage":{"@id":"https:\/\/www.claret.cat\/es\/libro\/modelos-y-lideres-9788430120130\/#mainImage"},"datePublished":"2022-10-13T14:21:29+02:00","dateModified":"2024-05-24T06:31:07+02:00"},{"@type":"WebSite","@id":"https:\/\/www.claret.cat\/es\/#website","url":"https:\/\/www.claret.cat\/es\/","name":"Llibreria Claret Barcelona","alternateName":"Llibreria Claret","description":"Llibreria religiosa a Barcelona","inLanguage":"es-ES","publisher":{"@id":"https:\/\/www.claret.cat\/es\/#organization"}}]},"og:locale":"es_ES","og:site_name":"Llibreria Claret - Llibreria religiosa a Barcelona","og:type":"article","og:title":"MODELOS Y L\u00cdDERES - SCHELER, MAX 9788430120130 | Llibreria Claret","og:description":"MODELOS Y L\u00cdDERES de SCHELER, MAX disponible a\/en Llibreria Claret.","og:url":"https:\/\/www.claret.cat\/es\/libro\/modelos-y-lideres-9788430120130\/","og:image":"https:\/\/dev.claret.cat\/wp-content\/uploads\/logo-claret.svg","og:image:secure_url":"https:\/\/dev.claret.cat\/wp-content\/uploads\/logo-claret.svg","article:published_time":"2022-10-13T12:21:29+00:00","article:modified_time":"2024-05-24T04:31:07+00:00","article:publisher":"https:\/\/www.facebook.com\/LlibreriaClaret","twitter:card":"summary_large_image","twitter:site":"@LlibreriaClaret","twitter:title":"MODELOS Y L\u00cdDERES - SCHELER, MAX 9788430120130 | Llibreria Claret","twitter:description":"MODELOS Y L\u00cdDERES de SCHELER, MAX disponible a\/en Llibreria Claret.","twitter:image":"http:\/\/dev.claret.cat\/wp-content\/uploads\/logo-claret.svg"},"aioseo_meta_data":{"post_id":"145717","title":null,"description":null,"keywords":null,"keyphrases":null,"primary_term":null,"canonical_url":null,"og_title":null,"og_description":null,"og_object_type":"default","og_image_type":"default","og_image_url":null,"og_image_width":null,"og_image_height":null,"og_image_custom_url":null,"og_image_custom_fields":null,"og_video":null,"og_custom_url":null,"og_article_section":null,"og_article_tags":null,"twitter_use_og":false,"twitter_card":"default","twitter_image_type":"default","twitter_image_url":null,"twitter_image_custom_url":null,"twitter_image_custom_fields":null,"twitter_title":null,"twitter_description":null,"schema":{"blockGraphs":[],"customGraphs":[],"default":{"data":{"Article":[],"Course":[],"Dataset":[],"FAQPage":[],"Movie":[],"Person":[],"Product":[],"ProductReview":[],"Car":[],"Recipe":[],"Service":[],"SoftwareApplication":[],"WebPage":[]},"graphName":"","isEnabled":true},"graphs":[]},"schema_type":"default","schema_type_options":null,"pillar_content":false,"robots_default":true,"robots_noindex":false,"robots_noarchive":false,"robots_nosnippet":false,"robots_nofollow":false,"robots_noimageindex":false,"robots_noodp":false,"robots_notranslate":false,"robots_max_snippet":null,"robots_max_videopreview":null,"robots_max_imagepreview":"large","priority":null,"frequency":null,"local_seo":null,"seo_analyzer_scan_date":"2025-11-26 19:43:04","breadcrumb_settings":null,"limit_modified_date":false,"open_ai":null,"ai":null,"created":"2022-12-20 10:00:41","updated":"2025-11-26 19:43:04","focus_keyword":null,"additional_keywords":null,"truseo_locale":null},"aioseo_breadcrumb":"<div class=\"aioseo-breadcrumbs\"><span class=\"aioseo-breadcrumb\">\n\t<a href=\"https:\/\/www.claret.cat\/es\/\" title=\"Home\">Home<\/a>\n<\/span><span class=\"aioseo-breadcrumb-separator\">&raquo;<\/span><span class=\"aioseo-breadcrumb\">\n\t<a href=\"https:\/\/www.claret.cat\/?page_id=16\" title=\"Botiga\">Botiga<\/a>\n<\/span><span class=\"aioseo-breadcrumb-separator\">&raquo;<\/span><span class=\"aioseo-breadcrumb\">\n\t<a href=\"https:\/\/www.claret.cat\/categoria-producto\/cat\/\" title=\"CAT\">CAT<\/a>\n<\/span><span class=\"aioseo-breadcrumb-separator\">&raquo;<\/span><span class=\"aioseo-breadcrumb\">\n\t<a href=\"https:\/\/www.claret.cat\/categoria-producto\/cat\/2_humanitats\/\" title=\"Humanitats\">Humanitats<\/a>\n<\/span><span class=\"aioseo-breadcrumb-separator\">&raquo;<\/span><span class=\"aioseo-breadcrumb\">\n\t<a href=\"https:\/\/www.claret.cat\/categoria-producto\/cat\/2_humanitats\/filosofia\/\" title=\"Filosofia\">Filosofia<\/a>\n<\/span><span class=\"aioseo-breadcrumb-separator\">&raquo;<\/span><span class=\"aioseo-breadcrumb\">\n\tMODELOS Y L\u00cdDERES\n<\/span><\/div>","aioseo_breadcrumb_json":[{"label":"Home","link":"https:\/\/www.claret.cat\/es\/"},{"label":"Botiga","link":"https:\/\/www.claret.cat\/?page_id=16"},{"label":"CAT","link":"https:\/\/www.claret.cat\/categoria-producto\/cat\/"},{"label":"Humanitats","link":"https:\/\/www.claret.cat\/categoria-producto\/cat\/2_humanitats\/"},{"label":"Filosofia","link":"https:\/\/www.claret.cat\/categoria-producto\/cat\/2_humanitats\/filosofia\/"},{"label":"MODELOS Y L\u00cdDERES","link":"https:\/\/www.claret.cat\/es\/libro\/modelos-y-lideres-9788430120130\/"}],"_links":{"self":[{"href":"https:\/\/www.claret.cat\/es\/wp-json\/wp\/v2\/product\/145717","targetHints":{"allow":["GET"]}}],"collection":[{"href":"https:\/\/www.claret.cat\/es\/wp-json\/wp\/v2\/product"}],"about":[{"href":"https:\/\/www.claret.cat\/es\/wp-json\/wp\/v2\/types\/product"}],"wp:featuredmedia":[{"embeddable":true,"href":"https:\/\/www.claret.cat\/es\/wp-json\/wp\/v2\/media\/342224"}],"wp:attachment":[{"href":"https:\/\/www.claret.cat\/es\/wp-json\/wp\/v2\/media?parent=145717"}],"wp:term":[{"taxonomy":"product_brand","embeddable":true,"href":"https:\/\/www.claret.cat\/es\/wp-json\/wp\/v2\/product_brand?post=145717"},{"taxonomy":"product_cat","embeddable":true,"href":"https:\/\/www.claret.cat\/es\/wp-json\/wp\/v2\/product_cat?post=145717"},{"taxonomy":"product_tag","embeddable":true,"href":"https:\/\/www.claret.cat\/es\/wp-json\/wp\/v2\/product_tag?post=145717"}],"curies":[{"name":"wp","href":"https:\/\/api.w.org\/{rel}","templated":true}]}}