{"id":146281,"date":"2022-10-13T14:30:41","date_gmt":"2022-10-13T12:30:41","guid":{"rendered":"http:\/\/dev.claret.cat\/producte\/santo-tomas-de-aquino\/"},"modified":"2025-03-28T11:21:56","modified_gmt":"2025-03-28T10:21:56","slug":"santo-tomas-de-aquino-9788422020530","status":"publish","type":"product","link":"https:\/\/www.claret.cat\/es\/libro\/santo-tomas-de-aquino-9788422020530\/","title":{"rendered":"SANTO TOMAS DE AQUINO"},"content":{"rendered":"<p>Esta biograf\u00eda de santo Tom\u00e1s de Aquino presenta su pensamiento y su vida en el contexto pol\u00edtico, religioso, intelectual y cultural de su \u00e9poca, relacion\u00e1ndose con los personajes m\u00e1s trascendentes de la misma, as\u00ed como con otros vinculados directa e indirectamente con el Aquinate en siglos posteriores. Sus obras son inspeccionadas desde sus mismas doctrinas antropol\u00f3gicas, filos\u00f3ficas, \u00e9ticas y teol\u00f3gicas, las cuales permiten una mejor comprensi\u00f3n de su trayectoria vital. Puede decirse que la obra es una biograf\u00eda tomista de santo Tom\u00e1s. Quedan as\u00ed clasificados los acontecimientos de una vida, rica en dones naturales y sobrenaturales, de un hombre extraordinario; y, por \u00faltimo, se establecen hip\u00f3tesis veros\u00edmiles sobre dos de sus principales misterios: el de su enfermedad y el de su muerte.<\/p>\n","protected":false},"excerpt":{"rendered":"<p>FORMENT, EUDALDO<\/p>\n","protected":false},"featured_media":1014966,"template":"","meta":{"_acf_changed":false,"om_disable_all_campaigns":false,"rs_blank_template":"","rs_page_bg_color":"","slide_template_v7":"","inline_featured_image":false,"_monsterinsights_skip_tracking":false},"product_brand":[],"product_cat":[345,79,344,78,545,95],"product_tag":[],"class_list":["post-146281","product","type-product","status-publish","has-post-thumbnail","product_cat-espiritualidad","product_cat-espiritualitat","product_cat-pastoral-1_espiritualidad","product_cat-pastoral","product_cat-santoral-1_espiritualidad-spa","product_cat-santoral","first","outofstock","taxable","shipping-taxable","purchasable","product-type-simple"],"acf":{"editorial":[{"ID":6142,"post_author":"3","post_date":"2022-07-28 17:45:47","post_date_gmt":"2022-07-28 15:45:47","post_content":"","post_title":"BIBLIOTECA AUTORES CRI   B.A.C","post_excerpt":"","post_status":"publish","comment_status":"closed","ping_status":"closed","post_password":"","post_name":"biblioteca-autores-cri-b-a-c","to_ping":"","pinged":"","post_modified":"2022-07-28 17:45:47","post_modified_gmt":"2022-07-28 15:45:47","post_content_filtered":"","post_parent":0,"guid":"http:\/\/dev.claret.cat\/editorial\/biblioteca-autores-cri-b-a-c\/","menu_order":0,"post_type":"editorial","post_mime_type":"","comment_count":"0","filter":"raw"}],"autor":"FORMENT, EUDALDO","codart":"842202053","libros-coleccion":"MAIOR","ediciones":"1","encuadernacion":"Carpeta","fecha_de_publicacion":"01\/09\/2018","novedad":"1","paginas":"738","subtitulo":"Su vida, su obra y su \u00e9poca","orden":"0","portada":"0","idioma":"spa","autores-libros":[{"ID":155473,"post_author":"3","post_date":"2022-10-14 15:13:06","post_date_gmt":"2022-10-14 13:13:06","post_content":"","post_title":"EUDALDO FORMENT","post_excerpt":"","post_status":"publish","comment_status":"closed","ping_status":"closed","post_password":"","post_name":"eudaldo-forment","to_ping":"","pinged":"","post_modified":"2022-10-14 15:13:06","post_modified_gmt":"2022-10-14 13:13:06","post_content_filtered":"","post_parent":0,"guid":"http:\/\/dev.claret.cat\/autor\/eudaldo-forment\/","menu_order":0,"post_type":"autor","post_mime_type":"","comment_count":"0","filter":"raw"}]},"aioseo_notices":[],"aioseo_head":"\n\t\t<!-- All in One SEO Pro 5.0.1.1 - aioseo.com -->\n\t<meta name=\"description\" content=\"SANTO TOMAS DE AQUINO de FORMENT, EUDALDO disponible a\/en Llibreria Claret.\" \/>\n\t<meta name=\"robots\" content=\"max-image-preview:large\" \/>\n\t<meta name=\"google-site-verification\" content=\"xVtlFxJ-TfkIu-D-lt7XeLobefg5EIQiXTuqcSf8Rf0\" \/>\n\t<link rel=\"canonical\" href=\"https:\/\/www.claret.cat\/es\/libro\/santo-tomas-de-aquino-9788422020530\/\" \/>\n\t<meta name=\"generator\" content=\"All in One SEO Pro (AIOSEO) 5.0.1.1\" \/>\n\t\t<meta property=\"og:locale\" content=\"es_ES\" \/>\n\t\t<meta property=\"og:site_name\" content=\"Llibreria Claret - Llibreria religiosa a Barcelona\" \/>\n\t\t<meta property=\"og:type\" content=\"article\" \/>\n\t\t<meta property=\"og:title\" content=\"SANTO TOMAS DE AQUINO - FORMENT, EUDALDO 9788422020530 | Llibreria Claret\" \/>\n\t\t<meta property=\"og:description\" content=\"SANTO TOMAS DE AQUINO de FORMENT, EUDALDO disponible a\/en Llibreria Claret.\" \/>\n\t\t<meta property=\"og:url\" content=\"https:\/\/www.claret.cat\/es\/libro\/santo-tomas-de-aquino-9788422020530\/\" \/>\n\t\t<meta property=\"og:image\" content=\"https:\/\/dev.claret.cat\/wp-content\/uploads\/logo-claret.svg\" \/>\n\t\t<meta property=\"og:image:secure_url\" content=\"https:\/\/dev.claret.cat\/wp-content\/uploads\/logo-claret.svg\" \/>\n\t\t<meta property=\"article:published_time\" content=\"2022-10-13T12:30:41+00:00\" \/>\n\t\t<meta property=\"article:modified_time\" content=\"2025-03-28T10:21:56+00:00\" \/>\n\t\t<meta property=\"article:publisher\" content=\"https:\/\/www.facebook.com\/LlibreriaClaret\" \/>\n\t\t<meta name=\"twitter:card\" content=\"summary_large_image\" \/>\n\t\t<meta name=\"twitter:site\" content=\"@LlibreriaClaret\" \/>\n\t\t<meta name=\"twitter:title\" content=\"SANTO TOMAS DE AQUINO - FORMENT, EUDALDO 9788422020530 | Llibreria Claret\" \/>\n\t\t<meta name=\"twitter:description\" content=\"SANTO TOMAS DE AQUINO de FORMENT, EUDALDO disponible a\/en Llibreria Claret.\" \/>\n\t\t<meta name=\"twitter:image\" content=\"http:\/\/dev.claret.cat\/wp-content\/uploads\/logo-claret.svg\" \/>\n\t\t<script type=\"application\/ld+json\" class=\"aioseo-schema\">\n\t\t\t{\"@context\":\"https:\\\/\\\/schema.org\",\"@graph\":[{\"@type\":\"BreadcrumbList\",\"@id\":\"https:\\\/\\\/www.claret.cat\\\/es\\\/libro\\\/santo-tomas-de-aquino-9788422020530\\\/#breadcrumblist\",\"itemListElement\":[{\"@type\":\"ListItem\",\"@id\":\"https:\\\/\\\/www.claret.cat\\\/es\\\/#listItem\",\"position\":1,\"name\":\"Home\",\"item\":\"https:\\\/\\\/www.claret.cat\\\/es\\\/\",\"nextItem\":{\"@type\":\"ListItem\",\"@id\":\"https:\\\/\\\/www.claret.cat\\\/?page_id=16#listItem\",\"name\":\"Botiga\"}},{\"@type\":\"ListItem\",\"@id\":\"https:\\\/\\\/www.claret.cat\\\/?page_id=16#listItem\",\"position\":2,\"name\":\"Botiga\",\"item\":\"https:\\\/\\\/www.claret.cat\\\/?page_id=16\",\"nextItem\":{\"@type\":\"ListItem\",\"@id\":\"https:\\\/\\\/www.claret.cat\\\/categoria-producto\\\/cat\\\/#listItem\",\"name\":\"CAT\"},\"previousItem\":{\"@type\":\"ListItem\",\"@id\":\"https:\\\/\\\/www.claret.cat\\\/es\\\/#listItem\",\"name\":\"Home\"}},{\"@type\":\"ListItem\",\"@id\":\"https:\\\/\\\/www.claret.cat\\\/categoria-producto\\\/cat\\\/#listItem\",\"position\":3,\"name\":\"CAT\",\"item\":\"https:\\\/\\\/www.claret.cat\\\/categoria-producto\\\/cat\\\/\",\"nextItem\":{\"@type\":\"ListItem\",\"@id\":\"https:\\\/\\\/www.claret.cat\\\/categoria-producto\\\/cat\\\/1_espiritualitat\\\/#listItem\",\"name\":\"Espiritualitat\"},\"previousItem\":{\"@type\":\"ListItem\",\"@id\":\"https:\\\/\\\/www.claret.cat\\\/?page_id=16#listItem\",\"name\":\"Botiga\"}},{\"@type\":\"ListItem\",\"@id\":\"https:\\\/\\\/www.claret.cat\\\/categoria-producto\\\/cat\\\/1_espiritualitat\\\/#listItem\",\"position\":4,\"name\":\"Espiritualitat\",\"item\":\"https:\\\/\\\/www.claret.cat\\\/categoria-producto\\\/cat\\\/1_espiritualitat\\\/\",\"nextItem\":{\"@type\":\"ListItem\",\"@id\":\"https:\\\/\\\/www.claret.cat\\\/categoria-producto\\\/cat\\\/1_espiritualitat\\\/pastoral\\\/#listItem\",\"name\":\"Pastoral\"},\"previousItem\":{\"@type\":\"ListItem\",\"@id\":\"https:\\\/\\\/www.claret.cat\\\/categoria-producto\\\/cat\\\/#listItem\",\"name\":\"CAT\"}},{\"@type\":\"ListItem\",\"@id\":\"https:\\\/\\\/www.claret.cat\\\/categoria-producto\\\/cat\\\/1_espiritualitat\\\/pastoral\\\/#listItem\",\"position\":5,\"name\":\"Pastoral\",\"item\":\"https:\\\/\\\/www.claret.cat\\\/categoria-producto\\\/cat\\\/1_espiritualitat\\\/pastoral\\\/\",\"nextItem\":{\"@type\":\"ListItem\",\"@id\":\"https:\\\/\\\/www.claret.cat\\\/es\\\/libro\\\/santo-tomas-de-aquino-9788422020530\\\/#listItem\",\"name\":\"SANTO TOMAS DE AQUINO\"},\"previousItem\":{\"@type\":\"ListItem\",\"@id\":\"https:\\\/\\\/www.claret.cat\\\/categoria-producto\\\/cat\\\/1_espiritualitat\\\/#listItem\",\"name\":\"Espiritualitat\"}},{\"@type\":\"ListItem\",\"@id\":\"https:\\\/\\\/www.claret.cat\\\/es\\\/libro\\\/santo-tomas-de-aquino-9788422020530\\\/#listItem\",\"position\":6,\"name\":\"SANTO TOMAS DE AQUINO\",\"previousItem\":{\"@type\":\"ListItem\",\"@id\":\"https:\\\/\\\/www.claret.cat\\\/categoria-producto\\\/cat\\\/1_espiritualitat\\\/pastoral\\\/#listItem\",\"name\":\"Pastoral\"}}]},{\"@type\":\"ItemPage\",\"@id\":\"https:\\\/\\\/www.claret.cat\\\/es\\\/libro\\\/santo-tomas-de-aquino-9788422020530\\\/#itempage\",\"url\":\"https:\\\/\\\/www.claret.cat\\\/es\\\/libro\\\/santo-tomas-de-aquino-9788422020530\\\/\",\"name\":\"SANTO TOMAS DE AQUINO - FORMENT, EUDALDO 9788422020530 | Llibreria Claret\",\"description\":\"SANTO TOMAS DE AQUINO de FORMENT, EUDALDO disponible a\\\/en Llibreria Claret.\",\"inLanguage\":\"es-ES\",\"isPartOf\":{\"@id\":\"https:\\\/\\\/www.claret.cat\\\/es\\\/#website\"},\"breadcrumb\":{\"@id\":\"https:\\\/\\\/www.claret.cat\\\/es\\\/libro\\\/santo-tomas-de-aquino-9788422020530\\\/#breadcrumblist\"},\"image\":{\"@type\":\"ImageObject\",\"url\":\"https:\\\/\\\/www.claret.cat\\\/wp-content\\\/uploads\\\/.\\\/9788422020530-1.png\",\"@id\":\"https:\\\/\\\/www.claret.cat\\\/es\\\/libro\\\/santo-tomas-de-aquino-9788422020530\\\/#mainImage\",\"width\":250,\"height\":400,\"caption\":\"9788422020530.png\"},\"primaryImageOfPage\":{\"@id\":\"https:\\\/\\\/www.claret.cat\\\/es\\\/libro\\\/santo-tomas-de-aquino-9788422020530\\\/#mainImage\"},\"datePublished\":\"2022-10-13T14:30:41+02:00\",\"dateModified\":\"2025-03-28T11:21:56+01:00\"},{\"@type\":\"Organization\",\"@id\":\"https:\\\/\\\/www.claret.cat\\\/es\\\/#organization\",\"name\":\"Llibreria Claret\",\"description\":\"Llibreria religiosa a Barcelona\",\"url\":\"https:\\\/\\\/www.claret.cat\\\/es\\\/\",\"email\":\"comunicacio@claret.cat\",\"telephone\":\"+34933010887\",\"logo\":{\"@type\":\"ImageObject\",\"url\":\"https:\\\/\\\/www.claret.cat\\\/wp-content\\\/uploads\\\/.\\\/logo-claret-es.png\",\"@id\":\"https:\\\/\\\/www.claret.cat\\\/es\\\/libro\\\/santo-tomas-de-aquino-9788422020530\\\/#organizationLogo\",\"width\":195,\"height\":79},\"image\":{\"@id\":\"https:\\\/\\\/www.claret.cat\\\/es\\\/libro\\\/santo-tomas-de-aquino-9788422020530\\\/#organizationLogo\"},\"sameAs\":[\"https:\\\/\\\/www.facebook.com\\\/LlibreriaClaret\",\"https:\\\/\\\/twitter.com\\\/LlibreriaClaret\",\"https:\\\/\\\/www.instagram.com\\\/llibreriaclaret\\\/\",\"https:\\\/\\\/www.tiktok.com\\\/@llibreriaclaret\",\"https:\\\/\\\/www.youtube.com\\\/@llibreriaclaret\",\"https:\\\/\\\/ca.wikipedia.org\\\/wiki\\\/Editorial_Claret\"]},{\"@type\":\"WebPage\",\"@id\":\"https:\\\/\\\/www.claret.cat\\\/es\\\/libro\\\/santo-tomas-de-aquino-9788422020530\\\/#webpage\",\"url\":\"https:\\\/\\\/www.claret.cat\\\/es\\\/libro\\\/santo-tomas-de-aquino-9788422020530\\\/\",\"name\":\"SANTO TOMAS DE AQUINO - FORMENT, EUDALDO 9788422020530 | Llibreria Claret\",\"description\":\"SANTO TOMAS DE AQUINO de FORMENT, EUDALDO disponible a\\\/en Llibreria Claret.\",\"inLanguage\":\"es-ES\",\"isPartOf\":{\"@id\":\"https:\\\/\\\/www.claret.cat\\\/es\\\/#website\"},\"breadcrumb\":{\"@id\":\"https:\\\/\\\/www.claret.cat\\\/es\\\/libro\\\/santo-tomas-de-aquino-9788422020530\\\/#breadcrumblist\"},\"image\":{\"@type\":\"ImageObject\",\"url\":\"https:\\\/\\\/www.claret.cat\\\/wp-content\\\/uploads\\\/.\\\/9788422020530-1.png\",\"@id\":\"https:\\\/\\\/www.claret.cat\\\/es\\\/libro\\\/santo-tomas-de-aquino-9788422020530\\\/#mainImage\",\"width\":250,\"height\":400,\"caption\":\"9788422020530.png\"},\"primaryImageOfPage\":{\"@id\":\"https:\\\/\\\/www.claret.cat\\\/es\\\/libro\\\/santo-tomas-de-aquino-9788422020530\\\/#mainImage\"},\"datePublished\":\"2022-10-13T14:30:41+02:00\",\"dateModified\":\"2025-03-28T11:21:56+01:00\"},{\"@type\":\"WebSite\",\"@id\":\"https:\\\/\\\/www.claret.cat\\\/es\\\/#website\",\"url\":\"https:\\\/\\\/www.claret.cat\\\/es\\\/\",\"name\":\"Llibreria Claret Barcelona\",\"alternateName\":\"Llibreria Claret\",\"description\":\"Llibreria religiosa a Barcelona\",\"inLanguage\":\"es-ES\",\"publisher\":{\"@id\":\"https:\\\/\\\/www.claret.cat\\\/es\\\/#organization\"}}]}\n\t\t<\/script>\n\t\t<!-- All in One SEO Pro -->\r\n\t\t<title>SANTO TOMAS DE AQUINO - FORMENT, EUDALDO 9788422020530 | Llibreria Claret<\/title>\n\n","aioseo_head_json":{"title":"SANTO TOMAS DE AQUINO - FORMENT, EUDALDO 9788422020530 | Llibreria Claret","description":"SANTO TOMAS DE AQUINO de FORMENT, EUDALDO disponible a\/en Llibreria Claret.","canonical_url":"https:\/\/www.claret.cat\/es\/libro\/santo-tomas-de-aquino-9788422020530\/","robots":"max-image-preview:large","keywords":"","webmasterTools":{"google-site-verification":"xVtlFxJ-TfkIu-D-lt7XeLobefg5EIQiXTuqcSf8Rf0","miscellaneous":""},"schema":{"@context":"https:\/\/schema.org","@graph":[{"@type":"BreadcrumbList","@id":"https:\/\/www.claret.cat\/es\/libro\/santo-tomas-de-aquino-9788422020530\/#breadcrumblist","itemListElement":[{"@type":"ListItem","@id":"https:\/\/www.claret.cat\/es\/#listItem","position":1,"name":"Home","item":"https:\/\/www.claret.cat\/es\/","nextItem":{"@type":"ListItem","@id":"https:\/\/www.claret.cat\/?page_id=16#listItem","name":"Botiga"}},{"@type":"ListItem","@id":"https:\/\/www.claret.cat\/?page_id=16#listItem","position":2,"name":"Botiga","item":"https:\/\/www.claret.cat\/?page_id=16","nextItem":{"@type":"ListItem","@id":"https:\/\/www.claret.cat\/categoria-producto\/cat\/#listItem","name":"CAT"},"previousItem":{"@type":"ListItem","@id":"https:\/\/www.claret.cat\/es\/#listItem","name":"Home"}},{"@type":"ListItem","@id":"https:\/\/www.claret.cat\/categoria-producto\/cat\/#listItem","position":3,"name":"CAT","item":"https:\/\/www.claret.cat\/categoria-producto\/cat\/","nextItem":{"@type":"ListItem","@id":"https:\/\/www.claret.cat\/categoria-producto\/cat\/1_espiritualitat\/#listItem","name":"Espiritualitat"},"previousItem":{"@type":"ListItem","@id":"https:\/\/www.claret.cat\/?page_id=16#listItem","name":"Botiga"}},{"@type":"ListItem","@id":"https:\/\/www.claret.cat\/categoria-producto\/cat\/1_espiritualitat\/#listItem","position":4,"name":"Espiritualitat","item":"https:\/\/www.claret.cat\/categoria-producto\/cat\/1_espiritualitat\/","nextItem":{"@type":"ListItem","@id":"https:\/\/www.claret.cat\/categoria-producto\/cat\/1_espiritualitat\/pastoral\/#listItem","name":"Pastoral"},"previousItem":{"@type":"ListItem","@id":"https:\/\/www.claret.cat\/categoria-producto\/cat\/#listItem","name":"CAT"}},{"@type":"ListItem","@id":"https:\/\/www.claret.cat\/categoria-producto\/cat\/1_espiritualitat\/pastoral\/#listItem","position":5,"name":"Pastoral","item":"https:\/\/www.claret.cat\/categoria-producto\/cat\/1_espiritualitat\/pastoral\/","nextItem":{"@type":"ListItem","@id":"https:\/\/www.claret.cat\/es\/libro\/santo-tomas-de-aquino-9788422020530\/#listItem","name":"SANTO TOMAS DE AQUINO"},"previousItem":{"@type":"ListItem","@id":"https:\/\/www.claret.cat\/categoria-producto\/cat\/1_espiritualitat\/#listItem","name":"Espiritualitat"}},{"@type":"ListItem","@id":"https:\/\/www.claret.cat\/es\/libro\/santo-tomas-de-aquino-9788422020530\/#listItem","position":6,"name":"SANTO TOMAS DE AQUINO","previousItem":{"@type":"ListItem","@id":"https:\/\/www.claret.cat\/categoria-producto\/cat\/1_espiritualitat\/pastoral\/#listItem","name":"Pastoral"}}]},{"@type":"ItemPage","@id":"https:\/\/www.claret.cat\/es\/libro\/santo-tomas-de-aquino-9788422020530\/#itempage","url":"https:\/\/www.claret.cat\/es\/libro\/santo-tomas-de-aquino-9788422020530\/","name":"SANTO TOMAS DE AQUINO - FORMENT, EUDALDO 9788422020530 | Llibreria Claret","description":"SANTO TOMAS DE AQUINO de FORMENT, EUDALDO disponible a\/en Llibreria Claret.","inLanguage":"es-ES","isPartOf":{"@id":"https:\/\/www.claret.cat\/es\/#website"},"breadcrumb":{"@id":"https:\/\/www.claret.cat\/es\/libro\/santo-tomas-de-aquino-9788422020530\/#breadcrumblist"},"image":{"@type":"ImageObject","url":"https:\/\/www.claret.cat\/wp-content\/uploads\/.\/9788422020530-1.png","@id":"https:\/\/www.claret.cat\/es\/libro\/santo-tomas-de-aquino-9788422020530\/#mainImage","width":250,"height":400,"caption":"9788422020530.png"},"primaryImageOfPage":{"@id":"https:\/\/www.claret.cat\/es\/libro\/santo-tomas-de-aquino-9788422020530\/#mainImage"},"datePublished":"2022-10-13T14:30:41+02:00","dateModified":"2025-03-28T11:21:56+01:00"},{"@type":"Organization","@id":"https:\/\/www.claret.cat\/es\/#organization","name":"Llibreria Claret","description":"Llibreria religiosa a Barcelona","url":"https:\/\/www.claret.cat\/es\/","email":"comunicacio@claret.cat","telephone":"+34933010887","logo":{"@type":"ImageObject","url":"https:\/\/www.claret.cat\/wp-content\/uploads\/.\/logo-claret-es.png","@id":"https:\/\/www.claret.cat\/es\/libro\/santo-tomas-de-aquino-9788422020530\/#organizationLogo","width":195,"height":79},"image":{"@id":"https:\/\/www.claret.cat\/es\/libro\/santo-tomas-de-aquino-9788422020530\/#organizationLogo"},"sameAs":["https:\/\/www.facebook.com\/LlibreriaClaret","https:\/\/twitter.com\/LlibreriaClaret","https:\/\/www.instagram.com\/llibreriaclaret\/","https:\/\/www.tiktok.com\/@llibreriaclaret","https:\/\/www.youtube.com\/@llibreriaclaret","https:\/\/ca.wikipedia.org\/wiki\/Editorial_Claret"]},{"@type":"WebPage","@id":"https:\/\/www.claret.cat\/es\/libro\/santo-tomas-de-aquino-9788422020530\/#webpage","url":"https:\/\/www.claret.cat\/es\/libro\/santo-tomas-de-aquino-9788422020530\/","name":"SANTO TOMAS DE AQUINO - FORMENT, EUDALDO 9788422020530 | Llibreria Claret","description":"SANTO TOMAS DE AQUINO de FORMENT, EUDALDO disponible a\/en Llibreria Claret.","inLanguage":"es-ES","isPartOf":{"@id":"https:\/\/www.claret.cat\/es\/#website"},"breadcrumb":{"@id":"https:\/\/www.claret.cat\/es\/libro\/santo-tomas-de-aquino-9788422020530\/#breadcrumblist"},"image":{"@type":"ImageObject","url":"https:\/\/www.claret.cat\/wp-content\/uploads\/.\/9788422020530-1.png","@id":"https:\/\/www.claret.cat\/es\/libro\/santo-tomas-de-aquino-9788422020530\/#mainImage","width":250,"height":400,"caption":"9788422020530.png"},"primaryImageOfPage":{"@id":"https:\/\/www.claret.cat\/es\/libro\/santo-tomas-de-aquino-9788422020530\/#mainImage"},"datePublished":"2022-10-13T14:30:41+02:00","dateModified":"2025-03-28T11:21:56+01:00"},{"@type":"WebSite","@id":"https:\/\/www.claret.cat\/es\/#website","url":"https:\/\/www.claret.cat\/es\/","name":"Llibreria Claret Barcelona","alternateName":"Llibreria Claret","description":"Llibreria religiosa a Barcelona","inLanguage":"es-ES","publisher":{"@id":"https:\/\/www.claret.cat\/es\/#organization"}}]},"og:locale":"es_ES","og:site_name":"Llibreria Claret - Llibreria religiosa a Barcelona","og:type":"article","og:title":"SANTO TOMAS DE AQUINO - FORMENT, EUDALDO 9788422020530 | Llibreria Claret","og:description":"SANTO TOMAS DE AQUINO de FORMENT, EUDALDO disponible a\/en Llibreria Claret.","og:url":"https:\/\/www.claret.cat\/es\/libro\/santo-tomas-de-aquino-9788422020530\/","og:image":"https:\/\/dev.claret.cat\/wp-content\/uploads\/logo-claret.svg","og:image:secure_url":"https:\/\/dev.claret.cat\/wp-content\/uploads\/logo-claret.svg","article:published_time":"2022-10-13T12:30:41+00:00","article:modified_time":"2025-03-28T10:21:56+00:00","article:publisher":"https:\/\/www.facebook.com\/LlibreriaClaret","twitter:card":"summary_large_image","twitter:site":"@LlibreriaClaret","twitter:title":"SANTO TOMAS DE AQUINO - FORMENT, EUDALDO 9788422020530 | Llibreria Claret","twitter:description":"SANTO TOMAS DE AQUINO de FORMENT, EUDALDO disponible a\/en Llibreria Claret.","twitter:image":"http:\/\/dev.claret.cat\/wp-content\/uploads\/logo-claret.svg"},"aioseo_meta_data":{"post_id":"146281","title":null,"description":null,"keywords":null,"keyphrases":null,"primary_term":null,"canonical_url":null,"og_title":null,"og_description":null,"og_object_type":"default","og_image_type":"default","og_image_url":null,"og_image_width":null,"og_image_height":null,"og_image_custom_url":null,"og_image_custom_fields":null,"og_video":null,"og_custom_url":null,"og_article_section":null,"og_article_tags":null,"twitter_use_og":false,"twitter_card":"default","twitter_image_type":"default","twitter_image_url":null,"twitter_image_custom_url":null,"twitter_image_custom_fields":null,"twitter_title":null,"twitter_description":null,"schema":{"blockGraphs":[],"customGraphs":[],"default":{"data":{"Article":[],"Course":[],"Dataset":[],"FAQPage":[],"Movie":[],"Person":[],"Product":[],"ProductReview":[],"Car":[],"Recipe":[],"Service":[],"SoftwareApplication":[],"WebPage":[]},"graphName":"","isEnabled":true},"graphs":[]},"schema_type":"default","schema_type_options":null,"pillar_content":false,"robots_default":true,"robots_noindex":false,"robots_noarchive":false,"robots_nosnippet":false,"robots_nofollow":false,"robots_noimageindex":false,"robots_noodp":false,"robots_notranslate":false,"robots_max_snippet":null,"robots_max_videopreview":null,"robots_max_imagepreview":"large","priority":null,"frequency":null,"local_seo":null,"seo_analyzer_scan_date":"2025-11-26 20:52:04","breadcrumb_settings":null,"limit_modified_date":false,"open_ai":null,"ai":null,"created":"2022-12-20 10:19:41","updated":"2025-11-26 20:52:04","focus_keyword":null,"additional_keywords":null,"truseo_locale":null},"aioseo_breadcrumb":"<div class=\"aioseo-breadcrumbs\"><span class=\"aioseo-breadcrumb\">\n\t<a href=\"https:\/\/www.claret.cat\/es\/\" title=\"Home\">Home<\/a>\n<\/span><span class=\"aioseo-breadcrumb-separator\">&raquo;<\/span><span class=\"aioseo-breadcrumb\">\n\t<a href=\"https:\/\/www.claret.cat\/?page_id=16\" title=\"Botiga\">Botiga<\/a>\n<\/span><span class=\"aioseo-breadcrumb-separator\">&raquo;<\/span><span class=\"aioseo-breadcrumb\">\n\t<a href=\"https:\/\/www.claret.cat\/categoria-producto\/cat\/\" title=\"CAT\">CAT<\/a>\n<\/span><span class=\"aioseo-breadcrumb-separator\">&raquo;<\/span><span class=\"aioseo-breadcrumb\">\n\t<a href=\"https:\/\/www.claret.cat\/categoria-producto\/cat\/1_espiritualitat\/\" title=\"Espiritualitat\">Espiritualitat<\/a>\n<\/span><span class=\"aioseo-breadcrumb-separator\">&raquo;<\/span><span class=\"aioseo-breadcrumb\">\n\t<a href=\"https:\/\/www.claret.cat\/categoria-producto\/cat\/1_espiritualitat\/pastoral\/\" title=\"Pastoral\">Pastoral<\/a>\n<\/span><span class=\"aioseo-breadcrumb-separator\">&raquo;<\/span><span class=\"aioseo-breadcrumb\">\n\tSANTO TOMAS DE AQUINO\n<\/span><\/div>","aioseo_breadcrumb_json":[{"label":"Home","link":"https:\/\/www.claret.cat\/es\/"},{"label":"Botiga","link":"https:\/\/www.claret.cat\/?page_id=16"},{"label":"CAT","link":"https:\/\/www.claret.cat\/categoria-producto\/cat\/"},{"label":"Espiritualitat","link":"https:\/\/www.claret.cat\/categoria-producto\/cat\/1_espiritualitat\/"},{"label":"Pastoral","link":"https:\/\/www.claret.cat\/categoria-producto\/cat\/1_espiritualitat\/pastoral\/"},{"label":"SANTO TOMAS DE AQUINO","link":"https:\/\/www.claret.cat\/es\/libro\/santo-tomas-de-aquino-9788422020530\/"}],"_links":{"self":[{"href":"https:\/\/www.claret.cat\/es\/wp-json\/wp\/v2\/product\/146281","targetHints":{"allow":["GET"]}}],"collection":[{"href":"https:\/\/www.claret.cat\/es\/wp-json\/wp\/v2\/product"}],"about":[{"href":"https:\/\/www.claret.cat\/es\/wp-json\/wp\/v2\/types\/product"}],"wp:featuredmedia":[{"embeddable":true,"href":"https:\/\/www.claret.cat\/es\/wp-json\/wp\/v2\/media\/1014966"}],"wp:attachment":[{"href":"https:\/\/www.claret.cat\/es\/wp-json\/wp\/v2\/media?parent=146281"}],"wp:term":[{"taxonomy":"product_brand","embeddable":true,"href":"https:\/\/www.claret.cat\/es\/wp-json\/wp\/v2\/product_brand?post=146281"},{"taxonomy":"product_cat","embeddable":true,"href":"https:\/\/www.claret.cat\/es\/wp-json\/wp\/v2\/product_cat?post=146281"},{"taxonomy":"product_tag","embeddable":true,"href":"https:\/\/www.claret.cat\/es\/wp-json\/wp\/v2\/product_tag?post=146281"}],"curies":[{"name":"wp","href":"https:\/\/api.w.org\/{rel}","templated":true}]}}