{"id":1520,"date":"2022-07-27T20:48:31","date_gmt":"2022-07-27T18:48:31","guid":{"rendered":"http:\/\/dev.claret.cat\/producto\/ejercicios-practicos-para-despertar-la-mente-3-9788413790565\/"},"modified":"2025-10-08T16:25:00","modified_gmt":"2025-10-08T14:25:00","slug":"ejercicios-practicos-para-despertar-la-mente-3-9788413790565","status":"publish","type":"product","link":"https:\/\/www.claret.cat\/es\/libro\/ejercicios-practicos-para-despertar-la-mente-3-9788413790565\/","title":{"rendered":"EJERCICIOS PR\u00c1CTICOS PARA DESPERTAR LA MENTE &#8211; 3"},"content":{"rendered":"<p>Mantendremos nuestras funciones cognitivas en \u00f3ptimas condiciones, si estimulamos nuestra mente, si la mantenemos activa. Una forma eficaz de lograrlo, son los ejercicios de estimulaci\u00f3n cognitiva, muy \u00fatiles para despertarla, para conservarla, para recuperarla. Gracias a ellos, aumentaremos nuestros recursos y as\u00ed, podremos compensar los fallos.<br \/> Los 150 ejercicios que se presentan est\u00e1n pensados para adultos y mayores con un nivel cognitivo elevado, tengan o no problemas con su memoria. Ya desde la etapa adulta, se pueden trabajar de forma preventiva las diferentes \u00e1reas cognitivas: atenci\u00f3n, orientaci\u00f3n, memoria, lenguaje y razonamiento. Esta nueva entrega tiene la misma estructura que los dos vol\u00famenes anteriores, donde impera la variedad para garantizar su eficacia, y donde adem\u00e1s, aumenta ligeramente su nivel de dificultad.<\/p>\n","protected":false},"excerpt":{"rendered":"<p>PUIG, ANNA<\/p>\n","protected":false},"featured_media":1058214,"template":"","meta":{"_acf_changed":false,"om_disable_all_campaigns":false,"rs_blank_template":"","rs_page_bg_color":"","slide_template_v7":"","inline_featured_image":false,"_monsterinsights_skip_tracking":false,"_monsterinsights_sitenote_active":false,"_monsterinsights_sitenote_note":"","_monsterinsights_sitenote_category":0},"product_brand":[],"product_cat":[455,192],"product_tag":[],"class_list":{"0":"post-1520","1":"product","2":"type-product","3":"status-publish","4":"has-post-thumbnail","6":"product_cat-de-la-tercera-edad-pedagogia-2_humanidades","7":"product_cat-de-la-tercera-edat","9":"first","10":"outofstock","11":"taxable","12":"shipping-taxable","13":"purchasable","14":"product-type-simple"},"acf":{"autor":"PUIG, ANNA","codart":"841379056","ediciones":"1","encuadernacion":"R\u00fastica","fecha_de_publicacion":"17\/12\/2021","novedad":"1","paginas":"228","subtitulo":"","orden":"0","portada":"0","idioma":"spa","libros-coleccion":"Mayores","autores-libros":[{"ID":5251,"post_author":"3","post_date":"2022-07-28 17:20:05","post_date_gmt":"2022-07-28 15:20:05","post_content":"","post_title":"ANNA PUIG","post_excerpt":"","post_status":"publish","comment_status":"closed","ping_status":"closed","post_password":"","post_name":"anna-puig","to_ping":"","pinged":"","post_modified":"2022-07-28 17:20:05","post_modified_gmt":"2022-07-28 15:20:05","post_content_filtered":"","post_parent":0,"guid":"http:\/\/dev.claret.cat\/autor\/anna-puig\/","menu_order":0,"post_type":"autor","post_mime_type":"","comment_count":"0","filter":"raw"}],"editorial":[{"ID":6155,"post_author":"3","post_date":"2022-07-28 17:46:04","post_date_gmt":"2022-07-28 15:46:04","post_content":"","post_title":"Central Catequ\u00edstica Salesiana","post_excerpt":"","post_status":"publish","comment_status":"closed","ping_status":"closed","post_password":"","post_name":"central-catequistica-salesiana","to_ping":"","pinged":"","post_modified":"2022-07-28 17:46:04","post_modified_gmt":"2022-07-28 15:46:04","post_content_filtered":"","post_parent":0,"guid":"http:\/\/dev.claret.cat\/editorial\/central-catequistica-salesiana\/","menu_order":0,"post_type":"editorial","post_mime_type":"","comment_count":"0","filter":"raw"}],"booktrailer":"","resenas":""},"aioseo_notices":[],"_links":{"self":[{"href":"https:\/\/www.claret.cat\/es\/wp-json\/wp\/v2\/product\/1520","targetHints":{"allow":["GET"]}}],"collection":[{"href":"https:\/\/www.claret.cat\/es\/wp-json\/wp\/v2\/product"}],"about":[{"href":"https:\/\/www.claret.cat\/es\/wp-json\/wp\/v2\/types\/product"}],"wp:featuredmedia":[{"embeddable":true,"href":"https:\/\/www.claret.cat\/es\/wp-json\/wp\/v2\/media\/1058214"}],"wp:attachment":[{"href":"https:\/\/www.claret.cat\/es\/wp-json\/wp\/v2\/media?parent=1520"}],"wp:term":[{"taxonomy":"product_brand","embeddable":true,"href":"https:\/\/www.claret.cat\/es\/wp-json\/wp\/v2\/product_brand?post=1520"},{"taxonomy":"product_cat","embeddable":true,"href":"https:\/\/www.claret.cat\/es\/wp-json\/wp\/v2\/product_cat?post=1520"},{"taxonomy":"product_tag","embeddable":true,"href":"https:\/\/www.claret.cat\/es\/wp-json\/wp\/v2\/product_tag?post=1520"}],"curies":[{"name":"wp","href":"https:\/\/api.w.org\/{rel}","templated":true}]}}