{"id":16221,"date":"2022-10-01T23:14:55","date_gmt":"2022-10-01T21:14:55","guid":{"rendered":"http:\/\/dev.claret.cat\/producte\/metodo-12-basicos-para-educar\/"},"modified":"2024-05-23T06:31:14","modified_gmt":"2024-05-23T04:31:14","slug":"metodo-12-basicos-para-educar-9788490234228","status":"publish","type":"product","link":"https:\/\/www.claret.cat\/es\/libro\/metodo-12-basicos-para-educar-9788490234228\/","title":{"rendered":"M\u00c9TODO 12 B\u00c1SICOS PARA EDUCAR"},"content":{"rendered":"<p>El libro que tienes entre manos, es fruto de m\u00e1s de veinte a\u00f1os de experiencia profesional de los autores y sobre todo de su experiencia como padres. Como su nombre indica, el M\u00e9todo \u00ab12 B\u00e1sicos para educar\u00bb, apoyado en los nuevos avances sobre inteligencias m\u00faltiples y en la psicolog\u00eda de las fortalezas, selecciona doce elementos esenciales para incorporar en la tarea educativa de los padres. Propone un m\u00e9todo que ayudar\u00e1 a redescubrir la preciosa responsabilidad de educar y c\u00f3mo hacerlo, desde unas pautas sencillas y con ejemplos cotidianos para que la relaci\u00f3n con los hijos resulte siempre educativa. Todo ello sin pretender ser un manual de instrucciones, ni recetas m\u00e1gicas, como dice el primer b\u00e1sico, pero s\u00ed con el prop\u00f3sito de invitar a la reflexi\u00f3n sobre algunos puntos, ya probados, que favorecer\u00e1n la educaci\u00f3n de los hijos.<\/p>\n","protected":false},"excerpt":{"rendered":"<p>PRIETO, LUIS FELIPE; L\u00d3PEZ, MYRIAM<\/p>\n","protected":false},"featured_media":359277,"template":"","meta":{"_acf_changed":false,"om_disable_all_campaigns":false,"rs_blank_template":"","rs_page_bg_color":"","slide_template_v7":"","inline_featured_image":false,"_monsterinsights_skip_tracking":false},"product_brand":[],"product_cat":[100,550],"product_tag":[],"class_list":["post-16221","product","type-product","status-publish","has-post-thumbnail","product_cat-escola-de-pares","product_cat-escuela-de-padres-3_infantil-juvenil-spa-spa","first","instock","taxable","shipping-taxable","purchasable","product-type-simple"],"acf":{"autor":"PRIETO, LUIS FELIPE; L\u00d3PEZ, MYRIAM","codart":"849023422","libros-coleccion":"","ediciones":"1","encuadernacion":"R\u00fastica","fecha_de_publicacion":"14\/03\/2017","novedad":"1","paginas":"108","subtitulo":"C\u00d3MO LOGRAR QUE LA RELACI\u00d3N CON TUS HIJOS RESULTE SIEMPRE EDUCATIVO","orden":"0","portada":"0","idioma":"spa","editorial":[{"ID":6155,"post_author":"3","post_date":"2022-07-28 17:46:04","post_date_gmt":"2022-07-28 15:46:04","post_content":"","post_title":"Central Catequ\u00edstica Salesiana","post_excerpt":"","post_status":"publish","comment_status":"closed","ping_status":"closed","post_password":"","post_name":"central-catequistica-salesiana","to_ping":"","pinged":"","post_modified":"2022-07-28 17:46:04","post_modified_gmt":"2022-07-28 15:46:04","post_content_filtered":"","post_parent":0,"guid":"http:\/\/dev.claret.cat\/editorial\/central-catequistica-salesiana\/","menu_order":0,"post_type":"editorial","post_mime_type":"","comment_count":"0","filter":"raw"}],"autores-libros":[{"ID":162710,"post_author":"3","post_date":"2022-10-14 17:33:11","post_date_gmt":"2022-10-14 15:33:11","post_content":"","post_title":"LUIS FELIPE PRIETO","post_excerpt":"","post_status":"publish","comment_status":"closed","ping_status":"closed","post_password":"","post_name":"luis-felipe-prieto","to_ping":"","pinged":"","post_modified":"2022-10-14 17:33:11","post_modified_gmt":"2022-10-14 15:33:11","post_content_filtered":"","post_parent":0,"guid":"http:\/\/dev.claret.cat\/autor\/luis-felipe-prieto\/","menu_order":0,"post_type":"autor","post_mime_type":"","comment_count":"0","filter":"raw"},{"ID":165531,"post_author":"3","post_date":"2022-10-14 17:55:55","post_date_gmt":"2022-10-14 15:55:55","post_content":"","post_title":"MYRIAM L\u00d3PEZ","post_excerpt":"","post_status":"publish","comment_status":"closed","ping_status":"closed","post_password":"","post_name":"myriam-lopez","to_ping":"","pinged":"","post_modified":"2022-10-14 17:55:55","post_modified_gmt":"2022-10-14 15:55:55","post_content_filtered":"","post_parent":0,"guid":"http:\/\/dev.claret.cat\/autor\/myriam-lopez\/","menu_order":0,"post_type":"autor","post_mime_type":"","comment_count":"0","filter":"raw"}]},"aioseo_notices":[],"aioseo_head":"\n\t\t<!-- All in One SEO Pro 5.0.1.1 - aioseo.com -->\n\t<meta name=\"description\" content=\"M\u00c9TODO 12 B\u00c1SICOS PARA EDUCAR de PRIETO, LUIS FELIPE; L\u00d3PEZ, MYRIAM disponible a\/en Llibreria Claret.\" \/>\n\t<meta name=\"robots\" content=\"max-image-preview:large\" \/>\n\t<meta name=\"google-site-verification\" content=\"xVtlFxJ-TfkIu-D-lt7XeLobefg5EIQiXTuqcSf8Rf0\" \/>\n\t<link rel=\"canonical\" href=\"https:\/\/www.claret.cat\/es\/libro\/metodo-12-basicos-para-educar-9788490234228\/\" \/>\n\t<meta name=\"generator\" content=\"All in One SEO Pro (AIOSEO) 5.0.1.1\" \/>\n\t\t<meta property=\"og:locale\" content=\"es_ES\" \/>\n\t\t<meta property=\"og:site_name\" content=\"Llibreria Claret - Llibreria religiosa a Barcelona\" \/>\n\t\t<meta property=\"og:type\" content=\"article\" \/>\n\t\t<meta property=\"og:title\" content=\"M\u00c9TODO 12 B\u00c1SICOS PARA EDUCAR - PRIETO, LUIS FELIPE; L\u00d3PEZ, MYRIAM 9788490234228 | Llibreria Claret\" \/>\n\t\t<meta property=\"og:description\" content=\"M\u00c9TODO 12 B\u00c1SICOS PARA EDUCAR de PRIETO, LUIS FELIPE; L\u00d3PEZ, MYRIAM disponible a\/en Llibreria Claret.\" \/>\n\t\t<meta property=\"og:url\" content=\"https:\/\/www.claret.cat\/es\/libro\/metodo-12-basicos-para-educar-9788490234228\/\" \/>\n\t\t<meta property=\"og:image\" content=\"https:\/\/dev.claret.cat\/wp-content\/uploads\/logo-claret.svg\" \/>\n\t\t<meta property=\"og:image:secure_url\" content=\"https:\/\/dev.claret.cat\/wp-content\/uploads\/logo-claret.svg\" \/>\n\t\t<meta property=\"article:published_time\" content=\"2022-10-01T21:14:55+00:00\" \/>\n\t\t<meta property=\"article:modified_time\" content=\"2024-05-23T04:31:14+00:00\" \/>\n\t\t<meta property=\"article:publisher\" content=\"https:\/\/www.facebook.com\/LlibreriaClaret\" \/>\n\t\t<meta name=\"twitter:card\" content=\"summary_large_image\" \/>\n\t\t<meta name=\"twitter:site\" content=\"@LlibreriaClaret\" \/>\n\t\t<meta name=\"twitter:title\" content=\"M\u00c9TODO 12 B\u00c1SICOS PARA EDUCAR - PRIETO, LUIS FELIPE; L\u00d3PEZ, MYRIAM 9788490234228 | Llibreria Claret\" \/>\n\t\t<meta name=\"twitter:description\" content=\"M\u00c9TODO 12 B\u00c1SICOS PARA EDUCAR de PRIETO, LUIS FELIPE; L\u00d3PEZ, MYRIAM disponible a\/en Llibreria Claret.\" \/>\n\t\t<meta name=\"twitter:image\" content=\"http:\/\/dev.claret.cat\/wp-content\/uploads\/logo-claret.svg\" \/>\n\t\t<script type=\"application\/ld+json\" class=\"aioseo-schema\">\n\t\t\t{\"@context\":\"https:\\\/\\\/schema.org\",\"@graph\":[{\"@type\":\"BreadcrumbList\",\"@id\":\"https:\\\/\\\/www.claret.cat\\\/es\\\/libro\\\/metodo-12-basicos-para-educar-9788490234228\\\/#breadcrumblist\",\"itemListElement\":[{\"@type\":\"ListItem\",\"@id\":\"https:\\\/\\\/www.claret.cat\\\/es\\\/#listItem\",\"position\":1,\"name\":\"Home\",\"item\":\"https:\\\/\\\/www.claret.cat\\\/es\\\/\",\"nextItem\":{\"@type\":\"ListItem\",\"@id\":\"https:\\\/\\\/www.claret.cat\\\/?page_id=16#listItem\",\"name\":\"Botiga\"}},{\"@type\":\"ListItem\",\"@id\":\"https:\\\/\\\/www.claret.cat\\\/?page_id=16#listItem\",\"position\":2,\"name\":\"Botiga\",\"item\":\"https:\\\/\\\/www.claret.cat\\\/?page_id=16\",\"nextItem\":{\"@type\":\"ListItem\",\"@id\":\"https:\\\/\\\/www.claret.cat\\\/categoria-producto\\\/cat\\\/#listItem\",\"name\":\"CAT\"},\"previousItem\":{\"@type\":\"ListItem\",\"@id\":\"https:\\\/\\\/www.claret.cat\\\/es\\\/#listItem\",\"name\":\"Home\"}},{\"@type\":\"ListItem\",\"@id\":\"https:\\\/\\\/www.claret.cat\\\/categoria-producto\\\/cat\\\/#listItem\",\"position\":3,\"name\":\"CAT\",\"item\":\"https:\\\/\\\/www.claret.cat\\\/categoria-producto\\\/cat\\\/\",\"nextItem\":{\"@type\":\"ListItem\",\"@id\":\"https:\\\/\\\/www.claret.cat\\\/categoria-producto\\\/cat\\\/3_infantil-juvenil\\\/#listItem\",\"name\":\"Infantil \\\/ Juvenil\"},\"previousItem\":{\"@type\":\"ListItem\",\"@id\":\"https:\\\/\\\/www.claret.cat\\\/?page_id=16#listItem\",\"name\":\"Botiga\"}},{\"@type\":\"ListItem\",\"@id\":\"https:\\\/\\\/www.claret.cat\\\/categoria-producto\\\/cat\\\/3_infantil-juvenil\\\/#listItem\",\"position\":4,\"name\":\"Infantil \\\/ Juvenil\",\"item\":\"https:\\\/\\\/www.claret.cat\\\/categoria-producto\\\/cat\\\/3_infantil-juvenil\\\/\",\"nextItem\":{\"@type\":\"ListItem\",\"@id\":\"https:\\\/\\\/www.claret.cat\\\/categoria-producto\\\/cat\\\/3_infantil-juvenil\\\/escola-de-pares\\\/#listItem\",\"name\":\"Escola de pares\"},\"previousItem\":{\"@type\":\"ListItem\",\"@id\":\"https:\\\/\\\/www.claret.cat\\\/categoria-producto\\\/cat\\\/#listItem\",\"name\":\"CAT\"}},{\"@type\":\"ListItem\",\"@id\":\"https:\\\/\\\/www.claret.cat\\\/categoria-producto\\\/cat\\\/3_infantil-juvenil\\\/escola-de-pares\\\/#listItem\",\"position\":5,\"name\":\"Escola de pares\",\"item\":\"https:\\\/\\\/www.claret.cat\\\/categoria-producto\\\/cat\\\/3_infantil-juvenil\\\/escola-de-pares\\\/\",\"nextItem\":{\"@type\":\"ListItem\",\"@id\":\"https:\\\/\\\/www.claret.cat\\\/es\\\/libro\\\/metodo-12-basicos-para-educar-9788490234228\\\/#listItem\",\"name\":\"M\\u00c9TODO 12 B\\u00c1SICOS PARA EDUCAR\"},\"previousItem\":{\"@type\":\"ListItem\",\"@id\":\"https:\\\/\\\/www.claret.cat\\\/categoria-producto\\\/cat\\\/3_infantil-juvenil\\\/#listItem\",\"name\":\"Infantil \\\/ Juvenil\"}},{\"@type\":\"ListItem\",\"@id\":\"https:\\\/\\\/www.claret.cat\\\/es\\\/libro\\\/metodo-12-basicos-para-educar-9788490234228\\\/#listItem\",\"position\":6,\"name\":\"M\\u00c9TODO 12 B\\u00c1SICOS PARA EDUCAR\",\"previousItem\":{\"@type\":\"ListItem\",\"@id\":\"https:\\\/\\\/www.claret.cat\\\/categoria-producto\\\/cat\\\/3_infantil-juvenil\\\/escola-de-pares\\\/#listItem\",\"name\":\"Escola de pares\"}}]},{\"@type\":\"ItemPage\",\"@id\":\"https:\\\/\\\/www.claret.cat\\\/es\\\/libro\\\/metodo-12-basicos-para-educar-9788490234228\\\/#itempage\",\"url\":\"https:\\\/\\\/www.claret.cat\\\/es\\\/libro\\\/metodo-12-basicos-para-educar-9788490234228\\\/\",\"name\":\"M\\u00c9TODO 12 B\\u00c1SICOS PARA EDUCAR - PRIETO, LUIS FELIPE; L\\u00d3PEZ, MYRIAM 9788490234228 | Llibreria Claret\",\"description\":\"M\\u00c9TODO 12 B\\u00c1SICOS PARA EDUCAR de PRIETO, LUIS FELIPE; L\\u00d3PEZ, MYRIAM disponible a\\\/en Llibreria Claret.\",\"inLanguage\":\"es-ES\",\"isPartOf\":{\"@id\":\"https:\\\/\\\/www.claret.cat\\\/es\\\/#website\"},\"breadcrumb\":{\"@id\":\"https:\\\/\\\/www.claret.cat\\\/es\\\/libro\\\/metodo-12-basicos-para-educar-9788490234228\\\/#breadcrumblist\"},\"image\":{\"@type\":\"ImageObject\",\"url\":\"https:\\\/\\\/www.claret.cat\\\/wp-content\\\/uploads\\\/.\\\/9788490234228-1.jpg\",\"@id\":\"https:\\\/\\\/www.claret.cat\\\/es\\\/libro\\\/metodo-12-basicos-para-educar-9788490234228\\\/#mainImage\",\"width\":225,\"height\":319,\"caption\":\"9788490234228.jpg\"},\"primaryImageOfPage\":{\"@id\":\"https:\\\/\\\/www.claret.cat\\\/es\\\/libro\\\/metodo-12-basicos-para-educar-9788490234228\\\/#mainImage\"},\"datePublished\":\"2022-10-01T23:14:55+02:00\",\"dateModified\":\"2024-05-23T06:31:14+02:00\"},{\"@type\":\"Organization\",\"@id\":\"https:\\\/\\\/www.claret.cat\\\/es\\\/#organization\",\"name\":\"Llibreria Claret\",\"description\":\"Llibreria religiosa a Barcelona\",\"url\":\"https:\\\/\\\/www.claret.cat\\\/es\\\/\",\"email\":\"comunicacio@claret.cat\",\"telephone\":\"+34933010887\",\"logo\":{\"@type\":\"ImageObject\",\"url\":\"https:\\\/\\\/www.claret.cat\\\/wp-content\\\/uploads\\\/.\\\/logo-claret-es.png\",\"@id\":\"https:\\\/\\\/www.claret.cat\\\/es\\\/libro\\\/metodo-12-basicos-para-educar-9788490234228\\\/#organizationLogo\",\"width\":195,\"height\":79},\"image\":{\"@id\":\"https:\\\/\\\/www.claret.cat\\\/es\\\/libro\\\/metodo-12-basicos-para-educar-9788490234228\\\/#organizationLogo\"},\"sameAs\":[\"https:\\\/\\\/www.facebook.com\\\/LlibreriaClaret\",\"https:\\\/\\\/twitter.com\\\/LlibreriaClaret\",\"https:\\\/\\\/www.instagram.com\\\/llibreriaclaret\\\/\",\"https:\\\/\\\/www.tiktok.com\\\/@llibreriaclaret\",\"https:\\\/\\\/www.youtube.com\\\/@llibreriaclaret\",\"https:\\\/\\\/ca.wikipedia.org\\\/wiki\\\/Editorial_Claret\"]},{\"@type\":\"WebPage\",\"@id\":\"https:\\\/\\\/www.claret.cat\\\/es\\\/libro\\\/metodo-12-basicos-para-educar-9788490234228\\\/#webpage\",\"url\":\"https:\\\/\\\/www.claret.cat\\\/es\\\/libro\\\/metodo-12-basicos-para-educar-9788490234228\\\/\",\"name\":\"M\\u00c9TODO 12 B\\u00c1SICOS PARA EDUCAR - PRIETO, LUIS FELIPE; L\\u00d3PEZ, MYRIAM 9788490234228 | Llibreria Claret\",\"description\":\"M\\u00c9TODO 12 B\\u00c1SICOS PARA EDUCAR de PRIETO, LUIS FELIPE; L\\u00d3PEZ, MYRIAM disponible a\\\/en Llibreria Claret.\",\"inLanguage\":\"es-ES\",\"isPartOf\":{\"@id\":\"https:\\\/\\\/www.claret.cat\\\/es\\\/#website\"},\"breadcrumb\":{\"@id\":\"https:\\\/\\\/www.claret.cat\\\/es\\\/libro\\\/metodo-12-basicos-para-educar-9788490234228\\\/#breadcrumblist\"},\"image\":{\"@type\":\"ImageObject\",\"url\":\"https:\\\/\\\/www.claret.cat\\\/wp-content\\\/uploads\\\/.\\\/9788490234228-1.jpg\",\"@id\":\"https:\\\/\\\/www.claret.cat\\\/es\\\/libro\\\/metodo-12-basicos-para-educar-9788490234228\\\/#mainImage\",\"width\":225,\"height\":319,\"caption\":\"9788490234228.jpg\"},\"primaryImageOfPage\":{\"@id\":\"https:\\\/\\\/www.claret.cat\\\/es\\\/libro\\\/metodo-12-basicos-para-educar-9788490234228\\\/#mainImage\"},\"datePublished\":\"2022-10-01T23:14:55+02:00\",\"dateModified\":\"2024-05-23T06:31:14+02:00\"},{\"@type\":\"WebSite\",\"@id\":\"https:\\\/\\\/www.claret.cat\\\/es\\\/#website\",\"url\":\"https:\\\/\\\/www.claret.cat\\\/es\\\/\",\"name\":\"Llibreria Claret Barcelona\",\"alternateName\":\"Llibreria Claret\",\"description\":\"Llibreria religiosa a Barcelona\",\"inLanguage\":\"es-ES\",\"publisher\":{\"@id\":\"https:\\\/\\\/www.claret.cat\\\/es\\\/#organization\"}}]}\n\t\t<\/script>\n\t\t<!-- All in One SEO Pro -->\r\n\t\t<title>M\u00c9TODO 12 B\u00c1SICOS PARA EDUCAR - PRIETO, LUIS FELIPE; L\u00d3PEZ, MYRIAM 9788490234228 | Llibreria Claret<\/title>\n\n","aioseo_head_json":{"title":"M\u00c9TODO 12 B\u00c1SICOS PARA EDUCAR - PRIETO, LUIS FELIPE; L\u00d3PEZ, MYRIAM 9788490234228 | Llibreria Claret","description":"M\u00c9TODO 12 B\u00c1SICOS PARA EDUCAR de PRIETO, LUIS FELIPE; L\u00d3PEZ, MYRIAM disponible a\/en Llibreria Claret.","canonical_url":"https:\/\/www.claret.cat\/es\/libro\/metodo-12-basicos-para-educar-9788490234228\/","robots":"max-image-preview:large","keywords":"","webmasterTools":{"google-site-verification":"xVtlFxJ-TfkIu-D-lt7XeLobefg5EIQiXTuqcSf8Rf0","miscellaneous":""},"schema":{"@context":"https:\/\/schema.org","@graph":[{"@type":"BreadcrumbList","@id":"https:\/\/www.claret.cat\/es\/libro\/metodo-12-basicos-para-educar-9788490234228\/#breadcrumblist","itemListElement":[{"@type":"ListItem","@id":"https:\/\/www.claret.cat\/es\/#listItem","position":1,"name":"Home","item":"https:\/\/www.claret.cat\/es\/","nextItem":{"@type":"ListItem","@id":"https:\/\/www.claret.cat\/?page_id=16#listItem","name":"Botiga"}},{"@type":"ListItem","@id":"https:\/\/www.claret.cat\/?page_id=16#listItem","position":2,"name":"Botiga","item":"https:\/\/www.claret.cat\/?page_id=16","nextItem":{"@type":"ListItem","@id":"https:\/\/www.claret.cat\/categoria-producto\/cat\/#listItem","name":"CAT"},"previousItem":{"@type":"ListItem","@id":"https:\/\/www.claret.cat\/es\/#listItem","name":"Home"}},{"@type":"ListItem","@id":"https:\/\/www.claret.cat\/categoria-producto\/cat\/#listItem","position":3,"name":"CAT","item":"https:\/\/www.claret.cat\/categoria-producto\/cat\/","nextItem":{"@type":"ListItem","@id":"https:\/\/www.claret.cat\/categoria-producto\/cat\/3_infantil-juvenil\/#listItem","name":"Infantil \/ Juvenil"},"previousItem":{"@type":"ListItem","@id":"https:\/\/www.claret.cat\/?page_id=16#listItem","name":"Botiga"}},{"@type":"ListItem","@id":"https:\/\/www.claret.cat\/categoria-producto\/cat\/3_infantil-juvenil\/#listItem","position":4,"name":"Infantil \/ Juvenil","item":"https:\/\/www.claret.cat\/categoria-producto\/cat\/3_infantil-juvenil\/","nextItem":{"@type":"ListItem","@id":"https:\/\/www.claret.cat\/categoria-producto\/cat\/3_infantil-juvenil\/escola-de-pares\/#listItem","name":"Escola de pares"},"previousItem":{"@type":"ListItem","@id":"https:\/\/www.claret.cat\/categoria-producto\/cat\/#listItem","name":"CAT"}},{"@type":"ListItem","@id":"https:\/\/www.claret.cat\/categoria-producto\/cat\/3_infantil-juvenil\/escola-de-pares\/#listItem","position":5,"name":"Escola de pares","item":"https:\/\/www.claret.cat\/categoria-producto\/cat\/3_infantil-juvenil\/escola-de-pares\/","nextItem":{"@type":"ListItem","@id":"https:\/\/www.claret.cat\/es\/libro\/metodo-12-basicos-para-educar-9788490234228\/#listItem","name":"M\u00c9TODO 12 B\u00c1SICOS PARA EDUCAR"},"previousItem":{"@type":"ListItem","@id":"https:\/\/www.claret.cat\/categoria-producto\/cat\/3_infantil-juvenil\/#listItem","name":"Infantil \/ Juvenil"}},{"@type":"ListItem","@id":"https:\/\/www.claret.cat\/es\/libro\/metodo-12-basicos-para-educar-9788490234228\/#listItem","position":6,"name":"M\u00c9TODO 12 B\u00c1SICOS PARA EDUCAR","previousItem":{"@type":"ListItem","@id":"https:\/\/www.claret.cat\/categoria-producto\/cat\/3_infantil-juvenil\/escola-de-pares\/#listItem","name":"Escola de pares"}}]},{"@type":"ItemPage","@id":"https:\/\/www.claret.cat\/es\/libro\/metodo-12-basicos-para-educar-9788490234228\/#itempage","url":"https:\/\/www.claret.cat\/es\/libro\/metodo-12-basicos-para-educar-9788490234228\/","name":"M\u00c9TODO 12 B\u00c1SICOS PARA EDUCAR - PRIETO, LUIS FELIPE; L\u00d3PEZ, MYRIAM 9788490234228 | Llibreria Claret","description":"M\u00c9TODO 12 B\u00c1SICOS PARA EDUCAR de PRIETO, LUIS FELIPE; L\u00d3PEZ, MYRIAM disponible a\/en Llibreria Claret.","inLanguage":"es-ES","isPartOf":{"@id":"https:\/\/www.claret.cat\/es\/#website"},"breadcrumb":{"@id":"https:\/\/www.claret.cat\/es\/libro\/metodo-12-basicos-para-educar-9788490234228\/#breadcrumblist"},"image":{"@type":"ImageObject","url":"https:\/\/www.claret.cat\/wp-content\/uploads\/.\/9788490234228-1.jpg","@id":"https:\/\/www.claret.cat\/es\/libro\/metodo-12-basicos-para-educar-9788490234228\/#mainImage","width":225,"height":319,"caption":"9788490234228.jpg"},"primaryImageOfPage":{"@id":"https:\/\/www.claret.cat\/es\/libro\/metodo-12-basicos-para-educar-9788490234228\/#mainImage"},"datePublished":"2022-10-01T23:14:55+02:00","dateModified":"2024-05-23T06:31:14+02:00"},{"@type":"Organization","@id":"https:\/\/www.claret.cat\/es\/#organization","name":"Llibreria Claret","description":"Llibreria religiosa a Barcelona","url":"https:\/\/www.claret.cat\/es\/","email":"comunicacio@claret.cat","telephone":"+34933010887","logo":{"@type":"ImageObject","url":"https:\/\/www.claret.cat\/wp-content\/uploads\/.\/logo-claret-es.png","@id":"https:\/\/www.claret.cat\/es\/libro\/metodo-12-basicos-para-educar-9788490234228\/#organizationLogo","width":195,"height":79},"image":{"@id":"https:\/\/www.claret.cat\/es\/libro\/metodo-12-basicos-para-educar-9788490234228\/#organizationLogo"},"sameAs":["https:\/\/www.facebook.com\/LlibreriaClaret","https:\/\/twitter.com\/LlibreriaClaret","https:\/\/www.instagram.com\/llibreriaclaret\/","https:\/\/www.tiktok.com\/@llibreriaclaret","https:\/\/www.youtube.com\/@llibreriaclaret","https:\/\/ca.wikipedia.org\/wiki\/Editorial_Claret"]},{"@type":"WebPage","@id":"https:\/\/www.claret.cat\/es\/libro\/metodo-12-basicos-para-educar-9788490234228\/#webpage","url":"https:\/\/www.claret.cat\/es\/libro\/metodo-12-basicos-para-educar-9788490234228\/","name":"M\u00c9TODO 12 B\u00c1SICOS PARA EDUCAR - PRIETO, LUIS FELIPE; L\u00d3PEZ, MYRIAM 9788490234228 | Llibreria Claret","description":"M\u00c9TODO 12 B\u00c1SICOS PARA EDUCAR de PRIETO, LUIS FELIPE; L\u00d3PEZ, MYRIAM disponible a\/en Llibreria Claret.","inLanguage":"es-ES","isPartOf":{"@id":"https:\/\/www.claret.cat\/es\/#website"},"breadcrumb":{"@id":"https:\/\/www.claret.cat\/es\/libro\/metodo-12-basicos-para-educar-9788490234228\/#breadcrumblist"},"image":{"@type":"ImageObject","url":"https:\/\/www.claret.cat\/wp-content\/uploads\/.\/9788490234228-1.jpg","@id":"https:\/\/www.claret.cat\/es\/libro\/metodo-12-basicos-para-educar-9788490234228\/#mainImage","width":225,"height":319,"caption":"9788490234228.jpg"},"primaryImageOfPage":{"@id":"https:\/\/www.claret.cat\/es\/libro\/metodo-12-basicos-para-educar-9788490234228\/#mainImage"},"datePublished":"2022-10-01T23:14:55+02:00","dateModified":"2024-05-23T06:31:14+02:00"},{"@type":"WebSite","@id":"https:\/\/www.claret.cat\/es\/#website","url":"https:\/\/www.claret.cat\/es\/","name":"Llibreria Claret Barcelona","alternateName":"Llibreria Claret","description":"Llibreria religiosa a Barcelona","inLanguage":"es-ES","publisher":{"@id":"https:\/\/www.claret.cat\/es\/#organization"}}]},"og:locale":"es_ES","og:site_name":"Llibreria Claret - Llibreria religiosa a Barcelona","og:type":"article","og:title":"M\u00c9TODO 12 B\u00c1SICOS PARA EDUCAR - PRIETO, LUIS FELIPE; L\u00d3PEZ, MYRIAM 9788490234228 | Llibreria Claret","og:description":"M\u00c9TODO 12 B\u00c1SICOS PARA EDUCAR de PRIETO, LUIS FELIPE; L\u00d3PEZ, MYRIAM disponible a\/en Llibreria Claret.","og:url":"https:\/\/www.claret.cat\/es\/libro\/metodo-12-basicos-para-educar-9788490234228\/","og:image":"https:\/\/dev.claret.cat\/wp-content\/uploads\/logo-claret.svg","og:image:secure_url":"https:\/\/dev.claret.cat\/wp-content\/uploads\/logo-claret.svg","article:published_time":"2022-10-01T21:14:55+00:00","article:modified_time":"2024-05-23T04:31:14+00:00","article:publisher":"https:\/\/www.facebook.com\/LlibreriaClaret","twitter:card":"summary_large_image","twitter:site":"@LlibreriaClaret","twitter:title":"M\u00c9TODO 12 B\u00c1SICOS PARA EDUCAR - PRIETO, LUIS FELIPE; L\u00d3PEZ, MYRIAM 9788490234228 | Llibreria Claret","twitter:description":"M\u00c9TODO 12 B\u00c1SICOS PARA EDUCAR de PRIETO, LUIS FELIPE; L\u00d3PEZ, MYRIAM disponible a\/en Llibreria Claret.","twitter:image":"http:\/\/dev.claret.cat\/wp-content\/uploads\/logo-claret.svg"},"aioseo_meta_data":{"post_id":"16221","title":null,"description":null,"keywords":null,"keyphrases":null,"primary_term":null,"canonical_url":null,"og_title":null,"og_description":null,"og_object_type":"default","og_image_type":"default","og_image_url":null,"og_image_width":null,"og_image_height":null,"og_image_custom_url":null,"og_image_custom_fields":null,"og_video":null,"og_custom_url":null,"og_article_section":null,"og_article_tags":null,"twitter_use_og":false,"twitter_card":"default","twitter_image_type":"default","twitter_image_url":null,"twitter_image_custom_url":null,"twitter_image_custom_fields":null,"twitter_title":null,"twitter_description":null,"schema":{"blockGraphs":[],"customGraphs":[],"default":{"data":{"Article":[],"Course":[],"Dataset":[],"FAQPage":[],"Movie":[],"Person":[],"Product":[],"ProductReview":[],"Car":[],"Recipe":[],"Service":[],"SoftwareApplication":[],"WebPage":[]},"graphName":"","isEnabled":true},"graphs":[]},"schema_type":"default","schema_type_options":null,"pillar_content":false,"robots_default":true,"robots_noindex":false,"robots_noarchive":false,"robots_nosnippet":false,"robots_nofollow":false,"robots_noimageindex":false,"robots_noodp":false,"robots_notranslate":false,"robots_max_snippet":null,"robots_max_videopreview":null,"robots_max_imagepreview":"large","priority":null,"frequency":null,"local_seo":null,"seo_analyzer_scan_date":"2025-11-11 07:02:21","breadcrumb_settings":null,"limit_modified_date":false,"open_ai":null,"ai":null,"created":"2022-12-18 01:17:25","updated":"2025-11-11 07:02:21","focus_keyword":null,"additional_keywords":null,"truseo_locale":null},"aioseo_breadcrumb":"<div class=\"aioseo-breadcrumbs\"><span class=\"aioseo-breadcrumb\">\n\t<a href=\"https:\/\/www.claret.cat\/es\/\" title=\"Home\">Home<\/a>\n<\/span><span class=\"aioseo-breadcrumb-separator\">&raquo;<\/span><span class=\"aioseo-breadcrumb\">\n\t<a href=\"https:\/\/www.claret.cat\/?page_id=16\" title=\"Botiga\">Botiga<\/a>\n<\/span><span class=\"aioseo-breadcrumb-separator\">&raquo;<\/span><span class=\"aioseo-breadcrumb\">\n\t<a href=\"https:\/\/www.claret.cat\/categoria-producto\/cat\/\" title=\"CAT\">CAT<\/a>\n<\/span><span class=\"aioseo-breadcrumb-separator\">&raquo;<\/span><span class=\"aioseo-breadcrumb\">\n\t<a href=\"https:\/\/www.claret.cat\/categoria-producto\/cat\/3_infantil-juvenil\/\" title=\"Infantil \/ Juvenil\">Infantil \/ Juvenil<\/a>\n<\/span><span class=\"aioseo-breadcrumb-separator\">&raquo;<\/span><span class=\"aioseo-breadcrumb\">\n\t<a href=\"https:\/\/www.claret.cat\/categoria-producto\/cat\/3_infantil-juvenil\/escola-de-pares\/\" title=\"Escola de pares\">Escola de pares<\/a>\n<\/span><span class=\"aioseo-breadcrumb-separator\">&raquo;<\/span><span class=\"aioseo-breadcrumb\">\n\tM\u00c9TODO 12 B\u00c1SICOS PARA EDUCAR\n<\/span><\/div>","aioseo_breadcrumb_json":[{"label":"Home","link":"https:\/\/www.claret.cat\/es\/"},{"label":"Botiga","link":"https:\/\/www.claret.cat\/?page_id=16"},{"label":"CAT","link":"https:\/\/www.claret.cat\/categoria-producto\/cat\/"},{"label":"Infantil \/ Juvenil","link":"https:\/\/www.claret.cat\/categoria-producto\/cat\/3_infantil-juvenil\/"},{"label":"Escola de pares","link":"https:\/\/www.claret.cat\/categoria-producto\/cat\/3_infantil-juvenil\/escola-de-pares\/"},{"label":"M\u00c9TODO 12 B\u00c1SICOS PARA EDUCAR","link":"https:\/\/www.claret.cat\/es\/libro\/metodo-12-basicos-para-educar-9788490234228\/"}],"_links":{"self":[{"href":"https:\/\/www.claret.cat\/es\/wp-json\/wp\/v2\/product\/16221","targetHints":{"allow":["GET"]}}],"collection":[{"href":"https:\/\/www.claret.cat\/es\/wp-json\/wp\/v2\/product"}],"about":[{"href":"https:\/\/www.claret.cat\/es\/wp-json\/wp\/v2\/types\/product"}],"wp:featuredmedia":[{"embeddable":true,"href":"https:\/\/www.claret.cat\/es\/wp-json\/wp\/v2\/media\/359277"}],"wp:attachment":[{"href":"https:\/\/www.claret.cat\/es\/wp-json\/wp\/v2\/media?parent=16221"}],"wp:term":[{"taxonomy":"product_brand","embeddable":true,"href":"https:\/\/www.claret.cat\/es\/wp-json\/wp\/v2\/product_brand?post=16221"},{"taxonomy":"product_cat","embeddable":true,"href":"https:\/\/www.claret.cat\/es\/wp-json\/wp\/v2\/product_cat?post=16221"},{"taxonomy":"product_tag","embeddable":true,"href":"https:\/\/www.claret.cat\/es\/wp-json\/wp\/v2\/product_tag?post=16221"}],"curies":[{"name":"wp","href":"https:\/\/api.w.org\/{rel}","templated":true}]}}