{"id":176172,"date":"2022-10-20T01:57:38","date_gmt":"2022-10-19T23:57:38","guid":{"rendered":"http:\/\/dev.claret.cat\/producte\/las-matematicas-del-arte\/"},"modified":"2023-01-28T14:16:17","modified_gmt":"2023-01-28T13:16:17","slug":"las-matematicas-del-arte-9788490974797","status":"publish","type":"product","link":"https:\/\/www.claret.cat\/es\/libro\/las-matematicas-del-arte-9788490974797\/","title":{"rendered":"LAS MATEM\u00c1TICAS DEL ARTE"},"content":{"rendered":"<p>A lo largo de la historia, se han dado diversas formas de relaci\u00f3n entre el arte y las matem\u00e1ticas. La proporci\u00f3n \u00e1urea o n\u00famero de oro, que durante largo tiempo sustent\u00f3 los ideales de belleza y armon\u00eda, la perspectiva o la utilizaci\u00f3n de distintas figuras geom\u00e9tricas, dan buena cuenta de c\u00f3mo las matem\u00e1ticas han constituido desde la antig\u00fcedad hasta nuestros d\u00edas una herramienta fundamental en la creaci\u00f3n art\u00edstica, cuya influencia puede rastrearse en multitud de obras y objetos cotidianos y en diversas disciplinas: en pintura, escultura, arquitectura o m\u00fasica, pero tambi\u00e9n en fotograf\u00eda, artes decorativas, dise\u00f1o de moda o de joyas, etc.; sin embargo, y m\u00e1s all\u00e1 de su car\u00e1cter instrumental, tambi\u00e9n es cierto que los objetos matem\u00e1ticos, tales como las distintas figuras geom\u00e9tricas o, m\u00e1s recientemente, los fractales o el arte digital, han llegado a convertirse en los protagonistas de numerosas obras art\u00edsticas. Orientado a lectores de todos los niveles educativos, este libro nos aproxima, mediante sencillas explicaciones de los principales conceptos matem\u00e1ticos y construcciones geom\u00e9tricas y de numerosos ejemplos y actividades a partir de una amplia variedad de obras art\u00edsticas, al aprendizaje del arte a trav\u00e9s de las matem\u00e1ticas y de las matem\u00e1ticas a trav\u00e9s del arte.<\/p>\n","protected":false},"excerpt":{"rendered":"<p>RODR\u00cdGUEZ TABOADA, JULIO \/ GARC\u00cdA AGRA, PILAR<\/p>\n","protected":false},"featured_media":176173,"template":"","meta":{"_acf_changed":false,"om_disable_all_campaigns":false,"rs_blank_template":"","rs_page_bg_color":"","slide_template_v7":"","inline_featured_image":false,"_monsterinsights_skip_tracking":false},"product_brand":[],"product_cat":[110],"product_tag":[],"class_list":["post-176172","product","type-product","status-publish","has-post-thumbnail","product_cat-art","first","instock","taxable","shipping-taxable","purchasable","product-type-simple"],"acf":{"autor":"RODR\u00cdGUEZ TABOADA, JULIO \/ GARC\u00cdA AGRA, PILAR","codart":"849097479","libros-coleccion":"Miradas Matem\u00e1ticas","ediciones":"1","encuadernacion":"R\u00fastica","fecha_de_publicacion":"01\/09\/2018","novedad":"1","paginas":"128","subtitulo":"M\u00c1S ALL\u00c1 DEL N\u00daMERO DE ORO","orden":"0","portada":"0","idioma":"spa","editorial":[{"ID":6287,"post_author":"3","post_date":"2022-07-28 17:48:57","post_date_gmt":"2022-07-28 15:48:57","post_content":"","post_title":"LIBROS DE LA CATARATA","post_excerpt":"","post_status":"publish","comment_status":"closed","ping_status":"closed","post_password":"","post_name":"libros-de-la-catarata","to_ping":"","pinged":"","post_modified":"2022-07-28 17:48:57","post_modified_gmt":"2022-07-28 15:48:57","post_content_filtered":"","post_parent":0,"guid":"http:\/\/dev.claret.cat\/editorial\/libros-de-la-catarata\/","menu_order":0,"post_type":"editorial","post_mime_type":"","comment_count":"0","filter":"raw"}]},"aioseo_notices":[],"aioseo_head":"\n\t\t<!-- All in One SEO Pro 5.0.1.1 - aioseo.com -->\n\t<meta name=\"description\" content=\"LAS MATEM\u00c1TICAS DEL ARTE de RODR\u00cdGUEZ TABOADA, JULIO \/ GARC\u00cdA AGRA, PILAR disponible a\/en Llibreria Claret.\" \/>\n\t<meta name=\"robots\" content=\"max-image-preview:large\" \/>\n\t<meta name=\"google-site-verification\" content=\"xVtlFxJ-TfkIu-D-lt7XeLobefg5EIQiXTuqcSf8Rf0\" \/>\n\t<link rel=\"canonical\" href=\"https:\/\/www.claret.cat\/es\/libro\/las-matematicas-del-arte-9788490974797\/\" \/>\n\t<meta name=\"generator\" content=\"All in One SEO Pro (AIOSEO) 5.0.1.1\" \/>\n\t\t<meta property=\"og:locale\" content=\"es_ES\" \/>\n\t\t<meta property=\"og:site_name\" content=\"Llibreria Claret - Llibreria religiosa a Barcelona\" \/>\n\t\t<meta property=\"og:type\" content=\"article\" \/>\n\t\t<meta property=\"og:title\" content=\"LAS MATEM\u00c1TICAS DEL ARTE - RODR\u00cdGUEZ TABOADA, JULIO \/ GARC\u00cdA AGRA, PILAR 9788490974797 | Llibreria Claret\" \/>\n\t\t<meta property=\"og:description\" content=\"LAS MATEM\u00c1TICAS DEL ARTE de RODR\u00cdGUEZ TABOADA, JULIO \/ GARC\u00cdA AGRA, PILAR disponible a\/en Llibreria Claret.\" \/>\n\t\t<meta property=\"og:url\" content=\"https:\/\/www.claret.cat\/es\/libro\/las-matematicas-del-arte-9788490974797\/\" \/>\n\t\t<meta property=\"og:image\" content=\"https:\/\/dev.claret.cat\/wp-content\/uploads\/logo-claret.svg\" \/>\n\t\t<meta property=\"og:image:secure_url\" content=\"https:\/\/dev.claret.cat\/wp-content\/uploads\/logo-claret.svg\" \/>\n\t\t<meta property=\"article:published_time\" content=\"2022-10-19T23:57:38+00:00\" \/>\n\t\t<meta property=\"article:modified_time\" content=\"2023-01-28T13:16:17+00:00\" \/>\n\t\t<meta property=\"article:publisher\" content=\"https:\/\/www.facebook.com\/LlibreriaClaret\" \/>\n\t\t<meta name=\"twitter:card\" content=\"summary_large_image\" \/>\n\t\t<meta name=\"twitter:site\" content=\"@LlibreriaClaret\" \/>\n\t\t<meta name=\"twitter:title\" content=\"LAS MATEM\u00c1TICAS DEL ARTE - RODR\u00cdGUEZ TABOADA, JULIO \/ GARC\u00cdA AGRA, PILAR 9788490974797 | Llibreria Claret\" \/>\n\t\t<meta name=\"twitter:description\" content=\"LAS MATEM\u00c1TICAS DEL ARTE de RODR\u00cdGUEZ TABOADA, JULIO \/ GARC\u00cdA AGRA, PILAR disponible a\/en Llibreria Claret.\" \/>\n\t\t<meta name=\"twitter:image\" content=\"http:\/\/dev.claret.cat\/wp-content\/uploads\/logo-claret.svg\" \/>\n\t\t<script type=\"application\/ld+json\" class=\"aioseo-schema\">\n\t\t\t{\"@context\":\"https:\\\/\\\/schema.org\",\"@graph\":[{\"@type\":\"BreadcrumbList\",\"@id\":\"https:\\\/\\\/www.claret.cat\\\/es\\\/libro\\\/las-matematicas-del-arte-9788490974797\\\/#breadcrumblist\",\"itemListElement\":[{\"@type\":\"ListItem\",\"@id\":\"https:\\\/\\\/www.claret.cat\\\/es\\\/#listItem\",\"position\":1,\"name\":\"Home\",\"item\":\"https:\\\/\\\/www.claret.cat\\\/es\\\/\",\"nextItem\":{\"@type\":\"ListItem\",\"@id\":\"https:\\\/\\\/www.claret.cat\\\/?page_id=16#listItem\",\"name\":\"Botiga\"}},{\"@type\":\"ListItem\",\"@id\":\"https:\\\/\\\/www.claret.cat\\\/?page_id=16#listItem\",\"position\":2,\"name\":\"Botiga\",\"item\":\"https:\\\/\\\/www.claret.cat\\\/?page_id=16\",\"nextItem\":{\"@type\":\"ListItem\",\"@id\":\"https:\\\/\\\/www.claret.cat\\\/categoria-producto\\\/cat\\\/#listItem\",\"name\":\"CAT\"},\"previousItem\":{\"@type\":\"ListItem\",\"@id\":\"https:\\\/\\\/www.claret.cat\\\/es\\\/#listItem\",\"name\":\"Home\"}},{\"@type\":\"ListItem\",\"@id\":\"https:\\\/\\\/www.claret.cat\\\/categoria-producto\\\/cat\\\/#listItem\",\"position\":3,\"name\":\"CAT\",\"item\":\"https:\\\/\\\/www.claret.cat\\\/categoria-producto\\\/cat\\\/\",\"nextItem\":{\"@type\":\"ListItem\",\"@id\":\"https:\\\/\\\/www.claret.cat\\\/categoria-producto\\\/cat\\\/5_altres\\\/#listItem\",\"name\":\"Altres\"},\"previousItem\":{\"@type\":\"ListItem\",\"@id\":\"https:\\\/\\\/www.claret.cat\\\/?page_id=16#listItem\",\"name\":\"Botiga\"}},{\"@type\":\"ListItem\",\"@id\":\"https:\\\/\\\/www.claret.cat\\\/categoria-producto\\\/cat\\\/5_altres\\\/#listItem\",\"position\":4,\"name\":\"Altres\",\"item\":\"https:\\\/\\\/www.claret.cat\\\/categoria-producto\\\/cat\\\/5_altres\\\/\",\"nextItem\":{\"@type\":\"ListItem\",\"@id\":\"https:\\\/\\\/www.claret.cat\\\/categoria-producto\\\/cat\\\/5_altres\\\/art\\\/#listItem\",\"name\":\"Art\"},\"previousItem\":{\"@type\":\"ListItem\",\"@id\":\"https:\\\/\\\/www.claret.cat\\\/categoria-producto\\\/cat\\\/#listItem\",\"name\":\"CAT\"}},{\"@type\":\"ListItem\",\"@id\":\"https:\\\/\\\/www.claret.cat\\\/categoria-producto\\\/cat\\\/5_altres\\\/art\\\/#listItem\",\"position\":5,\"name\":\"Art\",\"item\":\"https:\\\/\\\/www.claret.cat\\\/categoria-producto\\\/cat\\\/5_altres\\\/art\\\/\",\"nextItem\":{\"@type\":\"ListItem\",\"@id\":\"https:\\\/\\\/www.claret.cat\\\/es\\\/libro\\\/las-matematicas-del-arte-9788490974797\\\/#listItem\",\"name\":\"LAS MATEM\\u00c1TICAS DEL ARTE\"},\"previousItem\":{\"@type\":\"ListItem\",\"@id\":\"https:\\\/\\\/www.claret.cat\\\/categoria-producto\\\/cat\\\/5_altres\\\/#listItem\",\"name\":\"Altres\"}},{\"@type\":\"ListItem\",\"@id\":\"https:\\\/\\\/www.claret.cat\\\/es\\\/libro\\\/las-matematicas-del-arte-9788490974797\\\/#listItem\",\"position\":6,\"name\":\"LAS MATEM\\u00c1TICAS DEL ARTE\",\"previousItem\":{\"@type\":\"ListItem\",\"@id\":\"https:\\\/\\\/www.claret.cat\\\/categoria-producto\\\/cat\\\/5_altres\\\/art\\\/#listItem\",\"name\":\"Art\"}}]},{\"@type\":\"ItemPage\",\"@id\":\"https:\\\/\\\/www.claret.cat\\\/es\\\/libro\\\/las-matematicas-del-arte-9788490974797\\\/#itempage\",\"url\":\"https:\\\/\\\/www.claret.cat\\\/es\\\/libro\\\/las-matematicas-del-arte-9788490974797\\\/\",\"name\":\"LAS MATEM\\u00c1TICAS DEL ARTE - RODR\\u00cdGUEZ TABOADA, JULIO \\\/ GARC\\u00cdA AGRA, PILAR 9788490974797 | Llibreria Claret\",\"description\":\"LAS MATEM\\u00c1TICAS DEL ARTE de RODR\\u00cdGUEZ TABOADA, JULIO \\\/ GARC\\u00cdA AGRA, PILAR disponible a\\\/en Llibreria Claret.\",\"inLanguage\":\"es-ES\",\"isPartOf\":{\"@id\":\"https:\\\/\\\/www.claret.cat\\\/es\\\/#website\"},\"breadcrumb\":{\"@id\":\"https:\\\/\\\/www.claret.cat\\\/es\\\/libro\\\/las-matematicas-del-arte-9788490974797\\\/#breadcrumblist\"},\"image\":{\"@type\":\"ImageObject\",\"url\":\"https:\\\/\\\/www.claret.cat\\\/wp-content\\\/uploads\\\/.\\\/9788490974797.jpg\",\"@id\":\"https:\\\/\\\/www.claret.cat\\\/es\\\/libro\\\/las-matematicas-del-arte-9788490974797\\\/#mainImage\",\"width\":225,\"height\":337,\"caption\":\"9788490974797.jpg\"},\"primaryImageOfPage\":{\"@id\":\"https:\\\/\\\/www.claret.cat\\\/es\\\/libro\\\/las-matematicas-del-arte-9788490974797\\\/#mainImage\"},\"datePublished\":\"2022-10-20T01:57:38+02:00\",\"dateModified\":\"2023-01-28T14:16:17+01:00\"},{\"@type\":\"Organization\",\"@id\":\"https:\\\/\\\/www.claret.cat\\\/es\\\/#organization\",\"name\":\"Llibreria Claret\",\"description\":\"Llibreria religiosa a Barcelona\",\"url\":\"https:\\\/\\\/www.claret.cat\\\/es\\\/\",\"email\":\"comunicacio@claret.cat\",\"telephone\":\"+34933010887\",\"logo\":{\"@type\":\"ImageObject\",\"url\":\"https:\\\/\\\/www.claret.cat\\\/wp-content\\\/uploads\\\/.\\\/logo-claret-es.png\",\"@id\":\"https:\\\/\\\/www.claret.cat\\\/es\\\/libro\\\/las-matematicas-del-arte-9788490974797\\\/#organizationLogo\",\"width\":195,\"height\":79},\"image\":{\"@id\":\"https:\\\/\\\/www.claret.cat\\\/es\\\/libro\\\/las-matematicas-del-arte-9788490974797\\\/#organizationLogo\"},\"sameAs\":[\"https:\\\/\\\/www.facebook.com\\\/LlibreriaClaret\",\"https:\\\/\\\/twitter.com\\\/LlibreriaClaret\",\"https:\\\/\\\/www.instagram.com\\\/llibreriaclaret\\\/\",\"https:\\\/\\\/www.tiktok.com\\\/@llibreriaclaret\",\"https:\\\/\\\/www.youtube.com\\\/@llibreriaclaret\",\"https:\\\/\\\/ca.wikipedia.org\\\/wiki\\\/Editorial_Claret\"]},{\"@type\":\"WebPage\",\"@id\":\"https:\\\/\\\/www.claret.cat\\\/es\\\/libro\\\/las-matematicas-del-arte-9788490974797\\\/#webpage\",\"url\":\"https:\\\/\\\/www.claret.cat\\\/es\\\/libro\\\/las-matematicas-del-arte-9788490974797\\\/\",\"name\":\"LAS MATEM\\u00c1TICAS DEL ARTE - RODR\\u00cdGUEZ TABOADA, JULIO \\\/ GARC\\u00cdA AGRA, PILAR 9788490974797 | Llibreria Claret\",\"description\":\"LAS MATEM\\u00c1TICAS DEL ARTE de RODR\\u00cdGUEZ TABOADA, JULIO \\\/ GARC\\u00cdA AGRA, PILAR disponible a\\\/en Llibreria Claret.\",\"inLanguage\":\"es-ES\",\"isPartOf\":{\"@id\":\"https:\\\/\\\/www.claret.cat\\\/es\\\/#website\"},\"breadcrumb\":{\"@id\":\"https:\\\/\\\/www.claret.cat\\\/es\\\/libro\\\/las-matematicas-del-arte-9788490974797\\\/#breadcrumblist\"},\"image\":{\"@type\":\"ImageObject\",\"url\":\"https:\\\/\\\/www.claret.cat\\\/wp-content\\\/uploads\\\/.\\\/9788490974797.jpg\",\"@id\":\"https:\\\/\\\/www.claret.cat\\\/es\\\/libro\\\/las-matematicas-del-arte-9788490974797\\\/#mainImage\",\"width\":225,\"height\":337,\"caption\":\"9788490974797.jpg\"},\"primaryImageOfPage\":{\"@id\":\"https:\\\/\\\/www.claret.cat\\\/es\\\/libro\\\/las-matematicas-del-arte-9788490974797\\\/#mainImage\"},\"datePublished\":\"2022-10-20T01:57:38+02:00\",\"dateModified\":\"2023-01-28T14:16:17+01:00\"},{\"@type\":\"WebSite\",\"@id\":\"https:\\\/\\\/www.claret.cat\\\/es\\\/#website\",\"url\":\"https:\\\/\\\/www.claret.cat\\\/es\\\/\",\"name\":\"Llibreria Claret Barcelona\",\"alternateName\":\"Llibreria Claret\",\"description\":\"Llibreria religiosa a Barcelona\",\"inLanguage\":\"es-ES\",\"publisher\":{\"@id\":\"https:\\\/\\\/www.claret.cat\\\/es\\\/#organization\"}}]}\n\t\t<\/script>\n\t\t<!-- All in One SEO Pro -->\r\n\t\t<title>LAS MATEM\u00c1TICAS DEL ARTE - RODR\u00cdGUEZ TABOADA, JULIO \/ GARC\u00cdA AGRA, PILAR 9788490974797 | Llibreria Claret<\/title>\n\n","aioseo_head_json":{"title":"LAS MATEM\u00c1TICAS DEL ARTE - RODR\u00cdGUEZ TABOADA, JULIO \/ GARC\u00cdA AGRA, PILAR 9788490974797 | Llibreria Claret","description":"LAS MATEM\u00c1TICAS DEL ARTE de RODR\u00cdGUEZ TABOADA, JULIO \/ GARC\u00cdA AGRA, PILAR disponible a\/en Llibreria Claret.","canonical_url":"https:\/\/www.claret.cat\/es\/libro\/las-matematicas-del-arte-9788490974797\/","robots":"max-image-preview:large","keywords":"","webmasterTools":{"google-site-verification":"xVtlFxJ-TfkIu-D-lt7XeLobefg5EIQiXTuqcSf8Rf0","miscellaneous":""},"schema":{"@context":"https:\/\/schema.org","@graph":[{"@type":"BreadcrumbList","@id":"https:\/\/www.claret.cat\/es\/libro\/las-matematicas-del-arte-9788490974797\/#breadcrumblist","itemListElement":[{"@type":"ListItem","@id":"https:\/\/www.claret.cat\/es\/#listItem","position":1,"name":"Home","item":"https:\/\/www.claret.cat\/es\/","nextItem":{"@type":"ListItem","@id":"https:\/\/www.claret.cat\/?page_id=16#listItem","name":"Botiga"}},{"@type":"ListItem","@id":"https:\/\/www.claret.cat\/?page_id=16#listItem","position":2,"name":"Botiga","item":"https:\/\/www.claret.cat\/?page_id=16","nextItem":{"@type":"ListItem","@id":"https:\/\/www.claret.cat\/categoria-producto\/cat\/#listItem","name":"CAT"},"previousItem":{"@type":"ListItem","@id":"https:\/\/www.claret.cat\/es\/#listItem","name":"Home"}},{"@type":"ListItem","@id":"https:\/\/www.claret.cat\/categoria-producto\/cat\/#listItem","position":3,"name":"CAT","item":"https:\/\/www.claret.cat\/categoria-producto\/cat\/","nextItem":{"@type":"ListItem","@id":"https:\/\/www.claret.cat\/categoria-producto\/cat\/5_altres\/#listItem","name":"Altres"},"previousItem":{"@type":"ListItem","@id":"https:\/\/www.claret.cat\/?page_id=16#listItem","name":"Botiga"}},{"@type":"ListItem","@id":"https:\/\/www.claret.cat\/categoria-producto\/cat\/5_altres\/#listItem","position":4,"name":"Altres","item":"https:\/\/www.claret.cat\/categoria-producto\/cat\/5_altres\/","nextItem":{"@type":"ListItem","@id":"https:\/\/www.claret.cat\/categoria-producto\/cat\/5_altres\/art\/#listItem","name":"Art"},"previousItem":{"@type":"ListItem","@id":"https:\/\/www.claret.cat\/categoria-producto\/cat\/#listItem","name":"CAT"}},{"@type":"ListItem","@id":"https:\/\/www.claret.cat\/categoria-producto\/cat\/5_altres\/art\/#listItem","position":5,"name":"Art","item":"https:\/\/www.claret.cat\/categoria-producto\/cat\/5_altres\/art\/","nextItem":{"@type":"ListItem","@id":"https:\/\/www.claret.cat\/es\/libro\/las-matematicas-del-arte-9788490974797\/#listItem","name":"LAS MATEM\u00c1TICAS DEL ARTE"},"previousItem":{"@type":"ListItem","@id":"https:\/\/www.claret.cat\/categoria-producto\/cat\/5_altres\/#listItem","name":"Altres"}},{"@type":"ListItem","@id":"https:\/\/www.claret.cat\/es\/libro\/las-matematicas-del-arte-9788490974797\/#listItem","position":6,"name":"LAS MATEM\u00c1TICAS DEL ARTE","previousItem":{"@type":"ListItem","@id":"https:\/\/www.claret.cat\/categoria-producto\/cat\/5_altres\/art\/#listItem","name":"Art"}}]},{"@type":"ItemPage","@id":"https:\/\/www.claret.cat\/es\/libro\/las-matematicas-del-arte-9788490974797\/#itempage","url":"https:\/\/www.claret.cat\/es\/libro\/las-matematicas-del-arte-9788490974797\/","name":"LAS MATEM\u00c1TICAS DEL ARTE - RODR\u00cdGUEZ TABOADA, JULIO \/ GARC\u00cdA AGRA, PILAR 9788490974797 | Llibreria Claret","description":"LAS MATEM\u00c1TICAS DEL ARTE de RODR\u00cdGUEZ TABOADA, JULIO \/ GARC\u00cdA AGRA, PILAR disponible a\/en Llibreria Claret.","inLanguage":"es-ES","isPartOf":{"@id":"https:\/\/www.claret.cat\/es\/#website"},"breadcrumb":{"@id":"https:\/\/www.claret.cat\/es\/libro\/las-matematicas-del-arte-9788490974797\/#breadcrumblist"},"image":{"@type":"ImageObject","url":"https:\/\/www.claret.cat\/wp-content\/uploads\/.\/9788490974797.jpg","@id":"https:\/\/www.claret.cat\/es\/libro\/las-matematicas-del-arte-9788490974797\/#mainImage","width":225,"height":337,"caption":"9788490974797.jpg"},"primaryImageOfPage":{"@id":"https:\/\/www.claret.cat\/es\/libro\/las-matematicas-del-arte-9788490974797\/#mainImage"},"datePublished":"2022-10-20T01:57:38+02:00","dateModified":"2023-01-28T14:16:17+01:00"},{"@type":"Organization","@id":"https:\/\/www.claret.cat\/es\/#organization","name":"Llibreria Claret","description":"Llibreria religiosa a Barcelona","url":"https:\/\/www.claret.cat\/es\/","email":"comunicacio@claret.cat","telephone":"+34933010887","logo":{"@type":"ImageObject","url":"https:\/\/www.claret.cat\/wp-content\/uploads\/.\/logo-claret-es.png","@id":"https:\/\/www.claret.cat\/es\/libro\/las-matematicas-del-arte-9788490974797\/#organizationLogo","width":195,"height":79},"image":{"@id":"https:\/\/www.claret.cat\/es\/libro\/las-matematicas-del-arte-9788490974797\/#organizationLogo"},"sameAs":["https:\/\/www.facebook.com\/LlibreriaClaret","https:\/\/twitter.com\/LlibreriaClaret","https:\/\/www.instagram.com\/llibreriaclaret\/","https:\/\/www.tiktok.com\/@llibreriaclaret","https:\/\/www.youtube.com\/@llibreriaclaret","https:\/\/ca.wikipedia.org\/wiki\/Editorial_Claret"]},{"@type":"WebPage","@id":"https:\/\/www.claret.cat\/es\/libro\/las-matematicas-del-arte-9788490974797\/#webpage","url":"https:\/\/www.claret.cat\/es\/libro\/las-matematicas-del-arte-9788490974797\/","name":"LAS MATEM\u00c1TICAS DEL ARTE - RODR\u00cdGUEZ TABOADA, JULIO \/ GARC\u00cdA AGRA, PILAR 9788490974797 | Llibreria Claret","description":"LAS MATEM\u00c1TICAS DEL ARTE de RODR\u00cdGUEZ TABOADA, JULIO \/ GARC\u00cdA AGRA, PILAR disponible a\/en Llibreria Claret.","inLanguage":"es-ES","isPartOf":{"@id":"https:\/\/www.claret.cat\/es\/#website"},"breadcrumb":{"@id":"https:\/\/www.claret.cat\/es\/libro\/las-matematicas-del-arte-9788490974797\/#breadcrumblist"},"image":{"@type":"ImageObject","url":"https:\/\/www.claret.cat\/wp-content\/uploads\/.\/9788490974797.jpg","@id":"https:\/\/www.claret.cat\/es\/libro\/las-matematicas-del-arte-9788490974797\/#mainImage","width":225,"height":337,"caption":"9788490974797.jpg"},"primaryImageOfPage":{"@id":"https:\/\/www.claret.cat\/es\/libro\/las-matematicas-del-arte-9788490974797\/#mainImage"},"datePublished":"2022-10-20T01:57:38+02:00","dateModified":"2023-01-28T14:16:17+01:00"},{"@type":"WebSite","@id":"https:\/\/www.claret.cat\/es\/#website","url":"https:\/\/www.claret.cat\/es\/","name":"Llibreria Claret Barcelona","alternateName":"Llibreria Claret","description":"Llibreria religiosa a Barcelona","inLanguage":"es-ES","publisher":{"@id":"https:\/\/www.claret.cat\/es\/#organization"}}]},"og:locale":"es_ES","og:site_name":"Llibreria Claret - Llibreria religiosa a Barcelona","og:type":"article","og:title":"LAS MATEM\u00c1TICAS DEL ARTE - RODR\u00cdGUEZ TABOADA, JULIO \/ GARC\u00cdA AGRA, PILAR 9788490974797 | Llibreria Claret","og:description":"LAS MATEM\u00c1TICAS DEL ARTE de RODR\u00cdGUEZ TABOADA, JULIO \/ GARC\u00cdA AGRA, PILAR disponible a\/en Llibreria Claret.","og:url":"https:\/\/www.claret.cat\/es\/libro\/las-matematicas-del-arte-9788490974797\/","og:image":"https:\/\/dev.claret.cat\/wp-content\/uploads\/logo-claret.svg","og:image:secure_url":"https:\/\/dev.claret.cat\/wp-content\/uploads\/logo-claret.svg","article:published_time":"2022-10-19T23:57:38+00:00","article:modified_time":"2023-01-28T13:16:17+00:00","article:publisher":"https:\/\/www.facebook.com\/LlibreriaClaret","twitter:card":"summary_large_image","twitter:site":"@LlibreriaClaret","twitter:title":"LAS MATEM\u00c1TICAS DEL ARTE - RODR\u00cdGUEZ TABOADA, JULIO \/ GARC\u00cdA AGRA, PILAR 9788490974797 | Llibreria Claret","twitter:description":"LAS MATEM\u00c1TICAS DEL ARTE de RODR\u00cdGUEZ TABOADA, JULIO \/ GARC\u00cdA AGRA, PILAR disponible a\/en Llibreria Claret.","twitter:image":"http:\/\/dev.claret.cat\/wp-content\/uploads\/logo-claret.svg"},"aioseo_meta_data":{"post_id":"176172","title":null,"description":null,"keywords":null,"keyphrases":null,"primary_term":null,"canonical_url":null,"og_title":null,"og_description":null,"og_object_type":"default","og_image_type":"default","og_image_url":null,"og_image_width":null,"og_image_height":null,"og_image_custom_url":null,"og_image_custom_fields":null,"og_video":null,"og_custom_url":null,"og_article_section":null,"og_article_tags":null,"twitter_use_og":false,"twitter_card":"default","twitter_image_type":"default","twitter_image_url":null,"twitter_image_custom_url":null,"twitter_image_custom_fields":null,"twitter_title":null,"twitter_description":null,"schema":{"blockGraphs":[],"customGraphs":[],"default":{"data":{"Article":[],"Course":[],"Dataset":[],"FAQPage":[],"Movie":[],"Person":[],"Product":[],"ProductReview":[],"Car":[],"Recipe":[],"Service":[],"SoftwareApplication":[],"WebPage":[]},"graphName":"","isEnabled":true},"graphs":[]},"schema_type":"default","schema_type_options":null,"pillar_content":false,"robots_default":true,"robots_noindex":false,"robots_noarchive":false,"robots_nosnippet":false,"robots_nofollow":false,"robots_noimageindex":false,"robots_noodp":false,"robots_notranslate":false,"robots_max_snippet":null,"robots_max_videopreview":null,"robots_max_imagepreview":"large","priority":null,"frequency":null,"local_seo":null,"seo_analyzer_scan_date":"2025-11-27 07:57:03","breadcrumb_settings":null,"limit_modified_date":false,"open_ai":null,"ai":null,"created":"2022-12-20 13:29:40","updated":"2025-11-27 07:57:03","focus_keyword":null,"additional_keywords":null,"truseo_locale":null},"aioseo_breadcrumb":"<div class=\"aioseo-breadcrumbs\"><span class=\"aioseo-breadcrumb\">\n\t<a href=\"https:\/\/www.claret.cat\/es\/\" title=\"Home\">Home<\/a>\n<\/span><span class=\"aioseo-breadcrumb-separator\">&raquo;<\/span><span class=\"aioseo-breadcrumb\">\n\t<a href=\"https:\/\/www.claret.cat\/?page_id=16\" title=\"Botiga\">Botiga<\/a>\n<\/span><span class=\"aioseo-breadcrumb-separator\">&raquo;<\/span><span class=\"aioseo-breadcrumb\">\n\t<a href=\"https:\/\/www.claret.cat\/categoria-producto\/cat\/\" title=\"CAT\">CAT<\/a>\n<\/span><span class=\"aioseo-breadcrumb-separator\">&raquo;<\/span><span class=\"aioseo-breadcrumb\">\n\t<a href=\"https:\/\/www.claret.cat\/categoria-producto\/cat\/5_altres\/\" title=\"Altres\">Altres<\/a>\n<\/span><span class=\"aioseo-breadcrumb-separator\">&raquo;<\/span><span class=\"aioseo-breadcrumb\">\n\t<a href=\"https:\/\/www.claret.cat\/categoria-producto\/cat\/5_altres\/art\/\" title=\"Art\">Art<\/a>\n<\/span><span class=\"aioseo-breadcrumb-separator\">&raquo;<\/span><span class=\"aioseo-breadcrumb\">\n\tLAS MATEM\u00c1TICAS DEL ARTE\n<\/span><\/div>","aioseo_breadcrumb_json":[{"label":"Home","link":"https:\/\/www.claret.cat\/es\/"},{"label":"Botiga","link":"https:\/\/www.claret.cat\/?page_id=16"},{"label":"CAT","link":"https:\/\/www.claret.cat\/categoria-producto\/cat\/"},{"label":"Altres","link":"https:\/\/www.claret.cat\/categoria-producto\/cat\/5_altres\/"},{"label":"Art","link":"https:\/\/www.claret.cat\/categoria-producto\/cat\/5_altres\/art\/"},{"label":"LAS MATEM\u00c1TICAS DEL ARTE","link":"https:\/\/www.claret.cat\/es\/libro\/las-matematicas-del-arte-9788490974797\/"}],"_links":{"self":[{"href":"https:\/\/www.claret.cat\/es\/wp-json\/wp\/v2\/product\/176172","targetHints":{"allow":["GET"]}}],"collection":[{"href":"https:\/\/www.claret.cat\/es\/wp-json\/wp\/v2\/product"}],"about":[{"href":"https:\/\/www.claret.cat\/es\/wp-json\/wp\/v2\/types\/product"}],"wp:featuredmedia":[{"embeddable":true,"href":"https:\/\/www.claret.cat\/es\/wp-json\/wp\/v2\/media\/176173"}],"wp:attachment":[{"href":"https:\/\/www.claret.cat\/es\/wp-json\/wp\/v2\/media?parent=176172"}],"wp:term":[{"taxonomy":"product_brand","embeddable":true,"href":"https:\/\/www.claret.cat\/es\/wp-json\/wp\/v2\/product_brand?post=176172"},{"taxonomy":"product_cat","embeddable":true,"href":"https:\/\/www.claret.cat\/es\/wp-json\/wp\/v2\/product_cat?post=176172"},{"taxonomy":"product_tag","embeddable":true,"href":"https:\/\/www.claret.cat\/es\/wp-json\/wp\/v2\/product_tag?post=176172"}],"curies":[{"name":"wp","href":"https:\/\/api.w.org\/{rel}","templated":true}]}}