{"id":177438,"date":"2022-10-20T02:21:35","date_gmt":"2022-10-20T00:21:35","guid":{"rendered":"http:\/\/dev.claret.cat\/producte\/africanus-la-traicion-de-roma-trilogia-africanus-3\/"},"modified":"2023-01-28T16:40:56","modified_gmt":"2023-01-28T15:40:56","slug":"africanus-la-traicion-de-roma-trilogia-africanus-3-9788466664011","status":"publish","type":"product","link":"https:\/\/www.claret.cat\/es\/libro\/africanus-la-traicion-de-roma-trilogia-africanus-3-9788466664011\/","title":{"rendered":"AFRICANUS. LA TRAICI\u00d3N DE ROMA (TRILOG\u00cdA AFRICANUS 3)"},"content":{"rendered":"<p>\u00daltima novela de la Trilog\u00eda de Roma, en la que  descubriremos el \u00e9pico final de dos de los personajes m\u00e1s legendarios de la historia: Escipi\u00f3n y An\u00edbal. \u00abHe sido el hombre m\u00e1s poderoso del mundo, pero tambi\u00e9n el m\u00e1s traicionado.\u00bb As\u00ed comienza Publio Cornelio Escisi\u00f3n sus memorias en La traici\u00f3n de Roma, para continuar con el final de dos de los m\u00e1s \u00e9picos personajes  de la historia, Escisi\u00f3n y An\u00edbal. Los eternos enemigos se encuentran una vez m\u00e1s en la batalla de  Magnesia, un episodio casi desconocido dela historia de occidente. Pero  adem\u00e1s de batallas, el autor nos cuenta lo que ha sido de los hijos de  Escisi\u00f3n; de sus enemigos, Marco Porcio Cat\u00f3n y de su aliado Graco; de  la esclava Netikerty; de la prostituta Aret\u00e9; de su fiel aliado Ledio;  de Ant\u00edoco III, el rey de Siria; del ya anciano dramaturgo Plauto, que  se pasea por las calles de Roma, y tambi\u00e9n de la mujer de Escisi\u00f3n,  Emilia Tercia, digna hasta el final en medio de la mayor de las hecatombes p\u00fablicas y privadas. Con la electrizante prosa que lo caracteriza, Posteguillo nos transporta  de nuevo a la antigua Roma para ser testigos privilegiados del ocaso de una vida tan intensa como desbordante: el final de la epopeya de  Publio Cornelio Escisi\u00f3n y de todo su mundo en el marco incomparable de  una Roma que emerge victoriosa, por encima de la historia, sin  importarle arrasar en su imparable ascenso todo y a todos, incluidos a sus h\u00e9roes.<\/p>\n","protected":false},"excerpt":{"rendered":"<p>POSTEGUILLO, SANTIAGO<\/p>\n","protected":false},"featured_media":177439,"template":"","meta":{"_acf_changed":false,"om_disable_all_campaigns":false,"rs_blank_template":"","rs_page_bg_color":"","slide_template_v7":"","inline_featured_image":false,"_monsterinsights_skip_tracking":false},"product_brand":[],"product_cat":[87],"product_tag":[],"class_list":["post-177438","product","type-product","status-publish","has-post-thumbnail","product_cat-literatura","first","instock","taxable","shipping-taxable","purchasable","product-type-simple"],"acf":{"autor":"POSTEGUILLO, SANTIAGO","codart":"846666401","libros-coleccion":"HIST\u00d3RICA","ediciones":"1","encuadernacion":"Carton\u00e9","fecha_de_publicacion":"01\/09\/2018","novedad":"1","paginas":"865","subtitulo":"","orden":"0","portada":"0","idioma":"spa","editorial":[{"ID":6200,"post_author":"3","post_date":"2022-07-28 17:47:00","post_date_gmt":"2022-07-28 15:47:00","post_content":"","post_title":"EDICIONES B","post_excerpt":"","post_status":"publish","comment_status":"closed","ping_status":"closed","post_password":"","post_name":"ediciones-b","to_ping":"","pinged":"","post_modified":"2022-07-28 17:47:00","post_modified_gmt":"2022-07-28 15:47:00","post_content_filtered":"","post_parent":0,"guid":"http:\/\/dev.claret.cat\/editorial\/ediciones-b\/","menu_order":0,"post_type":"editorial","post_mime_type":"","comment_count":"0","filter":"raw"}],"autores-libros":[{"ID":6019,"post_author":"3","post_date":"2022-07-28 17:36:26","post_date_gmt":"2022-07-28 15:36:26","post_content":"","post_title":"SANTIAGO POSTEGUILLO","post_excerpt":"","post_status":"publish","comment_status":"closed","ping_status":"closed","post_password":"","post_name":"santiago-posteguillo","to_ping":"","pinged":"","post_modified":"2022-07-28 17:36:26","post_modified_gmt":"2022-07-28 15:36:26","post_content_filtered":"","post_parent":0,"guid":"http:\/\/dev.claret.cat\/autor\/santiago-posteguillo\/","menu_order":0,"post_type":"autor","post_mime_type":"","comment_count":"0","filter":"raw"}]},"aioseo_notices":[],"aioseo_head":"\n\t\t<!-- All in One SEO Pro 5.0.1.1 - aioseo.com -->\n\t<meta name=\"description\" content=\"AFRICANUS. LA TRAICI\u00d3N DE ROMA (TRILOG\u00cdA AFRICANUS 3) de POSTEGUILLO, SANTIAGO disponible a\/en Llibreria Claret.\" \/>\n\t<meta name=\"robots\" content=\"max-image-preview:large\" \/>\n\t<meta name=\"google-site-verification\" content=\"xVtlFxJ-TfkIu-D-lt7XeLobefg5EIQiXTuqcSf8Rf0\" \/>\n\t<link rel=\"canonical\" href=\"https:\/\/www.claret.cat\/es\/libro\/africanus-la-traicion-de-roma-trilogia-africanus-3-9788466664011\/\" \/>\n\t<meta name=\"generator\" content=\"All in One SEO Pro (AIOSEO) 5.0.1.1\" \/>\n\t\t<meta property=\"og:locale\" content=\"es_ES\" \/>\n\t\t<meta property=\"og:site_name\" content=\"Llibreria Claret - Llibreria religiosa a Barcelona\" \/>\n\t\t<meta property=\"og:type\" content=\"article\" \/>\n\t\t<meta property=\"og:title\" content=\"AFRICANUS. LA TRAICI\u00d3N DE ROMA (TRILOG\u00cdA AFRICANUS 3) - POSTEGUILLO, SANTIAGO 9788466664011 | Llibreria Claret\" \/>\n\t\t<meta property=\"og:description\" content=\"AFRICANUS. LA TRAICI\u00d3N DE ROMA (TRILOG\u00cdA AFRICANUS 3) de POSTEGUILLO, SANTIAGO disponible a\/en Llibreria Claret.\" \/>\n\t\t<meta property=\"og:url\" content=\"https:\/\/www.claret.cat\/es\/libro\/africanus-la-traicion-de-roma-trilogia-africanus-3-9788466664011\/\" \/>\n\t\t<meta property=\"og:image\" content=\"https:\/\/dev.claret.cat\/wp-content\/uploads\/logo-claret.svg\" \/>\n\t\t<meta property=\"og:image:secure_url\" content=\"https:\/\/dev.claret.cat\/wp-content\/uploads\/logo-claret.svg\" \/>\n\t\t<meta property=\"article:published_time\" content=\"2022-10-20T00:21:35+00:00\" \/>\n\t\t<meta property=\"article:modified_time\" content=\"2023-01-28T15:40:56+00:00\" \/>\n\t\t<meta property=\"article:publisher\" content=\"https:\/\/www.facebook.com\/LlibreriaClaret\" \/>\n\t\t<meta name=\"twitter:card\" content=\"summary_large_image\" \/>\n\t\t<meta name=\"twitter:site\" content=\"@LlibreriaClaret\" \/>\n\t\t<meta name=\"twitter:title\" content=\"AFRICANUS. LA TRAICI\u00d3N DE ROMA (TRILOG\u00cdA AFRICANUS 3) - POSTEGUILLO, SANTIAGO 9788466664011 | Llibreria Claret\" \/>\n\t\t<meta name=\"twitter:description\" content=\"AFRICANUS. LA TRAICI\u00d3N DE ROMA (TRILOG\u00cdA AFRICANUS 3) de POSTEGUILLO, SANTIAGO disponible a\/en Llibreria Claret.\" \/>\n\t\t<meta name=\"twitter:image\" content=\"http:\/\/dev.claret.cat\/wp-content\/uploads\/logo-claret.svg\" \/>\n\t\t<script type=\"application\/ld+json\" class=\"aioseo-schema\">\n\t\t\t{\"@context\":\"https:\\\/\\\/schema.org\",\"@graph\":[{\"@type\":\"BreadcrumbList\",\"@id\":\"https:\\\/\\\/www.claret.cat\\\/es\\\/libro\\\/africanus-la-traicion-de-roma-trilogia-africanus-3-9788466664011\\\/#breadcrumblist\",\"itemListElement\":[{\"@type\":\"ListItem\",\"@id\":\"https:\\\/\\\/www.claret.cat\\\/es\\\/#listItem\",\"position\":1,\"name\":\"Home\",\"item\":\"https:\\\/\\\/www.claret.cat\\\/es\\\/\",\"nextItem\":{\"@type\":\"ListItem\",\"@id\":\"https:\\\/\\\/www.claret.cat\\\/?page_id=16#listItem\",\"name\":\"Botiga\"}},{\"@type\":\"ListItem\",\"@id\":\"https:\\\/\\\/www.claret.cat\\\/?page_id=16#listItem\",\"position\":2,\"name\":\"Botiga\",\"item\":\"https:\\\/\\\/www.claret.cat\\\/?page_id=16\",\"nextItem\":{\"@type\":\"ListItem\",\"@id\":\"https:\\\/\\\/www.claret.cat\\\/categoria-producto\\\/cat\\\/#listItem\",\"name\":\"CAT\"},\"previousItem\":{\"@type\":\"ListItem\",\"@id\":\"https:\\\/\\\/www.claret.cat\\\/es\\\/#listItem\",\"name\":\"Home\"}},{\"@type\":\"ListItem\",\"@id\":\"https:\\\/\\\/www.claret.cat\\\/categoria-producto\\\/cat\\\/#listItem\",\"position\":3,\"name\":\"CAT\",\"item\":\"https:\\\/\\\/www.claret.cat\\\/categoria-producto\\\/cat\\\/\",\"nextItem\":{\"@type\":\"ListItem\",\"@id\":\"https:\\\/\\\/www.claret.cat\\\/categoria-producto\\\/cat\\\/2_humanitats\\\/#listItem\",\"name\":\"Humanitats\"},\"previousItem\":{\"@type\":\"ListItem\",\"@id\":\"https:\\\/\\\/www.claret.cat\\\/?page_id=16#listItem\",\"name\":\"Botiga\"}},{\"@type\":\"ListItem\",\"@id\":\"https:\\\/\\\/www.claret.cat\\\/categoria-producto\\\/cat\\\/2_humanitats\\\/#listItem\",\"position\":4,\"name\":\"Humanitats\",\"item\":\"https:\\\/\\\/www.claret.cat\\\/categoria-producto\\\/cat\\\/2_humanitats\\\/\",\"nextItem\":{\"@type\":\"ListItem\",\"@id\":\"https:\\\/\\\/www.claret.cat\\\/categoria-producto\\\/cat\\\/2_humanitats\\\/literatura\\\/#listItem\",\"name\":\"Literatura\"},\"previousItem\":{\"@type\":\"ListItem\",\"@id\":\"https:\\\/\\\/www.claret.cat\\\/categoria-producto\\\/cat\\\/#listItem\",\"name\":\"CAT\"}},{\"@type\":\"ListItem\",\"@id\":\"https:\\\/\\\/www.claret.cat\\\/categoria-producto\\\/cat\\\/2_humanitats\\\/literatura\\\/#listItem\",\"position\":5,\"name\":\"Literatura\",\"item\":\"https:\\\/\\\/www.claret.cat\\\/categoria-producto\\\/cat\\\/2_humanitats\\\/literatura\\\/\",\"nextItem\":{\"@type\":\"ListItem\",\"@id\":\"https:\\\/\\\/www.claret.cat\\\/es\\\/libro\\\/africanus-la-traicion-de-roma-trilogia-africanus-3-9788466664011\\\/#listItem\",\"name\":\"AFRICANUS. LA TRAICI\\u00d3N DE ROMA (TRILOG\\u00cdA AFRICANUS 3)\"},\"previousItem\":{\"@type\":\"ListItem\",\"@id\":\"https:\\\/\\\/www.claret.cat\\\/categoria-producto\\\/cat\\\/2_humanitats\\\/#listItem\",\"name\":\"Humanitats\"}},{\"@type\":\"ListItem\",\"@id\":\"https:\\\/\\\/www.claret.cat\\\/es\\\/libro\\\/africanus-la-traicion-de-roma-trilogia-africanus-3-9788466664011\\\/#listItem\",\"position\":6,\"name\":\"AFRICANUS. LA TRAICI\\u00d3N DE ROMA (TRILOG\\u00cdA AFRICANUS 3)\",\"previousItem\":{\"@type\":\"ListItem\",\"@id\":\"https:\\\/\\\/www.claret.cat\\\/categoria-producto\\\/cat\\\/2_humanitats\\\/literatura\\\/#listItem\",\"name\":\"Literatura\"}}]},{\"@type\":\"ItemPage\",\"@id\":\"https:\\\/\\\/www.claret.cat\\\/es\\\/libro\\\/africanus-la-traicion-de-roma-trilogia-africanus-3-9788466664011\\\/#itempage\",\"url\":\"https:\\\/\\\/www.claret.cat\\\/es\\\/libro\\\/africanus-la-traicion-de-roma-trilogia-africanus-3-9788466664011\\\/\",\"name\":\"AFRICANUS. LA TRAICI\\u00d3N DE ROMA (TRILOG\\u00cdA AFRICANUS 3) - POSTEGUILLO, SANTIAGO 9788466664011 | Llibreria Claret\",\"description\":\"AFRICANUS. LA TRAICI\\u00d3N DE ROMA (TRILOG\\u00cdA AFRICANUS 3) de POSTEGUILLO, SANTIAGO disponible a\\\/en Llibreria Claret.\",\"inLanguage\":\"es-ES\",\"isPartOf\":{\"@id\":\"https:\\\/\\\/www.claret.cat\\\/es\\\/#website\"},\"breadcrumb\":{\"@id\":\"https:\\\/\\\/www.claret.cat\\\/es\\\/libro\\\/africanus-la-traicion-de-roma-trilogia-africanus-3-9788466664011\\\/#breadcrumblist\"},\"image\":{\"@type\":\"ImageObject\",\"url\":\"https:\\\/\\\/www.claret.cat\\\/wp-content\\\/uploads\\\/.\\\/9788466664011.jpg\",\"@id\":\"https:\\\/\\\/www.claret.cat\\\/es\\\/libro\\\/africanus-la-traicion-de-roma-trilogia-africanus-3-9788466664011\\\/#mainImage\",\"width\":221,\"height\":345,\"caption\":\"9788466664011.jpg\"},\"primaryImageOfPage\":{\"@id\":\"https:\\\/\\\/www.claret.cat\\\/es\\\/libro\\\/africanus-la-traicion-de-roma-trilogia-africanus-3-9788466664011\\\/#mainImage\"},\"datePublished\":\"2022-10-20T02:21:35+02:00\",\"dateModified\":\"2023-01-28T16:40:56+01:00\"},{\"@type\":\"Organization\",\"@id\":\"https:\\\/\\\/www.claret.cat\\\/es\\\/#organization\",\"name\":\"Llibreria Claret\",\"description\":\"Llibreria religiosa a Barcelona\",\"url\":\"https:\\\/\\\/www.claret.cat\\\/es\\\/\",\"email\":\"comunicacio@claret.cat\",\"telephone\":\"+34933010887\",\"logo\":{\"@type\":\"ImageObject\",\"url\":\"https:\\\/\\\/www.claret.cat\\\/wp-content\\\/uploads\\\/.\\\/logo-claret-es.png\",\"@id\":\"https:\\\/\\\/www.claret.cat\\\/es\\\/libro\\\/africanus-la-traicion-de-roma-trilogia-africanus-3-9788466664011\\\/#organizationLogo\",\"width\":195,\"height\":79},\"image\":{\"@id\":\"https:\\\/\\\/www.claret.cat\\\/es\\\/libro\\\/africanus-la-traicion-de-roma-trilogia-africanus-3-9788466664011\\\/#organizationLogo\"},\"sameAs\":[\"https:\\\/\\\/www.facebook.com\\\/LlibreriaClaret\",\"https:\\\/\\\/twitter.com\\\/LlibreriaClaret\",\"https:\\\/\\\/www.instagram.com\\\/llibreriaclaret\\\/\",\"https:\\\/\\\/www.tiktok.com\\\/@llibreriaclaret\",\"https:\\\/\\\/www.youtube.com\\\/@llibreriaclaret\",\"https:\\\/\\\/ca.wikipedia.org\\\/wiki\\\/Editorial_Claret\"]},{\"@type\":\"WebPage\",\"@id\":\"https:\\\/\\\/www.claret.cat\\\/es\\\/libro\\\/africanus-la-traicion-de-roma-trilogia-africanus-3-9788466664011\\\/#webpage\",\"url\":\"https:\\\/\\\/www.claret.cat\\\/es\\\/libro\\\/africanus-la-traicion-de-roma-trilogia-africanus-3-9788466664011\\\/\",\"name\":\"AFRICANUS. LA TRAICI\\u00d3N DE ROMA (TRILOG\\u00cdA AFRICANUS 3) - POSTEGUILLO, SANTIAGO 9788466664011 | Llibreria Claret\",\"description\":\"AFRICANUS. LA TRAICI\\u00d3N DE ROMA (TRILOG\\u00cdA AFRICANUS 3) de POSTEGUILLO, SANTIAGO disponible a\\\/en Llibreria Claret.\",\"inLanguage\":\"es-ES\",\"isPartOf\":{\"@id\":\"https:\\\/\\\/www.claret.cat\\\/es\\\/#website\"},\"breadcrumb\":{\"@id\":\"https:\\\/\\\/www.claret.cat\\\/es\\\/libro\\\/africanus-la-traicion-de-roma-trilogia-africanus-3-9788466664011\\\/#breadcrumblist\"},\"image\":{\"@type\":\"ImageObject\",\"url\":\"https:\\\/\\\/www.claret.cat\\\/wp-content\\\/uploads\\\/.\\\/9788466664011.jpg\",\"@id\":\"https:\\\/\\\/www.claret.cat\\\/es\\\/libro\\\/africanus-la-traicion-de-roma-trilogia-africanus-3-9788466664011\\\/#mainImage\",\"width\":221,\"height\":345,\"caption\":\"9788466664011.jpg\"},\"primaryImageOfPage\":{\"@id\":\"https:\\\/\\\/www.claret.cat\\\/es\\\/libro\\\/africanus-la-traicion-de-roma-trilogia-africanus-3-9788466664011\\\/#mainImage\"},\"datePublished\":\"2022-10-20T02:21:35+02:00\",\"dateModified\":\"2023-01-28T16:40:56+01:00\"},{\"@type\":\"WebSite\",\"@id\":\"https:\\\/\\\/www.claret.cat\\\/es\\\/#website\",\"url\":\"https:\\\/\\\/www.claret.cat\\\/es\\\/\",\"name\":\"Llibreria Claret Barcelona\",\"alternateName\":\"Llibreria Claret\",\"description\":\"Llibreria religiosa a Barcelona\",\"inLanguage\":\"es-ES\",\"publisher\":{\"@id\":\"https:\\\/\\\/www.claret.cat\\\/es\\\/#organization\"}}]}\n\t\t<\/script>\n\t\t<!-- All in One SEO Pro -->\r\n\t\t<title>AFRICANUS. LA TRAICI\u00d3N DE ROMA (TRILOG\u00cdA AFRICANUS 3) - POSTEGUILLO, SANTIAGO 9788466664011 | Llibreria Claret<\/title>\n\n","aioseo_head_json":{"title":"AFRICANUS. LA TRAICI\u00d3N DE ROMA (TRILOG\u00cdA AFRICANUS 3) - POSTEGUILLO, SANTIAGO 9788466664011 | Llibreria Claret","description":"AFRICANUS. LA TRAICI\u00d3N DE ROMA (TRILOG\u00cdA AFRICANUS 3) de POSTEGUILLO, SANTIAGO disponible a\/en Llibreria Claret.","canonical_url":"https:\/\/www.claret.cat\/es\/libro\/africanus-la-traicion-de-roma-trilogia-africanus-3-9788466664011\/","robots":"max-image-preview:large","keywords":"","webmasterTools":{"google-site-verification":"xVtlFxJ-TfkIu-D-lt7XeLobefg5EIQiXTuqcSf8Rf0","miscellaneous":""},"schema":{"@context":"https:\/\/schema.org","@graph":[{"@type":"BreadcrumbList","@id":"https:\/\/www.claret.cat\/es\/libro\/africanus-la-traicion-de-roma-trilogia-africanus-3-9788466664011\/#breadcrumblist","itemListElement":[{"@type":"ListItem","@id":"https:\/\/www.claret.cat\/es\/#listItem","position":1,"name":"Home","item":"https:\/\/www.claret.cat\/es\/","nextItem":{"@type":"ListItem","@id":"https:\/\/www.claret.cat\/?page_id=16#listItem","name":"Botiga"}},{"@type":"ListItem","@id":"https:\/\/www.claret.cat\/?page_id=16#listItem","position":2,"name":"Botiga","item":"https:\/\/www.claret.cat\/?page_id=16","nextItem":{"@type":"ListItem","@id":"https:\/\/www.claret.cat\/categoria-producto\/cat\/#listItem","name":"CAT"},"previousItem":{"@type":"ListItem","@id":"https:\/\/www.claret.cat\/es\/#listItem","name":"Home"}},{"@type":"ListItem","@id":"https:\/\/www.claret.cat\/categoria-producto\/cat\/#listItem","position":3,"name":"CAT","item":"https:\/\/www.claret.cat\/categoria-producto\/cat\/","nextItem":{"@type":"ListItem","@id":"https:\/\/www.claret.cat\/categoria-producto\/cat\/2_humanitats\/#listItem","name":"Humanitats"},"previousItem":{"@type":"ListItem","@id":"https:\/\/www.claret.cat\/?page_id=16#listItem","name":"Botiga"}},{"@type":"ListItem","@id":"https:\/\/www.claret.cat\/categoria-producto\/cat\/2_humanitats\/#listItem","position":4,"name":"Humanitats","item":"https:\/\/www.claret.cat\/categoria-producto\/cat\/2_humanitats\/","nextItem":{"@type":"ListItem","@id":"https:\/\/www.claret.cat\/categoria-producto\/cat\/2_humanitats\/literatura\/#listItem","name":"Literatura"},"previousItem":{"@type":"ListItem","@id":"https:\/\/www.claret.cat\/categoria-producto\/cat\/#listItem","name":"CAT"}},{"@type":"ListItem","@id":"https:\/\/www.claret.cat\/categoria-producto\/cat\/2_humanitats\/literatura\/#listItem","position":5,"name":"Literatura","item":"https:\/\/www.claret.cat\/categoria-producto\/cat\/2_humanitats\/literatura\/","nextItem":{"@type":"ListItem","@id":"https:\/\/www.claret.cat\/es\/libro\/africanus-la-traicion-de-roma-trilogia-africanus-3-9788466664011\/#listItem","name":"AFRICANUS. LA TRAICI\u00d3N DE ROMA (TRILOG\u00cdA AFRICANUS 3)"},"previousItem":{"@type":"ListItem","@id":"https:\/\/www.claret.cat\/categoria-producto\/cat\/2_humanitats\/#listItem","name":"Humanitats"}},{"@type":"ListItem","@id":"https:\/\/www.claret.cat\/es\/libro\/africanus-la-traicion-de-roma-trilogia-africanus-3-9788466664011\/#listItem","position":6,"name":"AFRICANUS. LA TRAICI\u00d3N DE ROMA (TRILOG\u00cdA AFRICANUS 3)","previousItem":{"@type":"ListItem","@id":"https:\/\/www.claret.cat\/categoria-producto\/cat\/2_humanitats\/literatura\/#listItem","name":"Literatura"}}]},{"@type":"ItemPage","@id":"https:\/\/www.claret.cat\/es\/libro\/africanus-la-traicion-de-roma-trilogia-africanus-3-9788466664011\/#itempage","url":"https:\/\/www.claret.cat\/es\/libro\/africanus-la-traicion-de-roma-trilogia-africanus-3-9788466664011\/","name":"AFRICANUS. LA TRAICI\u00d3N DE ROMA (TRILOG\u00cdA AFRICANUS 3) - POSTEGUILLO, SANTIAGO 9788466664011 | Llibreria Claret","description":"AFRICANUS. LA TRAICI\u00d3N DE ROMA (TRILOG\u00cdA AFRICANUS 3) de POSTEGUILLO, SANTIAGO disponible a\/en Llibreria Claret.","inLanguage":"es-ES","isPartOf":{"@id":"https:\/\/www.claret.cat\/es\/#website"},"breadcrumb":{"@id":"https:\/\/www.claret.cat\/es\/libro\/africanus-la-traicion-de-roma-trilogia-africanus-3-9788466664011\/#breadcrumblist"},"image":{"@type":"ImageObject","url":"https:\/\/www.claret.cat\/wp-content\/uploads\/.\/9788466664011.jpg","@id":"https:\/\/www.claret.cat\/es\/libro\/africanus-la-traicion-de-roma-trilogia-africanus-3-9788466664011\/#mainImage","width":221,"height":345,"caption":"9788466664011.jpg"},"primaryImageOfPage":{"@id":"https:\/\/www.claret.cat\/es\/libro\/africanus-la-traicion-de-roma-trilogia-africanus-3-9788466664011\/#mainImage"},"datePublished":"2022-10-20T02:21:35+02:00","dateModified":"2023-01-28T16:40:56+01:00"},{"@type":"Organization","@id":"https:\/\/www.claret.cat\/es\/#organization","name":"Llibreria Claret","description":"Llibreria religiosa a Barcelona","url":"https:\/\/www.claret.cat\/es\/","email":"comunicacio@claret.cat","telephone":"+34933010887","logo":{"@type":"ImageObject","url":"https:\/\/www.claret.cat\/wp-content\/uploads\/.\/logo-claret-es.png","@id":"https:\/\/www.claret.cat\/es\/libro\/africanus-la-traicion-de-roma-trilogia-africanus-3-9788466664011\/#organizationLogo","width":195,"height":79},"image":{"@id":"https:\/\/www.claret.cat\/es\/libro\/africanus-la-traicion-de-roma-trilogia-africanus-3-9788466664011\/#organizationLogo"},"sameAs":["https:\/\/www.facebook.com\/LlibreriaClaret","https:\/\/twitter.com\/LlibreriaClaret","https:\/\/www.instagram.com\/llibreriaclaret\/","https:\/\/www.tiktok.com\/@llibreriaclaret","https:\/\/www.youtube.com\/@llibreriaclaret","https:\/\/ca.wikipedia.org\/wiki\/Editorial_Claret"]},{"@type":"WebPage","@id":"https:\/\/www.claret.cat\/es\/libro\/africanus-la-traicion-de-roma-trilogia-africanus-3-9788466664011\/#webpage","url":"https:\/\/www.claret.cat\/es\/libro\/africanus-la-traicion-de-roma-trilogia-africanus-3-9788466664011\/","name":"AFRICANUS. LA TRAICI\u00d3N DE ROMA (TRILOG\u00cdA AFRICANUS 3) - POSTEGUILLO, SANTIAGO 9788466664011 | Llibreria Claret","description":"AFRICANUS. LA TRAICI\u00d3N DE ROMA (TRILOG\u00cdA AFRICANUS 3) de POSTEGUILLO, SANTIAGO disponible a\/en Llibreria Claret.","inLanguage":"es-ES","isPartOf":{"@id":"https:\/\/www.claret.cat\/es\/#website"},"breadcrumb":{"@id":"https:\/\/www.claret.cat\/es\/libro\/africanus-la-traicion-de-roma-trilogia-africanus-3-9788466664011\/#breadcrumblist"},"image":{"@type":"ImageObject","url":"https:\/\/www.claret.cat\/wp-content\/uploads\/.\/9788466664011.jpg","@id":"https:\/\/www.claret.cat\/es\/libro\/africanus-la-traicion-de-roma-trilogia-africanus-3-9788466664011\/#mainImage","width":221,"height":345,"caption":"9788466664011.jpg"},"primaryImageOfPage":{"@id":"https:\/\/www.claret.cat\/es\/libro\/africanus-la-traicion-de-roma-trilogia-africanus-3-9788466664011\/#mainImage"},"datePublished":"2022-10-20T02:21:35+02:00","dateModified":"2023-01-28T16:40:56+01:00"},{"@type":"WebSite","@id":"https:\/\/www.claret.cat\/es\/#website","url":"https:\/\/www.claret.cat\/es\/","name":"Llibreria Claret Barcelona","alternateName":"Llibreria Claret","description":"Llibreria religiosa a Barcelona","inLanguage":"es-ES","publisher":{"@id":"https:\/\/www.claret.cat\/es\/#organization"}}]},"og:locale":"es_ES","og:site_name":"Llibreria Claret - Llibreria religiosa a Barcelona","og:type":"article","og:title":"AFRICANUS. LA TRAICI\u00d3N DE ROMA (TRILOG\u00cdA AFRICANUS 3) - POSTEGUILLO, SANTIAGO 9788466664011 | Llibreria Claret","og:description":"AFRICANUS. LA TRAICI\u00d3N DE ROMA (TRILOG\u00cdA AFRICANUS 3) de POSTEGUILLO, SANTIAGO disponible a\/en Llibreria Claret.","og:url":"https:\/\/www.claret.cat\/es\/libro\/africanus-la-traicion-de-roma-trilogia-africanus-3-9788466664011\/","og:image":"https:\/\/dev.claret.cat\/wp-content\/uploads\/logo-claret.svg","og:image:secure_url":"https:\/\/dev.claret.cat\/wp-content\/uploads\/logo-claret.svg","article:published_time":"2022-10-20T00:21:35+00:00","article:modified_time":"2023-01-28T15:40:56+00:00","article:publisher":"https:\/\/www.facebook.com\/LlibreriaClaret","twitter:card":"summary_large_image","twitter:site":"@LlibreriaClaret","twitter:title":"AFRICANUS. LA TRAICI\u00d3N DE ROMA (TRILOG\u00cdA AFRICANUS 3) - POSTEGUILLO, SANTIAGO 9788466664011 | Llibreria Claret","twitter:description":"AFRICANUS. LA TRAICI\u00d3N DE ROMA (TRILOG\u00cdA AFRICANUS 3) de POSTEGUILLO, SANTIAGO disponible a\/en Llibreria Claret.","twitter:image":"http:\/\/dev.claret.cat\/wp-content\/uploads\/logo-claret.svg"},"aioseo_meta_data":{"post_id":"177438","title":null,"description":null,"keywords":null,"keyphrases":null,"primary_term":null,"canonical_url":null,"og_title":null,"og_description":null,"og_object_type":"default","og_image_type":"default","og_image_url":null,"og_image_width":null,"og_image_height":null,"og_image_custom_url":null,"og_image_custom_fields":null,"og_video":null,"og_custom_url":null,"og_article_section":null,"og_article_tags":null,"twitter_use_og":false,"twitter_card":"default","twitter_image_type":"default","twitter_image_url":null,"twitter_image_custom_url":null,"twitter_image_custom_fields":null,"twitter_title":null,"twitter_description":null,"schema":{"blockGraphs":[],"customGraphs":[],"default":{"data":{"Article":[],"Course":[],"Dataset":[],"FAQPage":[],"Movie":[],"Person":[],"Product":[],"ProductReview":[],"Car":[],"Recipe":[],"Service":[],"SoftwareApplication":[],"WebPage":[]},"graphName":"","isEnabled":true},"graphs":[]},"schema_type":"default","schema_type_options":null,"pillar_content":false,"robots_default":true,"robots_noindex":false,"robots_noarchive":false,"robots_nosnippet":false,"robots_nofollow":false,"robots_noimageindex":false,"robots_noodp":false,"robots_notranslate":false,"robots_max_snippet":null,"robots_max_videopreview":null,"robots_max_imagepreview":"large","priority":null,"frequency":null,"local_seo":null,"seo_analyzer_scan_date":"2025-11-27 10:29:04","breadcrumb_settings":null,"limit_modified_date":false,"open_ai":null,"ai":null,"created":"2022-12-20 14:12:41","updated":"2025-11-27 10:29:04","focus_keyword":null,"additional_keywords":null,"truseo_locale":null},"aioseo_breadcrumb":"<div class=\"aioseo-breadcrumbs\"><span class=\"aioseo-breadcrumb\">\n\t<a href=\"https:\/\/www.claret.cat\/es\/\" title=\"Home\">Home<\/a>\n<\/span><span class=\"aioseo-breadcrumb-separator\">&raquo;<\/span><span class=\"aioseo-breadcrumb\">\n\t<a href=\"https:\/\/www.claret.cat\/?page_id=16\" title=\"Botiga\">Botiga<\/a>\n<\/span><span class=\"aioseo-breadcrumb-separator\">&raquo;<\/span><span class=\"aioseo-breadcrumb\">\n\t<a href=\"https:\/\/www.claret.cat\/categoria-producto\/cat\/\" title=\"CAT\">CAT<\/a>\n<\/span><span class=\"aioseo-breadcrumb-separator\">&raquo;<\/span><span class=\"aioseo-breadcrumb\">\n\t<a href=\"https:\/\/www.claret.cat\/categoria-producto\/cat\/2_humanitats\/\" title=\"Humanitats\">Humanitats<\/a>\n<\/span><span class=\"aioseo-breadcrumb-separator\">&raquo;<\/span><span class=\"aioseo-breadcrumb\">\n\t<a href=\"https:\/\/www.claret.cat\/categoria-producto\/cat\/2_humanitats\/literatura\/\" title=\"Literatura\">Literatura<\/a>\n<\/span><span class=\"aioseo-breadcrumb-separator\">&raquo;<\/span><span class=\"aioseo-breadcrumb\">\n\tAFRICANUS. LA TRAICI\u00d3N DE ROMA (TRILOG\u00cdA AFRICANUS 3)\n<\/span><\/div>","aioseo_breadcrumb_json":[{"label":"Home","link":"https:\/\/www.claret.cat\/es\/"},{"label":"Botiga","link":"https:\/\/www.claret.cat\/?page_id=16"},{"label":"CAT","link":"https:\/\/www.claret.cat\/categoria-producto\/cat\/"},{"label":"Humanitats","link":"https:\/\/www.claret.cat\/categoria-producto\/cat\/2_humanitats\/"},{"label":"Literatura","link":"https:\/\/www.claret.cat\/categoria-producto\/cat\/2_humanitats\/literatura\/"},{"label":"AFRICANUS. LA TRAICI\u00d3N DE ROMA (TRILOG\u00cdA AFRICANUS 3)","link":"https:\/\/www.claret.cat\/es\/libro\/africanus-la-traicion-de-roma-trilogia-africanus-3-9788466664011\/"}],"_links":{"self":[{"href":"https:\/\/www.claret.cat\/es\/wp-json\/wp\/v2\/product\/177438","targetHints":{"allow":["GET"]}}],"collection":[{"href":"https:\/\/www.claret.cat\/es\/wp-json\/wp\/v2\/product"}],"about":[{"href":"https:\/\/www.claret.cat\/es\/wp-json\/wp\/v2\/types\/product"}],"wp:featuredmedia":[{"embeddable":true,"href":"https:\/\/www.claret.cat\/es\/wp-json\/wp\/v2\/media\/177439"}],"wp:attachment":[{"href":"https:\/\/www.claret.cat\/es\/wp-json\/wp\/v2\/media?parent=177438"}],"wp:term":[{"taxonomy":"product_brand","embeddable":true,"href":"https:\/\/www.claret.cat\/es\/wp-json\/wp\/v2\/product_brand?post=177438"},{"taxonomy":"product_cat","embeddable":true,"href":"https:\/\/www.claret.cat\/es\/wp-json\/wp\/v2\/product_cat?post=177438"},{"taxonomy":"product_tag","embeddable":true,"href":"https:\/\/www.claret.cat\/es\/wp-json\/wp\/v2\/product_tag?post=177438"}],"curies":[{"name":"wp","href":"https:\/\/api.w.org\/{rel}","templated":true}]}}