{"id":178432,"date":"2022-10-20T02:40:49","date_gmt":"2022-10-20T00:40:49","guid":{"rendered":"http:\/\/dev.claret.cat\/producte\/youcat-para-ninos\/"},"modified":"2026-04-24T14:29:37","modified_gmt":"2026-04-24T12:29:37","slug":"youcat-para-ninos-9788490559369","status":"publish","type":"product","link":"https:\/\/www.claret.cat\/es\/libro\/youcat-para-ninos-9788490559369\/","title":{"rendered":"YOUCAT PARA NI\u00d1OS"},"content":{"rendered":"<p>El YOUCAT para ni\u00f1os, escrito en un lenguaje adaptado a chicos y chicas de entre 8 y 13 a\u00f1os, contiene el conjunto de la fe cat\u00f3lica tal y como ha sido expuesta en el Catecismo de la Iglesia Cat\u00f3lica, sin que se pretenda abarcar la totalidad de sus contenidos.<br \/> La obra est\u00e1 dise\u00f1ada en un formato \u00e1gil de preguntas y respuestas sencillas, acompa\u00f1adas de un gran n\u00famero de ilustraciones e im\u00e1genes. En la parte inferior de cada p\u00e1gina, sobre un fondo de color, se ofrece informaciones interesantes para los padres, con constantes referencias a las explicaciones del YOUCAT y m\u00faltiples sugerencias para establecer un di\u00e1logo sobre la fe entre el adulto y el ni\u00f1o.<br \/> \u00abAl hojear el YOUCAT para ni\u00f1os me encuentro con las preguntas que los ni\u00f1os hacen a sus padres y catequistas un mill\u00f3n de veces y, por eso, me parece que resulta tan \u00fatil como el propio Catecismo, en el que se encuentran las respuestas a las preguntas m\u00e1s importantes de la vida: \u00bfDe d\u00f3nde procede el mundo? \u00bfPor qu\u00e9 existo? \u00bfC\u00f3mo y para qu\u00e9 debemos vivir ac\u00e1? \u00bfQu\u00e9 sucede tras la muerte? El YOUCAT para ni\u00f1os es un catecismo muy distinto al que yo utilic\u00e9.  Este est\u00e1 totalmente adaptado para que los ni\u00f1os y los padres pasen tiempo juntos con \u00e9l y vayan descubriendo, cada vez m\u00e1s, el amor de Dios\u00bb. (del pr\u00f3logo del papa Francisco).<\/p>\n","protected":false},"excerpt":{"rendered":"<p>VV. AA.<\/p>\n","protected":false},"featured_media":393659,"template":"","meta":{"_acf_changed":false,"om_disable_all_campaigns":false,"rs_blank_template":"","rs_page_bg_color":"","slide_template_v7":"","inline_featured_image":false,"_monsterinsights_skip_tracking":false,"_monsterinsights_sitenote_active":false,"_monsterinsights_sitenote_note":"","_monsterinsights_sitenote_category":0},"product_brand":[],"product_cat":[77,343,352,86,582],"product_tag":[],"class_list":{"0":"post-178432","1":"product","2":"type-product","3":"status-publish","4":"has-post-thumbnail","6":"product_cat-catequesi","7":"product_cat-catequesis","8":"product_cat-infantil-3_infantil-juvenil-spa","9":"product_cat-infantil","10":"product_cat-portada-es","12":"first","13":"instock","14":"taxable","15":"shipping-taxable","16":"purchasable","17":"product-type-simple"},"acf":{"autor":"VV. AA.","codart":"849055936","libros-coleccion":"YOUCAT","ediciones":"1","encuadernacion":"R\u00fastica","fecha_de_publicacion":"01\/08\/2018","novedad":"1","paginas":"239","subtitulo":"CATECISMO DE LA IGLESIA CAT\u00d3LICA PARA NI\u00d1OS CON SUS PADRES","orden":"0","portada":"0","idioma":"spa","editorial":[{"ID":148092,"post_author":"3","post_date":"2022-10-14 11:55:34","post_date_gmt":"2022-10-14 09:55:34","post_content":"","post_title":"Encuentro","post_excerpt":"","post_status":"publish","comment_status":"closed","ping_status":"closed","post_password":"","post_name":"encuentro","to_ping":"","pinged":"","post_modified":"2022-10-14 11:55:34","post_modified_gmt":"2022-10-14 09:55:34","post_content_filtered":"","post_parent":0,"guid":"http:\/\/dev.claret.cat\/editorial\/encuentro\/","menu_order":0,"post_type":"editorial","post_mime_type":"","comment_count":"0","filter":"raw"}],"autores-libros":[{"ID":6085,"post_author":"3","post_date":"2022-07-28 17:37:49","post_date_gmt":"2022-07-28 15:37:49","post_content":"","post_title":"VV. AA.","post_excerpt":"","post_status":"publish","comment_status":"closed","ping_status":"closed","post_password":"","post_name":"vv-aa","to_ping":"","pinged":"","post_modified":"2022-07-28 17:37:49","post_modified_gmt":"2022-07-28 15:37:49","post_content_filtered":"","post_parent":0,"guid":"http:\/\/dev.claret.cat\/autor\/vv-aa\/","menu_order":0,"post_type":"autor","post_mime_type":"","comment_count":"0","filter":"raw"}],"booktrailer":"","resenas":""},"aioseo_notices":[],"_links":{"self":[{"href":"https:\/\/www.claret.cat\/es\/wp-json\/wp\/v2\/product\/178432","targetHints":{"allow":["GET"]}}],"collection":[{"href":"https:\/\/www.claret.cat\/es\/wp-json\/wp\/v2\/product"}],"about":[{"href":"https:\/\/www.claret.cat\/es\/wp-json\/wp\/v2\/types\/product"}],"wp:featuredmedia":[{"embeddable":true,"href":"https:\/\/www.claret.cat\/es\/wp-json\/wp\/v2\/media\/393659"}],"wp:attachment":[{"href":"https:\/\/www.claret.cat\/es\/wp-json\/wp\/v2\/media?parent=178432"}],"wp:term":[{"taxonomy":"product_brand","embeddable":true,"href":"https:\/\/www.claret.cat\/es\/wp-json\/wp\/v2\/product_brand?post=178432"},{"taxonomy":"product_cat","embeddable":true,"href":"https:\/\/www.claret.cat\/es\/wp-json\/wp\/v2\/product_cat?post=178432"},{"taxonomy":"product_tag","embeddable":true,"href":"https:\/\/www.claret.cat\/es\/wp-json\/wp\/v2\/product_tag?post=178432"}],"curies":[{"name":"wp","href":"https:\/\/api.w.org\/{rel}","templated":true}]}}