{"id":190409,"date":"2022-10-20T06:04:20","date_gmt":"2022-10-20T04:04:20","guid":{"rendered":"http:\/\/dev.claret.cat\/producte\/invisible-3\/"},"modified":"2026-04-23T16:45:07","modified_gmt":"2026-04-23T14:45:07","slug":"invisible-9788416588435","status":"publish","type":"product","link":"https:\/\/www.claret.cat\/es\/libro\/invisible-9788416588435\/","title":{"rendered":"INVISIBLE"},"content":{"rendered":"<p>Emotiva, conmovedora, diferente&#8230; Invisible narra, a trav\u00e9s de  los ojos de un ni\u00f1o, una historia que podr\u00eda ser la de cualquiera de nosotros. \u00bfQui\u00e9n no ha deseado alguna vez ser invisible? \u00bfQui\u00e9n no ha deseado alguna vez dejar de serlo? El problema es que nunca he llegado a controlar bien ese poder: A veces, cuando m\u00e1s ganas ten\u00eda de ser invisible, era cuando m\u00e1s gente  me ve\u00eda, y en cambio, cuando deseaba que todos me vieran, era cuando a mi cuerpo le daba por desaparecer.<\/p>\n","protected":false},"excerpt":{"rendered":"<p>ELOY MORENO<\/p>\n","protected":false},"featured_media":979982,"template":"","meta":{"_acf_changed":false,"om_disable_all_campaigns":false,"rs_blank_template":"","rs_page_bg_color":"","slide_template_v7":"","inline_featured_image":false,"_monsterinsights_skip_tracking":false,"_monsterinsights_sitenote_active":false,"_monsterinsights_sitenote_note":"","_monsterinsights_sitenote_category":0},"product_brand":[],"product_cat":[133,566,117,363,353,87],"product_tag":[],"class_list":{"0":"post-190409","1":"product","2":"type-product","3":"status-publish","4":"has-post-thumbnail","6":"product_cat-lectures-per-adolescents-12-18-anys","7":"product_cat-juvenil-3_infantil-juvenil-spa-spa","8":"product_cat-juvenil","9":"product_cat-lecturas-por-adolescentes-12-18-anos","10":"product_cat-literatura-2_humanidades","11":"product_cat-literatura","13":"first","14":"instock","15":"taxable","16":"shipping-taxable","17":"purchasable","18":"product-type-simple"},"acf":{"autor":"ELOY MORENO","codart":"841658843","libros-coleccion":"FORA DE COL.LECCI\u00d3","ediciones":"1","encuadernacion":"R\u00fastica","fecha_de_publicacion":"01\/02\/2018","novedad":"1","paginas":"299","subtitulo":"","orden":"0","portada":"0","idioma":"spa","editorial":[{"ID":148591,"post_author":"3","post_date":"2022-10-14 11:59:26","post_date_gmt":"2022-10-14 09:59:26","post_content":"","post_title":"NUBE DE TINTA","post_excerpt":"","post_status":"publish","comment_status":"closed","ping_status":"closed","post_password":"","post_name":"nube-de-tinta","to_ping":"","pinged":"","post_modified":"2022-10-14 11:59:26","post_modified_gmt":"2022-10-14 09:59:26","post_content_filtered":"","post_parent":0,"guid":"http:\/\/dev.claret.cat\/editorial\/nube-de-tinta\/","menu_order":0,"post_type":"editorial","post_mime_type":"","comment_count":"0","filter":"raw"}],"autores-libros":[{"ID":154909,"post_author":"3","post_date":"2022-10-14 15:08:38","post_date_gmt":"2022-10-14 13:08:38","post_content":"","post_title":"ELOY MORENO","post_excerpt":"","post_status":"publish","comment_status":"closed","ping_status":"closed","post_password":"","post_name":"eloy-moreno-2","to_ping":"","pinged":"","post_modified":"2022-10-14 15:08:38","post_modified_gmt":"2022-10-14 13:08:38","post_content_filtered":"","post_parent":0,"guid":"http:\/\/dev.claret.cat\/autor\/eloy-moreno-2\/","menu_order":0,"post_type":"autor","post_mime_type":"","comment_count":"0","filter":"raw"}],"booktrailer":"","resenas":""},"aioseo_notices":[],"_links":{"self":[{"href":"https:\/\/www.claret.cat\/es\/wp-json\/wp\/v2\/product\/190409","targetHints":{"allow":["GET"]}}],"collection":[{"href":"https:\/\/www.claret.cat\/es\/wp-json\/wp\/v2\/product"}],"about":[{"href":"https:\/\/www.claret.cat\/es\/wp-json\/wp\/v2\/types\/product"}],"wp:featuredmedia":[{"embeddable":true,"href":"https:\/\/www.claret.cat\/es\/wp-json\/wp\/v2\/media\/979982"}],"wp:attachment":[{"href":"https:\/\/www.claret.cat\/es\/wp-json\/wp\/v2\/media?parent=190409"}],"wp:term":[{"taxonomy":"product_brand","embeddable":true,"href":"https:\/\/www.claret.cat\/es\/wp-json\/wp\/v2\/product_brand?post=190409"},{"taxonomy":"product_cat","embeddable":true,"href":"https:\/\/www.claret.cat\/es\/wp-json\/wp\/v2\/product_cat?post=190409"},{"taxonomy":"product_tag","embeddable":true,"href":"https:\/\/www.claret.cat\/es\/wp-json\/wp\/v2\/product_tag?post=190409"}],"curies":[{"name":"wp","href":"https:\/\/api.w.org\/{rel}","templated":true}]}}