{"id":192842,"date":"2022-10-20T06:46:16","date_gmt":"2022-10-20T04:46:16","guid":{"rendered":"http:\/\/dev.claret.cat\/producte\/el-beso-azul\/"},"modified":"2025-02-19T17:46:09","modified_gmt":"2025-02-19T16:46:09","slug":"el-beso-azul-9788417216054","status":"publish","type":"product","link":"https:\/\/www.claret.cat\/es\/libro\/el-beso-azul-9788417216054\/","title":{"rendered":"EL BESO AZUL"},"content":{"rendered":"<p>Hace m\u00e1s de 40 a\u00f1os te fusilaron&#8230; \u00bfQu\u00e9 has venido a buscar? Rogelio, al que todos cre\u00edan muerto en 1936, regresa en junio de 1977 al pueblo donde naci\u00f3 y fue fusilado junto a su padre y su hermano. Son los d\u00edas de las primeras elecciones democr\u00e1ticas. Cuando la noticia se conoce, los sentimientos de los supervivientes se cruzan y reaparecen tras m\u00e1s de 40 a\u00f1os. Todos dan por hecho que vuelve para vengarse, pero el regreso lo hace con su esposa, veinte a\u00f1os m\u00e1s joven que \u00e9l, y su hija de 19 a\u00f1os. Rogelio no sabe qui\u00e9n le delat\u00f3 entonces, por qu\u00e9 est\u00e1 vivo, por qu\u00e9 las balas de los que le fusilaron no le alcanzaron. Tras caer a la fosa logr\u00f3 zafarse de ella en la oscuridad antes de que les cubrieran con tierra. Su hermana sabe que est\u00e1 vivo desde hace 20 a\u00f1os, pero lo ha silenciado por miedo. Ahora que Franco ha muerto es la hora del reencuentro. \u00bfSe desatar\u00e1 una espiral de violencia en los d\u00edas en que los espa\u00f1oles sellan, por fin, la paz con su voto en las urnas? Un canto a la reconciliaci\u00f3n y un homenaje a los 40 a\u00f1os de nuestra democracia.<\/p>\n","protected":false},"excerpt":{"rendered":"<p>SIERRA I FABRA, JORDI<\/p>\n","protected":false},"featured_media":1006914,"template":"","meta":{"_acf_changed":false,"om_disable_all_campaigns":false,"rs_blank_template":"","rs_page_bg_color":"","slide_template_v7":"","inline_featured_image":false,"_monsterinsights_skip_tracking":false,"_monsterinsights_sitenote_active":false,"_monsterinsights_sitenote_note":"","_monsterinsights_sitenote_category":0},"product_brand":[],"product_cat":[87,353],"product_tag":[],"class_list":{"0":"post-192842","1":"product","2":"type-product","3":"status-publish","4":"has-post-thumbnail","6":"product_cat-literatura","7":"product_cat-literatura-2_humanidades","9":"first","10":"outofstock","11":"taxable","12":"shipping-taxable","13":"purchasable","14":"product-type-simple"},"acf":{"autor":"SIERRA I FABRA, JORDI","codart":"841721605","libros-coleccion":"FORA DE COL.LECCI\u00d3","ediciones":"1","encuadernacion":"R\u00fastica","fecha_de_publicacion":"01\/01\/2018","novedad":"1","paginas":"430","subtitulo":"","orden":"0","portada":"0","idioma":"spa","editorial":[{"ID":6264,"post_author":"3","post_date":"2022-07-28 17:48:28","post_date_gmt":"2022-07-28 15:48:28","post_content":"","post_title":"Harper Bolsillo","post_excerpt":"","post_status":"publish","comment_status":"closed","ping_status":"closed","post_password":"","post_name":"harper-bolsillo","to_ping":"","pinged":"","post_modified":"2022-07-28 17:48:28","post_modified_gmt":"2022-07-28 15:48:28","post_content_filtered":"","post_parent":0,"guid":"http:\/\/dev.claret.cat\/editorial\/harper-bolsillo\/","menu_order":0,"post_type":"editorial","post_mime_type":"","comment_count":"0","filter":"raw"}],"autores-libros":[{"ID":160013,"post_author":"3","post_date":"2022-10-14 15:49:35","post_date_gmt":"2022-10-14 13:49:35","post_content":"","post_title":"JORDI SIERRA I FABRA","post_excerpt":"","post_status":"publish","comment_status":"closed","ping_status":"closed","post_password":"","post_name":"jordi-sierra-i-fabra","to_ping":"","pinged":"","post_modified":"2022-10-14 15:49:35","post_modified_gmt":"2022-10-14 13:49:35","post_content_filtered":"","post_parent":0,"guid":"http:\/\/dev.claret.cat\/autor\/jordi-sierra-i-fabra\/","menu_order":0,"post_type":"autor","post_mime_type":"","comment_count":"0","filter":"raw"}]},"aioseo_notices":[],"_links":{"self":[{"href":"https:\/\/www.claret.cat\/es\/wp-json\/wp\/v2\/product\/192842","targetHints":{"allow":["GET"]}}],"collection":[{"href":"https:\/\/www.claret.cat\/es\/wp-json\/wp\/v2\/product"}],"about":[{"href":"https:\/\/www.claret.cat\/es\/wp-json\/wp\/v2\/types\/product"}],"wp:featuredmedia":[{"embeddable":true,"href":"https:\/\/www.claret.cat\/es\/wp-json\/wp\/v2\/media\/1006914"}],"wp:attachment":[{"href":"https:\/\/www.claret.cat\/es\/wp-json\/wp\/v2\/media?parent=192842"}],"wp:term":[{"taxonomy":"product_brand","embeddable":true,"href":"https:\/\/www.claret.cat\/es\/wp-json\/wp\/v2\/product_brand?post=192842"},{"taxonomy":"product_cat","embeddable":true,"href":"https:\/\/www.claret.cat\/es\/wp-json\/wp\/v2\/product_cat?post=192842"},{"taxonomy":"product_tag","embeddable":true,"href":"https:\/\/www.claret.cat\/es\/wp-json\/wp\/v2\/product_tag?post=192842"}],"curies":[{"name":"wp","href":"https:\/\/api.w.org\/{rel}","templated":true}]}}