{"id":193916,"date":"2022-10-20T07:04:41","date_gmt":"2022-10-20T05:04:41","guid":{"rendered":"http:\/\/dev.claret.cat\/producte\/quan-surt-la-reclusa\/"},"modified":"2025-01-31T13:51:33","modified_gmt":"2025-01-31T12:51:33","slug":"quan-surt-la-reclusa-9788416743599","status":"publish","type":"product","link":"https:\/\/www.claret.cat\/es\/libro\/quan-surt-la-reclusa-9788416743599\/","title":{"rendered":"QUAN SURT LA RECLUSA"},"content":{"rendered":"<p>La reclusa \u00e9s una aranya t\u00edmida i solit\u00e0ria, temorosa de l\u2019home, de picada necr\u00f2tica, per\u00f2 en cap cas mortal\u2026 que ja ha matat tres persones al sud de Fran\u00e7a en el que va d\u2019any. Un fet del tot sorprenent, que omple la xarxa de les m\u00e9s rocambolesques teories pseudocient\u00edfiques. Tamb\u00e9 es deien recluses les dones que, expiant els pecats del poble i els seus propis i protagonitzant un dels fen\u00f2mens m\u00e9s aberrants i grotescs de l\u2019Edat Mitjana, s\u2019a\u00efllaven volunt\u00e0riament del m\u00f3n i s\u2019enterraven en vida en cel\u00b7les min\u00fascules segellades, a merc\u00e8 de la caritat, de l\u2019oblit i la insalubritat.<\/p>\n","protected":false},"excerpt":{"rendered":"<p>VARGAS, FRED<\/p>\n","protected":false},"featured_media":193917,"template":"","meta":{"_acf_changed":false,"om_disable_all_campaigns":false,"rs_blank_template":"","rs_page_bg_color":"","slide_template_v7":"","inline_featured_image":false,"_monsterinsights_skip_tracking":false,"_monsterinsights_sitenote_active":false,"_monsterinsights_sitenote_note":"","_monsterinsights_sitenote_category":0},"product_brand":[],"product_cat":[87,353],"product_tag":[],"class_list":{"0":"post-193916","1":"product","2":"type-product","3":"status-publish","4":"has-post-thumbnail","6":"product_cat-literatura","7":"product_cat-literatura-2_humanidades","9":"first","10":"instock","11":"taxable","12":"shipping-taxable","13":"purchasable","14":"product-type-simple"},"acf":{"autor":"VARGAS, FRED","codart":"841674359","libros-coleccion":"NOVEL-LA","ediciones":"1","encuadernacion":"R\u00fastica","fecha_de_publicacion":"01\/01\/2018","novedad":"1","paginas":"388","subtitulo":"","orden":"0","portada":"0","idioma":"cat","editorial":[{"ID":147425,"post_author":"3","post_date":"2022-10-14 11:50:28","post_date_gmt":"2022-10-14 09:50:28","post_content":"","post_title":"Amsterdam","post_excerpt":"","post_status":"publish","comment_status":"closed","ping_status":"closed","post_password":"","post_name":"amsterdam","to_ping":"","pinged":"","post_modified":"2022-10-14 11:50:28","post_modified_gmt":"2022-10-14 09:50:28","post_content_filtered":"","post_parent":0,"guid":"http:\/\/dev.claret.cat\/editorial\/amsterdam\/","menu_order":0,"post_type":"editorial","post_mime_type":"","comment_count":"0","filter":"raw"}],"autores-libros":[{"ID":156396,"post_author":"3","post_date":"2022-10-14 15:20:29","post_date_gmt":"2022-10-14 13:20:29","post_content":"","post_title":"FRED VARGAS","post_excerpt":"","post_status":"publish","comment_status":"closed","ping_status":"closed","post_password":"","post_name":"fred-vargas","to_ping":"","pinged":"","post_modified":"2022-10-14 15:20:29","post_modified_gmt":"2022-10-14 13:20:29","post_content_filtered":"","post_parent":0,"guid":"http:\/\/dev.claret.cat\/autor\/fred-vargas\/","menu_order":0,"post_type":"autor","post_mime_type":"","comment_count":"0","filter":"raw"}]},"aioseo_notices":[],"_links":{"self":[{"href":"https:\/\/www.claret.cat\/es\/wp-json\/wp\/v2\/product\/193916","targetHints":{"allow":["GET"]}}],"collection":[{"href":"https:\/\/www.claret.cat\/es\/wp-json\/wp\/v2\/product"}],"about":[{"href":"https:\/\/www.claret.cat\/es\/wp-json\/wp\/v2\/types\/product"}],"wp:featuredmedia":[{"embeddable":true,"href":"https:\/\/www.claret.cat\/es\/wp-json\/wp\/v2\/media\/193917"}],"wp:attachment":[{"href":"https:\/\/www.claret.cat\/es\/wp-json\/wp\/v2\/media?parent=193916"}],"wp:term":[{"taxonomy":"product_brand","embeddable":true,"href":"https:\/\/www.claret.cat\/es\/wp-json\/wp\/v2\/product_brand?post=193916"},{"taxonomy":"product_cat","embeddable":true,"href":"https:\/\/www.claret.cat\/es\/wp-json\/wp\/v2\/product_cat?post=193916"},{"taxonomy":"product_tag","embeddable":true,"href":"https:\/\/www.claret.cat\/es\/wp-json\/wp\/v2\/product_tag?post=193916"}],"curies":[{"name":"wp","href":"https:\/\/api.w.org\/{rel}","templated":true}]}}