{"id":200470,"date":"2022-10-20T08:59:50","date_gmt":"2022-10-20T06:59:50","guid":{"rendered":"http:\/\/dev.claret.cat\/producte\/14-la-autobiografia\/"},"modified":"2023-01-28T23:39:09","modified_gmt":"2023-01-28T22:39:09","slug":"14-la-autobiografia-9788408177296","status":"publish","type":"product","link":"https:\/\/www.claret.cat\/es\/libro\/14-la-autobiografia-9788408177296\/","title":{"rendered":"14. LA AUTOBIOGRAF\u00cdA"},"content":{"rendered":"<p>Considerado como una de las figuras m\u00e1s extraordinarias de la historia\u00a0del f\u00fatbol, su estilo futbol\u00edstico y su filosof\u00eda han influido en entrenadores\u00a0y jugadores de la talla de Pep Guardiola, Ars\u00e8ne Wenger, Eric Cantona\u00a0y Xavi. Los recientes \u00e9xitos del f\u00fatbol espa\u00f1ol, tanto a nivel de club como\u00a0a nivel internacional, han sido considerados por muchos como el evidente\u00a0resultado del impacto de Cruyff en el f\u00fatbol contempor\u00e1neo.<br \/>14. La autobiograf\u00eda, de Johan Cruyff, cuenta la historia personal y\u00a0profesional de Cruyff, y nos revela la filosof\u00eda que defini\u00f3 su juego y que\u00a0tanto ha marcado a generaciones de futbolistas, entrenadores y seguidores.<\/p>\n<p>\u00abEl lenguaje de Cruyff es tan universal como su l\u00f3gica, as\u00ed que\u00a0su obra trasciende a su persona, hasta convertirse en una religi\u00f3n\u00a0cuya arma es inocua: se explica a partir de un bal\u00f3n y de\u00a0un rondo de la misma manera que el juego depende de un cent\u00edmetro\u00a0y de un segundo, como se advierte en cada partido del\u00a0Bar\u00e7a. El cruyffismo est\u00e1 m\u00e1s expandido que nunca desde que\u00a0no est\u00e1 Cruyff. No hay un entrenador m\u00e1s cruyffista que Guardiola.\u00a0Hasta Messi tira los penaltis como Cruyff\u00bb\u00a0Ramon Besa, El Pa\u00eds<\/p>\n","protected":false},"excerpt":{"rendered":"<p>CRUYFF, JOHAN<\/p>\n","protected":false},"featured_media":200471,"template":"","meta":{"_acf_changed":false,"om_disable_all_campaigns":false,"rs_blank_template":"","rs_page_bg_color":"","slide_template_v7":"","inline_featured_image":false,"_monsterinsights_skip_tracking":false,"_monsterinsights_sitenote_active":false,"_monsterinsights_sitenote_note":"","_monsterinsights_sitenote_category":0},"product_brand":[],"product_cat":[99,87],"product_tag":[],"class_list":{"0":"post-200470","1":"product","2":"type-product","3":"status-publish","4":"has-post-thumbnail","6":"product_cat-biografies","7":"product_cat-literatura","9":"first","10":"instock","11":"taxable","12":"shipping-taxable","13":"purchasable","14":"product-type-simple"},"acf":{"autor":"CRUYFF, JOHAN","codart":"840817729","libros-coleccion":"Divulgaci\u00f3n","ediciones":"1","encuadernacion":"R\u00fastica","fecha_de_publicacion":"01\/10\/2017","novedad":"1","paginas":"318","subtitulo":"","orden":"0","portada":"0","idioma":"spa","editorial":[{"ID":6377,"post_author":"3","post_date":"2022-07-28 17:50:53","post_date_gmt":"2022-07-28 15:50:53","post_content":"","post_title":"Timun Mas CAT","post_excerpt":"","post_status":"publish","comment_status":"closed","ping_status":"closed","post_password":"","post_name":"timun-mas-cat","to_ping":"","pinged":"","post_modified":"2022-07-28 17:50:53","post_modified_gmt":"2022-07-28 15:50:53","post_content_filtered":"","post_parent":0,"guid":"http:\/\/dev.claret.cat\/editorial\/timun-mas-cat\/","menu_order":0,"post_type":"editorial","post_mime_type":"","comment_count":"0","filter":"raw"}]},"aioseo_notices":[],"_links":{"self":[{"href":"https:\/\/www.claret.cat\/es\/wp-json\/wp\/v2\/product\/200470","targetHints":{"allow":["GET"]}}],"collection":[{"href":"https:\/\/www.claret.cat\/es\/wp-json\/wp\/v2\/product"}],"about":[{"href":"https:\/\/www.claret.cat\/es\/wp-json\/wp\/v2\/types\/product"}],"wp:featuredmedia":[{"embeddable":true,"href":"https:\/\/www.claret.cat\/es\/wp-json\/wp\/v2\/media\/200471"}],"wp:attachment":[{"href":"https:\/\/www.claret.cat\/es\/wp-json\/wp\/v2\/media?parent=200470"}],"wp:term":[{"taxonomy":"product_brand","embeddable":true,"href":"https:\/\/www.claret.cat\/es\/wp-json\/wp\/v2\/product_brand?post=200470"},{"taxonomy":"product_cat","embeddable":true,"href":"https:\/\/www.claret.cat\/es\/wp-json\/wp\/v2\/product_cat?post=200470"},{"taxonomy":"product_tag","embeddable":true,"href":"https:\/\/www.claret.cat\/es\/wp-json\/wp\/v2\/product_tag?post=200470"}],"curies":[{"name":"wp","href":"https:\/\/api.w.org\/{rel}","templated":true}]}}