{"id":203091,"date":"2022-10-20T09:43:41","date_gmt":"2022-10-20T07:43:41","guid":{"rendered":"http:\/\/dev.claret.cat\/producte\/un-secret-de-lemporda\/"},"modified":"2024-01-31T19:01:29","modified_gmt":"2024-01-31T18:01:29","slug":"un-secret-de-lemporda-9788417031206","status":"publish","type":"product","link":"https:\/\/www.claret.cat\/es\/libro\/un-secret-de-lemporda-9788417031206\/","title":{"rendered":"UN SECRET DE L&#8217;EMPORD\u00c0"},"content":{"rendered":"<p>Agost de 1935. Carretera d\u2019Albons a Viladamat. Un Rolls-Royce avan\u00e7a a tota velocitat i s\u2019estavella. Al seu interior hi viatgen el pr\u00edncep Mdivani i la seva amant, la baronessa Thyssen.<\/p>\n<p>Juliol de 1992. Dos homes que s\u2019acaben de con\u00e8ixer rememoren l\u2019accident i el secret que s\u2019hi amaga. La conversa desplega la hist\u00f2ria dels ocupants del cotxe i les seves relacions amb personatges del moment, com Sert o Dal\u00ed, i tamb\u00e9 les dues guerres mundials, la Guerra Civil espanyola, l\u2019auge del nazisme, les vils accions de la Gestapo, la vida desenfrenada dels arist\u00f2crates decadents i la mis\u00e8ria dels refugiats catalans als camps francesos. I, enmig del caos, la dignitat d\u2019un poblet que, desafiant l\u2019enemic, preserva el seu gran secret. L\u2019espiral de la novel\u00b7la, com la tramuntana que sovint bufa a Albons, s\u2019emporta el lector a rec\u00f3rrer, en un relat vertigin\u00f3s que el deixar\u00e0 sense al\u00e8, els moments cabdals de l\u2019Europa d\u2019entreguerres.<\/p>\n<p>\u00abNom\u00e9s puc pensar en tu. Nom\u00e9s vull pensar en tu. S\u00ed, tens ra\u00f3, aprofitem aquests darrers moments i no els tenyim de tristor per un futur que no sabem si podrem controlar. Quina meravella! No hi ha res com l\u2019Empord\u00e0! Aquest \u00e9s el lloc on m\u2019agradaria viure. M\u2019hi sento tan b\u00e9! La seva olor i els seus colors em produeixen una serenitat dif\u00edcil d\u2019explicar. I ara amb tu\u2026\u00bb.<\/p>\n","protected":false},"excerpt":{"rendered":"<p>TUBELLA CASADEVALL, IMMA<\/p>\n","protected":false},"featured_media":203092,"template":"","meta":{"_acf_changed":false,"om_disable_all_campaigns":false,"rs_blank_template":"","rs_page_bg_color":"","slide_template_v7":"","inline_featured_image":false,"_monsterinsights_skip_tracking":false,"_monsterinsights_sitenote_active":false,"_monsterinsights_sitenote_note":"","_monsterinsights_sitenote_category":0},"product_brand":[],"product_cat":[87,353],"product_tag":[],"class_list":{"0":"post-203091","1":"product","2":"type-product","3":"status-publish","4":"has-post-thumbnail","6":"product_cat-literatura","7":"product_cat-literatura-2_humanidades","9":"first","10":"instock","11":"taxable","12":"shipping-taxable","13":"purchasable","14":"product-type-simple"},"acf":{"autor":"TUBELLA CASADEVALL, IMMA","codart":"841703120","libros-coleccion":"","ediciones":"1","encuadernacion":"R\u00fastica","fecha_de_publicacion":"01\/09\/2017","novedad":"1","paginas":"208","subtitulo":"","orden":"0","portada":"0","idioma":"cat","editorial":[{"ID":6281,"post_author":"3","post_date":"2022-07-28 17:48:50","post_date_gmt":"2022-07-28 15:48:50","post_content":"","post_title":"LABUTXACA","post_excerpt":"","post_status":"publish","comment_status":"closed","ping_status":"closed","post_password":"","post_name":"labutxaca","to_ping":"","pinged":"","post_modified":"2022-07-28 17:48:50","post_modified_gmt":"2022-07-28 15:48:50","post_content_filtered":"","post_parent":0,"guid":"http:\/\/dev.claret.cat\/editorial\/labutxaca\/","menu_order":0,"post_type":"editorial","post_mime_type":"","comment_count":"0","filter":"raw"}],"autores-libros":[{"ID":157863,"post_author":"3","post_date":"2022-10-14 15:32:14","post_date_gmt":"2022-10-14 13:32:14","post_content":"","post_title":"IMMA TUBELLA","post_excerpt":"","post_status":"publish","comment_status":"closed","ping_status":"closed","post_password":"","post_name":"imma-tubella","to_ping":"","pinged":"","post_modified":"2022-10-14 15:32:14","post_modified_gmt":"2022-10-14 13:32:14","post_content_filtered":"","post_parent":0,"guid":"http:\/\/dev.claret.cat\/autor\/imma-tubella\/","menu_order":0,"post_type":"autor","post_mime_type":"","comment_count":"0","filter":"raw"}]},"aioseo_notices":[],"_links":{"self":[{"href":"https:\/\/www.claret.cat\/es\/wp-json\/wp\/v2\/product\/203091","targetHints":{"allow":["GET"]}}],"collection":[{"href":"https:\/\/www.claret.cat\/es\/wp-json\/wp\/v2\/product"}],"about":[{"href":"https:\/\/www.claret.cat\/es\/wp-json\/wp\/v2\/types\/product"}],"wp:featuredmedia":[{"embeddable":true,"href":"https:\/\/www.claret.cat\/es\/wp-json\/wp\/v2\/media\/203092"}],"wp:attachment":[{"href":"https:\/\/www.claret.cat\/es\/wp-json\/wp\/v2\/media?parent=203091"}],"wp:term":[{"taxonomy":"product_brand","embeddable":true,"href":"https:\/\/www.claret.cat\/es\/wp-json\/wp\/v2\/product_brand?post=203091"},{"taxonomy":"product_cat","embeddable":true,"href":"https:\/\/www.claret.cat\/es\/wp-json\/wp\/v2\/product_cat?post=203091"},{"taxonomy":"product_tag","embeddable":true,"href":"https:\/\/www.claret.cat\/es\/wp-json\/wp\/v2\/product_tag?post=203091"}],"curies":[{"name":"wp","href":"https:\/\/api.w.org\/{rel}","templated":true}]}}