{"id":203403,"date":"2022-10-20T09:48:58","date_gmt":"2022-10-20T07:48:58","guid":{"rendered":"http:\/\/dev.claret.cat\/producte\/el-capo-se-escapa-ole-num-205\/"},"modified":"2023-01-28T15:55:14","modified_gmt":"2023-01-28T14:55:14","slug":"el-capo-se-escapa-ole-num-205-9788466661522","status":"publish","type":"product","link":"https:\/\/www.claret.cat\/es\/libro\/el-capo-se-escapa-ole-num-205-9788466661522\/","title":{"rendered":"EL CAPO SE ESCAPA (OL\u00c9, N\u00daM. 205)"},"content":{"rendered":"<p>La T.I.A. ha recibido el encargo de atrapar a Osvaldo Marijuanez, un peligroso capo de la mafia que se ha fugado de la c\u00e1rcel a trav\u00e9s de un t\u00fanel que hab\u00edan excavado sus hombres. Mortadelo y Filem\u00f3n ser\u00e1n los responsables de atrapar a este peligroso delincuente, que ya se ha escapado de varios penales, como Alcal\u00e1 Moco y el de Villacascote, ambos de alta seguridad. Para intentar dar con el capo, nuestros agentes preferidos tendr\u00e1n que viajar, entre otros lugares, al continente africano, donde les saldr\u00e1n al paso todo tipo de animales salvajes, pero ellos no cejar\u00e1n en su empe\u00f1o. \u00bfConseguir\u00e1n Mortadelo y Filem\u00f3n detener a Osvaldo?<\/p>\n","protected":false},"excerpt":{"rendered":"<p>IB\u00c1\u00d1EZ TALAVERA, FRANCISCO<\/p>\n","protected":false},"featured_media":203404,"template":"","meta":{"_acf_changed":false,"om_disable_all_campaigns":false,"rs_blank_template":"","rs_page_bg_color":"","slide_template_v7":"","inline_featured_image":false,"_monsterinsights_skip_tracking":false},"product_brand":[],"product_cat":[108],"product_tag":[],"class_list":["post-203403","product","type-product","status-publish","has-post-thumbnail","product_cat-comic","first","instock","taxable","shipping-taxable","purchasable","product-type-simple"],"acf":{"autor":"IB\u00c1\u00d1EZ TALAVERA, FRANCISCO","codart":"846666152","libros-coleccion":"SUSHI BOOKS","ediciones":"1","encuadernacion":"R\u00fastica","fecha_de_publicacion":"01\/09\/2017","novedad":"1","paginas":"48","subtitulo":"","orden":"0","portada":"0","idioma":"spa"},"aioseo_notices":[],"aioseo_head":"\n\t\t<!-- All in One SEO Pro 5.0.1.1 - aioseo.com -->\n\t<meta name=\"description\" content=\"EL CAPO SE ESCAPA (OL\u00c9, N\u00daM. 205) de IB\u00c1\u00d1EZ TALAVERA, FRANCISCO disponible a\/en Llibreria Claret.\" \/>\n\t<meta name=\"robots\" content=\"max-image-preview:large\" \/>\n\t<meta name=\"google-site-verification\" content=\"xVtlFxJ-TfkIu-D-lt7XeLobefg5EIQiXTuqcSf8Rf0\" \/>\n\t<link rel=\"canonical\" href=\"https:\/\/www.claret.cat\/es\/libro\/el-capo-se-escapa-ole-num-205-9788466661522\/\" \/>\n\t<meta name=\"generator\" content=\"All in One SEO Pro (AIOSEO) 5.0.1.1\" \/>\n\t\t<meta property=\"og:locale\" content=\"es_ES\" \/>\n\t\t<meta property=\"og:site_name\" content=\"Llibreria Claret - Llibreria religiosa a Barcelona\" \/>\n\t\t<meta property=\"og:type\" content=\"article\" \/>\n\t\t<meta property=\"og:title\" content=\"EL CAPO SE ESCAPA (OL\u00c9, N\u00daM. 205) - IB\u00c1\u00d1EZ TALAVERA, FRANCISCO 9788466661522 | Llibreria Claret\" \/>\n\t\t<meta property=\"og:description\" content=\"EL CAPO SE ESCAPA (OL\u00c9, N\u00daM. 205) de IB\u00c1\u00d1EZ TALAVERA, FRANCISCO disponible a\/en Llibreria Claret.\" \/>\n\t\t<meta property=\"og:url\" content=\"https:\/\/www.claret.cat\/es\/libro\/el-capo-se-escapa-ole-num-205-9788466661522\/\" \/>\n\t\t<meta property=\"og:image\" content=\"https:\/\/dev.claret.cat\/wp-content\/uploads\/logo-claret.svg\" \/>\n\t\t<meta property=\"og:image:secure_url\" content=\"https:\/\/dev.claret.cat\/wp-content\/uploads\/logo-claret.svg\" \/>\n\t\t<meta property=\"article:published_time\" content=\"2022-10-20T07:48:58+00:00\" \/>\n\t\t<meta property=\"article:modified_time\" content=\"2023-01-28T14:55:14+00:00\" \/>\n\t\t<meta property=\"article:publisher\" content=\"https:\/\/www.facebook.com\/LlibreriaClaret\" \/>\n\t\t<meta name=\"twitter:card\" content=\"summary_large_image\" \/>\n\t\t<meta name=\"twitter:site\" content=\"@LlibreriaClaret\" \/>\n\t\t<meta name=\"twitter:title\" content=\"EL CAPO SE ESCAPA (OL\u00c9, N\u00daM. 205) - IB\u00c1\u00d1EZ TALAVERA, FRANCISCO 9788466661522 | Llibreria Claret\" \/>\n\t\t<meta name=\"twitter:description\" content=\"EL CAPO SE ESCAPA (OL\u00c9, N\u00daM. 205) de IB\u00c1\u00d1EZ TALAVERA, FRANCISCO disponible a\/en Llibreria Claret.\" \/>\n\t\t<meta name=\"twitter:image\" content=\"http:\/\/dev.claret.cat\/wp-content\/uploads\/logo-claret.svg\" \/>\n\t\t<script type=\"application\/ld+json\" class=\"aioseo-schema\">\n\t\t\t{\"@context\":\"https:\\\/\\\/schema.org\",\"@graph\":[{\"@type\":\"BreadcrumbList\",\"@id\":\"https:\\\/\\\/www.claret.cat\\\/es\\\/libro\\\/el-capo-se-escapa-ole-num-205-9788466661522\\\/#breadcrumblist\",\"itemListElement\":[{\"@type\":\"ListItem\",\"@id\":\"https:\\\/\\\/www.claret.cat\\\/es\\\/#listItem\",\"position\":1,\"name\":\"Home\",\"item\":\"https:\\\/\\\/www.claret.cat\\\/es\\\/\",\"nextItem\":{\"@type\":\"ListItem\",\"@id\":\"https:\\\/\\\/www.claret.cat\\\/?page_id=16#listItem\",\"name\":\"Botiga\"}},{\"@type\":\"ListItem\",\"@id\":\"https:\\\/\\\/www.claret.cat\\\/?page_id=16#listItem\",\"position\":2,\"name\":\"Botiga\",\"item\":\"https:\\\/\\\/www.claret.cat\\\/?page_id=16\",\"nextItem\":{\"@type\":\"ListItem\",\"@id\":\"https:\\\/\\\/www.claret.cat\\\/categoria-producto\\\/cat\\\/#listItem\",\"name\":\"CAT\"},\"previousItem\":{\"@type\":\"ListItem\",\"@id\":\"https:\\\/\\\/www.claret.cat\\\/es\\\/#listItem\",\"name\":\"Home\"}},{\"@type\":\"ListItem\",\"@id\":\"https:\\\/\\\/www.claret.cat\\\/categoria-producto\\\/cat\\\/#listItem\",\"position\":3,\"name\":\"CAT\",\"item\":\"https:\\\/\\\/www.claret.cat\\\/categoria-producto\\\/cat\\\/\",\"nextItem\":{\"@type\":\"ListItem\",\"@id\":\"https:\\\/\\\/www.claret.cat\\\/categoria-producto\\\/cat\\\/3_infantil-juvenil\\\/#listItem\",\"name\":\"Infantil \\\/ Juvenil\"},\"previousItem\":{\"@type\":\"ListItem\",\"@id\":\"https:\\\/\\\/www.claret.cat\\\/?page_id=16#listItem\",\"name\":\"Botiga\"}},{\"@type\":\"ListItem\",\"@id\":\"https:\\\/\\\/www.claret.cat\\\/categoria-producto\\\/cat\\\/3_infantil-juvenil\\\/#listItem\",\"position\":4,\"name\":\"Infantil \\\/ Juvenil\",\"item\":\"https:\\\/\\\/www.claret.cat\\\/categoria-producto\\\/cat\\\/3_infantil-juvenil\\\/\",\"nextItem\":{\"@type\":\"ListItem\",\"@id\":\"https:\\\/\\\/www.claret.cat\\\/categoria-producto\\\/cat\\\/3_infantil-juvenil\\\/comic\\\/#listItem\",\"name\":\"C\\u00f2mic\"},\"previousItem\":{\"@type\":\"ListItem\",\"@id\":\"https:\\\/\\\/www.claret.cat\\\/categoria-producto\\\/cat\\\/#listItem\",\"name\":\"CAT\"}},{\"@type\":\"ListItem\",\"@id\":\"https:\\\/\\\/www.claret.cat\\\/categoria-producto\\\/cat\\\/3_infantil-juvenil\\\/comic\\\/#listItem\",\"position\":5,\"name\":\"C\\u00f2mic\",\"item\":\"https:\\\/\\\/www.claret.cat\\\/categoria-producto\\\/cat\\\/3_infantil-juvenil\\\/comic\\\/\",\"nextItem\":{\"@type\":\"ListItem\",\"@id\":\"https:\\\/\\\/www.claret.cat\\\/es\\\/libro\\\/el-capo-se-escapa-ole-num-205-9788466661522\\\/#listItem\",\"name\":\"EL CAPO SE ESCAPA (OL\\u00c9, N\\u00daM. 205)\"},\"previousItem\":{\"@type\":\"ListItem\",\"@id\":\"https:\\\/\\\/www.claret.cat\\\/categoria-producto\\\/cat\\\/3_infantil-juvenil\\\/#listItem\",\"name\":\"Infantil \\\/ Juvenil\"}},{\"@type\":\"ListItem\",\"@id\":\"https:\\\/\\\/www.claret.cat\\\/es\\\/libro\\\/el-capo-se-escapa-ole-num-205-9788466661522\\\/#listItem\",\"position\":6,\"name\":\"EL CAPO SE ESCAPA (OL\\u00c9, N\\u00daM. 205)\",\"previousItem\":{\"@type\":\"ListItem\",\"@id\":\"https:\\\/\\\/www.claret.cat\\\/categoria-producto\\\/cat\\\/3_infantil-juvenil\\\/comic\\\/#listItem\",\"name\":\"C\\u00f2mic\"}}]},{\"@type\":\"ItemPage\",\"@id\":\"https:\\\/\\\/www.claret.cat\\\/es\\\/libro\\\/el-capo-se-escapa-ole-num-205-9788466661522\\\/#itempage\",\"url\":\"https:\\\/\\\/www.claret.cat\\\/es\\\/libro\\\/el-capo-se-escapa-ole-num-205-9788466661522\\\/\",\"name\":\"EL CAPO SE ESCAPA (OL\\u00c9, N\\u00daM. 205) - IB\\u00c1\\u00d1EZ TALAVERA, FRANCISCO 9788466661522 | Llibreria Claret\",\"description\":\"EL CAPO SE ESCAPA (OL\\u00c9, N\\u00daM. 205) de IB\\u00c1\\u00d1EZ TALAVERA, FRANCISCO disponible a\\\/en Llibreria Claret.\",\"inLanguage\":\"es-ES\",\"isPartOf\":{\"@id\":\"https:\\\/\\\/www.claret.cat\\\/es\\\/#website\"},\"breadcrumb\":{\"@id\":\"https:\\\/\\\/www.claret.cat\\\/es\\\/libro\\\/el-capo-se-escapa-ole-num-205-9788466661522\\\/#breadcrumblist\"},\"image\":{\"@type\":\"ImageObject\",\"url\":\"https:\\\/\\\/www.claret.cat\\\/wp-content\\\/uploads\\\/.\\\/9788466661522.jpg\",\"@id\":\"https:\\\/\\\/www.claret.cat\\\/es\\\/libro\\\/el-capo-se-escapa-ole-num-205-9788466661522\\\/#mainImage\",\"width\":225,\"height\":318,\"caption\":\"9788466661522.jpg\"},\"primaryImageOfPage\":{\"@id\":\"https:\\\/\\\/www.claret.cat\\\/es\\\/libro\\\/el-capo-se-escapa-ole-num-205-9788466661522\\\/#mainImage\"},\"datePublished\":\"2022-10-20T09:48:58+02:00\",\"dateModified\":\"2023-01-28T15:55:14+01:00\"},{\"@type\":\"Organization\",\"@id\":\"https:\\\/\\\/www.claret.cat\\\/es\\\/#organization\",\"name\":\"Llibreria Claret\",\"description\":\"Llibreria religiosa a Barcelona\",\"url\":\"https:\\\/\\\/www.claret.cat\\\/es\\\/\",\"email\":\"comunicacio@claret.cat\",\"telephone\":\"+34933010887\",\"logo\":{\"@type\":\"ImageObject\",\"url\":\"https:\\\/\\\/www.claret.cat\\\/wp-content\\\/uploads\\\/.\\\/logo-claret-es.png\",\"@id\":\"https:\\\/\\\/www.claret.cat\\\/es\\\/libro\\\/el-capo-se-escapa-ole-num-205-9788466661522\\\/#organizationLogo\",\"width\":195,\"height\":79},\"image\":{\"@id\":\"https:\\\/\\\/www.claret.cat\\\/es\\\/libro\\\/el-capo-se-escapa-ole-num-205-9788466661522\\\/#organizationLogo\"},\"sameAs\":[\"https:\\\/\\\/www.facebook.com\\\/LlibreriaClaret\",\"https:\\\/\\\/twitter.com\\\/LlibreriaClaret\",\"https:\\\/\\\/www.instagram.com\\\/llibreriaclaret\\\/\",\"https:\\\/\\\/www.tiktok.com\\\/@llibreriaclaret\",\"https:\\\/\\\/www.youtube.com\\\/@llibreriaclaret\",\"https:\\\/\\\/ca.wikipedia.org\\\/wiki\\\/Editorial_Claret\"]},{\"@type\":\"WebPage\",\"@id\":\"https:\\\/\\\/www.claret.cat\\\/es\\\/libro\\\/el-capo-se-escapa-ole-num-205-9788466661522\\\/#webpage\",\"url\":\"https:\\\/\\\/www.claret.cat\\\/es\\\/libro\\\/el-capo-se-escapa-ole-num-205-9788466661522\\\/\",\"name\":\"EL CAPO SE ESCAPA (OL\\u00c9, N\\u00daM. 205) - IB\\u00c1\\u00d1EZ TALAVERA, FRANCISCO 9788466661522 | Llibreria Claret\",\"description\":\"EL CAPO SE ESCAPA (OL\\u00c9, N\\u00daM. 205) de IB\\u00c1\\u00d1EZ TALAVERA, FRANCISCO disponible a\\\/en Llibreria Claret.\",\"inLanguage\":\"es-ES\",\"isPartOf\":{\"@id\":\"https:\\\/\\\/www.claret.cat\\\/es\\\/#website\"},\"breadcrumb\":{\"@id\":\"https:\\\/\\\/www.claret.cat\\\/es\\\/libro\\\/el-capo-se-escapa-ole-num-205-9788466661522\\\/#breadcrumblist\"},\"image\":{\"@type\":\"ImageObject\",\"url\":\"https:\\\/\\\/www.claret.cat\\\/wp-content\\\/uploads\\\/.\\\/9788466661522.jpg\",\"@id\":\"https:\\\/\\\/www.claret.cat\\\/es\\\/libro\\\/el-capo-se-escapa-ole-num-205-9788466661522\\\/#mainImage\",\"width\":225,\"height\":318,\"caption\":\"9788466661522.jpg\"},\"primaryImageOfPage\":{\"@id\":\"https:\\\/\\\/www.claret.cat\\\/es\\\/libro\\\/el-capo-se-escapa-ole-num-205-9788466661522\\\/#mainImage\"},\"datePublished\":\"2022-10-20T09:48:58+02:00\",\"dateModified\":\"2023-01-28T15:55:14+01:00\"},{\"@type\":\"WebSite\",\"@id\":\"https:\\\/\\\/www.claret.cat\\\/es\\\/#website\",\"url\":\"https:\\\/\\\/www.claret.cat\\\/es\\\/\",\"name\":\"Llibreria Claret Barcelona\",\"alternateName\":\"Llibreria Claret\",\"description\":\"Llibreria religiosa a Barcelona\",\"inLanguage\":\"es-ES\",\"publisher\":{\"@id\":\"https:\\\/\\\/www.claret.cat\\\/es\\\/#organization\"}}]}\n\t\t<\/script>\n\t\t<!-- All in One SEO Pro -->\r\n\t\t<title>EL CAPO SE ESCAPA (OL\u00c9, N\u00daM. 205) - IB\u00c1\u00d1EZ TALAVERA, FRANCISCO 9788466661522 | Llibreria Claret<\/title>\n\n","aioseo_head_json":{"title":"EL CAPO SE ESCAPA (OL\u00c9, N\u00daM. 205) - IB\u00c1\u00d1EZ TALAVERA, FRANCISCO 9788466661522 | Llibreria Claret","description":"EL CAPO SE ESCAPA (OL\u00c9, N\u00daM. 205) de IB\u00c1\u00d1EZ TALAVERA, FRANCISCO disponible a\/en Llibreria Claret.","canonical_url":"https:\/\/www.claret.cat\/es\/libro\/el-capo-se-escapa-ole-num-205-9788466661522\/","robots":"max-image-preview:large","keywords":"","webmasterTools":{"google-site-verification":"xVtlFxJ-TfkIu-D-lt7XeLobefg5EIQiXTuqcSf8Rf0","miscellaneous":""},"schema":{"@context":"https:\/\/schema.org","@graph":[{"@type":"BreadcrumbList","@id":"https:\/\/www.claret.cat\/es\/libro\/el-capo-se-escapa-ole-num-205-9788466661522\/#breadcrumblist","itemListElement":[{"@type":"ListItem","@id":"https:\/\/www.claret.cat\/es\/#listItem","position":1,"name":"Home","item":"https:\/\/www.claret.cat\/es\/","nextItem":{"@type":"ListItem","@id":"https:\/\/www.claret.cat\/?page_id=16#listItem","name":"Botiga"}},{"@type":"ListItem","@id":"https:\/\/www.claret.cat\/?page_id=16#listItem","position":2,"name":"Botiga","item":"https:\/\/www.claret.cat\/?page_id=16","nextItem":{"@type":"ListItem","@id":"https:\/\/www.claret.cat\/categoria-producto\/cat\/#listItem","name":"CAT"},"previousItem":{"@type":"ListItem","@id":"https:\/\/www.claret.cat\/es\/#listItem","name":"Home"}},{"@type":"ListItem","@id":"https:\/\/www.claret.cat\/categoria-producto\/cat\/#listItem","position":3,"name":"CAT","item":"https:\/\/www.claret.cat\/categoria-producto\/cat\/","nextItem":{"@type":"ListItem","@id":"https:\/\/www.claret.cat\/categoria-producto\/cat\/3_infantil-juvenil\/#listItem","name":"Infantil \/ Juvenil"},"previousItem":{"@type":"ListItem","@id":"https:\/\/www.claret.cat\/?page_id=16#listItem","name":"Botiga"}},{"@type":"ListItem","@id":"https:\/\/www.claret.cat\/categoria-producto\/cat\/3_infantil-juvenil\/#listItem","position":4,"name":"Infantil \/ Juvenil","item":"https:\/\/www.claret.cat\/categoria-producto\/cat\/3_infantil-juvenil\/","nextItem":{"@type":"ListItem","@id":"https:\/\/www.claret.cat\/categoria-producto\/cat\/3_infantil-juvenil\/comic\/#listItem","name":"C\u00f2mic"},"previousItem":{"@type":"ListItem","@id":"https:\/\/www.claret.cat\/categoria-producto\/cat\/#listItem","name":"CAT"}},{"@type":"ListItem","@id":"https:\/\/www.claret.cat\/categoria-producto\/cat\/3_infantil-juvenil\/comic\/#listItem","position":5,"name":"C\u00f2mic","item":"https:\/\/www.claret.cat\/categoria-producto\/cat\/3_infantil-juvenil\/comic\/","nextItem":{"@type":"ListItem","@id":"https:\/\/www.claret.cat\/es\/libro\/el-capo-se-escapa-ole-num-205-9788466661522\/#listItem","name":"EL CAPO SE ESCAPA (OL\u00c9, N\u00daM. 205)"},"previousItem":{"@type":"ListItem","@id":"https:\/\/www.claret.cat\/categoria-producto\/cat\/3_infantil-juvenil\/#listItem","name":"Infantil \/ Juvenil"}},{"@type":"ListItem","@id":"https:\/\/www.claret.cat\/es\/libro\/el-capo-se-escapa-ole-num-205-9788466661522\/#listItem","position":6,"name":"EL CAPO SE ESCAPA (OL\u00c9, N\u00daM. 205)","previousItem":{"@type":"ListItem","@id":"https:\/\/www.claret.cat\/categoria-producto\/cat\/3_infantil-juvenil\/comic\/#listItem","name":"C\u00f2mic"}}]},{"@type":"ItemPage","@id":"https:\/\/www.claret.cat\/es\/libro\/el-capo-se-escapa-ole-num-205-9788466661522\/#itempage","url":"https:\/\/www.claret.cat\/es\/libro\/el-capo-se-escapa-ole-num-205-9788466661522\/","name":"EL CAPO SE ESCAPA (OL\u00c9, N\u00daM. 205) - IB\u00c1\u00d1EZ TALAVERA, FRANCISCO 9788466661522 | Llibreria Claret","description":"EL CAPO SE ESCAPA (OL\u00c9, N\u00daM. 205) de IB\u00c1\u00d1EZ TALAVERA, FRANCISCO disponible a\/en Llibreria Claret.","inLanguage":"es-ES","isPartOf":{"@id":"https:\/\/www.claret.cat\/es\/#website"},"breadcrumb":{"@id":"https:\/\/www.claret.cat\/es\/libro\/el-capo-se-escapa-ole-num-205-9788466661522\/#breadcrumblist"},"image":{"@type":"ImageObject","url":"https:\/\/www.claret.cat\/wp-content\/uploads\/.\/9788466661522.jpg","@id":"https:\/\/www.claret.cat\/es\/libro\/el-capo-se-escapa-ole-num-205-9788466661522\/#mainImage","width":225,"height":318,"caption":"9788466661522.jpg"},"primaryImageOfPage":{"@id":"https:\/\/www.claret.cat\/es\/libro\/el-capo-se-escapa-ole-num-205-9788466661522\/#mainImage"},"datePublished":"2022-10-20T09:48:58+02:00","dateModified":"2023-01-28T15:55:14+01:00"},{"@type":"Organization","@id":"https:\/\/www.claret.cat\/es\/#organization","name":"Llibreria Claret","description":"Llibreria religiosa a Barcelona","url":"https:\/\/www.claret.cat\/es\/","email":"comunicacio@claret.cat","telephone":"+34933010887","logo":{"@type":"ImageObject","url":"https:\/\/www.claret.cat\/wp-content\/uploads\/.\/logo-claret-es.png","@id":"https:\/\/www.claret.cat\/es\/libro\/el-capo-se-escapa-ole-num-205-9788466661522\/#organizationLogo","width":195,"height":79},"image":{"@id":"https:\/\/www.claret.cat\/es\/libro\/el-capo-se-escapa-ole-num-205-9788466661522\/#organizationLogo"},"sameAs":["https:\/\/www.facebook.com\/LlibreriaClaret","https:\/\/twitter.com\/LlibreriaClaret","https:\/\/www.instagram.com\/llibreriaclaret\/","https:\/\/www.tiktok.com\/@llibreriaclaret","https:\/\/www.youtube.com\/@llibreriaclaret","https:\/\/ca.wikipedia.org\/wiki\/Editorial_Claret"]},{"@type":"WebPage","@id":"https:\/\/www.claret.cat\/es\/libro\/el-capo-se-escapa-ole-num-205-9788466661522\/#webpage","url":"https:\/\/www.claret.cat\/es\/libro\/el-capo-se-escapa-ole-num-205-9788466661522\/","name":"EL CAPO SE ESCAPA (OL\u00c9, N\u00daM. 205) - IB\u00c1\u00d1EZ TALAVERA, FRANCISCO 9788466661522 | Llibreria Claret","description":"EL CAPO SE ESCAPA (OL\u00c9, N\u00daM. 205) de IB\u00c1\u00d1EZ TALAVERA, FRANCISCO disponible a\/en Llibreria Claret.","inLanguage":"es-ES","isPartOf":{"@id":"https:\/\/www.claret.cat\/es\/#website"},"breadcrumb":{"@id":"https:\/\/www.claret.cat\/es\/libro\/el-capo-se-escapa-ole-num-205-9788466661522\/#breadcrumblist"},"image":{"@type":"ImageObject","url":"https:\/\/www.claret.cat\/wp-content\/uploads\/.\/9788466661522.jpg","@id":"https:\/\/www.claret.cat\/es\/libro\/el-capo-se-escapa-ole-num-205-9788466661522\/#mainImage","width":225,"height":318,"caption":"9788466661522.jpg"},"primaryImageOfPage":{"@id":"https:\/\/www.claret.cat\/es\/libro\/el-capo-se-escapa-ole-num-205-9788466661522\/#mainImage"},"datePublished":"2022-10-20T09:48:58+02:00","dateModified":"2023-01-28T15:55:14+01:00"},{"@type":"WebSite","@id":"https:\/\/www.claret.cat\/es\/#website","url":"https:\/\/www.claret.cat\/es\/","name":"Llibreria Claret Barcelona","alternateName":"Llibreria Claret","description":"Llibreria religiosa a Barcelona","inLanguage":"es-ES","publisher":{"@id":"https:\/\/www.claret.cat\/es\/#organization"}}]},"og:locale":"es_ES","og:site_name":"Llibreria Claret - Llibreria religiosa a Barcelona","og:type":"article","og:title":"EL CAPO SE ESCAPA (OL\u00c9, N\u00daM. 205) - IB\u00c1\u00d1EZ TALAVERA, FRANCISCO 9788466661522 | Llibreria Claret","og:description":"EL CAPO SE ESCAPA (OL\u00c9, N\u00daM. 205) de IB\u00c1\u00d1EZ TALAVERA, FRANCISCO disponible a\/en Llibreria Claret.","og:url":"https:\/\/www.claret.cat\/es\/libro\/el-capo-se-escapa-ole-num-205-9788466661522\/","og:image":"https:\/\/dev.claret.cat\/wp-content\/uploads\/logo-claret.svg","og:image:secure_url":"https:\/\/dev.claret.cat\/wp-content\/uploads\/logo-claret.svg","article:published_time":"2022-10-20T07:48:58+00:00","article:modified_time":"2023-01-28T14:55:14+00:00","article:publisher":"https:\/\/www.facebook.com\/LlibreriaClaret","twitter:card":"summary_large_image","twitter:site":"@LlibreriaClaret","twitter:title":"EL CAPO SE ESCAPA (OL\u00c9, N\u00daM. 205) - IB\u00c1\u00d1EZ TALAVERA, FRANCISCO 9788466661522 | Llibreria Claret","twitter:description":"EL CAPO SE ESCAPA (OL\u00c9, N\u00daM. 205) de IB\u00c1\u00d1EZ TALAVERA, FRANCISCO disponible a\/en Llibreria Claret.","twitter:image":"http:\/\/dev.claret.cat\/wp-content\/uploads\/logo-claret.svg"},"aioseo_meta_data":{"post_id":"203403","title":null,"description":null,"keywords":null,"keyphrases":null,"primary_term":null,"canonical_url":null,"og_title":null,"og_description":null,"og_object_type":"default","og_image_type":"default","og_image_url":null,"og_image_width":null,"og_image_height":null,"og_image_custom_url":null,"og_image_custom_fields":null,"og_video":null,"og_custom_url":null,"og_article_section":null,"og_article_tags":null,"twitter_use_og":false,"twitter_card":"default","twitter_image_type":"default","twitter_image_url":null,"twitter_image_custom_url":null,"twitter_image_custom_fields":null,"twitter_title":null,"twitter_description":null,"schema":{"blockGraphs":[],"customGraphs":[],"default":{"data":{"Article":[],"Course":[],"Dataset":[],"FAQPage":[],"Movie":[],"Person":[],"Product":[],"ProductReview":[],"Car":[],"Recipe":[],"Service":[],"SoftwareApplication":[],"WebPage":[]},"graphName":"","isEnabled":true},"graphs":[]},"schema_type":"default","schema_type_options":null,"pillar_content":false,"robots_default":true,"robots_noindex":false,"robots_noarchive":false,"robots_nosnippet":false,"robots_nofollow":false,"robots_noimageindex":false,"robots_noodp":false,"robots_notranslate":false,"robots_max_snippet":null,"robots_max_videopreview":null,"robots_max_imagepreview":"large","priority":null,"frequency":null,"local_seo":null,"seo_analyzer_scan_date":"2025-11-24 19:03:06","breadcrumb_settings":null,"limit_modified_date":false,"open_ai":null,"ai":null,"created":"2022-12-21 04:45:40","updated":"2025-11-24 19:03:06","focus_keyword":null,"additional_keywords":null,"truseo_locale":null},"aioseo_breadcrumb":"<div class=\"aioseo-breadcrumbs\"><span class=\"aioseo-breadcrumb\">\n\t<a href=\"https:\/\/www.claret.cat\/es\/\" title=\"Home\">Home<\/a>\n<\/span><span class=\"aioseo-breadcrumb-separator\">&raquo;<\/span><span class=\"aioseo-breadcrumb\">\n\t<a href=\"https:\/\/www.claret.cat\/?page_id=16\" title=\"Botiga\">Botiga<\/a>\n<\/span><span class=\"aioseo-breadcrumb-separator\">&raquo;<\/span><span class=\"aioseo-breadcrumb\">\n\t<a href=\"https:\/\/www.claret.cat\/categoria-producto\/cat\/\" title=\"CAT\">CAT<\/a>\n<\/span><span class=\"aioseo-breadcrumb-separator\">&raquo;<\/span><span class=\"aioseo-breadcrumb\">\n\t<a href=\"https:\/\/www.claret.cat\/categoria-producto\/cat\/3_infantil-juvenil\/\" title=\"Infantil \/ Juvenil\">Infantil \/ Juvenil<\/a>\n<\/span><span class=\"aioseo-breadcrumb-separator\">&raquo;<\/span><span class=\"aioseo-breadcrumb\">\n\t<a href=\"https:\/\/www.claret.cat\/categoria-producto\/cat\/3_infantil-juvenil\/comic\/\" title=\"C\u00f2mic\">C\u00f2mic<\/a>\n<\/span><span class=\"aioseo-breadcrumb-separator\">&raquo;<\/span><span class=\"aioseo-breadcrumb\">\n\tEL CAPO SE ESCAPA (OL\u00c9, N\u00daM. 205)\n<\/span><\/div>","aioseo_breadcrumb_json":[{"label":"Home","link":"https:\/\/www.claret.cat\/es\/"},{"label":"Botiga","link":"https:\/\/www.claret.cat\/?page_id=16"},{"label":"CAT","link":"https:\/\/www.claret.cat\/categoria-producto\/cat\/"},{"label":"Infantil \/ Juvenil","link":"https:\/\/www.claret.cat\/categoria-producto\/cat\/3_infantil-juvenil\/"},{"label":"C\u00f2mic","link":"https:\/\/www.claret.cat\/categoria-producto\/cat\/3_infantil-juvenil\/comic\/"},{"label":"EL CAPO SE ESCAPA (OL\u00c9, N\u00daM. 205)","link":"https:\/\/www.claret.cat\/es\/libro\/el-capo-se-escapa-ole-num-205-9788466661522\/"}],"_links":{"self":[{"href":"https:\/\/www.claret.cat\/es\/wp-json\/wp\/v2\/product\/203403","targetHints":{"allow":["GET"]}}],"collection":[{"href":"https:\/\/www.claret.cat\/es\/wp-json\/wp\/v2\/product"}],"about":[{"href":"https:\/\/www.claret.cat\/es\/wp-json\/wp\/v2\/types\/product"}],"wp:featuredmedia":[{"embeddable":true,"href":"https:\/\/www.claret.cat\/es\/wp-json\/wp\/v2\/media\/203404"}],"wp:attachment":[{"href":"https:\/\/www.claret.cat\/es\/wp-json\/wp\/v2\/media?parent=203403"}],"wp:term":[{"taxonomy":"product_brand","embeddable":true,"href":"https:\/\/www.claret.cat\/es\/wp-json\/wp\/v2\/product_brand?post=203403"},{"taxonomy":"product_cat","embeddable":true,"href":"https:\/\/www.claret.cat\/es\/wp-json\/wp\/v2\/product_cat?post=203403"},{"taxonomy":"product_tag","embeddable":true,"href":"https:\/\/www.claret.cat\/es\/wp-json\/wp\/v2\/product_tag?post=203403"}],"curies":[{"name":"wp","href":"https:\/\/api.w.org\/{rel}","templated":true}]}}