{"id":204825,"date":"2022-10-20T10:13:06","date_gmt":"2022-10-20T08:13:06","guid":{"rendered":"http:\/\/dev.claret.cat\/producte\/curiosidad-penultima-la\/"},"modified":"2026-04-01T16:07:11","modified_gmt":"2026-04-01T14:07:11","slug":"curiosidad-penultima-la-9788429326673","status":"publish","type":"product","link":"https:\/\/www.claret.cat\/es\/libro\/curiosidad-penultima-la-9788429326673\/","title":{"rendered":"CURIOSIDAD PENULTIMA, LA"},"content":{"rendered":"<p>La curiosidad es innata al ser humano. La ciencia y la religi\u00f3n nacen de esa curiosidad, como dos senderos distintos para encontrar respuestas. La historia de las dos est\u00e1 repleta de hilos cruzados que se pueden rastrear, desde las pinturas rupestres hasta la f\u00edsica cu\u00e1ntica. Ahora, un artista y un cient\u00edfico nos cuentan este largo enredo hist\u00f3rico: la pen\u00faltima y \u00faltima curiosidad.<\/p>\n","protected":false},"excerpt":{"rendered":"<p>WAGNER, R.<\/p>\n","protected":false},"featured_media":340536,"template":"","meta":{"_acf_changed":false,"om_disable_all_campaigns":false,"rs_blank_template":"","rs_page_bg_color":"","slide_template_v7":"","inline_featured_image":false,"_monsterinsights_skip_tracking":false,"_monsterinsights_sitenote_active":false,"_monsterinsights_sitenote_note":"","_monsterinsights_sitenote_category":0},"product_brand":[],"product_cat":[554,104,349,83,342,76],"product_tag":[],"class_list":{"0":"post-204825","1":"product","2":"type-product","3":"status-publish","4":"has-post-thumbnail","6":"product_cat-ciencia-5_otras-spa","7":"product_cat-ciencia","8":"product_cat-filosofia-2_humanidades","9":"product_cat-filosofia","10":"product_cat-teologia-1_espiritualidad","11":"product_cat-teologia","13":"first","14":"instock","15":"taxable","16":"shipping-taxable","17":"purchasable","18":"product-type-simple"},"acf":{"autor":"WAGNER, R.","codart":"842932667","libros-coleccion":"Ciencia y religi\u00f3n","ediciones":"1","encuadernacion":"Carpeta","fecha_de_publicacion":"01\/08\/2017","novedad":"1","paginas":"0","subtitulo":"LA CIENCIA, EN LA ESTELA DE LAS PREGUNTAS \u00daLTIMAS","orden":"0","portada":"0","idioma":"spa","editorial":[{"ID":6355,"post_author":"3","post_date":"2022-07-28 17:50:25","post_date_gmt":"2022-07-28 15:50:25","post_content":"","post_title":"Salterrae","post_excerpt":"","post_status":"publish","comment_status":"closed","ping_status":"closed","post_password":"","post_name":"salterrae","to_ping":"","pinged":"","post_modified":"2022-07-28 17:50:25","post_modified_gmt":"2022-07-28 15:50:25","post_content_filtered":"","post_parent":0,"guid":"http:\/\/dev.claret.cat\/editorial\/salterrae\/","menu_order":0,"post_type":"editorial","post_mime_type":"","comment_count":"0","filter":"raw"}],"autores-libros":[{"ID":291701,"post_author":"3","post_date":"2022-12-10 23:57:09","post_date_gmt":"2022-12-10 22:57:09","post_content":"","post_title":"R. WAGNER","post_excerpt":"","post_status":"publish","comment_status":"closed","ping_status":"closed","post_password":"","post_name":"r-wagner","to_ping":"","pinged":"","post_modified":"2022-12-10 23:57:09","post_modified_gmt":"2022-12-10 22:57:09","post_content_filtered":"","post_parent":0,"guid":"http:\/\/dev.claret.cat\/autor\/r-wagner\/","menu_order":0,"post_type":"autor","post_mime_type":"","comment_count":"0","filter":"raw"}],"booktrailer":"","resenas":""},"aioseo_notices":[],"_links":{"self":[{"href":"https:\/\/www.claret.cat\/es\/wp-json\/wp\/v2\/product\/204825","targetHints":{"allow":["GET"]}}],"collection":[{"href":"https:\/\/www.claret.cat\/es\/wp-json\/wp\/v2\/product"}],"about":[{"href":"https:\/\/www.claret.cat\/es\/wp-json\/wp\/v2\/types\/product"}],"wp:featuredmedia":[{"embeddable":true,"href":"https:\/\/www.claret.cat\/es\/wp-json\/wp\/v2\/media\/340536"}],"wp:attachment":[{"href":"https:\/\/www.claret.cat\/es\/wp-json\/wp\/v2\/media?parent=204825"}],"wp:term":[{"taxonomy":"product_brand","embeddable":true,"href":"https:\/\/www.claret.cat\/es\/wp-json\/wp\/v2\/product_brand?post=204825"},{"taxonomy":"product_cat","embeddable":true,"href":"https:\/\/www.claret.cat\/es\/wp-json\/wp\/v2\/product_cat?post=204825"},{"taxonomy":"product_tag","embeddable":true,"href":"https:\/\/www.claret.cat\/es\/wp-json\/wp\/v2\/product_tag?post=204825"}],"curies":[{"name":"wp","href":"https:\/\/api.w.org\/{rel}","templated":true}]}}