{"id":210208,"date":"2022-10-20T11:50:00","date_gmt":"2022-10-20T09:50:00","guid":{"rendered":"http:\/\/dev.claret.cat\/producte\/frankenstein-10\/"},"modified":"2024-02-08T13:25:33","modified_gmt":"2024-02-08T12:25:33","slug":"frankenstein-9788468331997","status":"publish","type":"product","link":"https:\/\/www.claret.cat\/es\/libro\/frankenstein-9788468331997\/","title":{"rendered":"FRANKENSTEIN"},"content":{"rendered":"<p>La figura de Frankenstein ha pasado a la historia como sin\u00f3nimo de terror y maldad. Este mito ha quedado instalado en nuestras mentes, influenciadas por las adaptaciones al cine y las manipulaciones que ha sufrido como representaci\u00f3n del monstruo por excelencia. Sin embargo, la criatura creada por la escritora Mary Shelley tiene muchos rasgos humanos en los que todos nos podemos ver reflejados. Quiz\u00e1 por eso despierta nuestros miedos m\u00e1s \u00edntimos y nos causa repulsi\u00f3n, como si fuera nuestra propia imagen distorsionada en un espejo diab\u00f3lico. Y precisamente hoy d\u00eda, en plena \u00e9poca de descubrimientos cient\u00edficos y avances en el campo de la biolog\u00eda, esta novela es m\u00e1s actual y horrorosa que nunca, porque a lo mejor todo podr\u00eda suceder as\u00ed\u2026<\/p>\n","protected":false},"excerpt":{"rendered":"<p>SHELLEY, MARY<\/p>\n","protected":false},"featured_media":210209,"template":"","meta":{"_acf_changed":false,"om_disable_all_campaigns":false,"rs_blank_template":"","rs_page_bg_color":"","slide_template_v7":"","inline_featured_image":false,"_monsterinsights_skip_tracking":false,"_monsterinsights_sitenote_active":false,"_monsterinsights_sitenote_note":"","_monsterinsights_sitenote_category":0},"product_brand":[],"product_cat":[86,352],"product_tag":[],"class_list":{"0":"post-210208","1":"product","2":"type-product","3":"status-publish","4":"has-post-thumbnail","6":"product_cat-infantil","7":"product_cat-infantil-3_infantil-juvenil-spa","9":"first","10":"instock","11":"taxable","12":"shipping-taxable","13":"purchasable","14":"product-type-simple"},"acf":{"autor":"SHELLEY, MARY","codart":"846833199","libros-coleccion":"FORA DE COL.LECCI\u00d3","ediciones":"1","encuadernacion":"Carpeta","fecha_de_publicacion":"01\/05\/2017","novedad":"1","paginas":"219","subtitulo":"","orden":"0","portada":"0","idioma":"spa","editorial":[{"ID":6193,"post_author":"3","post_date":"2022-07-28 17:46:53","post_date_gmt":"2022-07-28 15:46:53","post_content":"","post_title":"EDEBE GUADIEL","post_excerpt":"","post_status":"publish","comment_status":"closed","ping_status":"closed","post_password":"","post_name":"edebe-guadiel","to_ping":"","pinged":"","post_modified":"2022-07-28 17:46:53","post_modified_gmt":"2022-07-28 15:46:53","post_content_filtered":"","post_parent":0,"guid":"http:\/\/dev.claret.cat\/editorial\/edebe-guadiel\/","menu_order":0,"post_type":"editorial","post_mime_type":"","comment_count":"0","filter":"raw"}],"autores-libros":[{"ID":164378,"post_author":"3","post_date":"2022-10-14 17:46:35","post_date_gmt":"2022-10-14 15:46:35","post_content":"","post_title":"MARY SHELLEY","post_excerpt":"","post_status":"publish","comment_status":"closed","ping_status":"closed","post_password":"","post_name":"mary-shelley","to_ping":"","pinged":"","post_modified":"2022-10-14 17:46:35","post_modified_gmt":"2022-10-14 15:46:35","post_content_filtered":"","post_parent":0,"guid":"http:\/\/dev.claret.cat\/autor\/mary-shelley\/","menu_order":0,"post_type":"autor","post_mime_type":"","comment_count":"0","filter":"raw"}]},"aioseo_notices":[],"_links":{"self":[{"href":"https:\/\/www.claret.cat\/es\/wp-json\/wp\/v2\/product\/210208","targetHints":{"allow":["GET"]}}],"collection":[{"href":"https:\/\/www.claret.cat\/es\/wp-json\/wp\/v2\/product"}],"about":[{"href":"https:\/\/www.claret.cat\/es\/wp-json\/wp\/v2\/types\/product"}],"wp:featuredmedia":[{"embeddable":true,"href":"https:\/\/www.claret.cat\/es\/wp-json\/wp\/v2\/media\/210209"}],"wp:attachment":[{"href":"https:\/\/www.claret.cat\/es\/wp-json\/wp\/v2\/media?parent=210208"}],"wp:term":[{"taxonomy":"product_brand","embeddable":true,"href":"https:\/\/www.claret.cat\/es\/wp-json\/wp\/v2\/product_brand?post=210208"},{"taxonomy":"product_cat","embeddable":true,"href":"https:\/\/www.claret.cat\/es\/wp-json\/wp\/v2\/product_cat?post=210208"},{"taxonomy":"product_tag","embeddable":true,"href":"https:\/\/www.claret.cat\/es\/wp-json\/wp\/v2\/product_tag?post=210208"}],"curies":[{"name":"wp","href":"https:\/\/api.w.org\/{rel}","templated":true}]}}